{"id":2737,"date":"2020-06-05T01:02:59","date_gmt":"2020-06-05T01:02:59","guid":{"rendered":"http:\/\/wl1www392.webland.ch\/wordpress\/wiwanni\/wiwannihorn\/"},"modified":"2024-03-16T04:05:52","modified_gmt":"2024-03-16T02:05:52","slug":"wiwannihorn","status":"publish","type":"page","link":"https:\/\/www.wiwanni.ch\/it\/wiwannihorn\/","title":{"rendered":"Wiwan\u00adni\u00adhorn"},"content":{"rendered":"\t\t<div data-elementor-type=\"wp-page\" data-elementor-id=\"2737\" class=\"elementor elementor-2737 elementor-563\" data-elementor-post-type=\"page\">\n\t\t\t\t\t\t<section class=\"elementor-section elementor-top-section elementor-element elementor-element-15595e72 elementor-section-boxed elementor-section-height-default elementor-section-height-default\" data-id=\"15595e72\" data-element_type=\"section\" data-settings=\"{&quot;background_background&quot;:&quot;classic&quot;}\">\n\t\t\t\t\t\t<div class=\"elementor-container elementor-column-gap-no\">\n\t\t\t\t\t<div class=\"elementor-column elementor-col-50 elementor-top-column elementor-element elementor-element-20226514\" data-id=\"20226514\" data-element_type=\"column\" data-settings=\"{&quot;background_background&quot;:&quot;classic&quot;}\">\n\t\t\t<div class=\"elementor-widget-wrap elementor-element-populated\">\n\t\t\t\t\t\t<div class=\"elementor-element elementor-element-a1a2f3f elementor-widget elementor-widget-image\" data-id=\"a1a2f3f\" data-element_type=\"widget\" data-widget_type=\"image.default\">\n\t\t\t\t<div class=\"elementor-widget-container\">\n\t\t\t\t\t\t\t\t\t\t\t\t\t\t\t\t<a href=\"https:\/\/www.wiwanni.ch\/wp-content\/uploads\/wiwanni-2022_topo1-wiwannihorn_web.jpg\" data-elementor-open-lightbox=\"yes\" data-e-action-hash=\"#elementor-action%3Aaction%3Dlightbox%26settings%3DeyJpZCI6NDcyNywidXJsIjoiaHR0cHM6XC9cL3d3dy53aXdhbm5pLmNoXC93cC1jb250ZW50XC91cGxvYWRzXC93aXdhbm5pLTIwMjJfdG9wbzEtd2l3YW5uaWhvcm5fd2ViLmpwZyJ9\">\n\t\t\t\t\t\t\t<img fetchpriority=\"high\" decoding=\"async\" width=\"1000\" height=\"700\" src=\"https:\/\/www.wiwanni.ch\/wp-content\/uploads\/wiwanni-2022_topo1-wiwannihorn_web.jpg\" class=\"attachment-large size-large wp-image-4727\" alt srcset=\"https:\/\/www.wiwanni.ch\/wp-content\/uploads\/wiwanni-2022_topo1-wiwannihorn_web.jpg 1000w, https:\/\/www.wiwanni.ch\/wp-content\/uploads\/wiwanni-2022_topo1-wiwannihorn_web-300x210.jpg 300w, https:\/\/www.wiwanni.ch\/wp-content\/uploads\/wiwanni-2022_topo1-wiwannihorn_web-768x538.jpg 768w, https:\/\/www.wiwanni.ch\/wp-content\/uploads\/wiwanni-2022_topo1-wiwannihorn_web-800x560.jpg 800w\" sizes=\"(max-width: 1000px) 100vw, 1000px\">\t\t\t\t\t\t\t\t<\/a>\n\t\t\t\t\t\t\t\t\t\t\t\t\t\t\t<\/div>\n\t\t\t\t<\/div>\n\t\t\t\t<div class=\"elementor-element elementor-element-6ca835b elementor-widget elementor-widget-image\" data-id=\"6ca835b\" data-element_type=\"widget\" data-widget_type=\"image.default\">\n\t\t\t\t<div class=\"elementor-widget-container\">\n\t\t\t\t\t\t\t\t\t\t\t\t\t\t\t\t<a href=\"https:\/\/www.wiwanni.ch\/wp-content\/uploads\/wiwanni-2022_topo-2-wiwannihorn_web-1.jpg\" data-elementor-open-lightbox=\"yes\" data-e-action-hash=\"#elementor-action%3Aaction%3Dlightbox%26settings%3DeyJpZCI6NDc1OCwidXJsIjoiaHR0cHM6XC9cL3d3dy53aXdhbm5pLmNoXC93cC1jb250ZW50XC91cGxvYWRzXC93aXdhbm5pLTIwMjJfdG9wby0yLXdpd2Fubmlob3JuX3dlYi0xLmpwZyJ9\">\n\t\t\t\t\t\t\t<img decoding=\"async\" width=\"415\" height=\"700\" src=\"https:\/\/www.wiwanni.ch\/wp-content\/uploads\/wiwanni-2022_topo-2-wiwannihorn_web-1.jpg\" class=\"attachment-large size-large wp-image-4758\" alt srcset=\"https:\/\/www.wiwanni.ch\/wp-content\/uploads\/wiwanni-2022_topo-2-wiwannihorn_web-1.jpg 415w, https:\/\/www.wiwanni.ch\/wp-content\/uploads\/wiwanni-2022_topo-2-wiwannihorn_web-1-178x300.jpg 178w, https:\/\/www.wiwanni.ch\/wp-content\/uploads\/wiwanni-2022_topo-2-wiwannihorn_web-1-300x506.jpg 300w\" sizes=\"(max-width: 415px) 100vw, 415px\">\t\t\t\t\t\t\t\t<\/a>\n\t\t\t\t\t\t\t\t\t\t\t\t\t\t\t<\/div>\n\t\t\t\t<\/div>\n\t\t\t\t<div class=\"elementor-element elementor-element-230d1a57 elementor-widget elementor-widget-heading\" data-id=\"230d1a57\" data-element_type=\"widget\" data-widget_type=\"heading.default\">\n\t\t\t\t<div class=\"elementor-widget-container\">\n\t\t\t\t\t<h4 class=\"elementor-heading-title elementor-size-default\">Wiwan\u00adni\u00adhorn<\/h4>\t\t\t\t<\/div>\n\t\t\t\t<\/div>\n\t\t\t\t<div class=\"elementor-element elementor-element-32d4e79 elementor-widget elementor-widget-wpml-language-switcher\" data-id=\"32d4e79\" data-element_type=\"widget\" data-widget_type=\"wpml-language-switcher.default\">\n\t\t\t\t<div class=\"elementor-widget-container\">\n\t\t\t\t\t<div class=\"wpml-elementor-ls\"><p class=\"wpml-ls-statics-post_translations wpml-ls\">This post is also available in: \n    <span class=\"wpml-ls-slot-post_translations wpml-ls-item wpml-ls-item-de wpml-ls-first-item wpml-ls-item-legacy-post-translations\"><a href=\"https:\/\/www.wiwanni.ch\/\" class=\"wpml-ls-link\"><span class=\"wpml-ls-native\" lang=\"de\">Deutsch<\/span><\/a><\/span>    <span class=\"wpml-ls-slot-post_translations wpml-ls-item wpml-ls-item-en wpml-ls-item-legacy-post-translations\"><a href=\"https:\/\/www.wiwanni.ch\/en\/\" class=\"wpml-ls-link\"><span class=\"wpml-ls-native\" lang=\"en\">Eng\u00adlish<\/span><\/a><\/span>    <span class=\"wpml-ls-slot-post_translations wpml-ls-item wpml-ls-item-fr wpml-ls-last-item wpml-ls-item-legacy-post-translations\"><a href=\"https:\/\/www.wiwanni.ch\/fr\/\" class=\"wpml-ls-link\"><span class=\"wpml-ls-native\" lang=\"fr\">Fran\u00ad\u00e7ais<\/span><\/a><\/span><\/p><\/div>\t\t\t\t<\/div>\n\t\t\t\t<\/div>\n\t\t\t\t<div class=\"elementor-element elementor-element-e45cab0 elementor-widget elementor-widget-text-editor\" data-id=\"e45cab0\" data-element_type=\"widget\" data-widget_type=\"text-editor.default\">\n\t\t\t\t<div class=\"elementor-widget-container\">\n\t\t\t\t\t\t\t\t\t<p><span style=\"color: #000000;\"><strong>J \/ Stein\u00adad\u00adler\u00adrou\u00adte 5b (5a&nbsp;obl.)<\/strong><\/span><br>\n<span style=\"color: #000000;\"><em>Franz-Xaver Leig\u00adge\u00adner, Bru\u00adno Pfaf\u00adfen e Egon Fel\u00adler 1976\/82. Saniert 2018 von Rena\u00adte und Roland Ker\u00adnen, Stef\u00adfi Irniger.<\/em><\/span><br>\n<span style=\"color: #000000;\">La clas\u00adsi\u00adca per eccel\u00adlen\u00adza. Si con\u00adtrad\u00addis\u00adtin\u00adgue per pass\u00adag\u00adgi tal\u00advol\u00adta anche espos\u00adti e arram\u00adpi\u00adca\u00adta su plac\u00adche. Via ben chio\u00adda\u00adta e mol\u00adto fre\u00adquen\u00adta\u00adta. La via non \u00e8 con\u00adsi\u00adglia\u00adta in caso di mal\u00adtem\u00adpo per\u00adch\u00e9 non semp\u00adre \u00e8 pos\u00adsi\u00adbi\u00adle effet\u00adtua\u00adre le dop\u00adpie. Dopo le tre prime lung\u00adhez\u00adze seguo\u00adno 5 sple\u00adndi\u00addi tiri su otti\u00adma roc\u00adcia con pass\u00adag\u00adgi espos\u00adti. Dopo l\u2019ottava lung\u00adhez\u00adza, l\u2019arrampicata diven\u00adta pi\u00f9 faci\u00adle. Si pro\u00adse\u00adgue anco\u00adra per cir\u00adca 50 minu\u00adti lungo la cres\u00adta espos\u00adta fino a rag\u00adgi\u00adunge\u00adre la cima. 4 \u2013 5 ore dall\u2019attacco alla&nbsp;cima.<\/span><br>\n<span style=\"color: #000000;\">Dis\u00adce\u00adsa: attra\u00adver\u00adso la cres\u00adta est o la pare\u00adte sud-est.<\/span><br>\n<span style=\"color: #000000;\">Mate\u00adria\u00adle: 14 rin\u00advii, corda da 50&nbsp;metri<\/span><\/p>\n<p><span style=\"color: #000000;\"><strong>K \/ Wi vom Fass 6a (5b+&nbsp;obl.)<\/strong><\/span><br>\n<span style=\"color: #000000;\"><em>Rena\u00adte e Roland Ker\u00adnen&nbsp;2019<\/em><\/span><br>\n<span style=\"color: #000000;\">Mol\u00adto simi\u00adle. La nuo\u00adva Wein vom Fass, (che spes\u00adso uomi\u00adni e don\u00adne pens\u00ada\u00adno di non rice\u00adve\u00adre abbastan\u00adza). Sple\u00adndi\u00adda via di 10 lung\u00adhez\u00adze su otti\u00adma e strut\u00adtu\u00adra\u00adta roc\u00adcia (5+ con pochi metri di ses\u00adto gra\u00addo). Ver\u00adso la par\u00adte fina\u00adle segue un gra\u00addo pi\u00f9 espos\u00adto fino alla cima. Via mol\u00adto con\u00adsi\u00adglia\u00adta. 4 \u2013 5 ore dall\u2019attacco.<\/span><br>\n<span style=\"color: #000000;\">Dis\u00adce\u00adsa: sul\u00adla cres\u00adta est o pare\u00adte sud-est, Trittji.<\/span><br>\n<span style=\"color: #000000;\">Mate\u00adria\u00adle: 14 rin\u00advii, corda da 50&nbsp;metri<\/span><\/p>\n<p><span style=\"color: #000000;\"><strong>L \/ Ver\u00adbor\u00adge\u00adne T\u00e4n\u00adze 6b (5c+&nbsp;obl.)<br>\n<\/strong><em>Feli\u00adci\u00adtas e Egon Fel\u00adler&nbsp;2013<\/em><\/span><br>\n<span style=\"color: #000000;\">Ques\u00adta linea \u00e8 rimas\u00adta osser\u00advata per lungo tem\u00adpo. Per ques\u00adto motivo il nome richi\u00adama il mon\u00addo leg\u00adgen\u00adda\u00adrio dell\u2019 Ober\u00adwal\u00adli\u00adser. Arram\u00adpi\u00adca\u00adta mol\u00adto varia tra il 5\u00b0 e il 6\u00b0 gra\u00addo. Si svi\u00adlup\u00adpa su otti\u00adma roc\u00adcia tra plac\u00adche, fes\u00adsu\u00adre e diedri. Una del\u00adle pi\u00f9 bel\u00adle vie per rag\u00adgi\u00adunge\u00adre il Wiwan\u00adni\u00adhorn. Dall\u2019uscita del\u00adla via la cima si rag\u00adgi\u00adunge su cres\u00adta in cir\u00adca 45&nbsp;min.<\/span><br>\n<span style=\"color: #000000;\">Dis\u00adce\u00adsa: su cres\u00adta est o su via nor\u00adma\u00adle nella pare\u00adte sud. Le dop\u00adpie sul\u00adla via, anche se pos\u00adsi\u00adbi\u00adli, non sono con\u00adsi\u00adglia\u00adte per\u00adch\u00e9 la linea non \u00e8 diret\u00adta e la corda potreb\u00adbe incastrarsi.<\/span><br>\n<span style=\"color: #000000;\">Dif\u00adfi\u00adcol\u00adt\u00e0: mag\u00adgior\u00admen\u00adte 5, alcu\u00adni pass\u00adag\u00adgi di 6&nbsp;grado.<\/span><br>\n<span style=\"color: #000000;\">Mate\u00adria\u00adle: 12 rin\u00advii, corda da 60 metri (50 m non rag\u00adgi\u00adungo\u00adno la sos\u00adta in uno dei tiri faci\u00adli, ma ques\u00adto non \u00e8 un pro\u00adble\u00adma in ques\u00adto gra\u00addo di difficolt\u00e0).<\/span><br>\n<span style=\"color: #000000;\">Nota di per\u00adi\u00adco\u00adlo: Non dare cal\u00adci ai sas\u00adsi nel\u00adl\u2019area di 2. Altri\u00admen\u00adti si met\u00adto\u00adno in per\u00adi\u00adco\u00adlo gli scala\u00adto\u00adri sot\u00adto\u00adstan\u00adti nel\u00adle vie Aqui\u00adla rea\u00adle e Wi dal\u00adla&nbsp;canna.<\/span><\/p>\n<p><strong>N \/ Hotel Pfui 6c (6a+&nbsp;obl.)<br>\n<\/strong><em>Lina Rufi\u00adbach e Bru\u00adno Pfaf\u00adfen 2021, aper\u00adto dal&nbsp;basso<\/em><br>\nArram\u00adpi\u00adca\u00adta su pare\u00adte e plac\u00adca espos\u00adta tra le due clas\u00adsi\u00adche Stein\u00adad\u00adler e Wii vom Fass. Dopo il 9\u00b0 tiro via Stein\u00adad\u00adler, pro\u00adse\u00adgui\u00adre per la cres\u00adta fino alla&nbsp;vetta.<br>\nSegnalata alla par\u00adten\u00adza, anche dopo i trat\u00adti a&nbsp;piedi.<br>\nMate\u00adria\u00adle: 11 rin\u00advii rapi\u00addi, corda da 50&nbsp;m.<\/p>\n\t\t\t\t\t\t\t\t<\/div>\n\t\t\t\t<\/div>\n\t\t\t\t<div class=\"elementor-element elementor-element-3d9f2d66 elementor-widget elementor-widget-text-editor\" data-id=\"3d9f2d66\" data-element_type=\"widget\" data-widget_type=\"text-editor.default\">\n\t\t\t\t<div class=\"elementor-widget-container\">\n\t\t\t\t\t\t\t\t\t<p style=\"text-align: left;\"><em>Topo del\u00adla gui\u00adda alpi\u00adna Wiwan\u00adni&nbsp;2022<\/em><\/p>\n\t\t\t\t\t\t\t\t<\/div>\n\t\t\t\t<\/div>\n\t\t\t\t\t<\/div>\n\t\t<\/div>\n\t\t\t\t<div class=\"elementor-column elementor-col-50 elementor-top-column elementor-element elementor-element-77ed4a0a\" data-id=\"77ed4a0a\" data-element_type=\"column\" data-settings=\"{&quot;background_background&quot;:&quot;classic&quot;}\">\n\t\t\t<div class=\"elementor-widget-wrap elementor-element-populated\">\n\t\t\t\t\t\t<div class=\"elementor-element elementor-element-446da20d elementor-align-left elementor-widget elementor-widget-button\" data-id=\"446da20d\" data-element_type=\"widget\" data-widget_type=\"button.default\">\n\t\t\t\t<div class=\"elementor-widget-container\">\n\t\t\t\t\t\t\t\t\t<div class=\"elementor-button-wrapper\">\n\t\t\t\t\t<a class=\"elementor-button elementor-button-link elementor-size-sm\" href=\"https:\/\/www.wiwanni.ch\/it\/aree-di-arrampicata\/\">\n\t\t\t\t\t\t<span class=\"elementor-button-content-wrapper\">\n\t\t\t\t\t\t<span class=\"elementor-button-icon\">\n\t\t\t\t<i aria-hidden=\"true\" class=\"fas fa-arrow-left\"><\/i>\t\t\t<\/span>\n\t\t\t\t\t\t\t\t\t<span class=\"elementor-button-text\">pan\u00ado\u00adr\u00adami\u00adca<\/span>\n\t\t\t\t\t<\/span>\n\t\t\t\t\t<\/a>\n\t\t\t\t<\/div>\n\t\t\t\t\t\t\t\t<\/div>\n\t\t\t\t<\/div>\n\t\t\t\t<div class=\"elementor-element elementor-element-4778b49c elementor-widget elementor-widget-heading\" data-id=\"4778b49c\" data-element_type=\"widget\" data-widget_type=\"heading.default\">\n\t\t\t\t<div class=\"elementor-widget-container\">\n\t\t\t\t\t<h4 class=\"elementor-heading-title elementor-size-default\">Set\u00adto\u00adri<\/h4>\t\t\t\t<\/div>\n\t\t\t\t<\/div>\n\t\t\t\t<div class=\"elementor-element elementor-element-68a4f99f elementor-nav-menu__align-start elementor-nav-menu--dropdown-none elementor-widget elementor-widget-nav-menu\" data-id=\"68a4f99f\" data-element_type=\"widget\" data-settings=\"{&quot;layout&quot;:&quot;vertical&quot;,&quot;submenu_icon&quot;:{&quot;value&quot;:&quot;<i class=\\&quot;\\&quot;><\\\/i>&quot;,&quot;library&quot;:&quot;&quot;}}\" data-widget_type=\"nav-menu.default\">\n\t\t\t\t<div class=\"elementor-widget-container\">\n\t\t\t\t\t\t\t\t<nav aria-label=\"Menu\" class=\"elementor-nav-menu--main elementor-nav-menu__container elementor-nav-menu--layout-vertical e--pointer-background e--animation-fade\">\n\t\t\t\t<ul id=\"menu-1-68a4f99f\" class=\"elementor-nav-menu sm-vertical\"><li class=\"menu-item menu-item-type-post_type menu-item-object-page menu-item-2153\"><a href=\"https:\/\/www.wiwanni.ch\/it\/huettensektor-unterbaerg\/\" class=\"elementor-item\">1 H\u00fct\u00adten\u00adsek\u00adtor Unterb\u00e4rg<\/a><\/li>\n<li class=\"menu-item menu-item-type-post_type menu-item-object-page menu-item-2189\"><a href=\"https:\/\/www.wiwanni.ch\/it\/unterer-klettergarten\/\" class=\"elementor-item\">2 Unte\u00adrer Klettergarten<\/a><\/li>\n<li class=\"menu-item menu-item-type-post_type menu-item-object-page menu-item-2217\"><a href=\"https:\/\/www.wiwanni.ch\/it\/oberer-klettergarten\/\" class=\"elementor-item\">3 Obe\u00adrer Klettergarten<\/a><\/li>\n<li class=\"menu-item menu-item-type-post_type menu-item-object-page menu-item-2242\"><a href=\"https:\/\/www.wiwanni.ch\/it\/klettergarten-wandfuss\/\" class=\"elementor-item\">4 Klet\u00adter\u00adgar\u00adten Wandfuss<\/a><\/li>\n<li class=\"menu-item menu-item-type-post_type menu-item-object-page menu-item-2266\"><a href=\"https:\/\/www.wiwanni.ch\/it\/schepfipfiler\/\" class=\"elementor-item\">5 Sche\u00adp\u00adfip\u00adfi\u00adler<\/a><\/li>\n<li class=\"menu-item menu-item-type-post_type menu-item-object-page menu-item-2295\"><a href=\"https:\/\/www.wiwanni.ch\/it\/klein-augstkummenhorn\/\" class=\"elementor-item\">6 Klein Augstkummenhorn<\/a><\/li>\n<li class=\"menu-item menu-item-type-post_type menu-item-object-page menu-item-2343\"><a href=\"https:\/\/www.wiwanni.ch\/it\/gross-augstkummenhorn\/\" class=\"elementor-item\">7 Gross Augstkummenhorn<\/a><\/li>\n<li class=\"menu-item menu-item-type-post_type menu-item-object-page menu-item-2685\"><a href=\"https:\/\/www.wiwanni.ch\/it\/wiwanni-suedwestwand\/\" class=\"elementor-item\">8 Wiwan\u00adni S\u00fcdwestwand<\/a><\/li>\n<li class=\"menu-item menu-item-type-post_type menu-item-object-page menu-item-2714\"><a href=\"https:\/\/www.wiwanni.ch\/it\/wiwanni-suedwand\/\" class=\"elementor-item\">9 Wiwan\u00adni S\u00fcdwand<\/a><\/li>\n<li class=\"menu-item menu-item-type-post_type menu-item-object-page menu-item-2741\"><a href=\"https:\/\/www.wiwanni.ch\/it\/wiwannihorn\/\" class=\"elementor-item\">10 Wiwan\u00adni\u00adhorn<\/a><\/li>\n<li class=\"menu-item menu-item-type-post_type menu-item-object-page menu-item-2482\"><a href=\"https:\/\/www.wiwanni.ch\/it\/ostgrat\/\" class=\"elementor-item\">11 Ost\u00adgrat<\/a><\/li>\n<li class=\"menu-item menu-item-type-post_type menu-item-object-page menu-item-2758\"><a href=\"https:\/\/www.wiwanni.ch\/it\/bru\/\" class=\"elementor-item\">12 Bru<\/a><\/li>\n<li class=\"menu-item menu-item-type-post_type menu-item-object-page menu-item-2388\"><a href=\"https:\/\/www.wiwanni.ch\/it\/chruetighorn\/\" class=\"elementor-item\">13 Chr\u00fc\u00adtig\u00adhorn<\/a><\/li>\n<li class=\"menu-item menu-item-type-post_type menu-item-object-page menu-item-2636\"><a href=\"https:\/\/www.wiwanni.ch\/it\/duebigrat\/\" class=\"elementor-item\">14 D\u00fcbi\u00adgrat<\/a><\/li>\n<li class=\"menu-item menu-item-type-post_type menu-item-object-page menu-item-2593\"><a href=\"https:\/\/www.wiwanni.ch\/it\/sattolwaeschi\/\" class=\"elementor-item\">15 Sat\u00adtol\u00adw\u00e4\u00adschi<\/a><\/li>\n<li class=\"menu-item menu-item-type-post_type menu-item-object-page menu-item-2355\"><a href=\"https:\/\/www.wiwanni.ch\/it\/zona-boulder-di-eggen-eggerberg\/\" class=\"elementor-item\">16 Zona bould\u00ader di&nbsp;Eggen<\/a><\/li>\n<li class=\"menu-item menu-item-type-post_type menu-item-object-page menu-item-2569\"><a href=\"https:\/\/www.wiwanni.ch\/it\/klettergarten-wolfblatte-ausserberg\/\" class=\"elementor-item\">17 Klet\u00adter\u00adgar\u00adten Wolf\u00adblat\u00adte Ausserberg<\/a><\/li>\n<li class=\"menu-item menu-item-type-post_type menu-item-object-page menu-item-2376\"><a href=\"https:\/\/www.wiwanni.ch\/it\/zona-di-arrampicata-chalchofo\/\" class=\"elementor-item\">18 Chal\u00adcho\u00adfo \u2013 P\u00e4r\u00fc\u00fclu<\/a><\/li>\n<li class=\"menu-item menu-item-type-post_type menu-item-object-page menu-item-2827\"><a href=\"https:\/\/www.wiwanni.ch\/it\/attraversando-il-crinale\/\" class=\"elementor-item\">attra\u00adver\u00adsan\u00addo il crinale<\/a><\/li>\n<li class=\"menu-item menu-item-type-post_type menu-item-object-page menu-item-3293\"><a href=\"https:\/\/www.wiwanni.ch\/it\/via-ferrata-baltschiedertal\/\" class=\"elementor-item\">Via fer\u00adra\u00adta Baltschiedertal<\/a><\/li>\n<\/ul>\t\t\t<\/nav>\n\t\t\t\t\t\t<nav class=\"elementor-nav-menu--dropdown elementor-nav-menu__container\" aria-hidden=\"true\">\n\t\t\t\t<ul id=\"menu-2-68a4f99f\" class=\"elementor-nav-menu sm-vertical\"><li class=\"menu-item menu-item-type-post_type menu-item-object-page menu-item-2153\"><a href=\"https:\/\/www.wiwanni.ch\/it\/huettensektor-unterbaerg\/\" class=\"elementor-item\" tabindex=\"-1\">1 H\u00fct\u00adten\u00adsek\u00adtor Unterb\u00e4rg<\/a><\/li>\n<li class=\"menu-item menu-item-type-post_type menu-item-object-page menu-item-2189\"><a href=\"https:\/\/www.wiwanni.ch\/it\/unterer-klettergarten\/\" class=\"elementor-item\" tabindex=\"-1\">2 Unte\u00adrer Klettergarten<\/a><\/li>\n<li class=\"menu-item menu-item-type-post_type menu-item-object-page menu-item-2217\"><a href=\"https:\/\/www.wiwanni.ch\/it\/oberer-klettergarten\/\" class=\"elementor-item\" tabindex=\"-1\">3 Obe\u00adrer Klettergarten<\/a><\/li>\n<li class=\"menu-item menu-item-type-post_type menu-item-object-page menu-item-2242\"><a href=\"https:\/\/www.wiwanni.ch\/it\/klettergarten-wandfuss\/\" class=\"elementor-item\" tabindex=\"-1\">4 Klet\u00adter\u00adgar\u00adten Wandfuss<\/a><\/li>\n<li class=\"menu-item menu-item-type-post_type menu-item-object-page menu-item-2266\"><a href=\"https:\/\/www.wiwanni.ch\/it\/schepfipfiler\/\" class=\"elementor-item\" tabindex=\"-1\">5 Sche\u00adp\u00adfip\u00adfi\u00adler<\/a><\/li>\n<li class=\"menu-item menu-item-type-post_type menu-item-object-page menu-item-2295\"><a href=\"https:\/\/www.wiwanni.ch\/it\/klein-augstkummenhorn\/\" class=\"elementor-item\" tabindex=\"-1\">6 Klein Augstkummenhorn<\/a><\/li>\n<li class=\"menu-item menu-item-type-post_type menu-item-object-page menu-item-2343\"><a href=\"https:\/\/www.wiwanni.ch\/it\/gross-augstkummenhorn\/\" class=\"elementor-item\" tabindex=\"-1\">7 Gross Augstkummenhorn<\/a><\/li>\n<li class=\"menu-item menu-item-type-post_type menu-item-object-page menu-item-2685\"><a href=\"https:\/\/www.wiwanni.ch\/it\/wiwanni-suedwestwand\/\" class=\"elementor-item\" tabindex=\"-1\">8 Wiwan\u00adni S\u00fcdwestwand<\/a><\/li>\n<li class=\"menu-item menu-item-type-post_type menu-item-object-page menu-item-2714\"><a href=\"https:\/\/www.wiwanni.ch\/it\/wiwanni-suedwand\/\" class=\"elementor-item\" tabindex=\"-1\">9 Wiwan\u00adni S\u00fcdwand<\/a><\/li>\n<li class=\"menu-item menu-item-type-post_type menu-item-object-page menu-item-2741\"><a href=\"https:\/\/www.wiwanni.ch\/it\/wiwannihorn\/\" class=\"elementor-item\" tabindex=\"-1\">10 Wiwan\u00adni\u00adhorn<\/a><\/li>\n<li class=\"menu-item menu-item-type-post_type menu-item-object-page menu-item-2482\"><a href=\"https:\/\/www.wiwanni.ch\/it\/ostgrat\/\" class=\"elementor-item\" tabindex=\"-1\">11 Ost\u00adgrat<\/a><\/li>\n<li class=\"menu-item menu-item-type-post_type menu-item-object-page menu-item-2758\"><a href=\"https:\/\/www.wiwanni.ch\/it\/bru\/\" class=\"elementor-item\" tabindex=\"-1\">12 Bru<\/a><\/li>\n<li class=\"menu-item menu-item-type-post_type menu-item-object-page menu-item-2388\"><a href=\"https:\/\/www.wiwanni.ch\/it\/chruetighorn\/\" class=\"elementor-item\" tabindex=\"-1\">13 Chr\u00fc\u00adtig\u00adhorn<\/a><\/li>\n<li class=\"menu-item menu-item-type-post_type menu-item-object-page menu-item-2636\"><a href=\"https:\/\/www.wiwanni.ch\/it\/duebigrat\/\" class=\"elementor-item\" tabindex=\"-1\">14 D\u00fcbi\u00adgrat<\/a><\/li>\n<li class=\"menu-item menu-item-type-post_type menu-item-object-page menu-item-2593\"><a href=\"https:\/\/www.wiwanni.ch\/it\/sattolwaeschi\/\" class=\"elementor-item\" tabindex=\"-1\">15 Sat\u00adtol\u00adw\u00e4\u00adschi<\/a><\/li>\n<li class=\"menu-item menu-item-type-post_type menu-item-object-page menu-item-2355\"><a href=\"https:\/\/www.wiwanni.ch\/it\/zona-boulder-di-eggen-eggerberg\/\" class=\"elementor-item\" tabindex=\"-1\">16 Zona bould\u00ader di&nbsp;Eggen<\/a><\/li>\n<li class=\"menu-item menu-item-type-post_type menu-item-object-page menu-item-2569\"><a href=\"https:\/\/www.wiwanni.ch\/it\/klettergarten-wolfblatte-ausserberg\/\" class=\"elementor-item\" tabindex=\"-1\">17 Klet\u00adter\u00adgar\u00adten Wolf\u00adblat\u00adte Ausserberg<\/a><\/li>\n<li class=\"menu-item menu-item-type-post_type menu-item-object-page menu-item-2376\"><a href=\"https:\/\/www.wiwanni.ch\/it\/zona-di-arrampicata-chalchofo\/\" class=\"elementor-item\" tabindex=\"-1\">18 Chal\u00adcho\u00adfo \u2013 P\u00e4r\u00fc\u00fclu<\/a><\/li>\n<li class=\"menu-item menu-item-type-post_type menu-item-object-page menu-item-2827\"><a href=\"https:\/\/www.wiwanni.ch\/it\/attraversando-il-crinale\/\" class=\"elementor-item\" tabindex=\"-1\">attra\u00adver\u00adsan\u00addo il crinale<\/a><\/li>\n<li class=\"menu-item menu-item-type-post_type menu-item-object-page menu-item-3293\"><a href=\"https:\/\/www.wiwanni.ch\/it\/via-ferrata-baltschiedertal\/\" class=\"elementor-item\" tabindex=\"-1\">Via fer\u00adra\u00adta Baltschiedertal<\/a><\/li>\n<\/ul>\t\t\t<\/nav>\n\t\t\t\t\t\t<\/div>\n\t\t\t\t<\/div>\n\t\t\t\t\t<\/div>\n\t\t<\/div>\n\t\t\t\t\t<\/div>\n\t\t<\/section>\n\t\t\t\t<\/div>\n\t\t","protected":false},"excerpt":{"rendered":"<p>Wiwan\u00adni\u00adhorn This post is also available in: Eng\u00adlish Fran\u00ad\u00e7ais Ita\u00adlia\u00adno J \/ Stein\u00adad\u00adler\u00adrou\u00adte 5b (5a&nbsp;obl.) Franz-Xaver Leig\u00adge\u00adner, Bru\u00adno Pfaf\u00adfen e Egon Fel\u00adler 1976\/82. Saniert 2018 von Rena\u00adte und Roland Ker\u00adnen, Stef\u00adfi Irni\u00adger. La clas\u00adsi\u00adca per eccel\u00adlen\u00adza. Si con\u00adtrad\u00addis\u00adtin\u00adgue per pass\u00adag\u00adgi tal\u00advol\u00adta anche espos\u00adti e arram\u00adpi\u00adca\u00adta su plac\u00adche. Via ben chio\u00adda\u00adta e mol\u00adto fre\u00adquen\u00adta\u00adta. La via non \u00e8 con\u00adsi\u00adglia\u00adta in caso di mal\u00adtem\u00adpo per\u00adch\u00e9 non semp\u00adre \u00e8 pos\u00adsi\u00adbi\u00adle effet\u00adtua\u00adre le dop\u00adpie. Dopo le tre prime lung\u00adhez\u00adze seguo\u00adno 5 sple\u00adndi\u00addi tiri su otti\u00adma roc\u00adcia con pass\u00adag\u00adgi espos\u00adti. Dopo l\u2019ottava lung\u00adhez\u00adza, l\u2019arrampicata diven\u00adta pi\u00f9 faci\u00adle. Si pro\u00adse\u00adgue anco\u00adra per cir\u00adca 50 minu\u00adti&nbsp;lungo&nbsp;[\u2026]<\/p>\n","protected":false},"author":4,"featured_media":0,"parent":0,"menu_order":0,"comment_status":"closed","ping_status":"closed","template":"","meta":{"wp_typography_post_enhancements_disabled":false,"footnotes":""},"class_list":["post-2737","page","type-page","status-publish","hentry","wpbf-post"],"_links":{"self":[{"href":"https:\/\/www.wiwanni.ch\/it\/wp-json\/wp\/v2\/pages\/2737","targetHints":{"allow":["GET"]}}],"collection":[{"href":"https:\/\/www.wiwanni.ch\/it\/wp-json\/wp\/v2\/pages"}],"about":[{"href":"https:\/\/www.wiwanni.ch\/it\/wp-json\/wp\/v2\/types\/page"}],"author":[{"embeddable":true,"href":"https:\/\/www.wiwanni.ch\/it\/wp-json\/wp\/v2\/users\/4"}],"replies":[{"embeddable":true,"href":"https:\/\/www.wiwanni.ch\/it\/wp-json\/wp\/v2\/comments?post=2737"}],"version-history":[{"count":8,"href":"https:\/\/www.wiwanni.ch\/it\/wp-json\/wp\/v2\/pages\/2737\/revisions"}],"predecessor-version":[{"id":4843,"href":"https:\/\/www.wiwanni.ch\/it\/wp-json\/wp\/v2\/pages\/2737\/revisions\/4843"}],"wp:attachment":[{"href":"https:\/\/www.wiwanni.ch\/it\/wp-json\/wp\/v2\/media?parent=2737"}],"curies":[{"name":"wp","href":"https:\/\/api.w.org\/{rel}","templated":true}]}}