{"id":2710,"date":"2020-06-04T23:32:48","date_gmt":"2020-06-04T23:32:48","guid":{"rendered":"http:\/\/wl1www392.webland.ch\/wordpress\/wiwanni\/wiwanni-suedwand\/"},"modified":"2024-03-16T03:58:36","modified_gmt":"2024-03-16T01:58:36","slug":"wiwanni-suedwand","status":"publish","type":"page","link":"https:\/\/www.wiwanni.ch\/it\/wiwanni-suedwand\/","title":{"rendered":"Wiwan\u00adni S\u00fcdwand"},"content":{"rendered":"\t\t<div data-elementor-type=\"wp-page\" data-elementor-id=\"2710\" class=\"elementor elementor-2710 elementor-561\" data-elementor-post-type=\"page\">\n\t\t\t\t\t\t<section class=\"elementor-section elementor-top-section elementor-element elementor-element-32ac3d57 elementor-section-boxed elementor-section-height-default elementor-section-height-default\" data-id=\"32ac3d57\" data-element_type=\"section\" data-settings=\"{&quot;background_background&quot;:&quot;classic&quot;}\">\n\t\t\t\t\t\t<div class=\"elementor-container elementor-column-gap-no\">\n\t\t\t\t\t<div class=\"elementor-column elementor-col-50 elementor-top-column elementor-element elementor-element-129b9a8f\" data-id=\"129b9a8f\" data-element_type=\"column\" data-settings=\"{&quot;background_background&quot;:&quot;classic&quot;}\">\n\t\t\t<div class=\"elementor-widget-wrap elementor-element-populated\">\n\t\t\t\t\t\t<div class=\"elementor-element elementor-element-7c3b4e8c elementor-widget elementor-widget-image\" data-id=\"7c3b4e8c\" data-element_type=\"widget\" data-widget_type=\"image.default\">\n\t\t\t\t<div class=\"elementor-widget-container\">\n\t\t\t\t\t\t\t\t\t\t\t\t\t\t\t\t<a href=\"https:\/\/www.wiwanni.ch\/wp-content\/uploads\/2020\/05\/9-wiwannihorn-suedwand-1000px.jpg\" data-elementor-open-lightbox=\"yes\" data-elementor-lightbox-title=\"Wiwannihorn S\u00fcdwand\" data-e-action-hash=\"#elementor-action%3Aaction%3Dlightbox%26settings%3DeyJpZCI6MjcwNywidXJsIjoiaHR0cHM6XC9cL3d3dy53aXdhbm5pLmNoXC93cC1jb250ZW50XC91cGxvYWRzXC8yMDIwXC8wNVwvOS13aXdhbm5paG9ybi1zdWVkd2FuZC0xMDAwcHguanBnIn0%3D\">\n\t\t\t\t\t\t\t<img fetchpriority=\"high\" decoding=\"async\" width=\"1000\" height=\"705\" src=\"https:\/\/www.wiwanni.ch\/wp-content\/uploads\/2020\/05\/9-wiwannihorn-suedwand-1000px.jpg\" class=\"attachment-large size-large wp-image-2707\" alt=\"Wiwannihorn S\u00fcdwand\" srcset=\"https:\/\/www.wiwanni.ch\/wp-content\/uploads\/2020\/05\/9-wiwannihorn-suedwand-1000px.jpg 1000w, https:\/\/www.wiwanni.ch\/wp-content\/uploads\/2020\/05\/9-wiwannihorn-suedwand-1000px-300x212.jpg 300w, https:\/\/www.wiwanni.ch\/wp-content\/uploads\/2020\/05\/9-wiwannihorn-suedwand-1000px-800x564.jpg 800w, https:\/\/www.wiwanni.ch\/wp-content\/uploads\/2020\/05\/9-wiwannihorn-suedwand-1000px-768x541.jpg 768w\" sizes=\"(max-width: 1000px) 100vw, 1000px\">\t\t\t\t\t\t\t\t<\/a>\n\t\t\t\t\t\t\t\t\t\t\t\t\t\t\t<\/div>\n\t\t\t\t<\/div>\n\t\t\t\t<div class=\"elementor-element elementor-element-407fee89 elementor-widget elementor-widget-heading\" data-id=\"407fee89\" data-element_type=\"widget\" data-widget_type=\"heading.default\">\n\t\t\t\t<div class=\"elementor-widget-container\">\n\t\t\t\t\t<h4 class=\"elementor-heading-title elementor-size-default\">Wiwan\u00adni S\u00fcdwand<\/h4>\t\t\t\t<\/div>\n\t\t\t\t<\/div>\n\t\t\t\t<div class=\"elementor-element elementor-element-1956eae elementor-widget elementor-widget-wpml-language-switcher\" data-id=\"1956eae\" data-element_type=\"widget\" data-widget_type=\"wpml-language-switcher.default\">\n\t\t\t\t<div class=\"elementor-widget-container\">\n\t\t\t\t\t<div class=\"wpml-elementor-ls\"><p class=\"wpml-ls-statics-post_translations wpml-ls\">This post is also available in: \n    <span class=\"wpml-ls-slot-post_translations wpml-ls-item wpml-ls-item-de wpml-ls-first-item wpml-ls-item-legacy-post-translations\"><a href=\"https:\/\/www.wiwanni.ch\/\" class=\"wpml-ls-link\"><span class=\"wpml-ls-native\" lang=\"de\">Deutsch<\/span><\/a><\/span>    <span class=\"wpml-ls-slot-post_translations wpml-ls-item wpml-ls-item-en wpml-ls-item-legacy-post-translations\"><a href=\"https:\/\/www.wiwanni.ch\/en\/\" class=\"wpml-ls-link\"><span class=\"wpml-ls-native\" lang=\"en\">Eng\u00adlish<\/span><\/a><\/span>    <span class=\"wpml-ls-slot-post_translations wpml-ls-item wpml-ls-item-fr wpml-ls-last-item wpml-ls-item-legacy-post-translations\"><a href=\"https:\/\/www.wiwanni.ch\/fr\/\" class=\"wpml-ls-link\"><span class=\"wpml-ls-native\" lang=\"fr\">Fran\u00ad\u00e7ais<\/span><\/a><\/span><\/p><\/div>\t\t\t\t<\/div>\n\t\t\t\t<\/div>\n\t\t\t\t<div class=\"elementor-element elementor-element-96e23ce elementor-widget elementor-widget-text-editor\" data-id=\"96e23ce\" data-element_type=\"widget\" data-widget_type=\"text-editor.default\">\n\t\t\t\t<div class=\"elementor-widget-container\">\n\t\t\t\t\t\t\t\t\t<p><span style=\"color: #000000;\"><strong>A \/ Bart\u00adgei\u00ader 6c (6b&nbsp;obl.)<\/strong><\/span><br>\n<span style=\"color: #000000;\"><em>Andre\u00adas Fux, Rinal\u00addo Bor\u00adra, Egon Fel\u00adler&nbsp;2000<\/em><\/span><br>\n<span style=\"color: #000000;\">Bel\u00adla arram\u00adpi\u00adca\u00adta su pare\u00adte ver\u00adti\u00adcale nono\u00adstan\u00adte la pre\u00adsen\u00adza di vege\u00adta\u00adzio\u00adne nella secon\u00adda lunghezza.<\/span><br>\n<span style=\"color: #000000;\">Dis\u00adce\u00adsa: dop\u00adpie sul\u00adla&nbsp;via<\/span><br>\n<span style=\"color: #000000;\">Mate\u00adria\u00adle: 12 rin\u00advii, corda da 60&nbsp;metri<\/span><\/p>\n<p><span style=\"color: #000000;\"><strong>B \/ Gold\u00adgei\u00ader 6c (6c&nbsp;obl.)<\/strong><\/span><br>\n<span style=\"color: #000000;\"><em>Cor\u00adne\u00adlia Mei\u00ader, Dami\u00adan Trey\u00ader&nbsp;1999<\/em><\/span><br>\n<span style=\"color: #000000;\">Bel\u00adlis\u00adsi\u00adma arram\u00adpi\u00adca\u00adta su otti\u00adma roc\u00adcia. Fina\u00adle mol\u00adto impres\u00adsio\u00adn\u00adan\u00adte. Via consigliata.<\/span><br>\n<span style=\"color: #000000;\">Dis\u00adce\u00adsa: dop\u00adpie sul\u00adla&nbsp;via<\/span><br>\n<span style=\"color: #000000;\">Mate\u00adria\u00adle: 12 rin\u00advii, corda da 60&nbsp;metri<\/span><\/p>\n<p><span style=\"color: #000000;\"><strong>C \/ Her\u00adme\u00adlin&nbsp;7a<\/strong><\/span><br>\n<span style=\"color: #000000;\"><em>Simon Caprez, Corin\u00adne Rossacher<\/em><\/span><br>\n<span style=\"color: #000000;\">Arram\u00adpi\u00adca\u00adta di for\u00adza su otti\u00adma roc\u00adcia. Mol\u00adto consigliata.<\/span><br>\n<span style=\"color: #000000;\">La vari\u00adan\u00adte di sali\u00adta a sinis\u00adtra si chi\u00adama Wildwechsel.<\/span><br>\n<span style=\"color: #000000;\">Dis\u00adce\u00adsa: dop\u00adpie sul\u00adla&nbsp;via<\/span><br>\n<span style=\"color: #000000;\">Mate\u00adria\u00adle: 15 rin\u00advii, corda da 60&nbsp;metri<\/span><\/p>\n<p><span style=\"color: #000000;\"><strong>D \/ Rin\u00adgel\u00adnat\u00adter 6b+ (6b&nbsp;obl.)<\/strong><\/span><br>\n<span style=\"color: #000000;\"><em>Peter Schwit\u00adter, Ama\u00addee Schmid, Dami\u00adan Trey\u00ader, Egon Fel\u00adler 1990. Ques\u00adta via \u00e8 sta\u00adta risa\u00adnata nel 2013 da Roland Ker\u00adnen e Sigi Fischer.<\/em><\/span><br>\n<span style=\"color: #000000;\">Via note\u00advo\u00adle su otti\u00adma roc\u00adcia. Mol\u00adto consigliata.<\/span><br>\n<span style=\"color: #000000;\">Dis\u00adce\u00adsa: dop\u00adpie sul\u00adla&nbsp;via<\/span><br>\n<span style=\"color: #000000;\">Mate\u00adria\u00adle: 12 rin\u00advii, corda da 50&nbsp;metri<\/span><\/p>\n<p><span style=\"color: #000000;\"><strong>E \/ Hau Ruck&nbsp;6c<\/strong><\/span><br>\n<span style=\"color: #000000;\"><em>Dani\u00adel Leig\u00adge\u00adner&nbsp;1994<\/em><\/span><br>\n<span style=\"color: #000000;\">Via mol\u00adto con\u00adsi\u00adglia\u00adta. Pare\u00adte strapiombante.<\/span><br>\n<span style=\"color: #000000;\">Dis\u00adce\u00adsa: dop\u00adpie sul\u00adla&nbsp;via<\/span><br>\n<span style=\"color: #000000;\">Mate\u00adria\u00adle: 7 rin\u00advii, corda da 50&nbsp;metri<\/span><\/p>\n<p><span style=\"color: #000000;\"><strong>F \/ Gey\u00adfetsch 7a<\/strong><\/span><br>\n<span style=\"color: #000000;\"><em>Dani\u00adel Leig\u00adge\u00adner&nbsp;1994<\/em><\/span><br>\n<span style=\"color: #000000;\">Via mol\u00adto con\u00adsi\u00adglia\u00adta. Pare\u00adte strapiombante.<\/span><br>\n<span style=\"color: #000000;\">Dis\u00adce\u00adsa: dop\u00adpie sul\u00adla&nbsp;via<\/span><br>\n<span style=\"color: #000000;\">Mate\u00adria\u00adle: 7 rin\u00advii, corda da 50&nbsp;metri<\/span><\/p>\n<p><span style=\"color: #000000;\"><strong>G \/ Gniff&nbsp;8a<\/strong><\/span><br>\n<span style=\"color: #000000;\"><em>Hans-Chris\u00adti\u00adan Leig\u00adge\u00adner&nbsp;2003<\/em><\/span><br>\n<span style=\"color: #000000;\">La via pi\u00f9 dif\u00adfi\u00adci\u00adle del\u00adla regio\u00adne (25 metri). Pur\u00adtrop\u00adpo rara\u00admen\u00adte frequentata.<\/span><br>\n<span style=\"color: #000000;\">Dis\u00adce\u00adsa: dop\u00adpie sul\u00adla&nbsp;via<\/span><br>\n<span style=\"color: #000000;\">Mate\u00adria\u00adle: 15 rin\u00advii, corda da 50&nbsp;metri<\/span><\/p>\n<p><span style=\"color: #000000;\"><strong>J \/ Stein\u00adad\u00adler\u00adrou\u00adte 5b (5a&nbsp;obl.)<\/strong><\/span><\/p>\n\t\t\t\t\t\t\t\t<\/div>\n\t\t\t\t<\/div>\n\t\t\t\t<div class=\"elementor-element elementor-element-55fbbdc elementor-widget-divider--view-line elementor-widget elementor-widget-divider\" data-id=\"55fbbdc\" data-element_type=\"widget\" data-widget_type=\"divider.default\">\n\t\t\t\t<div class=\"elementor-widget-container\">\n\t\t\t\t\t\t\t<div class=\"elementor-divider\">\n\t\t\t<span class=\"elementor-divider-separator\">\n\t\t\t\t\t\t<\/span>\n\t\t<\/div>\n\t\t\t\t\t\t<\/div>\n\t\t\t\t<\/div>\n\t\t\t\t<div class=\"elementor-element elementor-element-698ebba elementor-widget elementor-widget-text-editor\" data-id=\"698ebba\" data-element_type=\"widget\" data-widget_type=\"text-editor.default\">\n\t\t\t\t<div class=\"elementor-widget-container\">\n\t\t\t\t\t\t\t\t\t<p><span style=\"color: #000000;\"><strong>Il set\u00adto\u00adre Grasband<\/strong><\/span><br>\n<span style=\"color: #000000;\">Ques\u00adto set\u00adto\u00adre di arram\u00adpi\u00adca\u00adta \u00e8 rag\u00adgi\u00adungi\u00adbi\u00adle dopo aver effet\u00adtua\u00adto i pri\u00admi tre tiri del\u00adla via Stein\u00adad\u00adler oppu\u00adre seguen\u00addo una corda fis\u00adsa situa\u00adta a sinis\u00adtra del\u00adla fale\u00adsia Wand\u00adfuss che con\u00addu\u00adce alla pare\u00adte. La sali\u00adta pu\u00f2 esse\u00adre deli\u00adca\u00adta per la pre\u00adsen\u00adza di vegetazione.<\/span><\/p>\n<p><span style=\"color: #000000;\"><strong>H \/ Der Berg ruft&nbsp;7c<\/strong><\/span><br>\n<span style=\"color: #000000;\"><em>Dani\u00adel Leig\u00adge\u00adner, Eric Point\u00adner&nbsp;1990<\/em><\/span><br>\n<span style=\"color: #000000;\">In gio\u00adven\u00adt\u00f9 Dani\u00adel ed Eric han\u00adno aper\u00adto una del\u00adle pi\u00f9 bel\u00adle vie di 7c. Una sple\u00adndi\u00adda e avven\u00adtur\u00ado\u00adsa linea su pare\u00adte strapiombante.<\/span><br>\n<span style=\"color: #000000;\">Dis\u00adce\u00adsa: dop\u00adpie sul\u00adla&nbsp;via<\/span><br>\n<span style=\"color: #000000;\">Mate\u00adria\u00adle: 18 rin\u00advii, corda da 70&nbsp;metri<\/span><\/p>\n<p><span style=\"color: #000000;\"><strong>1&nbsp; \u2013 6<\/strong><\/span><br>\n<span style=\"color: #000000;\"><em>Dani\u00adel Leig\u00adge\u00adner, Bru\u00adno Pfaf\u00adfen&nbsp;2013<\/em><\/span><br>\n<span style=\"color: #000000;\">Si trat\u00adta di sple\u00adndi\u00adde vie su otti\u00adma roccia.<\/span><br>\n<span style=\"color: #000000;\"><strong>1 \/ \u00c4lus L\u00fcter&nbsp;7a<\/strong><\/span><br>\n<span style=\"color: #000000;\"><strong>2 \/ Alp\u00adse\u00adgen&nbsp;7a<\/strong><\/span><br>\n<span style=\"color: #000000;\"><strong>3 \/ Gwei\u00adlo&nbsp;6c+<\/strong><\/span><br>\n<span style=\"color: #000000;\"><strong>4 \/ Yenn Sze&nbsp;6c<\/strong><\/span><br>\n<span style=\"color: #000000;\"><strong>5 \/ Orig. Napalm Duo&nbsp;7a<\/strong><\/span><br>\n<span style=\"color: #000000;\"><strong>6 \/ Patro\u00adna Bava\u00adriae&nbsp;6b<\/strong><\/span><\/p>\n\t\t\t\t\t\t\t\t<\/div>\n\t\t\t\t<\/div>\n\t\t\t\t<div class=\"elementor-element elementor-element-7d84f0b3 elementor-widget elementor-widget-text-editor\" data-id=\"7d84f0b3\" data-element_type=\"widget\" data-widget_type=\"text-editor.default\">\n\t\t\t\t<div class=\"elementor-widget-container\">\n\t\t\t\t\t\t\t\t\t<p><em>Topo del\u00adla gui\u00adda alpi\u00adna Wiwan\u00adni&nbsp;2022<\/em><\/p>\n\t\t\t\t\t\t\t\t<\/div>\n\t\t\t\t<\/div>\n\t\t\t\t\t<\/div>\n\t\t<\/div>\n\t\t\t\t<div class=\"elementor-column elementor-col-50 elementor-top-column elementor-element elementor-element-4a699d59\" data-id=\"4a699d59\" data-element_type=\"column\" data-settings=\"{&quot;background_background&quot;:&quot;classic&quot;}\">\n\t\t\t<div class=\"elementor-widget-wrap elementor-element-populated\">\n\t\t\t\t\t\t<div class=\"elementor-element elementor-element-65191173 elementor-align-left elementor-widget elementor-widget-button\" data-id=\"65191173\" data-element_type=\"widget\" data-widget_type=\"button.default\">\n\t\t\t\t<div class=\"elementor-widget-container\">\n\t\t\t\t\t\t\t\t\t<div class=\"elementor-button-wrapper\">\n\t\t\t\t\t<a class=\"elementor-button elementor-button-link elementor-size-sm\" href=\"https:\/\/www.wiwanni.ch\/it\/aree-di-arrampicata\/\">\n\t\t\t\t\t\t<span class=\"elementor-button-content-wrapper\">\n\t\t\t\t\t\t<span class=\"elementor-button-icon\">\n\t\t\t\t<i aria-hidden=\"true\" class=\"fas fa-arrow-left\"><\/i>\t\t\t<\/span>\n\t\t\t\t\t\t\t\t\t<span class=\"elementor-button-text\">pan\u00ado\u00adr\u00adami\u00adca<\/span>\n\t\t\t\t\t<\/span>\n\t\t\t\t\t<\/a>\n\t\t\t\t<\/div>\n\t\t\t\t\t\t\t\t<\/div>\n\t\t\t\t<\/div>\n\t\t\t\t<div class=\"elementor-element elementor-element-126477fd elementor-widget elementor-widget-heading\" data-id=\"126477fd\" data-element_type=\"widget\" data-widget_type=\"heading.default\">\n\t\t\t\t<div class=\"elementor-widget-container\">\n\t\t\t\t\t<h4 class=\"elementor-heading-title elementor-size-default\">Set\u00adto\u00adri<\/h4>\t\t\t\t<\/div>\n\t\t\t\t<\/div>\n\t\t\t\t<div class=\"elementor-element elementor-element-58a5c4f6 elementor-nav-menu__align-start elementor-nav-menu--dropdown-none elementor-widget elementor-widget-nav-menu\" data-id=\"58a5c4f6\" data-element_type=\"widget\" data-settings=\"{&quot;layout&quot;:&quot;vertical&quot;,&quot;submenu_icon&quot;:{&quot;value&quot;:&quot;<i class=\\&quot;\\&quot;><\\\/i>&quot;,&quot;library&quot;:&quot;&quot;}}\" data-widget_type=\"nav-menu.default\">\n\t\t\t\t<div class=\"elementor-widget-container\">\n\t\t\t\t\t\t\t\t<nav aria-label=\"Menu\" class=\"elementor-nav-menu--main elementor-nav-menu__container elementor-nav-menu--layout-vertical e--pointer-background e--animation-fade\">\n\t\t\t\t<ul id=\"menu-1-58a5c4f6\" class=\"elementor-nav-menu sm-vertical\"><li class=\"menu-item menu-item-type-post_type menu-item-object-page menu-item-2153\"><a href=\"https:\/\/www.wiwanni.ch\/it\/huettensektor-unterbaerg\/\" class=\"elementor-item\">1 H\u00fct\u00adten\u00adsek\u00adtor Unterb\u00e4rg<\/a><\/li>\n<li class=\"menu-item menu-item-type-post_type menu-item-object-page menu-item-2189\"><a href=\"https:\/\/www.wiwanni.ch\/it\/unterer-klettergarten\/\" class=\"elementor-item\">2 Unte\u00adrer Klettergarten<\/a><\/li>\n<li class=\"menu-item menu-item-type-post_type menu-item-object-page menu-item-2217\"><a href=\"https:\/\/www.wiwanni.ch\/it\/oberer-klettergarten\/\" class=\"elementor-item\">3 Obe\u00adrer Klettergarten<\/a><\/li>\n<li class=\"menu-item menu-item-type-post_type menu-item-object-page menu-item-2242\"><a href=\"https:\/\/www.wiwanni.ch\/it\/klettergarten-wandfuss\/\" class=\"elementor-item\">4 Klet\u00adter\u00adgar\u00adten Wandfuss<\/a><\/li>\n<li class=\"menu-item menu-item-type-post_type menu-item-object-page menu-item-2266\"><a href=\"https:\/\/www.wiwanni.ch\/it\/schepfipfiler\/\" class=\"elementor-item\">5 Sche\u00adp\u00adfip\u00adfi\u00adler<\/a><\/li>\n<li class=\"menu-item menu-item-type-post_type menu-item-object-page menu-item-2295\"><a href=\"https:\/\/www.wiwanni.ch\/it\/klein-augstkummenhorn\/\" class=\"elementor-item\">6 Klein Augstkummenhorn<\/a><\/li>\n<li class=\"menu-item menu-item-type-post_type menu-item-object-page menu-item-2343\"><a href=\"https:\/\/www.wiwanni.ch\/it\/gross-augstkummenhorn\/\" class=\"elementor-item\">7 Gross Augstkummenhorn<\/a><\/li>\n<li class=\"menu-item menu-item-type-post_type menu-item-object-page menu-item-2685\"><a href=\"https:\/\/www.wiwanni.ch\/it\/wiwanni-suedwestwand\/\" class=\"elementor-item\">8 Wiwan\u00adni S\u00fcdwestwand<\/a><\/li>\n<li class=\"menu-item menu-item-type-post_type menu-item-object-page menu-item-2714\"><a href=\"https:\/\/www.wiwanni.ch\/it\/wiwanni-suedwand\/\" class=\"elementor-item\">9 Wiwan\u00adni S\u00fcdwand<\/a><\/li>\n<li class=\"menu-item menu-item-type-post_type menu-item-object-page menu-item-2741\"><a href=\"https:\/\/www.wiwanni.ch\/it\/wiwannihorn\/\" class=\"elementor-item\">10 Wiwan\u00adni\u00adhorn<\/a><\/li>\n<li class=\"menu-item menu-item-type-post_type menu-item-object-page menu-item-2482\"><a href=\"https:\/\/www.wiwanni.ch\/it\/ostgrat\/\" class=\"elementor-item\">11 Ost\u00adgrat<\/a><\/li>\n<li class=\"menu-item menu-item-type-post_type menu-item-object-page menu-item-2758\"><a href=\"https:\/\/www.wiwanni.ch\/it\/bru\/\" class=\"elementor-item\">12 Bru<\/a><\/li>\n<li class=\"menu-item menu-item-type-post_type menu-item-object-page menu-item-2388\"><a href=\"https:\/\/www.wiwanni.ch\/it\/chruetighorn\/\" class=\"elementor-item\">13 Chr\u00fc\u00adtig\u00adhorn<\/a><\/li>\n<li class=\"menu-item menu-item-type-post_type menu-item-object-page menu-item-2636\"><a href=\"https:\/\/www.wiwanni.ch\/it\/duebigrat\/\" class=\"elementor-item\">14 D\u00fcbi\u00adgrat<\/a><\/li>\n<li class=\"menu-item menu-item-type-post_type menu-item-object-page menu-item-2593\"><a href=\"https:\/\/www.wiwanni.ch\/it\/sattolwaeschi\/\" class=\"elementor-item\">15 Sat\u00adtol\u00adw\u00e4\u00adschi<\/a><\/li>\n<li class=\"menu-item menu-item-type-post_type menu-item-object-page menu-item-2355\"><a href=\"https:\/\/www.wiwanni.ch\/it\/zona-boulder-di-eggen-eggerberg\/\" class=\"elementor-item\">16 Zona bould\u00ader di&nbsp;Eggen<\/a><\/li>\n<li class=\"menu-item menu-item-type-post_type menu-item-object-page menu-item-2569\"><a href=\"https:\/\/www.wiwanni.ch\/it\/klettergarten-wolfblatte-ausserberg\/\" class=\"elementor-item\">17 Klet\u00adter\u00adgar\u00adten Wolf\u00adblat\u00adte Ausserberg<\/a><\/li>\n<li class=\"menu-item menu-item-type-post_type menu-item-object-page menu-item-2376\"><a href=\"https:\/\/www.wiwanni.ch\/it\/zona-di-arrampicata-chalchofo\/\" class=\"elementor-item\">18 Chal\u00adcho\u00adfo \u2013 P\u00e4r\u00fc\u00fclu<\/a><\/li>\n<li class=\"menu-item menu-item-type-post_type menu-item-object-page menu-item-2827\"><a href=\"https:\/\/www.wiwanni.ch\/it\/attraversando-il-crinale\/\" class=\"elementor-item\">attra\u00adver\u00adsan\u00addo il crinale<\/a><\/li>\n<li class=\"menu-item menu-item-type-post_type menu-item-object-page menu-item-3293\"><a href=\"https:\/\/www.wiwanni.ch\/it\/via-ferrata-baltschiedertal\/\" class=\"elementor-item\">Via fer\u00adra\u00adta Baltschiedertal<\/a><\/li>\n<\/ul>\t\t\t<\/nav>\n\t\t\t\t\t\t<nav class=\"elementor-nav-menu--dropdown elementor-nav-menu__container\" aria-hidden=\"true\">\n\t\t\t\t<ul id=\"menu-2-58a5c4f6\" class=\"elementor-nav-menu sm-vertical\"><li class=\"menu-item menu-item-type-post_type menu-item-object-page menu-item-2153\"><a href=\"https:\/\/www.wiwanni.ch\/it\/huettensektor-unterbaerg\/\" class=\"elementor-item\" tabindex=\"-1\">1 H\u00fct\u00adten\u00adsek\u00adtor Unterb\u00e4rg<\/a><\/li>\n<li class=\"menu-item menu-item-type-post_type menu-item-object-page menu-item-2189\"><a href=\"https:\/\/www.wiwanni.ch\/it\/unterer-klettergarten\/\" class=\"elementor-item\" tabindex=\"-1\">2 Unte\u00adrer Klettergarten<\/a><\/li>\n<li class=\"menu-item menu-item-type-post_type menu-item-object-page menu-item-2217\"><a href=\"https:\/\/www.wiwanni.ch\/it\/oberer-klettergarten\/\" class=\"elementor-item\" tabindex=\"-1\">3 Obe\u00adrer Klettergarten<\/a><\/li>\n<li class=\"menu-item menu-item-type-post_type menu-item-object-page menu-item-2242\"><a href=\"https:\/\/www.wiwanni.ch\/it\/klettergarten-wandfuss\/\" class=\"elementor-item\" tabindex=\"-1\">4 Klet\u00adter\u00adgar\u00adten Wandfuss<\/a><\/li>\n<li class=\"menu-item menu-item-type-post_type menu-item-object-page menu-item-2266\"><a href=\"https:\/\/www.wiwanni.ch\/it\/schepfipfiler\/\" class=\"elementor-item\" tabindex=\"-1\">5 Sche\u00adp\u00adfip\u00adfi\u00adler<\/a><\/li>\n<li class=\"menu-item menu-item-type-post_type menu-item-object-page menu-item-2295\"><a href=\"https:\/\/www.wiwanni.ch\/it\/klein-augstkummenhorn\/\" class=\"elementor-item\" tabindex=\"-1\">6 Klein Augstkummenhorn<\/a><\/li>\n<li class=\"menu-item menu-item-type-post_type menu-item-object-page menu-item-2343\"><a href=\"https:\/\/www.wiwanni.ch\/it\/gross-augstkummenhorn\/\" class=\"elementor-item\" tabindex=\"-1\">7 Gross Augstkummenhorn<\/a><\/li>\n<li class=\"menu-item menu-item-type-post_type menu-item-object-page menu-item-2685\"><a href=\"https:\/\/www.wiwanni.ch\/it\/wiwanni-suedwestwand\/\" class=\"elementor-item\" tabindex=\"-1\">8 Wiwan\u00adni S\u00fcdwestwand<\/a><\/li>\n<li class=\"menu-item menu-item-type-post_type menu-item-object-page menu-item-2714\"><a href=\"https:\/\/www.wiwanni.ch\/it\/wiwanni-suedwand\/\" class=\"elementor-item\" tabindex=\"-1\">9 Wiwan\u00adni S\u00fcdwand<\/a><\/li>\n<li class=\"menu-item menu-item-type-post_type menu-item-object-page menu-item-2741\"><a href=\"https:\/\/www.wiwanni.ch\/it\/wiwannihorn\/\" class=\"elementor-item\" tabindex=\"-1\">10 Wiwan\u00adni\u00adhorn<\/a><\/li>\n<li class=\"menu-item menu-item-type-post_type menu-item-object-page menu-item-2482\"><a href=\"https:\/\/www.wiwanni.ch\/it\/ostgrat\/\" class=\"elementor-item\" tabindex=\"-1\">11 Ost\u00adgrat<\/a><\/li>\n<li class=\"menu-item menu-item-type-post_type menu-item-object-page menu-item-2758\"><a href=\"https:\/\/www.wiwanni.ch\/it\/bru\/\" class=\"elementor-item\" tabindex=\"-1\">12 Bru<\/a><\/li>\n<li class=\"menu-item menu-item-type-post_type menu-item-object-page menu-item-2388\"><a href=\"https:\/\/www.wiwanni.ch\/it\/chruetighorn\/\" class=\"elementor-item\" tabindex=\"-1\">13 Chr\u00fc\u00adtig\u00adhorn<\/a><\/li>\n<li class=\"menu-item menu-item-type-post_type menu-item-object-page menu-item-2636\"><a href=\"https:\/\/www.wiwanni.ch\/it\/duebigrat\/\" class=\"elementor-item\" tabindex=\"-1\">14 D\u00fcbi\u00adgrat<\/a><\/li>\n<li class=\"menu-item menu-item-type-post_type menu-item-object-page menu-item-2593\"><a href=\"https:\/\/www.wiwanni.ch\/it\/sattolwaeschi\/\" class=\"elementor-item\" tabindex=\"-1\">15 Sat\u00adtol\u00adw\u00e4\u00adschi<\/a><\/li>\n<li class=\"menu-item menu-item-type-post_type menu-item-object-page menu-item-2355\"><a href=\"https:\/\/www.wiwanni.ch\/it\/zona-boulder-di-eggen-eggerberg\/\" class=\"elementor-item\" tabindex=\"-1\">16 Zona bould\u00ader di&nbsp;Eggen<\/a><\/li>\n<li class=\"menu-item menu-item-type-post_type menu-item-object-page menu-item-2569\"><a href=\"https:\/\/www.wiwanni.ch\/it\/klettergarten-wolfblatte-ausserberg\/\" class=\"elementor-item\" tabindex=\"-1\">17 Klet\u00adter\u00adgar\u00adten Wolf\u00adblat\u00adte Ausserberg<\/a><\/li>\n<li class=\"menu-item menu-item-type-post_type menu-item-object-page menu-item-2376\"><a href=\"https:\/\/www.wiwanni.ch\/it\/zona-di-arrampicata-chalchofo\/\" class=\"elementor-item\" tabindex=\"-1\">18 Chal\u00adcho\u00adfo \u2013 P\u00e4r\u00fc\u00fclu<\/a><\/li>\n<li class=\"menu-item menu-item-type-post_type menu-item-object-page menu-item-2827\"><a href=\"https:\/\/www.wiwanni.ch\/it\/attraversando-il-crinale\/\" class=\"elementor-item\" tabindex=\"-1\">attra\u00adver\u00adsan\u00addo il crinale<\/a><\/li>\n<li class=\"menu-item menu-item-type-post_type menu-item-object-page menu-item-3293\"><a href=\"https:\/\/www.wiwanni.ch\/it\/via-ferrata-baltschiedertal\/\" class=\"elementor-item\" tabindex=\"-1\">Via fer\u00adra\u00adta Baltschiedertal<\/a><\/li>\n<\/ul>\t\t\t<\/nav>\n\t\t\t\t\t\t<\/div>\n\t\t\t\t<\/div>\n\t\t\t\t\t<\/div>\n\t\t<\/div>\n\t\t\t\t\t<\/div>\n\t\t<\/section>\n\t\t\t\t<\/div>\n\t\t","protected":false},"excerpt":{"rendered":"<p>Wiwan\u00adni S\u00fcd\u00adwand This post is also available in: Eng\u00adlish Fran\u00ad\u00e7ais Ita\u00adlia\u00adno A \/ Bart\u00adgei\u00ader 6c (6b&nbsp;obl.) Andre\u00adas Fux, Rinal\u00addo Bor\u00adra, Egon Fel\u00adler&nbsp;2000 Bel\u00adla arram\u00adpi\u00adca\u00adta su pare\u00adte ver\u00adti\u00adcale nono\u00adstan\u00adte la pre\u00adsen\u00adza di vege\u00adta\u00adzio\u00adne nella secon\u00adda lung\u00adhez\u00adza. Dis\u00adce\u00adsa: dop\u00adpie sul\u00adla&nbsp;via Mate\u00adria\u00adle: 12 rin\u00advii, corda da 60&nbsp;metri B \/ Gold\u00adgei\u00ader 6c (6c&nbsp;obl.) Cor\u00adne\u00adlia Mei\u00ader, Dami\u00adan Trey\u00ader&nbsp;1999 Bel\u00adlis\u00adsi\u00adma arram\u00adpi\u00adca\u00adta su otti\u00adma roc\u00adcia. Fina\u00adle mol\u00adto impres\u00adsio\u00adn\u00adan\u00adte. Via con\u00adsi\u00adglia\u00adta. Dis\u00adce\u00adsa: dop\u00adpie sul\u00adla&nbsp;via Mate\u00adria\u00adle: 12 rin\u00advii, corda da 60&nbsp;metri C \/ Her\u00adme\u00adlin&nbsp;7a Simon Caprez, Corin\u00adne Rossacher Arram\u00adpi\u00adca\u00adta di for\u00adza su otti\u00adma roc\u00adcia. Mol\u00adto con\u00adsi\u00adglia\u00adta. La vari\u00adan\u00adte di sali\u00adta a sinis\u00adtra si chi\u00adama Wild\u00adwech\u00adsel. Dis\u00adce\u00adsa: dop\u00adpie sul\u00adla&nbsp;via Materiale:&nbsp;[\u2026]<\/p>\n","protected":false},"author":4,"featured_media":0,"parent":0,"menu_order":0,"comment_status":"closed","ping_status":"closed","template":"","meta":{"wp_typography_post_enhancements_disabled":false,"footnotes":""},"class_list":["post-2710","page","type-page","status-publish","hentry","wpbf-post"],"_links":{"self":[{"href":"https:\/\/www.wiwanni.ch\/it\/wp-json\/wp\/v2\/pages\/2710","targetHints":{"allow":["GET"]}}],"collection":[{"href":"https:\/\/www.wiwanni.ch\/it\/wp-json\/wp\/v2\/pages"}],"about":[{"href":"https:\/\/www.wiwanni.ch\/it\/wp-json\/wp\/v2\/types\/page"}],"author":[{"embeddable":true,"href":"https:\/\/www.wiwanni.ch\/it\/wp-json\/wp\/v2\/users\/4"}],"replies":[{"embeddable":true,"href":"https:\/\/www.wiwanni.ch\/it\/wp-json\/wp\/v2\/comments?post=2710"}],"version-history":[{"count":6,"href":"https:\/\/www.wiwanni.ch\/it\/wp-json\/wp\/v2\/pages\/2710\/revisions"}],"predecessor-version":[{"id":4835,"href":"https:\/\/www.wiwanni.ch\/it\/wp-json\/wp\/v2\/pages\/2710\/revisions\/4835"}],"wp:attachment":[{"href":"https:\/\/www.wiwanni.ch\/it\/wp-json\/wp\/v2\/media?parent=2710"}],"curies":[{"name":"wp","href":"https:\/\/api.w.org\/{rel}","templated":true}]}}