{"id":1346,"date":"2020-05-26T00:59:10","date_gmt":"2020-05-26T00:59:10","guid":{"rendered":"http:\/\/wl1www392.webland.ch\/wordpress\/wiwanni\/chruetighorn\/"},"modified":"2024-03-16T20:07:04","modified_gmt":"2024-03-16T18:07:04","slug":"chruetighorn","status":"publish","type":"page","link":"https:\/\/www.wiwanni.ch\/it\/chruetighorn\/","title":{"rendered":"Chr\u00fc\u00adtig\u00adhorn"},"content":{"rendered":"\t\t<div data-elementor-type=\"wp-page\" data-elementor-id=\"1346\" class=\"elementor elementor-1346 elementor-569\" data-elementor-post-type=\"page\">\n\t\t\t\t\t\t<section class=\"elementor-section elementor-top-section elementor-element elementor-element-ff771b2 elementor-section-boxed elementor-section-height-default elementor-section-height-default\" data-id=\"ff771b2\" data-element_type=\"section\" data-settings=\"{&quot;background_background&quot;:&quot;classic&quot;}\">\n\t\t\t\t\t\t<div class=\"elementor-container elementor-column-gap-no\">\n\t\t\t\t\t<div class=\"elementor-column elementor-col-50 elementor-top-column elementor-element elementor-element-168429e2\" data-id=\"168429e2\" data-element_type=\"column\" data-settings=\"{&quot;background_background&quot;:&quot;classic&quot;}\">\n\t\t\t<div class=\"elementor-widget-wrap elementor-element-populated\">\n\t\t\t\t\t\t<div class=\"elementor-element elementor-element-54f3ed95 elementor-widget elementor-widget-image\" data-id=\"54f3ed95\" data-element_type=\"widget\" data-widget_type=\"image.default\">\n\t\t\t\t<div class=\"elementor-widget-container\">\n\t\t\t\t\t\t\t\t\t\t\t\t\t\t\t\t<a href=\"https:\/\/www.wiwanni.ch\/wp-content\/uploads\/2020\/05\/13-chruetighorn-topo.jpg\" data-elementor-open-lightbox=\"yes\" data-elementor-lightbox-title=\"Chr\u00fctighorn\" data-e-action-hash=\"#elementor-action%3Aaction%3Dlightbox%26settings%3DeyJpZCI6MTM0OCwidXJsIjoiaHR0cHM6XC9cL3d3dy53aXdhbm5pLmNoXC93cC1jb250ZW50XC91cGxvYWRzXC8yMDIwXC8wNVwvMTMtY2hydWV0aWdob3JuLXRvcG8uanBnIn0%3D\">\n\t\t\t\t\t\t\t<img fetchpriority=\"high\" decoding=\"async\" width=\"1000\" height=\"973\" src=\"https:\/\/www.wiwanni.ch\/wp-content\/uploads\/2020\/05\/13-chruetighorn-topo.jpg\" class=\"attachment-large size-large wp-image-1348\" alt=\"Chr\u00fctighorn\" srcset=\"https:\/\/www.wiwanni.ch\/wp-content\/uploads\/2020\/05\/13-chruetighorn-topo.jpg 1000w, https:\/\/www.wiwanni.ch\/wp-content\/uploads\/2020\/05\/13-chruetighorn-topo-300x292.jpg 300w, https:\/\/www.wiwanni.ch\/wp-content\/uploads\/2020\/05\/13-chruetighorn-topo-800x778.jpg 800w, https:\/\/www.wiwanni.ch\/wp-content\/uploads\/2020\/05\/13-chruetighorn-topo-768x747.jpg 768w\" sizes=\"(max-width: 1000px) 100vw, 1000px\">\t\t\t\t\t\t\t\t<\/a>\n\t\t\t\t\t\t\t\t\t\t\t\t\t\t\t<\/div>\n\t\t\t\t<\/div>\n\t\t\t\t<div class=\"elementor-element elementor-element-72e6b1ad elementor-widget elementor-widget-heading\" data-id=\"72e6b1ad\" data-element_type=\"widget\" data-widget_type=\"heading.default\">\n\t\t\t\t<div class=\"elementor-widget-container\">\n\t\t\t\t\t<h4 class=\"elementor-heading-title elementor-size-default\">Chr\u00fc\u00adtig\u00adhorn<\/h4>\t\t\t\t<\/div>\n\t\t\t\t<\/div>\n\t\t\t\t<div class=\"elementor-element elementor-element-2c2200a elementor-widget elementor-widget-wpml-language-switcher\" data-id=\"2c2200a\" data-element_type=\"widget\" data-widget_type=\"wpml-language-switcher.default\">\n\t\t\t\t<div class=\"elementor-widget-container\">\n\t\t\t\t\t<div class=\"wpml-elementor-ls\"><p class=\"wpml-ls-statics-post_translations wpml-ls\">This post is also available in: \n    <span class=\"wpml-ls-slot-post_translations wpml-ls-item wpml-ls-item-de wpml-ls-first-item wpml-ls-item-legacy-post-translations\"><a href=\"https:\/\/www.wiwanni.ch\/\" class=\"wpml-ls-link\"><span class=\"wpml-ls-native\" lang=\"de\">Deutsch<\/span><\/a><\/span>    <span class=\"wpml-ls-slot-post_translations wpml-ls-item wpml-ls-item-en wpml-ls-item-legacy-post-translations\"><a href=\"https:\/\/www.wiwanni.ch\/en\/\" class=\"wpml-ls-link\"><span class=\"wpml-ls-native\" lang=\"en\">Eng\u00adlish<\/span><\/a><\/span>    <span class=\"wpml-ls-slot-post_translations wpml-ls-item wpml-ls-item-fr wpml-ls-last-item wpml-ls-item-legacy-post-translations\"><a href=\"https:\/\/www.wiwanni.ch\/fr\/\" class=\"wpml-ls-link\"><span class=\"wpml-ls-native\" lang=\"fr\">Fran\u00ad\u00e7ais<\/span><\/a><\/span><\/p><\/div>\t\t\t\t<\/div>\n\t\t\t\t<\/div>\n\t\t\t\t<div class=\"elementor-element elementor-element-6a2b871f elementor-widget elementor-widget-text-editor\" data-id=\"6a2b871f\" data-element_type=\"widget\" data-widget_type=\"text-editor.default\">\n\t\t\t\t<div class=\"elementor-widget-container\">\n\t\t\t\t\t\t\t\t\t<p>Il vici\u00adno (nord) del Wiwan\u00adni\u00adhorn vie\u00adne scala\u00adto di rado nono\u00adstan\u00adte off\u00adra un inter\u00ades\u00adsan\u00adte tour alpinistico.<br>\nDal\u00adla cima del Wiwan\u00adni\u00adhorn si scen\u00adde con una faci\u00adle ma espos\u00adta arram\u00adpi\u00adca\u00adta fino al Wiwan\u00adni\u00adjoch. Pro\u00adse\u00adgui\u00adre ver\u00adso una tor\u00adret\u00adta di cres\u00adta che pu\u00f2 esse\u00adre rag\u00adgi\u00adra\u00adta ver\u00adso des\u00adtra. Segue una pia\u00adce\u00advo\u00adle plac\u00adca di 30m. su 4b, pro\u00adse\u00adguen\u00addo sul\u00adlo spi\u00adgo\u00adlo del\u00adla cres\u00adta con arram\u00adpi\u00adca\u00adta espos\u00adta di 3\u00b0-4\u00b0grado. Dall\u2019anticima la cima non \u00e8 cos\u00ec lon\u00adta\u00adna come sem\u00adbra, anche se esposta.<br>\nDif\u00adfi\u00adcol\u00adt\u00e0:&nbsp;4b<br>\nPer\u00adcor\u00adrenza: dal Wiwan\u00adni\u00adhorn fino alla cima del Chr\u00fc\u00adtig\u00adhorns 2 ore, rien\u00adtro dal Wiwan\u00adni\u00adhorn cir\u00adca 1 ora e&nbsp;mezza.<br>\nMate\u00adria\u00adle: 50 metri di corda, 5 rinvii<br>\nDis\u00adce\u00adsa: dal\u00adla cima scen\u00adde\u00adre fino alla tor\u00adret\u00adta del\u00adla cima pro\u00adse\u00adguen\u00addo ver\u00adso des\u00adtra sul\u00adla dor\u00adsa\u00adle (cate\u00adne). Si posso\u00adno effet\u00adtua\u00adre dop\u00adpie negli ulti\u00admi metri zum Risig\u00adra\u00adben oppu\u00adre aggi\u00adran\u00addo a des\u00adtra. Segue la sali\u00adta attra\u00adver\u00adso la cono\u00adsci\u00adu\u00adta via fino alla cima del Wiwannihorn.<\/p>\n<div><em>Topo del\u00adla gui\u00adda alpi\u00adna Wiwan\u00adni&nbsp;2022<\/em><\/div>\n\t\t\t\t\t\t\t\t<\/div>\n\t\t\t\t<\/div>\n\t\t\t\t\t<\/div>\n\t\t<\/div>\n\t\t\t\t<div class=\"elementor-column elementor-col-50 elementor-top-column elementor-element elementor-element-59d8a60f\" data-id=\"59d8a60f\" data-element_type=\"column\" data-settings=\"{&quot;background_background&quot;:&quot;classic&quot;}\">\n\t\t\t<div class=\"elementor-widget-wrap elementor-element-populated\">\n\t\t\t\t\t\t<div class=\"elementor-element elementor-element-219b4ba5 elementor-align-left elementor-widget elementor-widget-button\" data-id=\"219b4ba5\" data-element_type=\"widget\" data-widget_type=\"button.default\">\n\t\t\t\t<div class=\"elementor-widget-container\">\n\t\t\t\t\t\t\t\t\t<div class=\"elementor-button-wrapper\">\n\t\t\t\t\t<a class=\"elementor-button elementor-button-link elementor-size-sm\" href=\"https:\/\/www.wiwanni.ch\/it\/aree-di-arrampicata\/\">\n\t\t\t\t\t\t<span class=\"elementor-button-content-wrapper\">\n\t\t\t\t\t\t<span class=\"elementor-button-icon\">\n\t\t\t\t<i aria-hidden=\"true\" class=\"fas fa-arrow-left\"><\/i>\t\t\t<\/span>\n\t\t\t\t\t\t\t\t\t<span class=\"elementor-button-text\">pan\u00ado\u00adr\u00adami\u00adca<\/span>\n\t\t\t\t\t<\/span>\n\t\t\t\t\t<\/a>\n\t\t\t\t<\/div>\n\t\t\t\t\t\t\t\t<\/div>\n\t\t\t\t<\/div>\n\t\t\t\t<div class=\"elementor-element elementor-element-71f0b230 elementor-widget elementor-widget-heading\" data-id=\"71f0b230\" data-element_type=\"widget\" data-widget_type=\"heading.default\">\n\t\t\t\t<div class=\"elementor-widget-container\">\n\t\t\t\t\t<h4 class=\"elementor-heading-title elementor-size-default\">Set\u00adto\u00adri<\/h4>\t\t\t\t<\/div>\n\t\t\t\t<\/div>\n\t\t\t\t<div class=\"elementor-element elementor-element-3f4723f1 elementor-nav-menu__align-start elementor-nav-menu--dropdown-none elementor-widget elementor-widget-nav-menu\" data-id=\"3f4723f1\" data-element_type=\"widget\" data-settings=\"{&quot;layout&quot;:&quot;vertical&quot;,&quot;submenu_icon&quot;:{&quot;value&quot;:&quot;<i class=\\&quot;\\&quot;><\\\/i>&quot;,&quot;library&quot;:&quot;&quot;}}\" data-widget_type=\"nav-menu.default\">\n\t\t\t\t<div class=\"elementor-widget-container\">\n\t\t\t\t\t\t\t\t<nav aria-label=\"Menu\" class=\"elementor-nav-menu--main elementor-nav-menu__container elementor-nav-menu--layout-vertical e--pointer-background e--animation-fade\">\n\t\t\t\t<ul id=\"menu-1-3f4723f1\" class=\"elementor-nav-menu sm-vertical\"><li class=\"menu-item menu-item-type-post_type menu-item-object-page menu-item-2153\"><a href=\"https:\/\/www.wiwanni.ch\/it\/huettensektor-unterbaerg\/\" class=\"elementor-item\">1 H\u00fct\u00adten\u00adsek\u00adtor Unterb\u00e4rg<\/a><\/li>\n<li class=\"menu-item menu-item-type-post_type menu-item-object-page menu-item-2189\"><a href=\"https:\/\/www.wiwanni.ch\/it\/unterer-klettergarten\/\" class=\"elementor-item\">2 Unte\u00adrer Klettergarten<\/a><\/li>\n<li class=\"menu-item menu-item-type-post_type menu-item-object-page menu-item-2217\"><a href=\"https:\/\/www.wiwanni.ch\/it\/oberer-klettergarten\/\" class=\"elementor-item\">3 Obe\u00adrer Klettergarten<\/a><\/li>\n<li class=\"menu-item menu-item-type-post_type menu-item-object-page menu-item-2242\"><a href=\"https:\/\/www.wiwanni.ch\/it\/klettergarten-wandfuss\/\" class=\"elementor-item\">4 Klet\u00adter\u00adgar\u00adten Wandfuss<\/a><\/li>\n<li class=\"menu-item menu-item-type-post_type menu-item-object-page menu-item-2266\"><a href=\"https:\/\/www.wiwanni.ch\/it\/schepfipfiler\/\" class=\"elementor-item\">5 Sche\u00adp\u00adfip\u00adfi\u00adler<\/a><\/li>\n<li class=\"menu-item menu-item-type-post_type menu-item-object-page menu-item-2295\"><a href=\"https:\/\/www.wiwanni.ch\/it\/klein-augstkummenhorn\/\" class=\"elementor-item\">6 Klein Augstkummenhorn<\/a><\/li>\n<li class=\"menu-item menu-item-type-post_type menu-item-object-page menu-item-2343\"><a href=\"https:\/\/www.wiwanni.ch\/it\/gross-augstkummenhorn\/\" class=\"elementor-item\">7 Gross Augstkummenhorn<\/a><\/li>\n<li class=\"menu-item menu-item-type-post_type menu-item-object-page menu-item-2685\"><a href=\"https:\/\/www.wiwanni.ch\/it\/wiwanni-suedwestwand\/\" class=\"elementor-item\">8 Wiwan\u00adni S\u00fcdwestwand<\/a><\/li>\n<li class=\"menu-item menu-item-type-post_type menu-item-object-page menu-item-2714\"><a href=\"https:\/\/www.wiwanni.ch\/it\/wiwanni-suedwand\/\" class=\"elementor-item\">9 Wiwan\u00adni S\u00fcdwand<\/a><\/li>\n<li class=\"menu-item menu-item-type-post_type menu-item-object-page menu-item-2741\"><a href=\"https:\/\/www.wiwanni.ch\/it\/wiwannihorn\/\" class=\"elementor-item\">10 Wiwan\u00adni\u00adhorn<\/a><\/li>\n<li class=\"menu-item menu-item-type-post_type menu-item-object-page menu-item-2482\"><a href=\"https:\/\/www.wiwanni.ch\/it\/ostgrat\/\" class=\"elementor-item\">11 Ost\u00adgrat<\/a><\/li>\n<li class=\"menu-item menu-item-type-post_type menu-item-object-page menu-item-2758\"><a href=\"https:\/\/www.wiwanni.ch\/it\/bru\/\" class=\"elementor-item\">12 Bru<\/a><\/li>\n<li class=\"menu-item menu-item-type-post_type menu-item-object-page menu-item-2388\"><a href=\"https:\/\/www.wiwanni.ch\/it\/chruetighorn\/\" class=\"elementor-item\">13 Chr\u00fc\u00adtig\u00adhorn<\/a><\/li>\n<li class=\"menu-item menu-item-type-post_type menu-item-object-page menu-item-2636\"><a href=\"https:\/\/www.wiwanni.ch\/it\/duebigrat\/\" class=\"elementor-item\">14 D\u00fcbi\u00adgrat<\/a><\/li>\n<li class=\"menu-item menu-item-type-post_type menu-item-object-page menu-item-2593\"><a href=\"https:\/\/www.wiwanni.ch\/it\/sattolwaeschi\/\" class=\"elementor-item\">15 Sat\u00adtol\u00adw\u00e4\u00adschi<\/a><\/li>\n<li class=\"menu-item menu-item-type-post_type menu-item-object-page menu-item-2355\"><a href=\"https:\/\/www.wiwanni.ch\/it\/zona-boulder-di-eggen-eggerberg\/\" class=\"elementor-item\">16 Zona bould\u00ader di&nbsp;Eggen<\/a><\/li>\n<li class=\"menu-item menu-item-type-post_type menu-item-object-page menu-item-2569\"><a href=\"https:\/\/www.wiwanni.ch\/it\/klettergarten-wolfblatte-ausserberg\/\" class=\"elementor-item\">17 Klet\u00adter\u00adgar\u00adten Wolf\u00adblat\u00adte Ausserberg<\/a><\/li>\n<li class=\"menu-item menu-item-type-post_type menu-item-object-page menu-item-2376\"><a href=\"https:\/\/www.wiwanni.ch\/it\/zona-di-arrampicata-chalchofo\/\" class=\"elementor-item\">18 Chal\u00adcho\u00adfo \u2013 P\u00e4r\u00fc\u00fclu<\/a><\/li>\n<li class=\"menu-item menu-item-type-post_type menu-item-object-page menu-item-2827\"><a href=\"https:\/\/www.wiwanni.ch\/it\/attraversando-il-crinale\/\" class=\"elementor-item\">attra\u00adver\u00adsan\u00addo il crinale<\/a><\/li>\n<li class=\"menu-item menu-item-type-post_type menu-item-object-page menu-item-3293\"><a href=\"https:\/\/www.wiwanni.ch\/it\/via-ferrata-baltschiedertal\/\" class=\"elementor-item\">Via fer\u00adra\u00adta Baltschiedertal<\/a><\/li>\n<\/ul>\t\t\t<\/nav>\n\t\t\t\t\t\t<nav class=\"elementor-nav-menu--dropdown elementor-nav-menu__container\" aria-hidden=\"true\">\n\t\t\t\t<ul id=\"menu-2-3f4723f1\" class=\"elementor-nav-menu sm-vertical\"><li class=\"menu-item menu-item-type-post_type menu-item-object-page menu-item-2153\"><a href=\"https:\/\/www.wiwanni.ch\/it\/huettensektor-unterbaerg\/\" class=\"elementor-item\" tabindex=\"-1\">1 H\u00fct\u00adten\u00adsek\u00adtor Unterb\u00e4rg<\/a><\/li>\n<li class=\"menu-item menu-item-type-post_type menu-item-object-page menu-item-2189\"><a href=\"https:\/\/www.wiwanni.ch\/it\/unterer-klettergarten\/\" class=\"elementor-item\" tabindex=\"-1\">2 Unte\u00adrer Klettergarten<\/a><\/li>\n<li class=\"menu-item menu-item-type-post_type menu-item-object-page menu-item-2217\"><a href=\"https:\/\/www.wiwanni.ch\/it\/oberer-klettergarten\/\" class=\"elementor-item\" tabindex=\"-1\">3 Obe\u00adrer Klettergarten<\/a><\/li>\n<li class=\"menu-item menu-item-type-post_type menu-item-object-page menu-item-2242\"><a href=\"https:\/\/www.wiwanni.ch\/it\/klettergarten-wandfuss\/\" class=\"elementor-item\" tabindex=\"-1\">4 Klet\u00adter\u00adgar\u00adten Wandfuss<\/a><\/li>\n<li class=\"menu-item menu-item-type-post_type menu-item-object-page menu-item-2266\"><a href=\"https:\/\/www.wiwanni.ch\/it\/schepfipfiler\/\" class=\"elementor-item\" tabindex=\"-1\">5 Sche\u00adp\u00adfip\u00adfi\u00adler<\/a><\/li>\n<li class=\"menu-item menu-item-type-post_type menu-item-object-page menu-item-2295\"><a href=\"https:\/\/www.wiwanni.ch\/it\/klein-augstkummenhorn\/\" class=\"elementor-item\" tabindex=\"-1\">6 Klein Augstkummenhorn<\/a><\/li>\n<li class=\"menu-item menu-item-type-post_type menu-item-object-page menu-item-2343\"><a href=\"https:\/\/www.wiwanni.ch\/it\/gross-augstkummenhorn\/\" class=\"elementor-item\" tabindex=\"-1\">7 Gross Augstkummenhorn<\/a><\/li>\n<li class=\"menu-item menu-item-type-post_type menu-item-object-page menu-item-2685\"><a href=\"https:\/\/www.wiwanni.ch\/it\/wiwanni-suedwestwand\/\" class=\"elementor-item\" tabindex=\"-1\">8 Wiwan\u00adni S\u00fcdwestwand<\/a><\/li>\n<li class=\"menu-item menu-item-type-post_type menu-item-object-page menu-item-2714\"><a href=\"https:\/\/www.wiwanni.ch\/it\/wiwanni-suedwand\/\" class=\"elementor-item\" tabindex=\"-1\">9 Wiwan\u00adni S\u00fcdwand<\/a><\/li>\n<li class=\"menu-item menu-item-type-post_type menu-item-object-page menu-item-2741\"><a href=\"https:\/\/www.wiwanni.ch\/it\/wiwannihorn\/\" class=\"elementor-item\" tabindex=\"-1\">10 Wiwan\u00adni\u00adhorn<\/a><\/li>\n<li class=\"menu-item menu-item-type-post_type menu-item-object-page menu-item-2482\"><a href=\"https:\/\/www.wiwanni.ch\/it\/ostgrat\/\" class=\"elementor-item\" tabindex=\"-1\">11 Ost\u00adgrat<\/a><\/li>\n<li class=\"menu-item menu-item-type-post_type menu-item-object-page menu-item-2758\"><a href=\"https:\/\/www.wiwanni.ch\/it\/bru\/\" class=\"elementor-item\" tabindex=\"-1\">12 Bru<\/a><\/li>\n<li class=\"menu-item menu-item-type-post_type menu-item-object-page menu-item-2388\"><a href=\"https:\/\/www.wiwanni.ch\/it\/chruetighorn\/\" class=\"elementor-item\" tabindex=\"-1\">13 Chr\u00fc\u00adtig\u00adhorn<\/a><\/li>\n<li class=\"menu-item menu-item-type-post_type menu-item-object-page menu-item-2636\"><a href=\"https:\/\/www.wiwanni.ch\/it\/duebigrat\/\" class=\"elementor-item\" tabindex=\"-1\">14 D\u00fcbi\u00adgrat<\/a><\/li>\n<li class=\"menu-item menu-item-type-post_type menu-item-object-page menu-item-2593\"><a href=\"https:\/\/www.wiwanni.ch\/it\/sattolwaeschi\/\" class=\"elementor-item\" tabindex=\"-1\">15 Sat\u00adtol\u00adw\u00e4\u00adschi<\/a><\/li>\n<li class=\"menu-item menu-item-type-post_type menu-item-object-page menu-item-2355\"><a href=\"https:\/\/www.wiwanni.ch\/it\/zona-boulder-di-eggen-eggerberg\/\" class=\"elementor-item\" tabindex=\"-1\">16 Zona bould\u00ader di&nbsp;Eggen<\/a><\/li>\n<li class=\"menu-item menu-item-type-post_type menu-item-object-page menu-item-2569\"><a href=\"https:\/\/www.wiwanni.ch\/it\/klettergarten-wolfblatte-ausserberg\/\" class=\"elementor-item\" tabindex=\"-1\">17 Klet\u00adter\u00adgar\u00adten Wolf\u00adblat\u00adte Ausserberg<\/a><\/li>\n<li class=\"menu-item menu-item-type-post_type menu-item-object-page menu-item-2376\"><a href=\"https:\/\/www.wiwanni.ch\/it\/zona-di-arrampicata-chalchofo\/\" class=\"elementor-item\" tabindex=\"-1\">18 Chal\u00adcho\u00adfo \u2013 P\u00e4r\u00fc\u00fclu<\/a><\/li>\n<li class=\"menu-item menu-item-type-post_type menu-item-object-page menu-item-2827\"><a href=\"https:\/\/www.wiwanni.ch\/it\/attraversando-il-crinale\/\" class=\"elementor-item\" tabindex=\"-1\">attra\u00adver\u00adsan\u00addo il crinale<\/a><\/li>\n<li class=\"menu-item menu-item-type-post_type menu-item-object-page menu-item-3293\"><a href=\"https:\/\/www.wiwanni.ch\/it\/via-ferrata-baltschiedertal\/\" class=\"elementor-item\" tabindex=\"-1\">Via fer\u00adra\u00adta Baltschiedertal<\/a><\/li>\n<\/ul>\t\t\t<\/nav>\n\t\t\t\t\t\t<\/div>\n\t\t\t\t<\/div>\n\t\t\t\t\t<\/div>\n\t\t<\/div>\n\t\t\t\t\t<\/div>\n\t\t<\/section>\n\t\t\t\t<\/div>\n\t\t","protected":false},"excerpt":{"rendered":"<p>Chr\u00fc\u00adtig\u00adhorn This post is also available in: Eng\u00adlish Fran\u00ad\u00e7ais Ita\u00adlia\u00adno Il vici\u00adno (nord) del Wiwan\u00adni\u00adhorn vie\u00adne scala\u00adto di rado nono\u00adstan\u00adte off\u00adra un inter\u00ades\u00adsan\u00adte tour alpi\u00adni\u00adsti\u00adco. Dal\u00adla cima del Wiwan\u00adni\u00adhorn si scen\u00adde con una faci\u00adle ma espos\u00adta arram\u00adpi\u00adca\u00adta fino al Wiwan\u00adni\u00adjoch. Pro\u00adse\u00adgui\u00adre ver\u00adso una tor\u00adret\u00adta di cres\u00adta che pu\u00f2 esse\u00adre rag\u00adgi\u00adra\u00adta ver\u00adso des\u00adtra. Segue una pia\u00adce\u00advo\u00adle plac\u00adca di 30m. su 4b, pro\u00adse\u00adguen\u00addo sul\u00adlo spi\u00adgo\u00adlo del\u00adla cres\u00adta con arram\u00adpi\u00adca\u00adta espos\u00adta di 3\u00b0-4\u00b0grado. Dall\u2019anticima la cima non \u00e8 cos\u00ec lon\u00adta\u00adna come sem\u00adbra, anche se espos\u00adta. Dif\u00adfi\u00adcol\u00adt\u00e0:&nbsp;4b Per\u00adcor\u00adrenza: dal Wiwan\u00adni\u00adhorn fino alla cima del Chr\u00fc\u00adtig\u00adhorns 2 ore, rien\u00adtro dal Wiwan\u00adni\u00adhorn cir\u00adca 1 ora e&nbsp;mezza.&nbsp;[\u2026]<\/p>\n","protected":false},"author":4,"featured_media":0,"parent":0,"menu_order":0,"comment_status":"closed","ping_status":"closed","template":"","meta":{"wp_typography_post_enhancements_disabled":false,"footnotes":""},"class_list":["post-1346","page","type-page","status-publish","hentry","wpbf-post"],"_links":{"self":[{"href":"https:\/\/www.wiwanni.ch\/it\/wp-json\/wp\/v2\/pages\/1346","targetHints":{"allow":["GET"]}}],"collection":[{"href":"https:\/\/www.wiwanni.ch\/it\/wp-json\/wp\/v2\/pages"}],"about":[{"href":"https:\/\/www.wiwanni.ch\/it\/wp-json\/wp\/v2\/types\/page"}],"author":[{"embeddable":true,"href":"https:\/\/www.wiwanni.ch\/it\/wp-json\/wp\/v2\/users\/4"}],"replies":[{"embeddable":true,"href":"https:\/\/www.wiwanni.ch\/it\/wp-json\/wp\/v2\/comments?post=1346"}],"version-history":[{"count":9,"href":"https:\/\/www.wiwanni.ch\/it\/wp-json\/wp\/v2\/pages\/1346\/revisions"}],"predecessor-version":[{"id":4869,"href":"https:\/\/www.wiwanni.ch\/it\/wp-json\/wp\/v2\/pages\/1346\/revisions\/4869"}],"wp:attachment":[{"href":"https:\/\/www.wiwanni.ch\/it\/wp-json\/wp\/v2\/media?parent=1346"}],"curies":[{"name":"wp","href":"https:\/\/api.w.org\/{rel}","templated":true}]}}