{"id":2821,"date":"2020-06-05T14:56:44","date_gmt":"2020-06-05T14:56:44","guid":{"rendered":"http:\/\/wl1www392.webland.ch\/wordpress\/wiwanni\/traversee-de-larete\/"},"modified":"2025-04-08T01:17:44","modified_gmt":"2025-04-07T23:17:44","slug":"traversee-de-larete","status":"publish","type":"page","link":"https:\/\/www.wiwanni.ch\/fr\/traversee-de-larete\/","title":{"rendered":"Tra\u00adver\u00ads\u00e9e de l\u2019ar\u00eate"},"content":{"rendered":"\t\t<div data-elementor-type=\"wp-page\" data-elementor-id=\"2821\" class=\"elementor elementor-2821 elementor-2793\" data-elementor-post-type=\"page\">\n\t\t\t\t\t\t<section class=\"elementor-section elementor-top-section elementor-element elementor-element-2e2557c8 elementor-section-boxed elementor-section-height-default elementor-section-height-default\" data-id=\"2e2557c8\" data-element_type=\"section\" data-settings=\"{&quot;background_background&quot;:&quot;classic&quot;}\">\n\t\t\t\t\t\t<div class=\"elementor-container elementor-column-gap-no\">\n\t\t\t\t\t<div class=\"elementor-column elementor-col-50 elementor-top-column elementor-element elementor-element-4a7e2ee6\" data-id=\"4a7e2ee6\" data-element_type=\"column\" data-settings=\"{&quot;background_background&quot;:&quot;classic&quot;}\">\n\t\t\t<div class=\"elementor-widget-wrap elementor-element-populated\">\n\t\t\t\t\t\t<div class=\"elementor-element elementor-element-3ac7716c elementor-widget elementor-widget-heading\" data-id=\"3ac7716c\" data-element_type=\"widget\" data-widget_type=\"heading.default\">\n\t\t\t\t<div class=\"elementor-widget-container\">\n\t\t\t\t\t<h4 class=\"elementor-heading-title elementor-size-default\">Tra\u00adver\u00ads\u00e9e de l\u2019ar\u00eate<\/h4>\t\t\t\t<\/div>\n\t\t\t\t<\/div>\n\t\t\t\t<div class=\"elementor-element elementor-element-140459c6 elementor-widget elementor-widget-image\" data-id=\"140459c6\" data-element_type=\"widget\" data-widget_type=\"image.default\">\n\t\t\t\t<div class=\"elementor-widget-container\">\n\t\t\t\t\t\t\t\t\t\t\t\t\t\t\t<img fetchpriority=\"high\" decoding=\"async\" width=\"1000\" height=\"750\" src=\"https:\/\/www.wiwanni.ch\/wp-content\/uploads\/2020\/06\/westgrat-wiwanni.jpg\" class=\"attachment-large size-large wp-image-2800\" alt=\"Sur la cr\u00eate ouest de Wiwanni\" srcset=\"https:\/\/www.wiwanni.ch\/wp-content\/uploads\/2020\/06\/westgrat-wiwanni.jpg 1000w, https:\/\/www.wiwanni.ch\/wp-content\/uploads\/2020\/06\/westgrat-wiwanni-300x225.jpg 300w, https:\/\/www.wiwanni.ch\/wp-content\/uploads\/2020\/06\/westgrat-wiwanni-800x600.jpg 800w, https:\/\/www.wiwanni.ch\/wp-content\/uploads\/2020\/06\/westgrat-wiwanni-768x576.jpg 768w\" sizes=\"(max-width: 1000px) 100vw, 1000px\">\t\t\t\t\t\t\t\t\t\t\t\t\t\t\t<\/div>\n\t\t\t\t<\/div>\n\t\t\t\t<div class=\"elementor-element elementor-element-824b706 elementor-widget elementor-widget-image\" data-id=\"824b706\" data-element_type=\"widget\" data-widget_type=\"image.default\">\n\t\t\t\t<div class=\"elementor-widget-container\">\n\t\t\t\t\t\t\t\t\t\t\t\t\t\t\t<img decoding=\"async\" width=\"1024\" height=\"490\" src=\"https:\/\/www.wiwanni.ch\/wp-content\/uploads\/2020\/06\/wiwanni-westgrat-mit-bietschorn-1024x490.jpg\" class=\"attachment-large size-large wp-image-2807\" alt=\"Sur la cr\u00eate ouest de Wiwanni, Bietschhorn\" srcset=\"https:\/\/www.wiwanni.ch\/wp-content\/uploads\/2020\/06\/wiwanni-westgrat-mit-bietschorn-1024x490.jpg 1024w, https:\/\/www.wiwanni.ch\/wp-content\/uploads\/2020\/06\/wiwanni-westgrat-mit-bietschorn-300x143.jpg 300w, https:\/\/www.wiwanni.ch\/wp-content\/uploads\/2020\/06\/wiwanni-westgrat-mit-bietschorn-800x383.jpg 800w, https:\/\/www.wiwanni.ch\/wp-content\/uploads\/2020\/06\/wiwanni-westgrat-mit-bietschorn-768x367.jpg 768w, https:\/\/www.wiwanni.ch\/wp-content\/uploads\/2020\/06\/wiwanni-westgrat-mit-bietschorn-1536x734.jpg 1536w, https:\/\/www.wiwanni.ch\/wp-content\/uploads\/2020\/06\/wiwanni-westgrat-mit-bietschorn.jpg 1920w\" sizes=\"(max-width: 1024px) 100vw, 1024px\">\t\t\t\t\t\t\t\t\t\t\t\t\t\t\t<\/div>\n\t\t\t\t<\/div>\n\t\t\t\t<div class=\"elementor-element elementor-element-9cac5bd elementor-widget elementor-widget-wpml-language-switcher\" data-id=\"9cac5bd\" data-element_type=\"widget\" data-widget_type=\"wpml-language-switcher.default\">\n\t\t\t\t<div class=\"elementor-widget-container\">\n\t\t\t\t\t<div class=\"wpml-elementor-ls\"><p class=\"wpml-ls-statics-post_translations wpml-ls\">This post is also available in: \n    <span class=\"wpml-ls-slot-post_translations wpml-ls-item wpml-ls-item-de wpml-ls-first-item wpml-ls-item-legacy-post-translations\"><a href=\"https:\/\/www.wiwanni.ch\/\" class=\"wpml-ls-link\"><span class=\"wpml-ls-native\" lang=\"de\">Deutsch<\/span><\/a><\/span>    <span class=\"wpml-ls-slot-post_translations wpml-ls-item wpml-ls-item-en wpml-ls-item-legacy-post-translations\"><a href=\"https:\/\/www.wiwanni.ch\/en\/\" class=\"wpml-ls-link\"><span class=\"wpml-ls-native\" lang=\"en\">Eng\u00adlish<\/span><\/a><\/span>    <span class=\"wpml-ls-slot-post_translations wpml-ls-item wpml-ls-item-it wpml-ls-last-item wpml-ls-item-legacy-post-translations\"><a href=\"https:\/\/www.wiwanni.ch\/it\/\" class=\"wpml-ls-link\"><span class=\"wpml-ls-native\" lang=\"it\">Ita\u00adlia\u00adno<\/span><\/a><\/span><\/p><\/div>\t\t\t\t<\/div>\n\t\t\t\t<\/div>\n\t\t\t\t<div class=\"elementor-element elementor-element-5c6066c elementor-widget elementor-widget-text-editor\" data-id=\"5c6066c\" data-element_type=\"widget\" data-widget_type=\"text-editor.default\">\n\t\t\t\t<div class=\"elementor-widget-container\">\n\t\t\t\t\t\t\t\t\t<p><strong>Wiwan\u00adni \u2013 Augst\u00adkum\u00admen\u00adhorn, tra\u00adver\u00ads\u00e9e de l\u2019ar\u00eate 3+<\/strong><\/p>\n<p>Cet\u00adte itin\u00ad\u00e9\u00adrai\u00adre clas\u00adsi\u00adque en milieu alpin et sau\u00adva\u00adge off\u00adre un cad\u00adre impres\u00adsi\u00adon\u00adnant et une vue \u00e0 cou\u00adper le souf\u00adfle. L\u2019ar\u00eate Augst\u00adkum\u00admen\u00adgrat est sou\u00advent par\u00adcou\u00adrue apr\u00e8s avoir grim\u00adper une voie de plu\u00ads\u00adieurs longueurs com\u00adme Gems\u00adstritt ou Stein\u00adad\u00adler\u00adrou\u00adte. Cet\u00adte sor\u00adtie est \u00e9ga\u00adle\u00adment pri\u00ads\u00e9e par les can\u00addi\u00addats au Biets\u00adch\u00adhorn ou au Cer\u00advin com\u00adme cour\u00adse d\u2019entra\u00eenement.<br>Pour par\u00adcour\u00adir ce gen\u00adre d\u2019itin\u00e9raire il faut, en plus du sens de l\u2019itin\u00e9raire et de l\u2019habitude dans les mani\u00adpu\u00adla\u00adti\u00adons de cor\u00adde, de l\u2019exp\u00e9rience dans les ter\u00adrains alpins. Ou sim\u00adple\u00adment un peu de bon sens. Com\u00adme il exis\u00adte beau\u00adcoup de pro\u00adtec\u00adtion natu\u00adrel\u00adle, bec\u00adquets, etc. vous ne trou\u00adverez pas beau\u00adcoup de spits ou piton pour l\u2019assurage.<br>Dif\u00adfi\u00adcul\u00adt\u00e9 : 3+ bien que quel\u00adques tours parais\u00adsent, au pre\u00admier abord, plus dures.<br>Dans la des\u00adcen\u00adte du Wiwan\u00adni\u00adhorn par l\u2019ar\u00eate Ouest, les deux pre\u00admiers res\u00adsauts se con\u00adtour\u00adnent par la droi\u00adte, cot\u00e9 Biets\u00adch\u00adtal. Le res\u00adte des res\u00adsauts jusqu\u2019\u00e0 l\u2019Augstkummenhorn sont pour la gran\u00adde majo\u00adri\u00adt\u00e9 escala\u00add\u00e9 direc\u00adte\u00adment.<br>Temps : Du Wiwan\u00adni\u00adhorn 3001 m jusqu\u2019\u00e0 l\u2019Augstkummenhorn 2889 m, comp\u00adter envi\u00adron 2h.<br>Con\u00adtin\u00aduer ensuite par l\u2019ar\u00eate direc\u00adtion Ouest jusqu\u2019\u00e0 att\u00adeind\u00adre le Klein Augst\u00adkum\u00admen\u00adhorn. L\u2019escalade est bel\u00adle et impres\u00adsi\u00adon\u00adnan\u00adte, bien que faci\u00adle.<br>Au-des\u00adsus (cot\u00e9 nord) de la sel\u00adle ent\u00adre le Gross et le Klein Augst\u00adkum\u00admen\u00adhorn il est pos\u00adsi\u00adble de des\u00adcend\u00adre en rap\u00adpel par la voie M\u00e4n\u00adner\u00adtreu ? (5 x 25 m).<br>La remon\u00adt\u00e9e au Klein Augst\u00adkum\u00admen\u00adhorn off\u00adre une ligne direc\u00adte de 4 longueur dans le 4 \u00e8me degr\u00e9. Il est pos\u00adsi\u00adble de con\u00adtour\u00adner cet\u00adte dif\u00adfi\u00adcul\u00adt\u00e9 par la gau\u00adche. Pour la des\u00adcen\u00adte du Klein Augst\u00adkum\u00admen\u00adhorn on suit l\u2019ar\u00eate expo\u00ads\u00e9e en direc\u00adtion de l\u2019Ouest. Bien qu\u2019il y aie plu\u00ads\u00adieurs pos\u00adsi\u00adbi\u00adli\u00adt\u00e9s de con\u00adtour\u00adner les dif\u00adfi\u00adcul\u00adt\u00e9s par la gau\u00adche, il est pr\u00e9\u00adf\u00e9\u00adra\u00adble de sui\u00adv\u00adre le fil de l\u2019ar\u00eate jusqu\u2019au point o\u00f9 l\u2019ar\u00eate se s\u00e9pa\u00adre en deux, en direc\u00adtion de l\u2019Est et du Sud. Sur l\u2019ar\u00eate Sud se trouve des sen\u00adtes peu mar\u00adqu\u00e9es, pour\u00adsuiv\u00adre par cel\u00adles-ci. Elles m\u00e8nent jus\u00adque vers un petit col \u00e0 cot\u00e9 du Sche\u00adp\u00adfip\u00adfii\u00adler. De l\u00e0, pour\u00adsuiv\u00adre par des sen\u00adtes peu mar\u00adqu\u00e9es et des pier\u00adri\u00aders jusqu\u2019\u00e0 la caba\u00adne.<br>Il est \u00e9ga\u00adle\u00adment pos\u00adsi\u00adble de par\u00adcour\u00adir l\u2019ar\u00eate dans l\u2019autre sens, soit de l\u2019Ouest \u00e0 l\u2019Est. Dans ce cas, il est pos\u00adsi\u00adble de fai\u00adre un rap\u00adpel de 25 m depuis le som\u00admet du Klein Augst\u00adkum\u00admen\u00adhorn (relais sur cha\u00eene).<\/p>\n\t\t\t\t\t\t\t\t<\/div>\n\t\t\t\t<\/div>\n\t\t\t\t<div class=\"elementor-element elementor-element-32841cf elementor-widget-divider--view-line elementor-widget elementor-widget-divider\" data-id=\"32841cf\" data-element_type=\"widget\" data-widget_type=\"divider.default\">\n\t\t\t\t<div class=\"elementor-widget-container\">\n\t\t\t\t\t\t\t<div class=\"elementor-divider\">\n\t\t\t<span class=\"elementor-divider-separator\">\n\t\t\t\t\t\t<\/span>\n\t\t<\/div>\n\t\t\t\t\t\t<\/div>\n\t\t\t\t<\/div>\n\t\t\t\t<div class=\"elementor-element elementor-element-aa52c63 elementor-widget elementor-widget-text-editor\" data-id=\"aa52c63\" data-element_type=\"widget\" data-widget_type=\"text-editor.default\">\n\t\t\t\t<div class=\"elementor-widget-container\">\n\t\t\t\t\t\t\t\t\t<p><strong>Tra\u00adver\u00ads\u00e9e du Wiwan\u00adni\u00adhorn jusqu\u2019au Biets\u00adch\u00adhorn, par le Tieregghorn<\/strong><\/p>\n<p>La tra\u00adver\u00ads\u00e9e du Wiwan\u00adni\u00adhorn jusqu\u2019au Biets\u00adch\u00adhorn, via le Chr\u00fc\u00adtig\u00adhorn, le D\u00fcbi\u00adhorn, l\u2019Alpilhorn, le Tier\u00adegg\u00adhorn puis par l\u2019ar\u00eate SE du Biets\u00adch\u00adhorn, n\u2019est que tr\u00e8s rare\u00adment par\u00adcou\u00adrue. Cet\u00adte tr\u00e8s longue cour\u00adse, sau\u00adva\u00adge et dif\u00adfi\u00adci\u00adle, est r\u00e9ser\u00adv\u00e9e aux tr\u00e8s bons grim\u00adpeurs ayant \u00e9ga\u00adle\u00adment de tr\u00e8s bon\u00adne con\u00adnais\u00adsance en alpi\u00adnis\u00adme et une for\u00adme phy\u00adsi\u00adque irr\u00e9prochable. Ce gen\u00adre de ter\u00adrain est tr\u00e8s exi\u00adgeant pour les grim\u00adpeurs, des assu\u00adra\u00adges sur san\u00adgles, fri\u00adends, etc. sont n\u00e9ces\u00adsaires. Pour les gui\u00addes de salle d\u2019escalade, cet\u00adte voie est d\u00e9con\u00adseil\u00adl\u00e9e. La plu\u00adpart des som\u00admets par\u00adcou\u00adrus voi\u00adent en moy\u00adenne un \u00eatre humain tous les 10 ans. Pour la tra\u00adver\u00ads\u00e9e int\u00e9\u00adgra\u00adle, il faut pr\u00e9\u00advoir un bivouaque.<br>Du som\u00admet du Wiwan\u00adni\u00adhorn par\u00adcour\u00adir en direc\u00adtion du Nord l\u2019ar\u00eate de blocs jusqu\u2019au Wiwan\u00adni\u00adjoch. De l\u00e0, on \u00e9vi\u00adte une tour par l\u2019Est dans des blocs un peu insta\u00adble. Apr\u00e8s le Wiwan\u00adni\u00adjoch, rejoind\u00adre en tra\u00advers\u00adant les pen\u00adtes de la face Ouest du Chr\u00fc\u00adtig\u00adhorn et mon\u00adter jusqu\u2019au som\u00admet (3020 m). Ensuite pour\u00adsuiv\u00adre sur l\u2019ar\u00eate expo\u00ads\u00e9e jusqu\u2019au Alp\u00adji\u00adahorn via le D\u00fcbi\u00adgrat et le D\u00fcbi\u00adhorn. Ici le rocher chan\u00adge pour du gra\u00adni\u00adte rouge de l\u2019Aar et la tra\u00adver\u00ads\u00e9e du Tier\u00adegg\u00adhorn off\u00adre une tr\u00e8s bel\u00adle escala\u00adde expo\u00ads\u00e9e.<br>Les prin\u00adci\u00adpa\u00adles dif\u00adfi\u00adcul\u00adt\u00e9s sur la mon\u00adt\u00e9e au Tier\u00adegg\u00adhorn peu\u00advent \u00eatre \u00e9vi\u00adt\u00e9es par le cot\u00e9 Balt\u00adschie\u00adder\u00adtal. Dans la des\u00adcen\u00adte du Tier\u00adegg\u00adhorn, un rap\u00adpel n\u2019est pas for\u00adc\u00e9\u00adment n\u00e9ces\u00adsaire, la d\u00e9s\u00adcala\u00adde est faci\u00adle. Du Tier\u00adegg\u00adpass jusqu\u2019\u00e0 l\u2019\u00e9paule SE, il s\u2019agit essen\u00adti\u00adel\u00adle\u00adment d\u2019escalade faci\u00adle dans des blocs de rocher.<br>Peu de pos\u00adsi\u00adbi\u00adli\u00adt\u00e9s d\u2019assurage, \u00e9ga\u00adle\u00adment \u00e0 la deu\u00adxi\u00e8\u00adme tour. Ensuite, par\u00adcour\u00adir l\u2019ar\u00eate tr\u00e8s expo\u00ads\u00e9e jusqu\u2019au rap\u00adpel de 20 m. La tour sui\u00advan\u00adte, qui res\u00adsem\u00adble \u00e0 un cham\u00adpi\u00adgnon, est con\u00adtour\u00adn\u00e9e tout en haut par la droi\u00adte.<br>Les som\u00admets qui con\u00adsti\u00adtu\u00adent cet\u00adte tra\u00adver\u00ads\u00e9e peu\u00advent aus\u00adsi se gra\u00advir indi\u00advi\u00addu\u00adel\u00adle\u00adment depuis le Biets\u00adch\u00adtal ou le Balt\u00adschie\u00adder\u00adtal, en par\u00adti\u00adcu\u00adlier le Tier\u00adegg\u00adhorn. Il off\u00adre une ascen\u00adsi\u00adon tr\u00e8s int\u00e9\u00adres\u00adsan\u00adte via l\u2019ar\u00eate SE et des\u00adcen\u00adte par le Tie\u00adreg\u00adpass dans le Biets\u00adch\u00adtal.<br>Pour un descrip\u00adtif com\u00adplet, nous vous recom\u00adman\u00addons de con\u00adsul\u00adter le topo du Club Alpin Suis\u00adse : Ber\u00adner Alpen&nbsp;3<\/p>\n\t\t\t\t\t\t\t\t<\/div>\n\t\t\t\t<\/div>\n\t\t\t\t<div class=\"elementor-element elementor-element-63917df elementor-widget elementor-widget-text-editor\" data-id=\"63917df\" data-element_type=\"widget\" data-widget_type=\"text-editor.default\">\n\t\t\t\t<div class=\"elementor-widget-container\">\n\t\t\t\t\t\t\t\t\t<div><em>Topo du gui\u00adde d\u2019escalade Wiwan\u00adni&nbsp;2020<\/em><\/div>\n\t\t\t\t\t\t\t\t<\/div>\n\t\t\t\t<\/div>\n\t\t\t\t<div class=\"elementor-element elementor-element-7c80c83 elementor-widget elementor-widget-image\" data-id=\"7c80c83\" data-element_type=\"widget\" data-widget_type=\"image.default\">\n\t\t\t\t<div class=\"elementor-widget-container\">\n\t\t\t\t\t\t\t\t\t\t\t\t\t\t\t<img decoding=\"async\" width=\"1000\" height=\"750\" src=\"https:\/\/www.wiwanni.ch\/wp-content\/uploads\/2020\/06\/bietschorn-wiwanni-ueberschreitung.jpg\" class=\"attachment-large size-large wp-image-2812\" alt=\"Bietschorn Wiwanni \u00dcberschreitung\" srcset=\"https:\/\/www.wiwanni.ch\/wp-content\/uploads\/2020\/06\/bietschorn-wiwanni-ueberschreitung.jpg 1000w, https:\/\/www.wiwanni.ch\/wp-content\/uploads\/2020\/06\/bietschorn-wiwanni-ueberschreitung-300x225.jpg 300w, https:\/\/www.wiwanni.ch\/wp-content\/uploads\/2020\/06\/bietschorn-wiwanni-ueberschreitung-800x600.jpg 800w, https:\/\/www.wiwanni.ch\/wp-content\/uploads\/2020\/06\/bietschorn-wiwanni-ueberschreitung-768x576.jpg 768w\" sizes=\"(max-width: 1000px) 100vw, 1000px\">\t\t\t\t\t\t\t\t\t\t\t\t\t\t\t<\/div>\n\t\t\t\t<\/div>\n\t\t\t\t\t<\/div>\n\t\t<\/div>\n\t\t\t\t<div class=\"elementor-column elementor-col-50 elementor-top-column elementor-element elementor-element-6ce90f41\" data-id=\"6ce90f41\" data-element_type=\"column\" data-settings=\"{&quot;background_background&quot;:&quot;classic&quot;}\">\n\t\t\t<div class=\"elementor-widget-wrap elementor-element-populated\">\n\t\t\t\t\t\t<div class=\"elementor-element elementor-element-9f6a7b1 elementor-align-left elementor-widget elementor-widget-button\" data-id=\"9f6a7b1\" data-element_type=\"widget\" data-widget_type=\"button.default\">\n\t\t\t\t<div class=\"elementor-widget-container\">\n\t\t\t\t\t\t\t\t\t<div class=\"elementor-button-wrapper\">\n\t\t\t\t\t<a class=\"elementor-button elementor-button-link elementor-size-sm\" href=\"https:\/\/www.wiwanni.ch\/fr\/zones-d-escalade\/\">\n\t\t\t\t\t\t<span class=\"elementor-button-content-wrapper\">\n\t\t\t\t\t\t<span class=\"elementor-button-icon\">\n\t\t\t\t<i aria-hidden=\"true\" class=\"fas fa-arrow-left\"><\/i>\t\t\t<\/span>\n\t\t\t\t\t\t\t\t\t<span class=\"elementor-button-text\">vue d\u2019en\u00adsem\u00adble<\/span>\n\t\t\t\t\t<\/span>\n\t\t\t\t\t<\/a>\n\t\t\t\t<\/div>\n\t\t\t\t\t\t\t\t<\/div>\n\t\t\t\t<\/div>\n\t\t\t\t<div class=\"elementor-element elementor-element-76650613 elementor-widget elementor-widget-heading\" data-id=\"76650613\" data-element_type=\"widget\" data-widget_type=\"heading.default\">\n\t\t\t\t<div class=\"elementor-widget-container\">\n\t\t\t\t\t<h4 class=\"elementor-heading-title elementor-size-default\">Sec\u00adteurs<\/h4>\t\t\t\t<\/div>\n\t\t\t\t<\/div>\n\t\t\t\t<div class=\"elementor-element elementor-element-4a3c93f3 elementor-nav-menu__align-start elementor-nav-menu--dropdown-none elementor-widget elementor-widget-nav-menu\" data-id=\"4a3c93f3\" data-element_type=\"widget\" data-settings=\"{&quot;layout&quot;:&quot;vertical&quot;,&quot;submenu_icon&quot;:{&quot;value&quot;:&quot;<i class=\\&quot;\\&quot;><\\\/i>&quot;,&quot;library&quot;:&quot;&quot;}}\" data-widget_type=\"nav-menu.default\">\n\t\t\t\t<div class=\"elementor-widget-container\">\n\t\t\t\t\t\t\t\t<nav aria-label=\"Menu\" class=\"elementor-nav-menu--main elementor-nav-menu__container elementor-nav-menu--layout-vertical e--pointer-background e--animation-fade\">\n\t\t\t\t<ul id=\"menu-1-4a3c93f3\" class=\"elementor-nav-menu sm-vertical\"><li class=\"menu-item menu-item-type-post_type menu-item-object-page menu-item-2152\"><a href=\"https:\/\/www.wiwanni.ch\/fr\/huettensektor-unterbaerg\/\" class=\"elementor-item\">1 H\u00fct\u00adten\u00adsek\u00adtor Unterb\u00e4rg<\/a><\/li>\n<li class=\"menu-item menu-item-type-post_type menu-item-object-page menu-item-2188\"><a href=\"https:\/\/www.wiwanni.ch\/fr\/unterer-klettergarten\/\" class=\"elementor-item\">2 Unte\u00adrer Klettergarten<\/a><\/li>\n<li class=\"menu-item menu-item-type-post_type menu-item-object-page menu-item-2220\"><a href=\"https:\/\/www.wiwanni.ch\/fr\/oberer-klettergarten\/\" class=\"elementor-item\">3 Obe\u00adrer Klettergarten<\/a><\/li>\n<li class=\"menu-item menu-item-type-post_type menu-item-object-page menu-item-2241\"><a href=\"https:\/\/www.wiwanni.ch\/fr\/klettergarten-wandfuss\/\" class=\"elementor-item\">4 Klet\u00adter\u00adgar\u00adten Wandfuss<\/a><\/li>\n<li class=\"menu-item menu-item-type-post_type menu-item-object-page menu-item-2267\"><a href=\"https:\/\/www.wiwanni.ch\/fr\/schepfipfiler\/\" class=\"elementor-item\">5 Sche\u00adp\u00adfip\u00adfi\u00adler<\/a><\/li>\n<li class=\"menu-item menu-item-type-post_type menu-item-object-page menu-item-2291\"><a href=\"https:\/\/www.wiwanni.ch\/fr\/klein-augstkummenhorn\/\" class=\"elementor-item\">6 Klein Augstkummenhorn<\/a><\/li>\n<li class=\"menu-item menu-item-type-post_type menu-item-object-page menu-item-2334\"><a href=\"https:\/\/www.wiwanni.ch\/fr\/gross-augstkummenhorn\/\" class=\"elementor-item\">7 Gross Augstkummenhorn<\/a><\/li>\n<li class=\"menu-item menu-item-type-post_type menu-item-object-page menu-item-2684\"><a href=\"https:\/\/www.wiwanni.ch\/fr\/wiwanni-suedwestwand\/\" class=\"elementor-item\">8 Wiwan\u00adni S\u00fcdwestwand<\/a><\/li>\n<li class=\"menu-item menu-item-type-post_type menu-item-object-page menu-item-2713\"><a href=\"https:\/\/www.wiwanni.ch\/fr\/wiwanni-suedwand\/\" class=\"elementor-item\">9 Wiwan\u00adni S\u00fcdwand<\/a><\/li>\n<li class=\"menu-item menu-item-type-post_type menu-item-object-page menu-item-2740\"><a href=\"https:\/\/www.wiwanni.ch\/fr\/wiwannihorn\/\" class=\"elementor-item\">10 Wiwan\u00adni\u00adhorn<\/a><\/li>\n<li class=\"menu-item menu-item-type-post_type menu-item-object-page menu-item-2481\"><a href=\"https:\/\/www.wiwanni.ch\/fr\/ostgrat\/\" class=\"elementor-item\">11 Ost\u00adgrat<\/a><\/li>\n<li class=\"menu-item menu-item-type-post_type menu-item-object-page menu-item-2757\"><a href=\"https:\/\/www.wiwanni.ch\/fr\/bru\/\" class=\"elementor-item\">12 Bru<\/a><\/li>\n<li class=\"menu-item menu-item-type-post_type menu-item-object-page menu-item-2387\"><a href=\"https:\/\/www.wiwanni.ch\/fr\/chruetighorn\/\" class=\"elementor-item\">13 Chr\u00fc\u00adtig\u00adhorn<\/a><\/li>\n<li class=\"menu-item menu-item-type-post_type menu-item-object-page menu-item-2635\"><a href=\"https:\/\/www.wiwanni.ch\/fr\/duebigrat\/\" class=\"elementor-item\">14 D\u00fcbi\u00adgrat<\/a><\/li>\n<li class=\"menu-item menu-item-type-post_type menu-item-object-page menu-item-2592\"><a href=\"https:\/\/www.wiwanni.ch\/fr\/sattolwaeschi\/\" class=\"elementor-item\">15 Sat\u00adtol\u00adw\u00e4\u00adschi<\/a><\/li>\n<li class=\"menu-item menu-item-type-post_type menu-item-object-page menu-item-2354\"><a href=\"https:\/\/www.wiwanni.ch\/fr\/secteur-de-bloc-eggen\/\" class=\"elementor-item\">16 Sec\u00adteur de bloc&nbsp;Eggen<\/a><\/li>\n<li class=\"menu-item menu-item-type-post_type menu-item-object-page menu-item-2568\"><a href=\"https:\/\/www.wiwanni.ch\/fr\/klettergarten-wolfblatte-ausserberg\/\" class=\"elementor-item\">17 Klet\u00adter\u00adgar\u00adten Wolf\u00adblat\u00adte Ausserberg<\/a><\/li>\n<li class=\"menu-item menu-item-type-post_type menu-item-object-page menu-item-2375\"><a href=\"https:\/\/www.wiwanni.ch\/fr\/jardin-descalade-chalchofo\/\" class=\"elementor-item\">18 Chal\u00adcho\u00adfo \u2013 P\u00e4r\u00fc\u00fclu<\/a><\/li>\n<li class=\"menu-item menu-item-type-post_type menu-item-object-page menu-item-2826\"><a href=\"https:\/\/www.wiwanni.ch\/fr\/traversee-de-larete\/\" class=\"elementor-item\">Tra\u00adver\u00ads\u00e9e de l\u2019ar\u00eate<\/a><\/li>\n<li class=\"menu-item menu-item-type-post_type menu-item-object-page menu-item-3290\"><a href=\"https:\/\/www.wiwanni.ch\/fr\/via-ferrata-du-baltschiedertal\/\" class=\"elementor-item\">Via fer\u00adra\u00adta du Baltschiedertal<\/a><\/li>\n<\/ul>\t\t\t<\/nav>\n\t\t\t\t\t\t<nav class=\"elementor-nav-menu--dropdown elementor-nav-menu__container\" aria-hidden=\"true\">\n\t\t\t\t<ul id=\"menu-2-4a3c93f3\" class=\"elementor-nav-menu sm-vertical\"><li class=\"menu-item menu-item-type-post_type menu-item-object-page menu-item-2152\"><a href=\"https:\/\/www.wiwanni.ch\/fr\/huettensektor-unterbaerg\/\" class=\"elementor-item\" tabindex=\"-1\">1 H\u00fct\u00adten\u00adsek\u00adtor Unterb\u00e4rg<\/a><\/li>\n<li class=\"menu-item menu-item-type-post_type menu-item-object-page menu-item-2188\"><a href=\"https:\/\/www.wiwanni.ch\/fr\/unterer-klettergarten\/\" class=\"elementor-item\" tabindex=\"-1\">2 Unte\u00adrer Klettergarten<\/a><\/li>\n<li class=\"menu-item menu-item-type-post_type menu-item-object-page menu-item-2220\"><a href=\"https:\/\/www.wiwanni.ch\/fr\/oberer-klettergarten\/\" class=\"elementor-item\" tabindex=\"-1\">3 Obe\u00adrer Klettergarten<\/a><\/li>\n<li class=\"menu-item menu-item-type-post_type menu-item-object-page menu-item-2241\"><a href=\"https:\/\/www.wiwanni.ch\/fr\/klettergarten-wandfuss\/\" class=\"elementor-item\" tabindex=\"-1\">4 Klet\u00adter\u00adgar\u00adten Wandfuss<\/a><\/li>\n<li class=\"menu-item menu-item-type-post_type menu-item-object-page menu-item-2267\"><a href=\"https:\/\/www.wiwanni.ch\/fr\/schepfipfiler\/\" class=\"elementor-item\" tabindex=\"-1\">5 Sche\u00adp\u00adfip\u00adfi\u00adler<\/a><\/li>\n<li class=\"menu-item menu-item-type-post_type menu-item-object-page menu-item-2291\"><a href=\"https:\/\/www.wiwanni.ch\/fr\/klein-augstkummenhorn\/\" class=\"elementor-item\" tabindex=\"-1\">6 Klein Augstkummenhorn<\/a><\/li>\n<li class=\"menu-item menu-item-type-post_type menu-item-object-page menu-item-2334\"><a href=\"https:\/\/www.wiwanni.ch\/fr\/gross-augstkummenhorn\/\" class=\"elementor-item\" tabindex=\"-1\">7 Gross Augstkummenhorn<\/a><\/li>\n<li class=\"menu-item menu-item-type-post_type menu-item-object-page menu-item-2684\"><a href=\"https:\/\/www.wiwanni.ch\/fr\/wiwanni-suedwestwand\/\" class=\"elementor-item\" tabindex=\"-1\">8 Wiwan\u00adni S\u00fcdwestwand<\/a><\/li>\n<li class=\"menu-item menu-item-type-post_type menu-item-object-page menu-item-2713\"><a href=\"https:\/\/www.wiwanni.ch\/fr\/wiwanni-suedwand\/\" class=\"elementor-item\" tabindex=\"-1\">9 Wiwan\u00adni S\u00fcdwand<\/a><\/li>\n<li class=\"menu-item menu-item-type-post_type menu-item-object-page menu-item-2740\"><a href=\"https:\/\/www.wiwanni.ch\/fr\/wiwannihorn\/\" class=\"elementor-item\" tabindex=\"-1\">10 Wiwan\u00adni\u00adhorn<\/a><\/li>\n<li class=\"menu-item menu-item-type-post_type menu-item-object-page menu-item-2481\"><a href=\"https:\/\/www.wiwanni.ch\/fr\/ostgrat\/\" class=\"elementor-item\" tabindex=\"-1\">11 Ost\u00adgrat<\/a><\/li>\n<li class=\"menu-item menu-item-type-post_type menu-item-object-page menu-item-2757\"><a href=\"https:\/\/www.wiwanni.ch\/fr\/bru\/\" class=\"elementor-item\" tabindex=\"-1\">12 Bru<\/a><\/li>\n<li class=\"menu-item menu-item-type-post_type menu-item-object-page menu-item-2387\"><a href=\"https:\/\/www.wiwanni.ch\/fr\/chruetighorn\/\" class=\"elementor-item\" tabindex=\"-1\">13 Chr\u00fc\u00adtig\u00adhorn<\/a><\/li>\n<li class=\"menu-item menu-item-type-post_type menu-item-object-page menu-item-2635\"><a href=\"https:\/\/www.wiwanni.ch\/fr\/duebigrat\/\" class=\"elementor-item\" tabindex=\"-1\">14 D\u00fcbi\u00adgrat<\/a><\/li>\n<li class=\"menu-item menu-item-type-post_type menu-item-object-page menu-item-2592\"><a href=\"https:\/\/www.wiwanni.ch\/fr\/sattolwaeschi\/\" class=\"elementor-item\" tabindex=\"-1\">15 Sat\u00adtol\u00adw\u00e4\u00adschi<\/a><\/li>\n<li class=\"menu-item menu-item-type-post_type menu-item-object-page menu-item-2354\"><a href=\"https:\/\/www.wiwanni.ch\/fr\/secteur-de-bloc-eggen\/\" class=\"elementor-item\" tabindex=\"-1\">16 Sec\u00adteur de bloc&nbsp;Eggen<\/a><\/li>\n<li class=\"menu-item menu-item-type-post_type menu-item-object-page menu-item-2568\"><a href=\"https:\/\/www.wiwanni.ch\/fr\/klettergarten-wolfblatte-ausserberg\/\" class=\"elementor-item\" tabindex=\"-1\">17 Klet\u00adter\u00adgar\u00adten Wolf\u00adblat\u00adte Ausserberg<\/a><\/li>\n<li class=\"menu-item menu-item-type-post_type menu-item-object-page menu-item-2375\"><a href=\"https:\/\/www.wiwanni.ch\/fr\/jardin-descalade-chalchofo\/\" class=\"elementor-item\" tabindex=\"-1\">18 Chal\u00adcho\u00adfo \u2013 P\u00e4r\u00fc\u00fclu<\/a><\/li>\n<li class=\"menu-item menu-item-type-post_type menu-item-object-page menu-item-2826\"><a href=\"https:\/\/www.wiwanni.ch\/fr\/traversee-de-larete\/\" class=\"elementor-item\" tabindex=\"-1\">Tra\u00adver\u00ads\u00e9e de l\u2019ar\u00eate<\/a><\/li>\n<li class=\"menu-item menu-item-type-post_type menu-item-object-page menu-item-3290\"><a href=\"https:\/\/www.wiwanni.ch\/fr\/via-ferrata-du-baltschiedertal\/\" class=\"elementor-item\" tabindex=\"-1\">Via fer\u00adra\u00adta du Baltschiedertal<\/a><\/li>\n<\/ul>\t\t\t<\/nav>\n\t\t\t\t\t\t<\/div>\n\t\t\t\t<\/div>\n\t\t\t\t\t<\/div>\n\t\t<\/div>\n\t\t\t\t\t<\/div>\n\t\t<\/section>\n\t\t\t\t<\/div>\n\t\t","protected":false},"excerpt":{"rendered":"<p>Tra\u00adver\u00ads\u00e9e de l\u2019ar\u00eate This post is also available in: Eng\u00adlish Fran\u00ad\u00e7ais Ita\u00adlia\u00adno Wiwan\u00adni \u2013 Augst\u00adkum\u00admen\u00adhorn, tra\u00adver\u00ads\u00e9e de l\u2019ar\u00eate 3+ Cet\u00adte itin\u00ad\u00e9\u00adrai\u00adre clas\u00adsi\u00adque en milieu alpin et sau\u00adva\u00adge off\u00adre un cad\u00adre impres\u00adsi\u00adon\u00adnant et une vue \u00e0 cou\u00adper le souf\u00adfle. L\u2019ar\u00eate Augst\u00adkum\u00admen\u00adgrat est sou\u00advent par\u00adcou\u00adrue apr\u00e8s avoir grim\u00adper une voie de plu\u00ads\u00adieurs longueurs com\u00adme Gems\u00adstritt ou Stein\u00adad\u00adler\u00adrou\u00adte. Cet\u00adte sor\u00adtie est \u00e9ga\u00adle\u00adment pri\u00ads\u00e9e par les can\u00addi\u00addats au Biets\u00adch\u00adhorn ou au Cer\u00advin com\u00adme cour\u00adse d\u2019entra\u00eenement.Pour par\u00adcour\u00adir ce gen\u00adre d\u2019itin\u00e9raire il faut, en plus du sens de l\u2019itin\u00e9raire et de l\u2019habitude dans les mani\u00adpu\u00adla\u00adti\u00adons de cor\u00adde, de l\u2019exp\u00e9rience dans les ter\u00adrains alpins. Ou sim\u00adple\u00adment&nbsp;un&nbsp;[\u2026]<\/p>\n","protected":false},"author":4,"featured_media":0,"parent":0,"menu_order":0,"comment_status":"closed","ping_status":"closed","template":"","meta":{"wp_typography_post_enhancements_disabled":false,"footnotes":""},"class_list":["post-2821","page","type-page","status-publish","hentry","wpbf-post"],"_links":{"self":[{"href":"https:\/\/www.wiwanni.ch\/fr\/wp-json\/wp\/v2\/pages\/2821","targetHints":{"allow":["GET"]}}],"collection":[{"href":"https:\/\/www.wiwanni.ch\/fr\/wp-json\/wp\/v2\/pages"}],"about":[{"href":"https:\/\/www.wiwanni.ch\/fr\/wp-json\/wp\/v2\/types\/page"}],"author":[{"embeddable":true,"href":"https:\/\/www.wiwanni.ch\/fr\/wp-json\/wp\/v2\/users\/4"}],"replies":[{"embeddable":true,"href":"https:\/\/www.wiwanni.ch\/fr\/wp-json\/wp\/v2\/comments?post=2821"}],"version-history":[{"count":6,"href":"https:\/\/www.wiwanni.ch\/fr\/wp-json\/wp\/v2\/pages\/2821\/revisions"}],"predecessor-version":[{"id":5049,"href":"https:\/\/www.wiwanni.ch\/fr\/wp-json\/wp\/v2\/pages\/2821\/revisions\/5049"}],"wp:attachment":[{"href":"https:\/\/www.wiwanni.ch\/fr\/wp-json\/wp\/v2\/media?parent=2821"}],"curies":[{"name":"wp","href":"https:\/\/api.w.org\/{rel}","templated":true}]}}