{"id":2735,"date":"2020-06-05T00:53:34","date_gmt":"2020-06-05T00:53:34","guid":{"rendered":"http:\/\/wl1www392.webland.ch\/wordpress\/wiwanni\/wiwannihorn\/"},"modified":"2024-03-16T04:04:05","modified_gmt":"2024-03-16T02:04:05","slug":"wiwannihorn","status":"publish","type":"page","link":"https:\/\/www.wiwanni.ch\/fr\/wiwannihorn\/","title":{"rendered":"Wiwan\u00adni\u00adhorn"},"content":{"rendered":"\t\t<div data-elementor-type=\"wp-page\" data-elementor-id=\"2735\" class=\"elementor elementor-2735 elementor-563\" data-elementor-post-type=\"page\">\n\t\t\t\t\t\t<section class=\"elementor-section elementor-top-section elementor-element elementor-element-15595e72 elementor-section-boxed elementor-section-height-default elementor-section-height-default\" data-id=\"15595e72\" data-element_type=\"section\" data-settings=\"{&quot;background_background&quot;:&quot;classic&quot;}\">\n\t\t\t\t\t\t<div class=\"elementor-container elementor-column-gap-no\">\n\t\t\t\t\t<div class=\"elementor-column elementor-col-50 elementor-top-column elementor-element elementor-element-20226514\" data-id=\"20226514\" data-element_type=\"column\" data-settings=\"{&quot;background_background&quot;:&quot;classic&quot;}\">\n\t\t\t<div class=\"elementor-widget-wrap elementor-element-populated\">\n\t\t\t\t\t\t<div class=\"elementor-element elementor-element-a1a2f3f elementor-widget elementor-widget-image\" data-id=\"a1a2f3f\" data-element_type=\"widget\" data-widget_type=\"image.default\">\n\t\t\t\t<div class=\"elementor-widget-container\">\n\t\t\t\t\t\t\t\t\t\t\t\t\t\t\t\t<a href=\"https:\/\/www.wiwanni.ch\/wp-content\/uploads\/wiwanni-2022_topo1-wiwannihorn_web.jpg\" data-elementor-open-lightbox=\"yes\" data-e-action-hash=\"#elementor-action%3Aaction%3Dlightbox%26settings%3DeyJpZCI6NDcyNiwidXJsIjoiaHR0cHM6XC9cL3d3dy53aXdhbm5pLmNoXC93cC1jb250ZW50XC91cGxvYWRzXC93aXdhbm5pLTIwMjJfdG9wbzEtd2l3YW5uaWhvcm5fd2ViLmpwZyJ9\">\n\t\t\t\t\t\t\t<img fetchpriority=\"high\" decoding=\"async\" width=\"1000\" height=\"700\" src=\"https:\/\/www.wiwanni.ch\/wp-content\/uploads\/wiwanni-2022_topo1-wiwannihorn_web.jpg\" class=\"attachment-large size-large wp-image-4726\" alt srcset=\"https:\/\/www.wiwanni.ch\/wp-content\/uploads\/wiwanni-2022_topo1-wiwannihorn_web.jpg 1000w, https:\/\/www.wiwanni.ch\/wp-content\/uploads\/wiwanni-2022_topo1-wiwannihorn_web-300x210.jpg 300w, https:\/\/www.wiwanni.ch\/wp-content\/uploads\/wiwanni-2022_topo1-wiwannihorn_web-768x538.jpg 768w, https:\/\/www.wiwanni.ch\/wp-content\/uploads\/wiwanni-2022_topo1-wiwannihorn_web-800x560.jpg 800w\" sizes=\"(max-width: 1000px) 100vw, 1000px\">\t\t\t\t\t\t\t\t<\/a>\n\t\t\t\t\t\t\t\t\t\t\t\t\t\t\t<\/div>\n\t\t\t\t<\/div>\n\t\t\t\t<div class=\"elementor-element elementor-element-6ca835b elementor-widget elementor-widget-image\" data-id=\"6ca835b\" data-element_type=\"widget\" data-widget_type=\"image.default\">\n\t\t\t\t<div class=\"elementor-widget-container\">\n\t\t\t\t\t\t\t\t\t\t\t\t\t\t\t\t<a href=\"https:\/\/www.wiwanni.ch\/wp-content\/uploads\/wiwanni-2022_topo-2-wiwannihorn_web-1.jpg\" data-elementor-open-lightbox=\"yes\" data-e-action-hash=\"#elementor-action%3Aaction%3Dlightbox%26settings%3DeyJpZCI6NDc1NywidXJsIjoiaHR0cHM6XC9cL3d3dy53aXdhbm5pLmNoXC93cC1jb250ZW50XC91cGxvYWRzXC93aXdhbm5pLTIwMjJfdG9wby0yLXdpd2Fubmlob3JuX3dlYi0xLmpwZyJ9\">\n\t\t\t\t\t\t\t<img decoding=\"async\" width=\"415\" height=\"700\" src=\"https:\/\/www.wiwanni.ch\/wp-content\/uploads\/wiwanni-2022_topo-2-wiwannihorn_web-1.jpg\" class=\"attachment-large size-large wp-image-4757\" alt srcset=\"https:\/\/www.wiwanni.ch\/wp-content\/uploads\/wiwanni-2022_topo-2-wiwannihorn_web-1.jpg 415w, https:\/\/www.wiwanni.ch\/wp-content\/uploads\/wiwanni-2022_topo-2-wiwannihorn_web-1-178x300.jpg 178w, https:\/\/www.wiwanni.ch\/wp-content\/uploads\/wiwanni-2022_topo-2-wiwannihorn_web-1-300x506.jpg 300w\" sizes=\"(max-width: 415px) 100vw, 415px\">\t\t\t\t\t\t\t\t<\/a>\n\t\t\t\t\t\t\t\t\t\t\t\t\t\t\t<\/div>\n\t\t\t\t<\/div>\n\t\t\t\t<div class=\"elementor-element elementor-element-230d1a57 elementor-widget elementor-widget-heading\" data-id=\"230d1a57\" data-element_type=\"widget\" data-widget_type=\"heading.default\">\n\t\t\t\t<div class=\"elementor-widget-container\">\n\t\t\t\t\t<h4 class=\"elementor-heading-title elementor-size-default\">Wiwan\u00adni\u00adhorn<\/h4>\t\t\t\t<\/div>\n\t\t\t\t<\/div>\n\t\t\t\t<div class=\"elementor-element elementor-element-32d4e79 elementor-widget elementor-widget-wpml-language-switcher\" data-id=\"32d4e79\" data-element_type=\"widget\" data-widget_type=\"wpml-language-switcher.default\">\n\t\t\t\t<div class=\"elementor-widget-container\">\n\t\t\t\t\t<div class=\"wpml-elementor-ls\"><p class=\"wpml-ls-statics-post_translations wpml-ls\">This post is also available in: \n    <span class=\"wpml-ls-slot-post_translations wpml-ls-item wpml-ls-item-de wpml-ls-first-item wpml-ls-item-legacy-post-translations\"><a href=\"https:\/\/www.wiwanni.ch\/\" class=\"wpml-ls-link\"><span class=\"wpml-ls-native\" lang=\"de\">Deutsch<\/span><\/a><\/span>    <span class=\"wpml-ls-slot-post_translations wpml-ls-item wpml-ls-item-en wpml-ls-item-legacy-post-translations\"><a href=\"https:\/\/www.wiwanni.ch\/en\/\" class=\"wpml-ls-link\"><span class=\"wpml-ls-native\" lang=\"en\">Eng\u00adlish<\/span><\/a><\/span>    <span class=\"wpml-ls-slot-post_translations wpml-ls-item wpml-ls-item-it wpml-ls-last-item wpml-ls-item-legacy-post-translations\"><a href=\"https:\/\/www.wiwanni.ch\/it\/\" class=\"wpml-ls-link\"><span class=\"wpml-ls-native\" lang=\"it\">Ita\u00adlia\u00adno<\/span><\/a><\/span><\/p><\/div>\t\t\t\t<\/div>\n\t\t\t\t<\/div>\n\t\t\t\t<div class=\"elementor-element elementor-element-e45cab0 elementor-widget elementor-widget-text-editor\" data-id=\"e45cab0\" data-element_type=\"widget\" data-widget_type=\"text-editor.default\">\n\t\t\t\t<div class=\"elementor-widget-container\">\n\t\t\t\t\t\t\t\t\t<p><span style=\"color: #000000;\"><strong>J \/ Stein\u00adad\u00adler\u00adrou\u00adte 5b (5a&nbsp;obl.)<\/strong><\/span><br>\n<span style=\"color: #000000;\"><em>Franz-Xaver Leig\u00adge\u00adner, Bru\u00adno Pfaf\u00adfen et Egon Fel\u00adler 1976\/1982. Assai\u00adnie en 2018 par Rena\u00adte et Roland Ker\u00adnen, Stef\u00adfi Irniger.<\/em><\/span><br>\n<span style=\"color: #000000;\">Cet\u00adte clas\u00adsi\u00adque par excel\u00adlence, che\u00admi\u00adne au tra\u00advers d\u2019une paroi par\u00adfois dal\u00adleu\u00adse et expo\u00ads\u00e9e. Elle est tr\u00e8s bien \u00e9qui\u00adp\u00e9e et fr\u00e9\u00adquem\u00adment par\u00adcou\u00adrue. Cet\u00adte voie ne dev\u00adrait pas \u00eatre ent\u00adre\u00adpri\u00adse en cas de mau\u00advai\u00adse m\u00e9t\u00e9o, car la des\u00adcen\u00adte en rap\u00adpel dans la voie est dif\u00adfi\u00adci\u00adle\u00adment r\u00e9a\u00adli\u00adsable. Apr\u00e8s les 3 pre\u00admi\u00e8\u00adres longueurs qui ser\u00advent d\u2019\u00e9chauffement, sui\u00advent 5 longueurs dans un excel\u00adlent rocher avec une magni\u00adfi\u00adque ambi\u00adance. Apr\u00e8s la 8\u00e8me longueur, les cho\u00adses devi\u00aden\u00adnent plus faci\u00adles et on suit l\u2019ar\u00eate par\u00adfois expo\u00ads\u00e9e qui m\u00e8ne au som\u00admet en 50 min. envi\u00adron. Dur\u00e9e: comp\u00adter envi\u00adron 4 \u2013 5 heu\u00adres pour la mon\u00adt\u00e9e jusqu\u2019au sommet.<\/span><br>\n<span style=\"color: #000000;\">Des\u00adcen\u00adte par l\u2019ar\u00eate ouest ou par la voie nor\u00adma\u00adle Tritt\u00adji dans la face Sud-Ouest.<\/span><br>\n<span style=\"color: #000000;\">Mat\u00e9\u00adri\u00adel: 10 d\u00e9gai\u00adnes, cor\u00adde de 50&nbsp;m<\/span><\/p>\n<p><span style=\"color: #000000;\"><strong>K \/ Wi vom Fass 6a (5b+&nbsp;obl.)<\/strong><\/span><br>\n<span style=\"color: #000000;\"><em>Rena\u00adte et Roland Ker\u00adnen&nbsp;2019<\/em><\/span><br>\n<span style=\"color: #000000;\">Avec ses 10 longueurs, cet\u00adte tou\u00adte nou\u00advel\u00adle voie che\u00admi\u00adne au tra\u00advers d\u2019une ligne \u00e9vi\u00adden\u00adte dans un rocher struc\u00adtu\u00adr\u00e9 et de tr\u00e8s bon\u00adne qua\u00adli\u00adt\u00e9. Ses dif\u00adfi\u00adcul\u00adt\u00e9s se situ\u00adent majo\u00adri\u00adtaire\u00adment dans le 5 sup\u00e9\u00adri\u00adeur avec quel\u00adques m\u00e8tres dans le 6 \u00e8me degr\u00e9. Voie for\u00adte\u00adment recom\u00adman\u00add\u00e9e. Dur\u00e9e: comp\u00adter envi\u00adron 4 \u2013 5 heu\u00adres pour la mon\u00adt\u00e9e jusqu\u2019au sommet.<\/span><br>\n<span style=\"color: #000000;\">Des\u00adcen\u00adte par l\u2019ar\u00eate ouest ou par la voie nor\u00adma\u00adle dans la face Sud-Ouest, Tritji.<\/span><br>\n<span style=\"color: #000000;\">Mat\u00e9\u00adri\u00adel: 13 d\u00e9gai\u00adnes, cor\u00adde de 50&nbsp;m<\/span><\/p>\n<p><span style=\"color: #000000;\"><strong>L \/ Ver\u00adbor\u00adge\u00adne T\u00e4n\u00adze 6b (5c+&nbsp;obl.)<br>\n<\/strong><em>Feli\u00adci\u00adtas e Egon Fel\u00adler&nbsp;2013<br>\n<\/em>Cet\u00adte tr\u00e8s bel\u00adle ligne a long\u00adtemps \u00e9t\u00e9 inex\u00adploi\u00adt\u00e9e, d\u2019o\u00f9 son nom qui fait r\u00e9f\u00e9\u00adrence au mon\u00adde des com\u00adtes et l\u00e9gen\u00addes haut-valais\u00adan\u00adnes. Cet\u00adte voie pr\u00e9\u00adsen\u00adtant une escala\u00adde vari\u00e9e dans des fis\u00adsu\u00adres, des dal\u00adles et des di\u00e8d\u00adres, est cer\u00adtai\u00adne\u00adment un des plus beaux itin\u00ad\u00e9\u00adrai\u00adres pour aller sur le Wiwan\u00adni\u00adhorn. Apr\u00e8s la paroi, on pour\u00adsu\u00adit par l\u2019ar\u00eate jusqu\u2019au som\u00admet que l\u2019on att\u00adeint en envi\u00adron 45 min. Dif\u00adfi\u00adcul\u00adt\u00e9: Majo\u00adri\u00adtaire\u00adment dans le 5 \u00e8me degr\u00e9, quel\u00adques petits pas\u00adsa\u00adges dans le 6. Le pas\u00adsa\u00adge cl\u00e9 est&nbsp;court.<\/span><br>\n<span style=\"color: #000000;\">Des\u00adcen\u00adte: Par l\u2019ar\u00eate ouest ou par la Voie Nor\u00adma\u00adle dans la face Sud-Ouest. La des\u00adcen\u00adte en rap\u00adpel n\u2019est pas con\u00adseil\u00adl\u00e9e, car la cor\u00adde peut se coin\u00adcer, mais est possible.<\/span><br>\n<span style=\"color: #000000;\">Mat\u00e9\u00adri\u00adel: 12 d\u00e9gai\u00adnes et cor\u00adde de 60 m. La voie est r\u00e9a\u00adli\u00adsable avec une cor\u00adde de 50 m, mais dans l\u2019une des longueurs faci\u00adles il man\u00adque quel\u00adques m\u00e8tres pour att\u00adeind\u00adre le relais. Ce qui ne pose pas de pro\u00adbl\u00e8\u00adme dans ce degr\u00e9 de difficult\u00e9.<\/span><br>\n<span style=\"color: #000000;\">Note de dan\u00adger : Ne pas don\u00adner de coups de pied dans la zone 2. Sinon, vous met\u00adtez en dan\u00adger les grim\u00adpeurs en bas dans les voies Gol\u00adden Eagle et Wi from the barrel.<\/span><\/p>\n<p><strong>N \/ Hotel Pfui 6c (6a+&nbsp;obl.)<br>\n<\/strong><em>Lina Rufi\u00adbach et Bru\u00adno Pfaf\u00adfen 2021, ouvert par le&nbsp;bas.<\/em><br>\nEscala\u00adde de paroi et de dal\u00adle expo\u00ads\u00e9e ent\u00adre les deux clas\u00adsi\u00adques Stein\u00adad\u00adler et Wii vom Fass. Apr\u00e8s la 9e longueur, con\u00adtin\u00aduer par Stein\u00adad\u00adler sur l\u2019ar\u00eate jus\u00adqu\u2019au sommet.<br>\nInscrit \u00e0 l\u2019en\u00adtr\u00e9e, ain\u00adsi qu\u2019a\u00adpr\u00e8s les pas\u00adsa\u00adges de marche.<br>\nMat\u00e9\u00adri\u00adel : 11 d\u00e9gai\u00adnes express, 50 m de&nbsp;corde<\/p>\n\t\t\t\t\t\t\t\t<\/div>\n\t\t\t\t<\/div>\n\t\t\t\t<div class=\"elementor-element elementor-element-3d9f2d66 elementor-widget elementor-widget-text-editor\" data-id=\"3d9f2d66\" data-element_type=\"widget\" data-widget_type=\"text-editor.default\">\n\t\t\t\t<div class=\"elementor-widget-container\">\n\t\t\t\t\t\t\t\t\t<p style=\"text-align: left;\"><em>Topo du gui\u00adde d\u2019escalade Wiwan\u00adni&nbsp;2022<\/em><\/p>\n\t\t\t\t\t\t\t\t<\/div>\n\t\t\t\t<\/div>\n\t\t\t\t\t<\/div>\n\t\t<\/div>\n\t\t\t\t<div class=\"elementor-column elementor-col-50 elementor-top-column elementor-element elementor-element-77ed4a0a\" data-id=\"77ed4a0a\" data-element_type=\"column\" data-settings=\"{&quot;background_background&quot;:&quot;classic&quot;}\">\n\t\t\t<div class=\"elementor-widget-wrap elementor-element-populated\">\n\t\t\t\t\t\t<div class=\"elementor-element elementor-element-446da20d elementor-align-left elementor-widget elementor-widget-button\" data-id=\"446da20d\" data-element_type=\"widget\" data-widget_type=\"button.default\">\n\t\t\t\t<div class=\"elementor-widget-container\">\n\t\t\t\t\t\t\t\t\t<div class=\"elementor-button-wrapper\">\n\t\t\t\t\t<a class=\"elementor-button elementor-button-link elementor-size-sm\" href=\"https:\/\/www.wiwanni.ch\/fr\/zones-d-escalade\/\">\n\t\t\t\t\t\t<span class=\"elementor-button-content-wrapper\">\n\t\t\t\t\t\t<span class=\"elementor-button-icon\">\n\t\t\t\t<i aria-hidden=\"true\" class=\"fas fa-arrow-left\"><\/i>\t\t\t<\/span>\n\t\t\t\t\t\t\t\t\t<span class=\"elementor-button-text\">vue d\u2019en\u00adsem\u00adble<\/span>\n\t\t\t\t\t<\/span>\n\t\t\t\t\t<\/a>\n\t\t\t\t<\/div>\n\t\t\t\t\t\t\t\t<\/div>\n\t\t\t\t<\/div>\n\t\t\t\t<div class=\"elementor-element elementor-element-4778b49c elementor-widget elementor-widget-heading\" data-id=\"4778b49c\" data-element_type=\"widget\" data-widget_type=\"heading.default\">\n\t\t\t\t<div class=\"elementor-widget-container\">\n\t\t\t\t\t<h4 class=\"elementor-heading-title elementor-size-default\">Sec\u00adteurs<\/h4>\t\t\t\t<\/div>\n\t\t\t\t<\/div>\n\t\t\t\t<div class=\"elementor-element elementor-element-68a4f99f elementor-nav-menu__align-start elementor-nav-menu--dropdown-none elementor-widget elementor-widget-nav-menu\" data-id=\"68a4f99f\" data-element_type=\"widget\" data-settings=\"{&quot;layout&quot;:&quot;vertical&quot;,&quot;submenu_icon&quot;:{&quot;value&quot;:&quot;<i class=\\&quot;\\&quot;><\\\/i>&quot;,&quot;library&quot;:&quot;&quot;}}\" data-widget_type=\"nav-menu.default\">\n\t\t\t\t<div class=\"elementor-widget-container\">\n\t\t\t\t\t\t\t\t<nav aria-label=\"Menu\" class=\"elementor-nav-menu--main elementor-nav-menu__container elementor-nav-menu--layout-vertical e--pointer-background e--animation-fade\">\n\t\t\t\t<ul id=\"menu-1-68a4f99f\" class=\"elementor-nav-menu sm-vertical\"><li class=\"menu-item menu-item-type-post_type menu-item-object-page menu-item-2152\"><a href=\"https:\/\/www.wiwanni.ch\/fr\/huettensektor-unterbaerg\/\" class=\"elementor-item\">1 H\u00fct\u00adten\u00adsek\u00adtor Unterb\u00e4rg<\/a><\/li>\n<li class=\"menu-item menu-item-type-post_type menu-item-object-page menu-item-2188\"><a href=\"https:\/\/www.wiwanni.ch\/fr\/unterer-klettergarten\/\" class=\"elementor-item\">2 Unte\u00adrer Klettergarten<\/a><\/li>\n<li class=\"menu-item menu-item-type-post_type menu-item-object-page menu-item-2220\"><a href=\"https:\/\/www.wiwanni.ch\/fr\/oberer-klettergarten\/\" class=\"elementor-item\">3 Obe\u00adrer Klettergarten<\/a><\/li>\n<li class=\"menu-item menu-item-type-post_type menu-item-object-page menu-item-2241\"><a href=\"https:\/\/www.wiwanni.ch\/fr\/klettergarten-wandfuss\/\" class=\"elementor-item\">4 Klet\u00adter\u00adgar\u00adten Wandfuss<\/a><\/li>\n<li class=\"menu-item menu-item-type-post_type menu-item-object-page menu-item-2267\"><a href=\"https:\/\/www.wiwanni.ch\/fr\/schepfipfiler\/\" class=\"elementor-item\">5 Sche\u00adp\u00adfip\u00adfi\u00adler<\/a><\/li>\n<li class=\"menu-item menu-item-type-post_type menu-item-object-page menu-item-2291\"><a href=\"https:\/\/www.wiwanni.ch\/fr\/klein-augstkummenhorn\/\" class=\"elementor-item\">6 Klein Augstkummenhorn<\/a><\/li>\n<li class=\"menu-item menu-item-type-post_type menu-item-object-page menu-item-2334\"><a href=\"https:\/\/www.wiwanni.ch\/fr\/gross-augstkummenhorn\/\" class=\"elementor-item\">7 Gross Augstkummenhorn<\/a><\/li>\n<li class=\"menu-item menu-item-type-post_type menu-item-object-page menu-item-2684\"><a href=\"https:\/\/www.wiwanni.ch\/fr\/wiwanni-suedwestwand\/\" class=\"elementor-item\">8 Wiwan\u00adni S\u00fcdwestwand<\/a><\/li>\n<li class=\"menu-item menu-item-type-post_type menu-item-object-page menu-item-2713\"><a href=\"https:\/\/www.wiwanni.ch\/fr\/wiwanni-suedwand\/\" class=\"elementor-item\">9 Wiwan\u00adni S\u00fcdwand<\/a><\/li>\n<li class=\"menu-item menu-item-type-post_type menu-item-object-page menu-item-2740\"><a href=\"https:\/\/www.wiwanni.ch\/fr\/wiwannihorn\/\" class=\"elementor-item\">10 Wiwan\u00adni\u00adhorn<\/a><\/li>\n<li class=\"menu-item menu-item-type-post_type menu-item-object-page menu-item-2481\"><a href=\"https:\/\/www.wiwanni.ch\/fr\/ostgrat\/\" class=\"elementor-item\">11 Ost\u00adgrat<\/a><\/li>\n<li class=\"menu-item menu-item-type-post_type menu-item-object-page menu-item-2757\"><a href=\"https:\/\/www.wiwanni.ch\/fr\/bru\/\" class=\"elementor-item\">12 Bru<\/a><\/li>\n<li class=\"menu-item menu-item-type-post_type menu-item-object-page menu-item-2387\"><a href=\"https:\/\/www.wiwanni.ch\/fr\/chruetighorn\/\" class=\"elementor-item\">13 Chr\u00fc\u00adtig\u00adhorn<\/a><\/li>\n<li class=\"menu-item menu-item-type-post_type menu-item-object-page menu-item-2635\"><a href=\"https:\/\/www.wiwanni.ch\/fr\/duebigrat\/\" class=\"elementor-item\">14 D\u00fcbi\u00adgrat<\/a><\/li>\n<li class=\"menu-item menu-item-type-post_type menu-item-object-page menu-item-2592\"><a href=\"https:\/\/www.wiwanni.ch\/fr\/sattolwaeschi\/\" class=\"elementor-item\">15 Sat\u00adtol\u00adw\u00e4\u00adschi<\/a><\/li>\n<li class=\"menu-item menu-item-type-post_type menu-item-object-page menu-item-2354\"><a href=\"https:\/\/www.wiwanni.ch\/fr\/secteur-de-bloc-eggen\/\" class=\"elementor-item\">16 Sec\u00adteur de bloc&nbsp;Eggen<\/a><\/li>\n<li class=\"menu-item menu-item-type-post_type menu-item-object-page menu-item-2568\"><a href=\"https:\/\/www.wiwanni.ch\/fr\/klettergarten-wolfblatte-ausserberg\/\" class=\"elementor-item\">17 Klet\u00adter\u00adgar\u00adten Wolf\u00adblat\u00adte Ausserberg<\/a><\/li>\n<li class=\"menu-item menu-item-type-post_type menu-item-object-page menu-item-2375\"><a href=\"https:\/\/www.wiwanni.ch\/fr\/jardin-descalade-chalchofo\/\" class=\"elementor-item\">18 Chal\u00adcho\u00adfo \u2013 P\u00e4r\u00fc\u00fclu<\/a><\/li>\n<li class=\"menu-item menu-item-type-post_type menu-item-object-page menu-item-2826\"><a href=\"https:\/\/www.wiwanni.ch\/fr\/traversee-de-larete\/\" class=\"elementor-item\">Tra\u00adver\u00ads\u00e9e de l\u2019ar\u00eate<\/a><\/li>\n<li class=\"menu-item menu-item-type-post_type menu-item-object-page menu-item-3290\"><a href=\"https:\/\/www.wiwanni.ch\/fr\/via-ferrata-du-baltschiedertal\/\" class=\"elementor-item\">Via fer\u00adra\u00adta du Baltschiedertal<\/a><\/li>\n<\/ul>\t\t\t<\/nav>\n\t\t\t\t\t\t<nav class=\"elementor-nav-menu--dropdown elementor-nav-menu__container\" aria-hidden=\"true\">\n\t\t\t\t<ul id=\"menu-2-68a4f99f\" class=\"elementor-nav-menu sm-vertical\"><li class=\"menu-item menu-item-type-post_type menu-item-object-page menu-item-2152\"><a href=\"https:\/\/www.wiwanni.ch\/fr\/huettensektor-unterbaerg\/\" class=\"elementor-item\" tabindex=\"-1\">1 H\u00fct\u00adten\u00adsek\u00adtor Unterb\u00e4rg<\/a><\/li>\n<li class=\"menu-item menu-item-type-post_type menu-item-object-page menu-item-2188\"><a href=\"https:\/\/www.wiwanni.ch\/fr\/unterer-klettergarten\/\" class=\"elementor-item\" tabindex=\"-1\">2 Unte\u00adrer Klettergarten<\/a><\/li>\n<li class=\"menu-item menu-item-type-post_type menu-item-object-page menu-item-2220\"><a href=\"https:\/\/www.wiwanni.ch\/fr\/oberer-klettergarten\/\" class=\"elementor-item\" tabindex=\"-1\">3 Obe\u00adrer Klettergarten<\/a><\/li>\n<li class=\"menu-item menu-item-type-post_type menu-item-object-page menu-item-2241\"><a href=\"https:\/\/www.wiwanni.ch\/fr\/klettergarten-wandfuss\/\" class=\"elementor-item\" tabindex=\"-1\">4 Klet\u00adter\u00adgar\u00adten Wandfuss<\/a><\/li>\n<li class=\"menu-item menu-item-type-post_type menu-item-object-page menu-item-2267\"><a href=\"https:\/\/www.wiwanni.ch\/fr\/schepfipfiler\/\" class=\"elementor-item\" tabindex=\"-1\">5 Sche\u00adp\u00adfip\u00adfi\u00adler<\/a><\/li>\n<li class=\"menu-item menu-item-type-post_type menu-item-object-page menu-item-2291\"><a href=\"https:\/\/www.wiwanni.ch\/fr\/klein-augstkummenhorn\/\" class=\"elementor-item\" tabindex=\"-1\">6 Klein Augstkummenhorn<\/a><\/li>\n<li class=\"menu-item menu-item-type-post_type menu-item-object-page menu-item-2334\"><a href=\"https:\/\/www.wiwanni.ch\/fr\/gross-augstkummenhorn\/\" class=\"elementor-item\" tabindex=\"-1\">7 Gross Augstkummenhorn<\/a><\/li>\n<li class=\"menu-item menu-item-type-post_type menu-item-object-page menu-item-2684\"><a href=\"https:\/\/www.wiwanni.ch\/fr\/wiwanni-suedwestwand\/\" class=\"elementor-item\" tabindex=\"-1\">8 Wiwan\u00adni S\u00fcdwestwand<\/a><\/li>\n<li class=\"menu-item menu-item-type-post_type menu-item-object-page menu-item-2713\"><a href=\"https:\/\/www.wiwanni.ch\/fr\/wiwanni-suedwand\/\" class=\"elementor-item\" tabindex=\"-1\">9 Wiwan\u00adni S\u00fcdwand<\/a><\/li>\n<li class=\"menu-item menu-item-type-post_type menu-item-object-page menu-item-2740\"><a href=\"https:\/\/www.wiwanni.ch\/fr\/wiwannihorn\/\" class=\"elementor-item\" tabindex=\"-1\">10 Wiwan\u00adni\u00adhorn<\/a><\/li>\n<li class=\"menu-item menu-item-type-post_type menu-item-object-page menu-item-2481\"><a href=\"https:\/\/www.wiwanni.ch\/fr\/ostgrat\/\" class=\"elementor-item\" tabindex=\"-1\">11 Ost\u00adgrat<\/a><\/li>\n<li class=\"menu-item menu-item-type-post_type menu-item-object-page menu-item-2757\"><a href=\"https:\/\/www.wiwanni.ch\/fr\/bru\/\" class=\"elementor-item\" tabindex=\"-1\">12 Bru<\/a><\/li>\n<li class=\"menu-item menu-item-type-post_type menu-item-object-page menu-item-2387\"><a href=\"https:\/\/www.wiwanni.ch\/fr\/chruetighorn\/\" class=\"elementor-item\" tabindex=\"-1\">13 Chr\u00fc\u00adtig\u00adhorn<\/a><\/li>\n<li class=\"menu-item menu-item-type-post_type menu-item-object-page menu-item-2635\"><a href=\"https:\/\/www.wiwanni.ch\/fr\/duebigrat\/\" class=\"elementor-item\" tabindex=\"-1\">14 D\u00fcbi\u00adgrat<\/a><\/li>\n<li class=\"menu-item menu-item-type-post_type menu-item-object-page menu-item-2592\"><a href=\"https:\/\/www.wiwanni.ch\/fr\/sattolwaeschi\/\" class=\"elementor-item\" tabindex=\"-1\">15 Sat\u00adtol\u00adw\u00e4\u00adschi<\/a><\/li>\n<li class=\"menu-item menu-item-type-post_type menu-item-object-page menu-item-2354\"><a href=\"https:\/\/www.wiwanni.ch\/fr\/secteur-de-bloc-eggen\/\" class=\"elementor-item\" tabindex=\"-1\">16 Sec\u00adteur de bloc&nbsp;Eggen<\/a><\/li>\n<li class=\"menu-item menu-item-type-post_type menu-item-object-page menu-item-2568\"><a href=\"https:\/\/www.wiwanni.ch\/fr\/klettergarten-wolfblatte-ausserberg\/\" class=\"elementor-item\" tabindex=\"-1\">17 Klet\u00adter\u00adgar\u00adten Wolf\u00adblat\u00adte Ausserberg<\/a><\/li>\n<li class=\"menu-item menu-item-type-post_type menu-item-object-page menu-item-2375\"><a href=\"https:\/\/www.wiwanni.ch\/fr\/jardin-descalade-chalchofo\/\" class=\"elementor-item\" tabindex=\"-1\">18 Chal\u00adcho\u00adfo \u2013 P\u00e4r\u00fc\u00fclu<\/a><\/li>\n<li class=\"menu-item menu-item-type-post_type menu-item-object-page menu-item-2826\"><a href=\"https:\/\/www.wiwanni.ch\/fr\/traversee-de-larete\/\" class=\"elementor-item\" tabindex=\"-1\">Tra\u00adver\u00ads\u00e9e de l\u2019ar\u00eate<\/a><\/li>\n<li class=\"menu-item menu-item-type-post_type menu-item-object-page menu-item-3290\"><a href=\"https:\/\/www.wiwanni.ch\/fr\/via-ferrata-du-baltschiedertal\/\" class=\"elementor-item\" tabindex=\"-1\">Via fer\u00adra\u00adta du Baltschiedertal<\/a><\/li>\n<\/ul>\t\t\t<\/nav>\n\t\t\t\t\t\t<\/div>\n\t\t\t\t<\/div>\n\t\t\t\t\t<\/div>\n\t\t<\/div>\n\t\t\t\t\t<\/div>\n\t\t<\/section>\n\t\t\t\t<\/div>\n\t\t","protected":false},"excerpt":{"rendered":"<p>Wiwan\u00adni\u00adhorn This post is also available in: Eng\u00adlish Fran\u00ad\u00e7ais Ita\u00adlia\u00adno J \/ Stein\u00adad\u00adler\u00adrou\u00adte 5b (5a&nbsp;obl.) Franz-Xaver Leig\u00adge\u00adner, Bru\u00adno Pfaf\u00adfen et Egon Fel\u00adler 1976\/1982. Assai\u00adnie en 2018 par Rena\u00adte et Roland Ker\u00adnen, Stef\u00adfi Irni\u00adger. Cet\u00adte clas\u00adsi\u00adque par excel\u00adlence, che\u00admi\u00adne au tra\u00advers d\u2019une paroi par\u00adfois dal\u00adleu\u00adse et expo\u00ads\u00e9e. Elle est tr\u00e8s bien \u00e9qui\u00adp\u00e9e et fr\u00e9\u00adquem\u00adment par\u00adcou\u00adrue. Cet\u00adte voie ne dev\u00adrait pas \u00eatre ent\u00adre\u00adpri\u00adse en cas de mau\u00advai\u00adse m\u00e9t\u00e9o, car la des\u00adcen\u00adte en rap\u00adpel dans la voie est dif\u00adfi\u00adci\u00adle\u00adment r\u00e9a\u00adli\u00adsable. Apr\u00e8s les 3 pre\u00admi\u00e8\u00adres longueurs qui ser\u00advent d\u2019\u00e9chauffement, sui\u00advent 5 longueurs dans un excel\u00adlent rocher avec une magni\u00adfi\u00adque ambi\u00adance. Apr\u00e8s la 8\u00e8me longueur,&nbsp;[\u2026]<\/p>\n","protected":false},"author":4,"featured_media":0,"parent":0,"menu_order":0,"comment_status":"closed","ping_status":"closed","template":"","meta":{"wp_typography_post_enhancements_disabled":false,"footnotes":""},"class_list":["post-2735","page","type-page","status-publish","hentry","wpbf-post"],"_links":{"self":[{"href":"https:\/\/www.wiwanni.ch\/fr\/wp-json\/wp\/v2\/pages\/2735","targetHints":{"allow":["GET"]}}],"collection":[{"href":"https:\/\/www.wiwanni.ch\/fr\/wp-json\/wp\/v2\/pages"}],"about":[{"href":"https:\/\/www.wiwanni.ch\/fr\/wp-json\/wp\/v2\/types\/page"}],"author":[{"embeddable":true,"href":"https:\/\/www.wiwanni.ch\/fr\/wp-json\/wp\/v2\/users\/4"}],"replies":[{"embeddable":true,"href":"https:\/\/www.wiwanni.ch\/fr\/wp-json\/wp\/v2\/comments?post=2735"}],"version-history":[{"count":9,"href":"https:\/\/www.wiwanni.ch\/fr\/wp-json\/wp\/v2\/pages\/2735\/revisions"}],"predecessor-version":[{"id":4841,"href":"https:\/\/www.wiwanni.ch\/fr\/wp-json\/wp\/v2\/pages\/2735\/revisions\/4841"}],"wp:attachment":[{"href":"https:\/\/www.wiwanni.ch\/fr\/wp-json\/wp\/v2\/media?parent=2735"}],"curies":[{"name":"wp","href":"https:\/\/api.w.org\/{rel}","templated":true}]}}