{"id":2708,"date":"2020-06-04T23:15:25","date_gmt":"2020-06-04T23:15:25","guid":{"rendered":"http:\/\/wl1www392.webland.ch\/wordpress\/wiwanni\/wiwanni-suedwand\/"},"modified":"2024-03-16T03:58:14","modified_gmt":"2024-03-16T01:58:14","slug":"wiwanni-suedwand","status":"publish","type":"page","link":"https:\/\/www.wiwanni.ch\/fr\/wiwanni-suedwand\/","title":{"rendered":"Wiwan\u00adni S\u00fcdwand"},"content":{"rendered":"\t\t<div data-elementor-type=\"wp-page\" data-elementor-id=\"2708\" class=\"elementor elementor-2708 elementor-561\" data-elementor-post-type=\"page\">\n\t\t\t\t\t\t<section class=\"elementor-section elementor-top-section elementor-element elementor-element-32ac3d57 elementor-section-boxed elementor-section-height-default elementor-section-height-default\" data-id=\"32ac3d57\" data-element_type=\"section\" data-settings=\"{&quot;background_background&quot;:&quot;classic&quot;}\">\n\t\t\t\t\t\t<div class=\"elementor-container elementor-column-gap-no\">\n\t\t\t\t\t<div class=\"elementor-column elementor-col-50 elementor-top-column elementor-element elementor-element-129b9a8f\" data-id=\"129b9a8f\" data-element_type=\"column\" data-settings=\"{&quot;background_background&quot;:&quot;classic&quot;}\">\n\t\t\t<div class=\"elementor-widget-wrap elementor-element-populated\">\n\t\t\t\t\t\t<div class=\"elementor-element elementor-element-7c3b4e8c elementor-widget elementor-widget-image\" data-id=\"7c3b4e8c\" data-element_type=\"widget\" data-widget_type=\"image.default\">\n\t\t\t\t<div class=\"elementor-widget-container\">\n\t\t\t\t\t\t\t\t\t\t\t\t\t\t\t\t<a href=\"https:\/\/www.wiwanni.ch\/wp-content\/uploads\/2020\/05\/9-wiwannihorn-suedwand-1000px.jpg\" data-elementor-open-lightbox=\"yes\" data-elementor-lightbox-title=\"Wiwannihorn S\u00fcdwand\" data-e-action-hash=\"#elementor-action%3Aaction%3Dlightbox%26settings%3DeyJpZCI6MjcwNiwidXJsIjoiaHR0cHM6XC9cL3d3dy53aXdhbm5pLmNoXC93cC1jb250ZW50XC91cGxvYWRzXC8yMDIwXC8wNVwvOS13aXdhbm5paG9ybi1zdWVkd2FuZC0xMDAwcHguanBnIn0%3D\">\n\t\t\t\t\t\t\t<img fetchpriority=\"high\" decoding=\"async\" width=\"1000\" height=\"705\" src=\"https:\/\/www.wiwanni.ch\/wp-content\/uploads\/2020\/05\/9-wiwannihorn-suedwand-1000px.jpg\" class=\"attachment-large size-large wp-image-2706\" alt=\"Wiwannihorn S\u00fcdwand\" srcset=\"https:\/\/www.wiwanni.ch\/wp-content\/uploads\/2020\/05\/9-wiwannihorn-suedwand-1000px.jpg 1000w, https:\/\/www.wiwanni.ch\/wp-content\/uploads\/2020\/05\/9-wiwannihorn-suedwand-1000px-300x212.jpg 300w, https:\/\/www.wiwanni.ch\/wp-content\/uploads\/2020\/05\/9-wiwannihorn-suedwand-1000px-800x564.jpg 800w, https:\/\/www.wiwanni.ch\/wp-content\/uploads\/2020\/05\/9-wiwannihorn-suedwand-1000px-768x541.jpg 768w\" sizes=\"(max-width: 1000px) 100vw, 1000px\">\t\t\t\t\t\t\t\t<\/a>\n\t\t\t\t\t\t\t\t\t\t\t\t\t\t\t<\/div>\n\t\t\t\t<\/div>\n\t\t\t\t<div class=\"elementor-element elementor-element-407fee89 elementor-widget elementor-widget-heading\" data-id=\"407fee89\" data-element_type=\"widget\" data-widget_type=\"heading.default\">\n\t\t\t\t<div class=\"elementor-widget-container\">\n\t\t\t\t\t<h4 class=\"elementor-heading-title elementor-size-default\">Wiwan\u00adni S\u00fcdwand<\/h4>\t\t\t\t<\/div>\n\t\t\t\t<\/div>\n\t\t\t\t<div class=\"elementor-element elementor-element-1956eae elementor-widget elementor-widget-wpml-language-switcher\" data-id=\"1956eae\" data-element_type=\"widget\" data-widget_type=\"wpml-language-switcher.default\">\n\t\t\t\t<div class=\"elementor-widget-container\">\n\t\t\t\t\t<div class=\"wpml-elementor-ls\"><p class=\"wpml-ls-statics-post_translations wpml-ls\">This post is also available in: \n    <span class=\"wpml-ls-slot-post_translations wpml-ls-item wpml-ls-item-de wpml-ls-first-item wpml-ls-item-legacy-post-translations\"><a href=\"https:\/\/www.wiwanni.ch\/\" class=\"wpml-ls-link\"><span class=\"wpml-ls-native\" lang=\"de\">Deutsch<\/span><\/a><\/span>    <span class=\"wpml-ls-slot-post_translations wpml-ls-item wpml-ls-item-en wpml-ls-item-legacy-post-translations\"><a href=\"https:\/\/www.wiwanni.ch\/en\/\" class=\"wpml-ls-link\"><span class=\"wpml-ls-native\" lang=\"en\">Eng\u00adlish<\/span><\/a><\/span>    <span class=\"wpml-ls-slot-post_translations wpml-ls-item wpml-ls-item-it wpml-ls-last-item wpml-ls-item-legacy-post-translations\"><a href=\"https:\/\/www.wiwanni.ch\/it\/\" class=\"wpml-ls-link\"><span class=\"wpml-ls-native\" lang=\"it\">Ita\u00adlia\u00adno<\/span><\/a><\/span><\/p><\/div>\t\t\t\t<\/div>\n\t\t\t\t<\/div>\n\t\t\t\t<div class=\"elementor-element elementor-element-96e23ce elementor-widget elementor-widget-text-editor\" data-id=\"96e23ce\" data-element_type=\"widget\" data-widget_type=\"text-editor.default\">\n\t\t\t\t<div class=\"elementor-widget-container\">\n\t\t\t\t\t\t\t\t\t<p><span style=\"color: #000000;\"><strong>A \/ Bart\u00adgei\u00ader 6c (6b&nbsp;obl.)<\/strong><\/span><br>\n<span style=\"color: #000000;\"><em>Andre\u00adas Fux, Rinal\u00addo Bor\u00adra, Egon Fel\u00adler&nbsp;2000<\/em><\/span><br>\n<span style=\"color: #000000;\">Bel\u00adle escala\u00adde rai\u00adde. Deu\u00adxi\u00e8\u00adme longueur par\u00adse\u00adm\u00e9e de vires herbeuses.<br>\nDes\u00adcen\u00adte en rap\u00adpel dans la&nbsp;voie.<\/span><br>\n<span style=\"color: #000000;\">Mat\u00e9\u00adri\u00adel: 12 d\u00e9gai\u00adnes, cor\u00adde de 50&nbsp;m<\/span><\/p>\n<p><span style=\"color: #000000;\"><strong>B \/ Gold\u00adgei\u00ader 6c (6c&nbsp;obl.)<\/strong><\/span><br>\n<span style=\"color: #000000;\"><em>Cor\u00adne\u00adlia Mei\u00ader, Dami\u00adan Trey\u00ader&nbsp;1999<\/em><\/span><br>\n<span style=\"color: #000000;\">Tr\u00e8s bel\u00adle escala\u00adde dans un super rocher. Le final impres\u00adsi\u00adon\u00adnant am\u00e8\u00adne sou\u00advent son lot d\u2019\u00e9motions for\u00adtes. Voie recommand\u00e9e.<\/span><br>\n<span style=\"color: #000000;\">Des\u00adcen\u00adte en rap\u00adpel dans la&nbsp;voie.<\/span><br>\n<span style=\"color: #000000;\">Mat\u00e9\u00adri\u00adel: 12 d\u00e9gai\u00adnes, cor\u00adde de 60&nbsp;m<\/span><\/p>\n<p><span style=\"color: #000000;\"><strong>C \/ Her\u00adme\u00adlin&nbsp;7a<\/strong><\/span><br>\n<span style=\"color: #000000;\"><em>Simon Caprez, Corin\u00adne Rossacher<\/em><\/span><br>\n<span style=\"color: #000000;\">Voie d\u2019escalade spor\u00adti\u00adve enga\u00adg\u00e9e, dans un tr\u00e8s bon rocher et for\u00adte\u00adment recom\u00adman\u00add\u00e9e. La vari\u00adan\u00adte de gau\u00adche au d\u00e9part s\u2019appelle Wildwechsel.<\/span><br>\n<span style=\"color: #000000;\">Des\u00adcen\u00adte en rap\u00adpel dans la&nbsp;voie.<\/span><br>\n<span style=\"color: #000000;\">Mat\u00e9\u00adri\u00adel: 15 d\u00e9gai\u00adnes, cor\u00adde de 60&nbsp;m<\/span><\/p>\n<p><span style=\"color: #000000;\"><strong>D \/ Rin\u00adgel\u00adnat\u00adter 6b+ (6b&nbsp;obl.)<\/strong><\/span><br>\n<span style=\"color: #000000;\"><em>Peter Schwit\u00adter, Ama\u00addee Schmid, Dami\u00adan Trey\u00ader, Egon Fel\u00adler 1990. Cet\u00adte voie a \u00e9t\u00e9 assai\u00adnie en 2013 par Roland Ker\u00adnen et Sigi Fischer.<\/em><\/span><br>\n<span style=\"color: #000000;\">Voie recom\u00adman\u00add\u00e9e et impres\u00adsi\u00adon\u00adnan\u00adte dans un rocher de tr\u00e8s bon\u00adne qualit\u00e9.<\/span><br>\n<span style=\"color: #000000;\">Des\u00adcen\u00adte en rap\u00adpel dans la&nbsp;voie.<\/span><br>\n<span style=\"color: #000000;\">Mat\u00e9\u00adri\u00adel: 12 d\u00e9gai\u00adnes, cor\u00adde de 50&nbsp;m<\/span><\/p>\n<p><span style=\"color: #000000;\"><strong>E \/ Hau Ruck&nbsp;6c<\/strong><\/span><br>\n<span style=\"color: #000000;\"><em>Dani\u00adel Leig\u00adge\u00adner&nbsp;1994<\/em><\/span><br>\n<span style=\"color: #000000;\">Voie d\u2019une longueur d\u00e9vers\u00adan\u00adte, for\u00adte\u00adment recommand\u00e9e.<\/span><br>\n<span style=\"color: #000000;\">Des\u00adcen\u00adte en rap\u00adpel dans la&nbsp;voie.<\/span><br>\n<span style=\"color: #000000;\">Mat\u00e9\u00adri\u00adel: 7 d\u00e9gai\u00adnes, cor\u00adde de 50&nbsp;m<\/span><\/p>\n<p><span style=\"color: #000000;\"><strong>F \/ Gey\u00adfetsch 7a<\/strong><\/span><br>\n<span style=\"color: #000000;\"><em>Dani\u00adel Leig\u00adge\u00adner&nbsp;1994<\/em><\/span><br>\n<span style=\"color: #000000;\">Voie d\u2019une longueur d\u00e9vers\u00adan\u00adte, for\u00adte\u00adment recommand\u00e9e.<\/span><br>\n<span style=\"color: #000000;\">Des\u00adcen\u00adte en rap\u00adpel dans la&nbsp;voie.<\/span><br>\n<span style=\"color: #000000;\">Mat\u00e9\u00adri\u00adel: 7 d\u00e9gai\u00adnes, cor\u00adde de 50&nbsp;m<\/span><\/p>\n<p><span style=\"color: #000000;\"><strong>G \/ Gniff&nbsp;8a<\/strong><\/span><br>\n<span style=\"color: #000000;\"><em>Hans-Chris\u00adti\u00adan Leig\u00adge\u00adner&nbsp;2003<\/em><\/span><br>\n<span style=\"color: #000000;\">Voie de 25 m, la plus dure de la r\u00e9gion. Mal\u00adheu\u00adreu\u00adse\u00adment peu parcourue.<\/span><br>\n<span style=\"color: #000000;\">Des\u00adcen\u00adte en rap\u00adpel dans la&nbsp;voie.<\/span><br>\n<span style=\"color: #000000;\">Mat\u00e9\u00adri\u00adel: 15 d\u00e9gai\u00adnes, cor\u00adde de 50&nbsp;m<\/span><\/p>\n<p><span style=\"color: #000000;\"><strong>J \/ Stein\u00adad\u00adler\u00adrou\u00adte 5b (5a&nbsp;obl.)<\/strong><\/span><\/p>\n\t\t\t\t\t\t\t\t<\/div>\n\t\t\t\t<\/div>\n\t\t\t\t<div class=\"elementor-element elementor-element-55fbbdc elementor-widget-divider--view-line elementor-widget elementor-widget-divider\" data-id=\"55fbbdc\" data-element_type=\"widget\" data-widget_type=\"divider.default\">\n\t\t\t\t<div class=\"elementor-widget-container\">\n\t\t\t\t\t\t\t<div class=\"elementor-divider\">\n\t\t\t<span class=\"elementor-divider-separator\">\n\t\t\t\t\t\t<\/span>\n\t\t<\/div>\n\t\t\t\t\t\t<\/div>\n\t\t\t\t<\/div>\n\t\t\t\t<div class=\"elementor-element elementor-element-698ebba elementor-widget elementor-widget-text-editor\" data-id=\"698ebba\" data-element_type=\"widget\" data-widget_type=\"text-editor.default\">\n\t\t\t\t<div class=\"elementor-widget-container\">\n\t\t\t\t\t\t\t\t\t<p><span style=\"color: #000000;\"><strong>Sek\u00adtor Grasband<\/strong><\/span><br>\n<span style=\"color: #000000;\">Ce sec\u00adteur est att\u00adeig\u00adnable par les 3 pre\u00admi\u00e8\u00adres longueurs de la voie Stein\u00adad\u00adler ou par une cor\u00adde fixe situ\u00e9e \u00e0 la gau\u00adche du sec\u00adteur Wand\u00adfuss. Cet\u00adte cor\u00adde fixe m\u00e8ne jusqu\u2019au sec\u00adteur par des vires her\u00adbeu\u00adses, le par\u00adcours peut-\u00eatre d\u00e9licat.<\/span><\/p>\n<p><span style=\"color: #000000;\"><strong>H \/ Der Berg ruft&nbsp;7c<\/strong><\/span><br>\n<span style=\"color: #000000;\"><em>Dani\u00adel Leig\u00adge\u00adner, Eric Point\u00adner&nbsp;1990<\/em><\/span><br>\n<span style=\"color: #000000;\">Dans la fou\u00adgue de la jeu\u00adnesse, Dani et Eric ont ouvert un des plus beaux 7c de la r\u00e9gion, le long d\u2018une ligne \u00e9vi\u00adden\u00adte dans ce mur surplombant.<\/span><br>\n<span style=\"color: #000000;\">Des\u00adcen\u00adte en rap\u00adpel dans la&nbsp;voie.<\/span><br>\n<span style=\"color: #000000;\">Mat\u00e9\u00adri\u00adel: 18 d\u00e9gai\u00adnes, cor\u00adde de 70&nbsp;m<\/span><\/p>\n<p><span style=\"color: #000000;\"><strong>Rou\u00adten Nr. 1 bis&nbsp;6<\/strong><\/span><br>\n<span style=\"color: #000000;\"><em>Dani\u00adel Leig\u00adge\u00adner, Bru\u00adno Pfaf\u00adfen&nbsp;2013<\/em><\/span><br>\n<span style=\"color: #000000;\">Il s\u2019agit de tr\u00e8s bel\u00adles lignes dans un rocher de qualit\u00e9.<\/span><br>\n<span style=\"color: #000000;\"><strong>1 \/ \u00c4lus L\u00fcter&nbsp;7a<\/strong><\/span><br>\n<span style=\"color: #000000;\"><strong>2 \/ Alp\u00adse\u00adgen&nbsp;7a<\/strong><\/span><br>\n<span style=\"color: #000000;\"><strong>3 \/ Gwei\u00adlo&nbsp;6c+<\/strong><\/span><br>\n<span style=\"color: #000000;\"><strong>4 \/ Yenn Sze&nbsp;6c<\/strong><\/span><br>\n<span style=\"color: #000000;\"><strong>5 \/ Orig. Napalm Duo&nbsp;7a<\/strong><\/span><br>\n<span style=\"color: #000000;\"><strong>6 \/ Patro\u00adna Bava\u00adriae&nbsp;6b<\/strong><\/span><\/p>\n\t\t\t\t\t\t\t\t<\/div>\n\t\t\t\t<\/div>\n\t\t\t\t<div class=\"elementor-element elementor-element-7d84f0b3 elementor-widget elementor-widget-text-editor\" data-id=\"7d84f0b3\" data-element_type=\"widget\" data-widget_type=\"text-editor.default\">\n\t\t\t\t<div class=\"elementor-widget-container\">\n\t\t\t\t\t\t\t\t\t<p><em>Topo du gui\u00adde d\u2019escalade Wiwan\u00adni&nbsp;2022<\/em><\/p>\n\t\t\t\t\t\t\t\t<\/div>\n\t\t\t\t<\/div>\n\t\t\t\t\t<\/div>\n\t\t<\/div>\n\t\t\t\t<div class=\"elementor-column elementor-col-50 elementor-top-column elementor-element elementor-element-4a699d59\" data-id=\"4a699d59\" data-element_type=\"column\" data-settings=\"{&quot;background_background&quot;:&quot;classic&quot;}\">\n\t\t\t<div class=\"elementor-widget-wrap elementor-element-populated\">\n\t\t\t\t\t\t<div class=\"elementor-element elementor-element-65191173 elementor-align-left elementor-widget elementor-widget-button\" data-id=\"65191173\" data-element_type=\"widget\" data-widget_type=\"button.default\">\n\t\t\t\t<div class=\"elementor-widget-container\">\n\t\t\t\t\t\t\t\t\t<div class=\"elementor-button-wrapper\">\n\t\t\t\t\t<a class=\"elementor-button elementor-button-link elementor-size-sm\" href=\"https:\/\/www.wiwanni.ch\/fr\/zones-d-escalade\/\">\n\t\t\t\t\t\t<span class=\"elementor-button-content-wrapper\">\n\t\t\t\t\t\t<span class=\"elementor-button-icon\">\n\t\t\t\t<i aria-hidden=\"true\" class=\"fas fa-arrow-left\"><\/i>\t\t\t<\/span>\n\t\t\t\t\t\t\t\t\t<span class=\"elementor-button-text\">vue d\u2019en\u00adsem\u00adble<\/span>\n\t\t\t\t\t<\/span>\n\t\t\t\t\t<\/a>\n\t\t\t\t<\/div>\n\t\t\t\t\t\t\t\t<\/div>\n\t\t\t\t<\/div>\n\t\t\t\t<div class=\"elementor-element elementor-element-126477fd elementor-widget elementor-widget-heading\" data-id=\"126477fd\" data-element_type=\"widget\" data-widget_type=\"heading.default\">\n\t\t\t\t<div class=\"elementor-widget-container\">\n\t\t\t\t\t<h4 class=\"elementor-heading-title elementor-size-default\">Sec\u00adteurs<\/h4>\t\t\t\t<\/div>\n\t\t\t\t<\/div>\n\t\t\t\t<div class=\"elementor-element elementor-element-58a5c4f6 elementor-nav-menu__align-start elementor-nav-menu--dropdown-none elementor-widget elementor-widget-nav-menu\" data-id=\"58a5c4f6\" data-element_type=\"widget\" data-settings=\"{&quot;layout&quot;:&quot;vertical&quot;,&quot;submenu_icon&quot;:{&quot;value&quot;:&quot;<i class=\\&quot;\\&quot;><\\\/i>&quot;,&quot;library&quot;:&quot;&quot;}}\" data-widget_type=\"nav-menu.default\">\n\t\t\t\t<div class=\"elementor-widget-container\">\n\t\t\t\t\t\t\t\t<nav aria-label=\"Menu\" class=\"elementor-nav-menu--main elementor-nav-menu__container elementor-nav-menu--layout-vertical e--pointer-background e--animation-fade\">\n\t\t\t\t<ul id=\"menu-1-58a5c4f6\" class=\"elementor-nav-menu sm-vertical\"><li class=\"menu-item menu-item-type-post_type menu-item-object-page menu-item-2152\"><a href=\"https:\/\/www.wiwanni.ch\/fr\/huettensektor-unterbaerg\/\" class=\"elementor-item\">1 H\u00fct\u00adten\u00adsek\u00adtor Unterb\u00e4rg<\/a><\/li>\n<li class=\"menu-item menu-item-type-post_type menu-item-object-page menu-item-2188\"><a href=\"https:\/\/www.wiwanni.ch\/fr\/unterer-klettergarten\/\" class=\"elementor-item\">2 Unte\u00adrer Klettergarten<\/a><\/li>\n<li class=\"menu-item menu-item-type-post_type menu-item-object-page menu-item-2220\"><a href=\"https:\/\/www.wiwanni.ch\/fr\/oberer-klettergarten\/\" class=\"elementor-item\">3 Obe\u00adrer Klettergarten<\/a><\/li>\n<li class=\"menu-item menu-item-type-post_type menu-item-object-page menu-item-2241\"><a href=\"https:\/\/www.wiwanni.ch\/fr\/klettergarten-wandfuss\/\" class=\"elementor-item\">4 Klet\u00adter\u00adgar\u00adten Wandfuss<\/a><\/li>\n<li class=\"menu-item menu-item-type-post_type menu-item-object-page menu-item-2267\"><a href=\"https:\/\/www.wiwanni.ch\/fr\/schepfipfiler\/\" class=\"elementor-item\">5 Sche\u00adp\u00adfip\u00adfi\u00adler<\/a><\/li>\n<li class=\"menu-item menu-item-type-post_type menu-item-object-page menu-item-2291\"><a href=\"https:\/\/www.wiwanni.ch\/fr\/klein-augstkummenhorn\/\" class=\"elementor-item\">6 Klein Augstkummenhorn<\/a><\/li>\n<li class=\"menu-item menu-item-type-post_type menu-item-object-page menu-item-2334\"><a href=\"https:\/\/www.wiwanni.ch\/fr\/gross-augstkummenhorn\/\" class=\"elementor-item\">7 Gross Augstkummenhorn<\/a><\/li>\n<li class=\"menu-item menu-item-type-post_type menu-item-object-page menu-item-2684\"><a href=\"https:\/\/www.wiwanni.ch\/fr\/wiwanni-suedwestwand\/\" class=\"elementor-item\">8 Wiwan\u00adni S\u00fcdwestwand<\/a><\/li>\n<li class=\"menu-item menu-item-type-post_type menu-item-object-page menu-item-2713\"><a href=\"https:\/\/www.wiwanni.ch\/fr\/wiwanni-suedwand\/\" class=\"elementor-item\">9 Wiwan\u00adni S\u00fcdwand<\/a><\/li>\n<li class=\"menu-item menu-item-type-post_type menu-item-object-page menu-item-2740\"><a href=\"https:\/\/www.wiwanni.ch\/fr\/wiwannihorn\/\" class=\"elementor-item\">10 Wiwan\u00adni\u00adhorn<\/a><\/li>\n<li class=\"menu-item menu-item-type-post_type menu-item-object-page menu-item-2481\"><a href=\"https:\/\/www.wiwanni.ch\/fr\/ostgrat\/\" class=\"elementor-item\">11 Ost\u00adgrat<\/a><\/li>\n<li class=\"menu-item menu-item-type-post_type menu-item-object-page menu-item-2757\"><a href=\"https:\/\/www.wiwanni.ch\/fr\/bru\/\" class=\"elementor-item\">12 Bru<\/a><\/li>\n<li class=\"menu-item menu-item-type-post_type menu-item-object-page menu-item-2387\"><a href=\"https:\/\/www.wiwanni.ch\/fr\/chruetighorn\/\" class=\"elementor-item\">13 Chr\u00fc\u00adtig\u00adhorn<\/a><\/li>\n<li class=\"menu-item menu-item-type-post_type menu-item-object-page menu-item-2635\"><a href=\"https:\/\/www.wiwanni.ch\/fr\/duebigrat\/\" class=\"elementor-item\">14 D\u00fcbi\u00adgrat<\/a><\/li>\n<li class=\"menu-item menu-item-type-post_type menu-item-object-page menu-item-2592\"><a href=\"https:\/\/www.wiwanni.ch\/fr\/sattolwaeschi\/\" class=\"elementor-item\">15 Sat\u00adtol\u00adw\u00e4\u00adschi<\/a><\/li>\n<li class=\"menu-item menu-item-type-post_type menu-item-object-page menu-item-2354\"><a href=\"https:\/\/www.wiwanni.ch\/fr\/secteur-de-bloc-eggen\/\" class=\"elementor-item\">16 Sec\u00adteur de bloc&nbsp;Eggen<\/a><\/li>\n<li class=\"menu-item menu-item-type-post_type menu-item-object-page menu-item-2568\"><a href=\"https:\/\/www.wiwanni.ch\/fr\/klettergarten-wolfblatte-ausserberg\/\" class=\"elementor-item\">17 Klet\u00adter\u00adgar\u00adten Wolf\u00adblat\u00adte Ausserberg<\/a><\/li>\n<li class=\"menu-item menu-item-type-post_type menu-item-object-page menu-item-2375\"><a href=\"https:\/\/www.wiwanni.ch\/fr\/jardin-descalade-chalchofo\/\" class=\"elementor-item\">18 Chal\u00adcho\u00adfo \u2013 P\u00e4r\u00fc\u00fclu<\/a><\/li>\n<li class=\"menu-item menu-item-type-post_type menu-item-object-page menu-item-2826\"><a href=\"https:\/\/www.wiwanni.ch\/fr\/traversee-de-larete\/\" class=\"elementor-item\">Tra\u00adver\u00ads\u00e9e de l\u2019ar\u00eate<\/a><\/li>\n<li class=\"menu-item menu-item-type-post_type menu-item-object-page menu-item-3290\"><a href=\"https:\/\/www.wiwanni.ch\/fr\/via-ferrata-du-baltschiedertal\/\" class=\"elementor-item\">Via fer\u00adra\u00adta du Baltschiedertal<\/a><\/li>\n<\/ul>\t\t\t<\/nav>\n\t\t\t\t\t\t<nav class=\"elementor-nav-menu--dropdown elementor-nav-menu__container\" aria-hidden=\"true\">\n\t\t\t\t<ul id=\"menu-2-58a5c4f6\" class=\"elementor-nav-menu sm-vertical\"><li class=\"menu-item menu-item-type-post_type menu-item-object-page menu-item-2152\"><a href=\"https:\/\/www.wiwanni.ch\/fr\/huettensektor-unterbaerg\/\" class=\"elementor-item\" tabindex=\"-1\">1 H\u00fct\u00adten\u00adsek\u00adtor Unterb\u00e4rg<\/a><\/li>\n<li class=\"menu-item menu-item-type-post_type menu-item-object-page menu-item-2188\"><a href=\"https:\/\/www.wiwanni.ch\/fr\/unterer-klettergarten\/\" class=\"elementor-item\" tabindex=\"-1\">2 Unte\u00adrer Klettergarten<\/a><\/li>\n<li class=\"menu-item menu-item-type-post_type menu-item-object-page menu-item-2220\"><a href=\"https:\/\/www.wiwanni.ch\/fr\/oberer-klettergarten\/\" class=\"elementor-item\" tabindex=\"-1\">3 Obe\u00adrer Klettergarten<\/a><\/li>\n<li class=\"menu-item menu-item-type-post_type menu-item-object-page menu-item-2241\"><a href=\"https:\/\/www.wiwanni.ch\/fr\/klettergarten-wandfuss\/\" class=\"elementor-item\" tabindex=\"-1\">4 Klet\u00adter\u00adgar\u00adten Wandfuss<\/a><\/li>\n<li class=\"menu-item menu-item-type-post_type menu-item-object-page menu-item-2267\"><a href=\"https:\/\/www.wiwanni.ch\/fr\/schepfipfiler\/\" class=\"elementor-item\" tabindex=\"-1\">5 Sche\u00adp\u00adfip\u00adfi\u00adler<\/a><\/li>\n<li class=\"menu-item menu-item-type-post_type menu-item-object-page menu-item-2291\"><a href=\"https:\/\/www.wiwanni.ch\/fr\/klein-augstkummenhorn\/\" class=\"elementor-item\" tabindex=\"-1\">6 Klein Augstkummenhorn<\/a><\/li>\n<li class=\"menu-item menu-item-type-post_type menu-item-object-page menu-item-2334\"><a href=\"https:\/\/www.wiwanni.ch\/fr\/gross-augstkummenhorn\/\" class=\"elementor-item\" tabindex=\"-1\">7 Gross Augstkummenhorn<\/a><\/li>\n<li class=\"menu-item menu-item-type-post_type menu-item-object-page menu-item-2684\"><a href=\"https:\/\/www.wiwanni.ch\/fr\/wiwanni-suedwestwand\/\" class=\"elementor-item\" tabindex=\"-1\">8 Wiwan\u00adni S\u00fcdwestwand<\/a><\/li>\n<li class=\"menu-item menu-item-type-post_type menu-item-object-page menu-item-2713\"><a href=\"https:\/\/www.wiwanni.ch\/fr\/wiwanni-suedwand\/\" class=\"elementor-item\" tabindex=\"-1\">9 Wiwan\u00adni S\u00fcdwand<\/a><\/li>\n<li class=\"menu-item menu-item-type-post_type menu-item-object-page menu-item-2740\"><a href=\"https:\/\/www.wiwanni.ch\/fr\/wiwannihorn\/\" class=\"elementor-item\" tabindex=\"-1\">10 Wiwan\u00adni\u00adhorn<\/a><\/li>\n<li class=\"menu-item menu-item-type-post_type menu-item-object-page menu-item-2481\"><a href=\"https:\/\/www.wiwanni.ch\/fr\/ostgrat\/\" class=\"elementor-item\" tabindex=\"-1\">11 Ost\u00adgrat<\/a><\/li>\n<li class=\"menu-item menu-item-type-post_type menu-item-object-page menu-item-2757\"><a href=\"https:\/\/www.wiwanni.ch\/fr\/bru\/\" class=\"elementor-item\" tabindex=\"-1\">12 Bru<\/a><\/li>\n<li class=\"menu-item menu-item-type-post_type menu-item-object-page menu-item-2387\"><a href=\"https:\/\/www.wiwanni.ch\/fr\/chruetighorn\/\" class=\"elementor-item\" tabindex=\"-1\">13 Chr\u00fc\u00adtig\u00adhorn<\/a><\/li>\n<li class=\"menu-item menu-item-type-post_type menu-item-object-page menu-item-2635\"><a href=\"https:\/\/www.wiwanni.ch\/fr\/duebigrat\/\" class=\"elementor-item\" tabindex=\"-1\">14 D\u00fcbi\u00adgrat<\/a><\/li>\n<li class=\"menu-item menu-item-type-post_type menu-item-object-page menu-item-2592\"><a href=\"https:\/\/www.wiwanni.ch\/fr\/sattolwaeschi\/\" class=\"elementor-item\" tabindex=\"-1\">15 Sat\u00adtol\u00adw\u00e4\u00adschi<\/a><\/li>\n<li class=\"menu-item menu-item-type-post_type menu-item-object-page menu-item-2354\"><a href=\"https:\/\/www.wiwanni.ch\/fr\/secteur-de-bloc-eggen\/\" class=\"elementor-item\" tabindex=\"-1\">16 Sec\u00adteur de bloc&nbsp;Eggen<\/a><\/li>\n<li class=\"menu-item menu-item-type-post_type menu-item-object-page menu-item-2568\"><a href=\"https:\/\/www.wiwanni.ch\/fr\/klettergarten-wolfblatte-ausserberg\/\" class=\"elementor-item\" tabindex=\"-1\">17 Klet\u00adter\u00adgar\u00adten Wolf\u00adblat\u00adte Ausserberg<\/a><\/li>\n<li class=\"menu-item menu-item-type-post_type menu-item-object-page menu-item-2375\"><a href=\"https:\/\/www.wiwanni.ch\/fr\/jardin-descalade-chalchofo\/\" class=\"elementor-item\" tabindex=\"-1\">18 Chal\u00adcho\u00adfo \u2013 P\u00e4r\u00fc\u00fclu<\/a><\/li>\n<li class=\"menu-item menu-item-type-post_type menu-item-object-page menu-item-2826\"><a href=\"https:\/\/www.wiwanni.ch\/fr\/traversee-de-larete\/\" class=\"elementor-item\" tabindex=\"-1\">Tra\u00adver\u00ads\u00e9e de l\u2019ar\u00eate<\/a><\/li>\n<li class=\"menu-item menu-item-type-post_type menu-item-object-page menu-item-3290\"><a href=\"https:\/\/www.wiwanni.ch\/fr\/via-ferrata-du-baltschiedertal\/\" class=\"elementor-item\" tabindex=\"-1\">Via fer\u00adra\u00adta du Baltschiedertal<\/a><\/li>\n<\/ul>\t\t\t<\/nav>\n\t\t\t\t\t\t<\/div>\n\t\t\t\t<\/div>\n\t\t\t\t\t<\/div>\n\t\t<\/div>\n\t\t\t\t\t<\/div>\n\t\t<\/section>\n\t\t\t\t<\/div>\n\t\t","protected":false},"excerpt":{"rendered":"<p>Wiwan\u00adni S\u00fcd\u00adwand This post is also available in: Eng\u00adlish Fran\u00ad\u00e7ais Ita\u00adlia\u00adno A \/ Bart\u00adgei\u00ader 6c (6b&nbsp;obl.) Andre\u00adas Fux, Rinal\u00addo Bor\u00adra, Egon Fel\u00adler&nbsp;2000 Bel\u00adle escala\u00adde rai\u00adde. Deu\u00adxi\u00e8\u00adme longueur par\u00adse\u00adm\u00e9e de vires her\u00adbeu\u00adses. Des\u00adcen\u00adte en rap\u00adpel dans la&nbsp;voie. Mat\u00e9\u00adri\u00adel: 12 d\u00e9gai\u00adnes, cor\u00adde de 50&nbsp;m B \/ Gold\u00adgei\u00ader 6c (6c&nbsp;obl.) Cor\u00adne\u00adlia Mei\u00ader, Dami\u00adan Trey\u00ader&nbsp;1999 Tr\u00e8s bel\u00adle escala\u00adde dans un super rocher. Le final impres\u00adsi\u00adon\u00adnant am\u00e8\u00adne sou\u00advent son lot d\u2019\u00e9motions for\u00adtes. Voie recom\u00adman\u00add\u00e9e. Des\u00adcen\u00adte en rap\u00adpel dans la&nbsp;voie. Mat\u00e9\u00adri\u00adel: 12 d\u00e9gai\u00adnes, cor\u00adde de 60&nbsp;m C \/ Her\u00adme\u00adlin&nbsp;7a Simon Caprez, Corin\u00adne Rossacher Voie d\u2019escalade spor\u00adti\u00adve enga\u00adg\u00e9e, dans un tr\u00e8s bon rocher et for\u00adte\u00adment recom\u00adman\u00add\u00e9e.&nbsp;La&nbsp;[\u2026]<\/p>\n","protected":false},"author":4,"featured_media":0,"parent":0,"menu_order":0,"comment_status":"closed","ping_status":"closed","template":"","meta":{"wp_typography_post_enhancements_disabled":false,"footnotes":""},"class_list":["post-2708","page","type-page","status-publish","hentry","wpbf-post"],"_links":{"self":[{"href":"https:\/\/www.wiwanni.ch\/fr\/wp-json\/wp\/v2\/pages\/2708","targetHints":{"allow":["GET"]}}],"collection":[{"href":"https:\/\/www.wiwanni.ch\/fr\/wp-json\/wp\/v2\/pages"}],"about":[{"href":"https:\/\/www.wiwanni.ch\/fr\/wp-json\/wp\/v2\/types\/page"}],"author":[{"embeddable":true,"href":"https:\/\/www.wiwanni.ch\/fr\/wp-json\/wp\/v2\/users\/4"}],"replies":[{"embeddable":true,"href":"https:\/\/www.wiwanni.ch\/fr\/wp-json\/wp\/v2\/comments?post=2708"}],"version-history":[{"count":6,"href":"https:\/\/www.wiwanni.ch\/fr\/wp-json\/wp\/v2\/pages\/2708\/revisions"}],"predecessor-version":[{"id":4833,"href":"https:\/\/www.wiwanni.ch\/fr\/wp-json\/wp\/v2\/pages\/2708\/revisions\/4833"}],"wp:attachment":[{"href":"https:\/\/www.wiwanni.ch\/fr\/wp-json\/wp\/v2\/media?parent=2708"}],"curies":[{"name":"wp","href":"https:\/\/api.w.org\/{rel}","templated":true}]}}