{"id":2288,"date":"2020-06-01T12:44:26","date_gmt":"2020-06-01T12:44:26","guid":{"rendered":"http:\/\/wl1www392.webland.ch\/wordpress\/wiwanni\/klein-augstkummenhorn\/"},"modified":"2025-05-20T01:09:25","modified_gmt":"2025-05-19T23:09:25","slug":"klein-augstkummenhorn","status":"publish","type":"page","link":"https:\/\/www.wiwanni.ch\/fr\/klein-augstkummenhorn\/","title":{"rendered":"Klein Augst\u00adkum\u00admen\u00adhorn"},"content":{"rendered":"\t\t<div data-elementor-type=\"wp-page\" data-elementor-id=\"2288\" class=\"elementor elementor-2288 elementor-555\" data-elementor-post-type=\"page\">\n\t\t\t\t\t\t<section class=\"elementor-section elementor-top-section elementor-element elementor-element-ba4980 elementor-section-boxed elementor-section-height-default elementor-section-height-default\" data-id=\"ba4980\" data-element_type=\"section\" data-settings=\"{&quot;background_background&quot;:&quot;classic&quot;}\">\n\t\t\t\t\t\t<div class=\"elementor-container elementor-column-gap-no\">\n\t\t\t\t\t<div class=\"elementor-column elementor-col-50 elementor-top-column elementor-element elementor-element-51e4a32d\" data-id=\"51e4a32d\" data-element_type=\"column\" data-settings=\"{&quot;background_background&quot;:&quot;classic&quot;}\">\n\t\t\t<div class=\"elementor-widget-wrap elementor-element-populated\">\n\t\t\t\t\t\t<div class=\"elementor-element elementor-element-376ec847 elementor-widget elementor-widget-image\" data-id=\"376ec847\" data-element_type=\"widget\" data-widget_type=\"image.default\">\n\t\t\t\t<div class=\"elementor-widget-container\">\n\t\t\t\t\t\t\t\t\t\t\t\t\t\t\t\t<a href=\"https:\/\/www.wiwanni.ch\/wp-content\/uploads\/wiwanni-2025_topo-klein-augstkummenhorn_web.jpg\" data-elementor-open-lightbox=\"yes\" data-e-action-hash=\"#elementor-action%3Aaction%3Dlightbox%26settings%3DeyJpZCI6NTAxNiwidXJsIjoiaHR0cHM6XC9cL3d3dy53aXdhbm5pLmNoXC93cC1jb250ZW50XC91cGxvYWRzXC93aXdhbm5pLTIwMjVfdG9wby1rbGVpbi1hdWdzdGt1bW1lbmhvcm5fd2ViLmpwZyJ9\">\n\t\t\t\t\t\t\t<img fetchpriority=\"high\" decoding=\"async\" width=\"487\" height=\"705\" src=\"https:\/\/www.wiwanni.ch\/wp-content\/uploads\/wiwanni-2025_topo-klein-augstkummenhorn_web.jpg\" class=\"attachment-large size-large wp-image-5016\" alt srcset=\"https:\/\/www.wiwanni.ch\/wp-content\/uploads\/wiwanni-2025_topo-klein-augstkummenhorn_web.jpg 487w, https:\/\/www.wiwanni.ch\/wp-content\/uploads\/wiwanni-2025_topo-klein-augstkummenhorn_web-207x300.jpg 207w, https:\/\/www.wiwanni.ch\/wp-content\/uploads\/wiwanni-2025_topo-klein-augstkummenhorn_web-300x434.jpg 300w\" sizes=\"(max-width: 487px) 100vw, 487px\">\t\t\t\t\t\t\t\t<\/a>\n\t\t\t\t\t\t\t\t\t\t\t\t\t\t\t<\/div>\n\t\t\t\t<\/div>\n\t\t\t\t<div class=\"elementor-element elementor-element-57065967 elementor-widget elementor-widget-heading\" data-id=\"57065967\" data-element_type=\"widget\" data-widget_type=\"heading.default\">\n\t\t\t\t<div class=\"elementor-widget-container\">\n\t\t\t\t\t<h4 class=\"elementor-heading-title elementor-size-default\">Klein Augst\u00adkum\u00admen\u00adhorn<\/h4>\t\t\t\t<\/div>\n\t\t\t\t<\/div>\n\t\t\t\t<div class=\"elementor-element elementor-element-439cea0 elementor-widget elementor-widget-wpml-language-switcher\" data-id=\"439cea0\" data-element_type=\"widget\" data-widget_type=\"wpml-language-switcher.default\">\n\t\t\t\t<div class=\"elementor-widget-container\">\n\t\t\t\t\t<div class=\"wpml-elementor-ls\"><p class=\"wpml-ls-statics-post_translations wpml-ls\">This post is also available in: \n    <span class=\"wpml-ls-slot-post_translations wpml-ls-item wpml-ls-item-de wpml-ls-first-item wpml-ls-item-legacy-post-translations\"><a href=\"https:\/\/www.wiwanni.ch\/\" class=\"wpml-ls-link\"><span class=\"wpml-ls-native\" lang=\"de\">Deutsch<\/span><\/a><\/span>    <span class=\"wpml-ls-slot-post_translations wpml-ls-item wpml-ls-item-en wpml-ls-item-legacy-post-translations\"><a href=\"https:\/\/www.wiwanni.ch\/en\/\" class=\"wpml-ls-link\"><span class=\"wpml-ls-native\" lang=\"en\">Eng\u00adlish<\/span><\/a><\/span>    <span class=\"wpml-ls-slot-post_translations wpml-ls-item wpml-ls-item-it wpml-ls-last-item wpml-ls-item-legacy-post-translations\"><a href=\"https:\/\/www.wiwanni.ch\/it\/\" class=\"wpml-ls-link\"><span class=\"wpml-ls-native\" lang=\"it\">Ita\u00adlia\u00adno<\/span><\/a><\/span><\/p><\/div>\t\t\t\t<\/div>\n\t\t\t\t<\/div>\n\t\t\t\t<div class=\"elementor-element elementor-element-b57bf13 elementor-widget elementor-widget-text-editor\" data-id=\"b57bf13\" data-element_type=\"widget\" data-widget_type=\"text-editor.default\">\n\t\t\t\t<div class=\"elementor-widget-container\">\n\t\t\t\t\t\t\t\t\t<p><strong>1 \/ West\u00adgrat Nor\u00admal\u00adrou\u00adte und Abstiegs\u00adrou\u00adte, 2+ ter\u00adrain alpin expo\u00ads\u00e9<\/strong><br>Jusqu\u2019\u00e0 l\u2019ant\u00e9cime Ouest, il s\u2019agit d\u2019un che\u00admin plus ou moins mar\u00adqu\u00e9 et quel\u00adques blocs faci\u00adle \u00e0 grim\u00adper. De l\u2019ant\u00e9cime au som\u00admet prin\u00adci\u00adpal on suit l\u2019ar\u00eate a\u00e9ri\u00aden\u00adne qui off\u00adre une vue plon\u00adge\u00adan\u00adte dans le Biets\u00adch\u00adtal. Il y a plu\u00ads\u00adieurs spits tout au long de cet\u00adte der\u00adni\u00e8\u00adre pour l\u2019assurage. L\u2019escalade est faci\u00adle, vari\u00e9e mais tout de m\u00eame impres\u00adsio\u00adn\u00adan\u00adte. Cet itin\u00ad\u00e9\u00adrai\u00adre est aus\u00adsi emprun\u00adt\u00e9 pour la des\u00adcen\u00adte, mais n\u2019est pas \u00e9qui\u00adp\u00e9 pour des\u00adcend\u00adre en rap\u00adpel.<br>Dur\u00e9e: env. 1 h 30 de la caba\u00adne au som\u00admet<br>Mat\u00e9\u00adri\u00adel: 2 \u2013 3 d\u00e9gai\u00adnes, cor\u00adde courte<\/p>\n\t\t\t\t\t\t\t\t<\/div>\n\t\t\t\t<\/div>\n\t\t\t\t<div class=\"elementor-element elementor-element-1256eed elementor-widget-divider--view-line elementor-widget elementor-widget-divider\" data-id=\"1256eed\" data-element_type=\"widget\" data-widget_type=\"divider.default\">\n\t\t\t\t<div class=\"elementor-widget-container\">\n\t\t\t\t\t\t\t<div class=\"elementor-divider\">\n\t\t\t<span class=\"elementor-divider-separator\">\n\t\t\t\t\t\t<\/span>\n\t\t<\/div>\n\t\t\t\t\t\t<\/div>\n\t\t\t\t<\/div>\n\t\t\t\t<div class=\"elementor-element elementor-element-d059e6f elementor-widget elementor-widget-text-editor\" data-id=\"d059e6f\" data-element_type=\"widget\" data-widget_type=\"text-editor.default\">\n\t\t\t\t<div class=\"elementor-widget-container\">\n\t\t\t\t\t\t\t\t\t<p><strong>A \/ Sala\u00adman\u00adder 5a (4c obl.)<\/strong><br><em>Rebec\u00adca Bisig, Egon Fel\u00adler 2002<\/em><br>Tr\u00e8s bel\u00adle voie vari\u00e9e com\u00adportant des sec\u00adtions de dal\u00adles et des sec\u00adtions ver\u00adti\u00adcal\u00ades, dans le 4 \u00e8me et le 5 \u00e8me degr\u00e9 de dif\u00adfi\u00adcul\u00adt\u00e9. Tr\u00e8s bien \u00e9qui\u00adp\u00e9e et sou\u00advent par\u00adcou\u00adrue.<br>Des\u00adcen\u00adte: par l\u2019ar\u00eate Ouest. Pos\u00adsi\u00adbi\u00adli\u00adt\u00e9 de des\u00adcend\u00adre en rap\u00adpel dans la voie. 8 x 25 m ou 4 x 50 m. Ou des\u00adcend\u00adre en rap\u00adpel sur la pis\u00adte de des\u00adcen\u00adte direc\u00adte\u00adment depuis le som\u00admet.<br>Temps: comp\u00adter 3 h de la caba\u00adne au som\u00admet<br>Mat\u00e9\u00adri\u00adel: 10 d\u00e9gai\u00adnes, cor\u00adde de 50&nbsp;m.<\/p>\n<p><strong>B \/ Schwarz\u00adhal\u00adsa 5b (5a obl.)<\/strong><br><em>Con\u00adny et Dami\u00adan Trey\u00ader, aut\u00adom\u00adne&nbsp;2024<br>\n<\/em>En rai\u00adson des lichens dans la par\u00adtie sup\u00e9\u00adri\u00adeu\u00adre, cet itin\u00ad\u00e9\u00adrai\u00adre n\u2019est pas recom\u00adman\u00add\u00e9 en cas d\u2019hu\u00admi\u00addi\u00adt\u00e9. On peut tr\u00e8s bien se rab\u00adatt\u00adre sur la voie Enzi\u00adan. Sinon, tr\u00e8s bel\u00adle escala\u00adde dans un bon rocher.<br>Des\u00adcen\u00adte : Il n\u2019est pas recom\u00adman\u00add\u00e9 de des\u00adcend\u00adre en rap\u00adpel par la voie. Soit des\u00adcend\u00adre par 1, ar\u00eate ouest de la voie nor\u00adma\u00adle. Ou des\u00adcend\u00adre en rap\u00adpel par la pis\u00adte de rap\u00adpel direc\u00adte\u00adment depuis le som\u00admet : 7 x 25 m.<br>Mat\u00e9\u00adri\u00adel : 12 d\u00e9gai\u00adnes express, 50 m de&nbsp;corde<\/p>\n<p><strong>C \/ Enzi\u00adan 5a (4c obl.)<\/strong><br><em>Bru\u00adno Leig\u00adge\u00adner, Egon Fel\u00adler 1994<\/em><br>Bel\u00adle voie \u00e0 recom\u00adman\u00adder, elle est vari\u00e9e et sou\u00advent par\u00adcou\u00adrue. Les dal\u00adles sont rapi\u00adde\u00adment s\u00e8ches apr\u00e8s les pr\u00e9\u00adci\u00adpi\u00adta\u00adti\u00adons.<br>Des\u00adcen\u00adte: par l\u2019ar\u00eate Ouest. Pos\u00adsi\u00adbi\u00adli\u00adt\u00e9 de des\u00adcend\u00adre en rap\u00adpel dans la voie. 8 x 25 m ou 4 x 50 m. Ou des\u00adcend\u00adre en rap\u00adpel sur la pis\u00adte de des\u00adcen\u00adte direc\u00adte\u00adment depuis le som\u00admet.<br>Temps: comp\u00adter 3h de la caba\u00adne au som\u00admet<br>Mat\u00e9\u00adri\u00adel: 10 d\u00e9gai\u00adnes, cor\u00adde de 50&nbsp;m.<\/p>\n<p>&nbsp;<\/p>\n<p><strong>D \/ Schwarz\u00adna\u00adse 5a<\/strong><br><em>Judith W\u00e4l\u00adti, Egon Fel\u00adler 2009<\/em><br>Tr\u00e8s bel\u00adle voie vari\u00e9e com\u00adportant des sec\u00adtions de dal\u00adles et des sec\u00adtions ver\u00adti\u00adcal\u00ades, dans le 4 \u00e8me et le 5 \u00e8me degr\u00e9 de dif\u00adfi\u00adcul\u00adt\u00e9. Tr\u00e8s bien \u00e9qui\u00adp\u00e9e.<br>Des\u00adcen\u00adte: par l\u2019ar\u00eate Ouest. Pos\u00adsi\u00adbi\u00adli\u00adt\u00e9 de des\u00adcend\u00adre en rap\u00adpel dans la voie. 8 x 25 m ou 4 x 50 m. Ou des\u00adcend\u00adre en rap\u00adpel sur la pis\u00adte de des\u00adcen\u00adte direc\u00adte\u00adment depuis le som\u00admet.<br>Temps: comp\u00adter 3h de la caba\u00adne au som\u00admet<br>Mat\u00e9\u00adri\u00adel: 8 d\u00e9gai\u00adnes, cor\u00adde de 50&nbsp;m.<\/p>\n<p><strong>E \/ Fux 6c+<\/strong><br><em>Egon Fel\u00adler 2000<\/em><br>Voie de 22 m en d\u00e9vers dans un rocher de tr\u00e8s bon\u00adne qua\u00adli\u00adt\u00e9. Plus dur qu\u2019il n\u2019y parait.<br>Mat\u00e9\u00adri\u00adel: 10 d\u00e9gai\u00adnes, cor\u00adde de 50&nbsp;m.<\/p>\n<p><strong>F \/ Karetsch 7b<\/strong><br><em>Dani\u00adel Leig\u00adge\u00adner &amp; Tho\u00admas Kar\u00adrer 1995<\/em><br>La par\u00adtie 5 \u00e9toi\u00adles en d\u00e9vers de la voie se trouve dans la deu\u00adxi\u00e8\u00adme longueur.<br>Des\u00adcen\u00adte: en rap\u00adpel dans la voie<br>Mat\u00e9\u00adri\u00adel: 12 d\u00e9gai\u00adnes, cor\u00adde de 50&nbsp;m<\/p>\n<p><strong>G \/ Geiss\u00adfuess 5b+<\/strong><br><em>Simon Schmid, Mar\u00adtin Heynen, Judith W\u00e4l\u00adti, Egon Fel\u00adler 2009<\/em><br>Voie vari\u00e9e pr\u00e9\u00adsen\u00adtant un cer\u00adtain carac\u00adt\u00e8r. La pre\u00admi\u00e8\u00adre longueur peut \u00eatre con\u00adtour\u00adn\u00e9e par Karetsch. Le pas\u00adsa\u00adge cl\u00e9 est la tra\u00adver\u00ads\u00e9e dans la deu\u00adxi\u00e8\u00adme longueur.<br>Des\u00adcen\u00adte: par l\u2019ar\u00eate Ouest. Pos\u00adsi\u00adbi\u00adli\u00adt\u00e9 de des\u00adcend\u00adre en rap\u00adpel dans la voie. 8 x 25 m ou 4 x 50 m. Ou des\u00adcend\u00adre en rap\u00adpel sur la pis\u00adte de des\u00adcen\u00adte direc\u00adte\u00adment depuis le som\u00admet.<br>Temps: comp\u00adter 3h de la caba\u00adne au som\u00admet<br>Mat\u00e9\u00adri\u00adel: 8 d\u00e9gai\u00adnes, cor\u00adde de 50&nbsp;m<\/p>\n\t\t\t\t\t\t\t\t<\/div>\n\t\t\t\t<\/div>\n\t\t\t\t<div class=\"elementor-element elementor-element-e8b5e87 elementor-widget-divider--view-line elementor-widget elementor-widget-divider\" data-id=\"e8b5e87\" data-element_type=\"widget\" data-widget_type=\"divider.default\">\n\t\t\t\t<div class=\"elementor-widget-container\">\n\t\t\t\t\t\t\t<div class=\"elementor-divider\">\n\t\t\t<span class=\"elementor-divider-separator\">\n\t\t\t\t\t\t<\/span>\n\t\t<\/div>\n\t\t\t\t\t\t<\/div>\n\t\t\t\t<\/div>\n\t\t\t\t<div class=\"elementor-element elementor-element-2e36b37 elementor-widget elementor-widget-text-editor\" data-id=\"2e36b37\" data-element_type=\"widget\" data-widget_type=\"text-editor.default\">\n\t\t\t\t<div class=\"elementor-widget-container\">\n\t\t\t\t\t\t\t\t\t<p><strong>Info: <\/strong>Jusqu\u2019\u00e0 l\u2019ant\u00e9cime, le Klein Augst\u00adkum\u00admen\u00adhorn est aus\u00adsi par\u00adcou\u00adru l\u2019hiver en ran\u00addon\u00adn\u00e9e \u00e0 ski. La des\u00adcen\u00adte par la face Sud jusqu\u2019\u00e0 la rou\u00adte de Leig\u00adgern via la gor\u00adge est de tou\u00adte beaut\u00e9.<\/p>\n\t\t\t\t\t\t\t\t<\/div>\n\t\t\t\t<\/div>\n\t\t\t\t<div class=\"elementor-element elementor-element-1d6d0ee0 elementor-widget elementor-widget-text-editor\" data-id=\"1d6d0ee0\" data-element_type=\"widget\" data-widget_type=\"text-editor.default\">\n\t\t\t\t<div class=\"elementor-widget-container\">\n\t\t\t\t\t\t\t\t\t<p style=\"text-align: left;\"><em>Topo du gui\u00adde d\u2019es\u00adcala\u00adde Wiwan\u00adni 2022, Topo actua\u00adli\u00ads\u00e9&nbsp;2025<\/em><\/p>\n\t\t\t\t\t\t\t\t<\/div>\n\t\t\t\t<\/div>\n\t\t\t\t\t<\/div>\n\t\t<\/div>\n\t\t\t\t<div class=\"elementor-column elementor-col-50 elementor-top-column elementor-element elementor-element-2721ca35\" data-id=\"2721ca35\" data-element_type=\"column\" data-settings=\"{&quot;background_background&quot;:&quot;classic&quot;}\">\n\t\t\t<div class=\"elementor-widget-wrap elementor-element-populated\">\n\t\t\t\t\t\t<div class=\"elementor-element elementor-element-77a3e1b4 elementor-align-left elementor-widget elementor-widget-button\" data-id=\"77a3e1b4\" data-element_type=\"widget\" data-widget_type=\"button.default\">\n\t\t\t\t<div class=\"elementor-widget-container\">\n\t\t\t\t\t\t\t\t\t<div class=\"elementor-button-wrapper\">\n\t\t\t\t\t<a class=\"elementor-button elementor-button-link elementor-size-sm\" href=\"https:\/\/www.wiwanni.ch\/fr\/zones-d-escalade\/\">\n\t\t\t\t\t\t<span class=\"elementor-button-content-wrapper\">\n\t\t\t\t\t\t<span class=\"elementor-button-icon\">\n\t\t\t\t<i aria-hidden=\"true\" class=\"fas fa-arrow-left\"><\/i>\t\t\t<\/span>\n\t\t\t\t\t\t\t\t\t<span class=\"elementor-button-text\">vue d\u2019en\u00adsem\u00adble<\/span>\n\t\t\t\t\t<\/span>\n\t\t\t\t\t<\/a>\n\t\t\t\t<\/div>\n\t\t\t\t\t\t\t\t<\/div>\n\t\t\t\t<\/div>\n\t\t\t\t<div class=\"elementor-element elementor-element-326d72c elementor-widget elementor-widget-heading\" data-id=\"326d72c\" data-element_type=\"widget\" data-widget_type=\"heading.default\">\n\t\t\t\t<div class=\"elementor-widget-container\">\n\t\t\t\t\t<h4 class=\"elementor-heading-title elementor-size-default\">Sec\u00adteurs<\/h4>\t\t\t\t<\/div>\n\t\t\t\t<\/div>\n\t\t\t\t<div class=\"elementor-element elementor-element-54bafd76 elementor-nav-menu__align-start elementor-nav-menu--dropdown-none elementor-widget elementor-widget-nav-menu\" data-id=\"54bafd76\" data-element_type=\"widget\" data-settings=\"{&quot;layout&quot;:&quot;vertical&quot;,&quot;submenu_icon&quot;:{&quot;value&quot;:&quot;<i class=\\&quot;\\&quot;><\\\/i>&quot;,&quot;library&quot;:&quot;&quot;}}\" data-widget_type=\"nav-menu.default\">\n\t\t\t\t<div class=\"elementor-widget-container\">\n\t\t\t\t\t\t\t\t<nav aria-label=\"Men\u00fc\" class=\"elementor-nav-menu--main elementor-nav-menu__container elementor-nav-menu--layout-vertical e--pointer-background e--animation-fade\">\n\t\t\t\t<ul id=\"menu-1-54bafd76\" class=\"elementor-nav-menu sm-vertical\"><li class=\"menu-item menu-item-type-post_type menu-item-object-page menu-item-2152\"><a href=\"https:\/\/www.wiwanni.ch\/fr\/huettensektor-unterbaerg\/\" class=\"elementor-item\">1 H\u00fct\u00adten\u00adsek\u00adtor Unterb\u00e4rg<\/a><\/li>\n<li class=\"menu-item menu-item-type-post_type menu-item-object-page menu-item-2188\"><a href=\"https:\/\/www.wiwanni.ch\/fr\/unterer-klettergarten\/\" class=\"elementor-item\">2 Unte\u00adrer Klettergarten<\/a><\/li>\n<li class=\"menu-item menu-item-type-post_type menu-item-object-page menu-item-2220\"><a href=\"https:\/\/www.wiwanni.ch\/fr\/oberer-klettergarten\/\" class=\"elementor-item\">3 Obe\u00adrer Klettergarten<\/a><\/li>\n<li class=\"menu-item menu-item-type-post_type menu-item-object-page menu-item-2241\"><a href=\"https:\/\/www.wiwanni.ch\/fr\/klettergarten-wandfuss\/\" class=\"elementor-item\">4 Klet\u00adter\u00adgar\u00adten Wandfuss<\/a><\/li>\n<li class=\"menu-item menu-item-type-post_type menu-item-object-page menu-item-2267\"><a href=\"https:\/\/www.wiwanni.ch\/fr\/schepfipfiler\/\" class=\"elementor-item\">5 Sche\u00adp\u00adfip\u00adfi\u00adler<\/a><\/li>\n<li class=\"menu-item menu-item-type-post_type menu-item-object-page menu-item-2291\"><a href=\"https:\/\/www.wiwanni.ch\/fr\/klein-augstkummenhorn\/\" class=\"elementor-item\">6 Klein Augstkummenhorn<\/a><\/li>\n<li class=\"menu-item menu-item-type-post_type menu-item-object-page menu-item-2334\"><a href=\"https:\/\/www.wiwanni.ch\/fr\/gross-augstkummenhorn\/\" class=\"elementor-item\">7 Gross Augstkummenhorn<\/a><\/li>\n<li class=\"menu-item menu-item-type-post_type menu-item-object-page menu-item-2684\"><a href=\"https:\/\/www.wiwanni.ch\/fr\/wiwanni-suedwestwand\/\" class=\"elementor-item\">8 Wiwan\u00adni S\u00fcdwestwand<\/a><\/li>\n<li class=\"menu-item menu-item-type-post_type menu-item-object-page menu-item-2713\"><a href=\"https:\/\/www.wiwanni.ch\/fr\/wiwanni-suedwand\/\" class=\"elementor-item\">9 Wiwan\u00adni S\u00fcdwand<\/a><\/li>\n<li class=\"menu-item menu-item-type-post_type menu-item-object-page menu-item-2740\"><a href=\"https:\/\/www.wiwanni.ch\/fr\/wiwannihorn\/\" class=\"elementor-item\">10 Wiwan\u00adni\u00adhorn<\/a><\/li>\n<li class=\"menu-item menu-item-type-post_type menu-item-object-page menu-item-2481\"><a href=\"https:\/\/www.wiwanni.ch\/fr\/ostgrat\/\" class=\"elementor-item\">11 Ost\u00adgrat<\/a><\/li>\n<li class=\"menu-item menu-item-type-post_type menu-item-object-page menu-item-2757\"><a href=\"https:\/\/www.wiwanni.ch\/fr\/bru\/\" class=\"elementor-item\">12 Bru<\/a><\/li>\n<li class=\"menu-item menu-item-type-post_type menu-item-object-page menu-item-2387\"><a href=\"https:\/\/www.wiwanni.ch\/fr\/chruetighorn\/\" class=\"elementor-item\">13 Chr\u00fc\u00adtig\u00adhorn<\/a><\/li>\n<li class=\"menu-item menu-item-type-post_type menu-item-object-page menu-item-2635\"><a href=\"https:\/\/www.wiwanni.ch\/fr\/duebigrat\/\" class=\"elementor-item\">14 D\u00fcbi\u00adgrat<\/a><\/li>\n<li class=\"menu-item menu-item-type-post_type menu-item-object-page menu-item-2592\"><a href=\"https:\/\/www.wiwanni.ch\/fr\/sattolwaeschi\/\" class=\"elementor-item\">15 Sat\u00adtol\u00adw\u00e4\u00adschi<\/a><\/li>\n<li class=\"menu-item menu-item-type-post_type menu-item-object-page menu-item-2354\"><a href=\"https:\/\/www.wiwanni.ch\/fr\/secteur-de-bloc-eggen\/\" class=\"elementor-item\">16 Sec\u00adteur de bloc&nbsp;Eggen<\/a><\/li>\n<li class=\"menu-item menu-item-type-post_type menu-item-object-page menu-item-2568\"><a href=\"https:\/\/www.wiwanni.ch\/fr\/klettergarten-wolfblatte-ausserberg\/\" class=\"elementor-item\">17 Klet\u00adter\u00adgar\u00adten Wolf\u00adblat\u00adte Ausserberg<\/a><\/li>\n<li class=\"menu-item menu-item-type-post_type menu-item-object-page menu-item-2375\"><a href=\"https:\/\/www.wiwanni.ch\/fr\/jardin-descalade-chalchofo\/\" class=\"elementor-item\">18 Chal\u00adcho\u00adfo \u2013 P\u00e4r\u00fc\u00fclu<\/a><\/li>\n<li class=\"menu-item menu-item-type-post_type menu-item-object-page menu-item-2826\"><a href=\"https:\/\/www.wiwanni.ch\/fr\/traversee-de-larete\/\" class=\"elementor-item\">Tra\u00adver\u00ads\u00e9e de l\u2019ar\u00eate<\/a><\/li>\n<li class=\"menu-item menu-item-type-post_type menu-item-object-page menu-item-3290\"><a href=\"https:\/\/www.wiwanni.ch\/fr\/via-ferrata-du-baltschiedertal\/\" class=\"elementor-item\">Via fer\u00adra\u00adta du Baltschiedertal<\/a><\/li>\n<\/ul>\t\t\t<\/nav>\n\t\t\t\t\t\t<nav class=\"elementor-nav-menu--dropdown elementor-nav-menu__container\" aria-hidden=\"true\">\n\t\t\t\t<ul id=\"menu-2-54bafd76\" class=\"elementor-nav-menu sm-vertical\"><li class=\"menu-item menu-item-type-post_type menu-item-object-page menu-item-2152\"><a href=\"https:\/\/www.wiwanni.ch\/fr\/huettensektor-unterbaerg\/\" class=\"elementor-item\" tabindex=\"-1\">1 H\u00fct\u00adten\u00adsek\u00adtor Unterb\u00e4rg<\/a><\/li>\n<li class=\"menu-item menu-item-type-post_type menu-item-object-page menu-item-2188\"><a href=\"https:\/\/www.wiwanni.ch\/fr\/unterer-klettergarten\/\" class=\"elementor-item\" tabindex=\"-1\">2 Unte\u00adrer Klettergarten<\/a><\/li>\n<li class=\"menu-item menu-item-type-post_type menu-item-object-page menu-item-2220\"><a href=\"https:\/\/www.wiwanni.ch\/fr\/oberer-klettergarten\/\" class=\"elementor-item\" tabindex=\"-1\">3 Obe\u00adrer Klettergarten<\/a><\/li>\n<li class=\"menu-item menu-item-type-post_type menu-item-object-page menu-item-2241\"><a href=\"https:\/\/www.wiwanni.ch\/fr\/klettergarten-wandfuss\/\" class=\"elementor-item\" tabindex=\"-1\">4 Klet\u00adter\u00adgar\u00adten Wandfuss<\/a><\/li>\n<li class=\"menu-item menu-item-type-post_type menu-item-object-page menu-item-2267\"><a href=\"https:\/\/www.wiwanni.ch\/fr\/schepfipfiler\/\" class=\"elementor-item\" tabindex=\"-1\">5 Sche\u00adp\u00adfip\u00adfi\u00adler<\/a><\/li>\n<li class=\"menu-item menu-item-type-post_type menu-item-object-page menu-item-2291\"><a href=\"https:\/\/www.wiwanni.ch\/fr\/klein-augstkummenhorn\/\" class=\"elementor-item\" tabindex=\"-1\">6 Klein Augstkummenhorn<\/a><\/li>\n<li class=\"menu-item menu-item-type-post_type menu-item-object-page menu-item-2334\"><a href=\"https:\/\/www.wiwanni.ch\/fr\/gross-augstkummenhorn\/\" class=\"elementor-item\" tabindex=\"-1\">7 Gross Augstkummenhorn<\/a><\/li>\n<li class=\"menu-item menu-item-type-post_type menu-item-object-page menu-item-2684\"><a href=\"https:\/\/www.wiwanni.ch\/fr\/wiwanni-suedwestwand\/\" class=\"elementor-item\" tabindex=\"-1\">8 Wiwan\u00adni S\u00fcdwestwand<\/a><\/li>\n<li class=\"menu-item menu-item-type-post_type menu-item-object-page menu-item-2713\"><a href=\"https:\/\/www.wiwanni.ch\/fr\/wiwanni-suedwand\/\" class=\"elementor-item\" tabindex=\"-1\">9 Wiwan\u00adni S\u00fcdwand<\/a><\/li>\n<li class=\"menu-item menu-item-type-post_type menu-item-object-page menu-item-2740\"><a href=\"https:\/\/www.wiwanni.ch\/fr\/wiwannihorn\/\" class=\"elementor-item\" tabindex=\"-1\">10 Wiwan\u00adni\u00adhorn<\/a><\/li>\n<li class=\"menu-item menu-item-type-post_type menu-item-object-page menu-item-2481\"><a href=\"https:\/\/www.wiwanni.ch\/fr\/ostgrat\/\" class=\"elementor-item\" tabindex=\"-1\">11 Ost\u00adgrat<\/a><\/li>\n<li class=\"menu-item menu-item-type-post_type menu-item-object-page menu-item-2757\"><a href=\"https:\/\/www.wiwanni.ch\/fr\/bru\/\" class=\"elementor-item\" tabindex=\"-1\">12 Bru<\/a><\/li>\n<li class=\"menu-item menu-item-type-post_type menu-item-object-page menu-item-2387\"><a href=\"https:\/\/www.wiwanni.ch\/fr\/chruetighorn\/\" class=\"elementor-item\" tabindex=\"-1\">13 Chr\u00fc\u00adtig\u00adhorn<\/a><\/li>\n<li class=\"menu-item menu-item-type-post_type menu-item-object-page menu-item-2635\"><a href=\"https:\/\/www.wiwanni.ch\/fr\/duebigrat\/\" class=\"elementor-item\" tabindex=\"-1\">14 D\u00fcbi\u00adgrat<\/a><\/li>\n<li class=\"menu-item menu-item-type-post_type menu-item-object-page menu-item-2592\"><a href=\"https:\/\/www.wiwanni.ch\/fr\/sattolwaeschi\/\" class=\"elementor-item\" tabindex=\"-1\">15 Sat\u00adtol\u00adw\u00e4\u00adschi<\/a><\/li>\n<li class=\"menu-item menu-item-type-post_type menu-item-object-page menu-item-2354\"><a href=\"https:\/\/www.wiwanni.ch\/fr\/secteur-de-bloc-eggen\/\" class=\"elementor-item\" tabindex=\"-1\">16 Sec\u00adteur de bloc&nbsp;Eggen<\/a><\/li>\n<li class=\"menu-item menu-item-type-post_type menu-item-object-page menu-item-2568\"><a href=\"https:\/\/www.wiwanni.ch\/fr\/klettergarten-wolfblatte-ausserberg\/\" class=\"elementor-item\" tabindex=\"-1\">17 Klet\u00adter\u00adgar\u00adten Wolf\u00adblat\u00adte Ausserberg<\/a><\/li>\n<li class=\"menu-item menu-item-type-post_type menu-item-object-page menu-item-2375\"><a href=\"https:\/\/www.wiwanni.ch\/fr\/jardin-descalade-chalchofo\/\" class=\"elementor-item\" tabindex=\"-1\">18 Chal\u00adcho\u00adfo \u2013 P\u00e4r\u00fc\u00fclu<\/a><\/li>\n<li class=\"menu-item menu-item-type-post_type menu-item-object-page menu-item-2826\"><a href=\"https:\/\/www.wiwanni.ch\/fr\/traversee-de-larete\/\" class=\"elementor-item\" tabindex=\"-1\">Tra\u00adver\u00ads\u00e9e de l\u2019ar\u00eate<\/a><\/li>\n<li class=\"menu-item menu-item-type-post_type menu-item-object-page menu-item-3290\"><a href=\"https:\/\/www.wiwanni.ch\/fr\/via-ferrata-du-baltschiedertal\/\" class=\"elementor-item\" tabindex=\"-1\">Via fer\u00adra\u00adta du Baltschiedertal<\/a><\/li>\n<\/ul>\t\t\t<\/nav>\n\t\t\t\t\t\t<\/div>\n\t\t\t\t<\/div>\n\t\t\t\t\t<\/div>\n\t\t<\/div>\n\t\t\t\t\t<\/div>\n\t\t<\/section>\n\t\t\t\t<\/div>\n\t\t","protected":false},"excerpt":{"rendered":"<p>Klein Augst\u00adkum\u00admen\u00adhorn This post is also available in: Eng\u00adlish Fran\u00ad\u00e7ais Ita\u00adlia\u00adno 1 \/ West\u00adgrat Nor\u00admal\u00adrou\u00adte und Abstiegs\u00adrou\u00adte, 2+ ter\u00adrain alpin expo\u00ads\u00e9Jusqu\u2019\u00e0 l\u2019ant\u00e9cime Ouest, il s\u2019agit d\u2019un che\u00admin plus ou moins mar\u00adqu\u00e9 et quel\u00adques blocs faci\u00adle \u00e0 grim\u00adper. De l\u2019ant\u00e9cime au som\u00admet prin\u00adci\u00adpal on suit l\u2019ar\u00eate a\u00e9ri\u00aden\u00adne qui off\u00adre une vue plon\u00adge\u00adan\u00adte dans le Biets\u00adch\u00adtal. Il y a plu\u00ads\u00adieurs spits tout au long de cet\u00adte der\u00adni\u00e8\u00adre pour l\u2019assurage. L\u2019escalade est faci\u00adle, vari\u00e9e mais tout de m\u00eame impres\u00adsio\u00adn\u00adan\u00adte. Cet itin\u00ad\u00e9\u00adrai\u00adre est aus\u00adsi emprun\u00adt\u00e9 pour la des\u00adcen\u00adte, mais n\u2019est pas \u00e9qui\u00adp\u00e9 pour des\u00adcend\u00adre en rap\u00adpel.Dur\u00e9e: env. 1 h 30 de la caba\u00adne&nbsp;au&nbsp;[\u2026]<\/p>\n","protected":false},"author":4,"featured_media":0,"parent":0,"menu_order":0,"comment_status":"closed","ping_status":"closed","template":"","meta":{"wp_typography_post_enhancements_disabled":false,"footnotes":""},"class_list":["post-2288","page","type-page","status-publish","hentry","wpbf-post"],"_links":{"self":[{"href":"https:\/\/www.wiwanni.ch\/fr\/wp-json\/wp\/v2\/pages\/2288","targetHints":{"allow":["GET"]}}],"collection":[{"href":"https:\/\/www.wiwanni.ch\/fr\/wp-json\/wp\/v2\/pages"}],"about":[{"href":"https:\/\/www.wiwanni.ch\/fr\/wp-json\/wp\/v2\/types\/page"}],"author":[{"embeddable":true,"href":"https:\/\/www.wiwanni.ch\/fr\/wp-json\/wp\/v2\/users\/4"}],"replies":[{"embeddable":true,"href":"https:\/\/www.wiwanni.ch\/fr\/wp-json\/wp\/v2\/comments?post=2288"}],"version-history":[{"count":22,"href":"https:\/\/www.wiwanni.ch\/fr\/wp-json\/wp\/v2\/pages\/2288\/revisions"}],"predecessor-version":[{"id":5087,"href":"https:\/\/www.wiwanni.ch\/fr\/wp-json\/wp\/v2\/pages\/2288\/revisions\/5087"}],"wp:attachment":[{"href":"https:\/\/www.wiwanni.ch\/fr\/wp-json\/wp\/v2\/media?parent=2288"}],"curies":[{"name":"wp","href":"https:\/\/api.w.org\/{rel}","templated":true}]}}