{"id":2175,"date":"2020-06-01T10:07:40","date_gmt":"2020-06-01T10:07:40","guid":{"rendered":"http:\/\/wl1www392.webland.ch\/wordpress\/wiwanni\/unterer-klettergarten\/"},"modified":"2024-03-16T03:07:12","modified_gmt":"2024-03-16T01:07:12","slug":"unterer-klettergarten","status":"publish","type":"page","link":"https:\/\/www.wiwanni.ch\/fr\/unterer-klettergarten\/","title":{"rendered":"Unte\u00adrer Klettergarten"},"content":{"rendered":"\t\t<div data-elementor-type=\"wp-page\" data-elementor-id=\"2175\" class=\"elementor elementor-2175 elementor-448\" data-elementor-post-type=\"page\">\n\t\t\t\t\t\t<section class=\"elementor-section elementor-top-section elementor-element elementor-element-4ff26a36 elementor-section-boxed elementor-section-height-default elementor-section-height-default\" data-id=\"4ff26a36\" data-element_type=\"section\" data-settings=\"{&quot;background_background&quot;:&quot;classic&quot;}\">\n\t\t\t\t\t\t<div class=\"elementor-container elementor-column-gap-no\">\n\t\t\t\t\t<div class=\"elementor-column elementor-col-50 elementor-top-column elementor-element elementor-element-29d8ec6b\" data-id=\"29d8ec6b\" data-element_type=\"column\" data-settings=\"{&quot;background_background&quot;:&quot;classic&quot;}\">\n\t\t\t<div class=\"elementor-widget-wrap elementor-element-populated\">\n\t\t\t\t\t\t<div class=\"elementor-element elementor-element-14e089fb elementor-widget elementor-widget-image\" data-id=\"14e089fb\" data-element_type=\"widget\" data-widget_type=\"image.default\">\n\t\t\t\t<div class=\"elementor-widget-container\">\n\t\t\t\t\t\t\t\t\t\t\t\t\t\t\t\t<a href=\"https:\/\/www.wiwanni.ch\/wp-content\/uploads\/wiwanni-2022_topo-unterer-klettergarten_web.jpg\" data-elementor-open-lightbox=\"yes\" data-e-action-hash=\"#elementor-action%3Aaction%3Dlightbox%26settings%3DeyJpZCI6NDY0MSwidXJsIjoiaHR0cHM6XC9cL3d3dy53aXdhbm5pLmNoXC93cC1jb250ZW50XC91cGxvYWRzXC93aXdhbm5pLTIwMjJfdG9wby11bnRlcmVyLWtsZXR0ZXJnYXJ0ZW5fd2ViLmpwZyJ9\">\n\t\t\t\t\t\t\t<img fetchpriority=\"high\" decoding=\"async\" width=\"1000\" height=\"700\" src=\"https:\/\/www.wiwanni.ch\/wp-content\/uploads\/wiwanni-2022_topo-unterer-klettergarten_web.jpg\" class=\"attachment-large size-large wp-image-4641\" alt srcset=\"https:\/\/www.wiwanni.ch\/wp-content\/uploads\/wiwanni-2022_topo-unterer-klettergarten_web.jpg 1000w, https:\/\/www.wiwanni.ch\/wp-content\/uploads\/wiwanni-2022_topo-unterer-klettergarten_web-300x210.jpg 300w, https:\/\/www.wiwanni.ch\/wp-content\/uploads\/wiwanni-2022_topo-unterer-klettergarten_web-768x538.jpg 768w, https:\/\/www.wiwanni.ch\/wp-content\/uploads\/wiwanni-2022_topo-unterer-klettergarten_web-800x560.jpg 800w\" sizes=\"(max-width: 1000px) 100vw, 1000px\">\t\t\t\t\t\t\t\t<\/a>\n\t\t\t\t\t\t\t\t\t\t\t\t\t\t\t<\/div>\n\t\t\t\t<\/div>\n\t\t\t\t<div class=\"elementor-element elementor-element-67bc9a44 elementor-widget elementor-widget-heading\" data-id=\"67bc9a44\" data-element_type=\"widget\" data-widget_type=\"heading.default\">\n\t\t\t\t<div class=\"elementor-widget-container\">\n\t\t\t\t\t<h4 class=\"elementor-heading-title elementor-size-default\">Unte\u00adrer Klettergarten<\/h4>\t\t\t\t<\/div>\n\t\t\t\t<\/div>\n\t\t\t\t<div class=\"elementor-element elementor-element-362a4a0 elementor-widget elementor-widget-wpml-language-switcher\" data-id=\"362a4a0\" data-element_type=\"widget\" data-widget_type=\"wpml-language-switcher.default\">\n\t\t\t\t<div class=\"elementor-widget-container\">\n\t\t\t\t\t<div class=\"wpml-elementor-ls\"><p class=\"wpml-ls-statics-post_translations wpml-ls\">This post is also available in: \n    <span class=\"wpml-ls-slot-post_translations wpml-ls-item wpml-ls-item-de wpml-ls-first-item wpml-ls-item-legacy-post-translations\"><a href=\"https:\/\/www.wiwanni.ch\/\" class=\"wpml-ls-link\"><span class=\"wpml-ls-native\" lang=\"de\">Deutsch<\/span><\/a><\/span>    <span class=\"wpml-ls-slot-post_translations wpml-ls-item wpml-ls-item-en wpml-ls-item-legacy-post-translations\"><a href=\"https:\/\/www.wiwanni.ch\/en\/\" class=\"wpml-ls-link\"><span class=\"wpml-ls-native\" lang=\"en\">Eng\u00adlish<\/span><\/a><\/span>    <span class=\"wpml-ls-slot-post_translations wpml-ls-item wpml-ls-item-it wpml-ls-last-item wpml-ls-item-legacy-post-translations\"><a href=\"https:\/\/www.wiwanni.ch\/it\/\" class=\"wpml-ls-link\"><span class=\"wpml-ls-native\" lang=\"it\">Ita\u00adlia\u00adno<\/span><\/a><\/span><\/p><\/div>\t\t\t\t<\/div>\n\t\t\t\t<\/div>\n\t\t\t\t<div class=\"elementor-element elementor-element-3ce9e30 elementor-widget elementor-widget-text-editor\" data-id=\"3ce9e30\" data-element_type=\"widget\" data-widget_type=\"text-editor.default\">\n\t\t\t\t<div class=\"elementor-widget-container\">\n\t\t\t\t\t\t\t\t\t<p>Ce sec\u00adteur s\u00e8che tr\u00e8s rapi\u00adde\u00adment apr\u00e8s la plu\u00adie. Les voies sont bel\u00adles et l\u2019escalade vari\u00e9e dans un rocher de tr\u00e8s bon\u00adne qua\u00adli\u00adt\u00e9. Le temps d\u2019acc\u00e8s est de 10 min. Le pied des voies est agr\u00e9a\u00adble et adap\u00adt\u00e9 pour y aller avec des enfants. Ce sec\u00adteur est \u00e9ga\u00adle\u00adment d\u00e9ga\u00adg\u00e9 de la nei\u00adge rapi\u00adde\u00adment au d\u00e9but de l\u2019\u00e9t\u00e9.<br>\nAtten\u00adti\u00adon : au d\u00e9but de l\u2019\u00e9t\u00e9, lors\u00adque l\u2019acc\u00e8s nor\u00admal est enco\u00adre recou\u00advert par un n\u00e9v\u00e9 rai\u00adde, il faut mon\u00adter envi\u00adron 50 m de d\u00e9ni\u00advel\u00e9 plus haut et con\u00adtour\u00adner ce&nbsp;n\u00e9v\u00e9.<br>\n<em>Les voies ont \u00e9t\u00e9 \u00e9qui\u00adp\u00e9es par Hele\u00adne Leh\u00adner, Adri\u00adan Trey\u00ader, Ama\u00addee Schmid, Rinal\u00addo Bor\u00adra, Albrecht Mar\u00adcel et Egon Feller.<\/em><\/p>\n\t\t\t\t\t\t\t\t<\/div>\n\t\t\t\t<\/div>\n\t\t\t\t<div class=\"elementor-element elementor-element-769f58ee elementor-widget elementor-widget-text-editor\" data-id=\"769f58ee\" data-element_type=\"widget\" data-widget_type=\"text-editor.default\">\n\t\t\t\t<div class=\"elementor-widget-container\">\n\t\t\t\t\t\t\t\t\t<p><em>Topo du gui\u00adde d\u2019es\u00adcala\u00adde Wiwan\u00adni&nbsp;2022<\/em><\/p>\n\t\t\t\t\t\t\t\t<\/div>\n\t\t\t\t<\/div>\n\t\t\t\t\t<\/div>\n\t\t<\/div>\n\t\t\t\t<div class=\"elementor-column elementor-col-50 elementor-top-column elementor-element elementor-element-752054a\" data-id=\"752054a\" data-element_type=\"column\" data-settings=\"{&quot;background_background&quot;:&quot;classic&quot;}\">\n\t\t\t<div class=\"elementor-widget-wrap elementor-element-populated\">\n\t\t\t\t\t\t<div class=\"elementor-element elementor-element-5c9861fc elementor-align-left elementor-widget elementor-widget-button\" data-id=\"5c9861fc\" data-element_type=\"widget\" data-widget_type=\"button.default\">\n\t\t\t\t<div class=\"elementor-widget-container\">\n\t\t\t\t\t\t\t\t\t<div class=\"elementor-button-wrapper\">\n\t\t\t\t\t<a class=\"elementor-button elementor-button-link elementor-size-sm\" href=\"https:\/\/www.wiwanni.ch\/fr\/zones-d-escalade\/\">\n\t\t\t\t\t\t<span class=\"elementor-button-content-wrapper\">\n\t\t\t\t\t\t<span class=\"elementor-button-icon\">\n\t\t\t\t<i aria-hidden=\"true\" class=\"fas fa-arrow-left\"><\/i>\t\t\t<\/span>\n\t\t\t\t\t\t\t\t\t<span class=\"elementor-button-text\">vue d\u2019en\u00adsem\u00adble<\/span>\n\t\t\t\t\t<\/span>\n\t\t\t\t\t<\/a>\n\t\t\t\t<\/div>\n\t\t\t\t\t\t\t\t<\/div>\n\t\t\t\t<\/div>\n\t\t\t\t<div class=\"elementor-element elementor-element-6200ca94 elementor-widget elementor-widget-heading\" data-id=\"6200ca94\" data-element_type=\"widget\" data-widget_type=\"heading.default\">\n\t\t\t\t<div class=\"elementor-widget-container\">\n\t\t\t\t\t<h4 class=\"elementor-heading-title elementor-size-default\">Sec\u00adteurs<\/h4>\t\t\t\t<\/div>\n\t\t\t\t<\/div>\n\t\t\t\t<div class=\"elementor-element elementor-element-5e2890 elementor-nav-menu__align-start elementor-nav-menu--dropdown-none elementor-widget elementor-widget-nav-menu\" data-id=\"5e2890\" data-element_type=\"widget\" data-settings=\"{&quot;layout&quot;:&quot;vertical&quot;,&quot;submenu_icon&quot;:{&quot;value&quot;:&quot;<i class=\\&quot;\\&quot;><\\\/i>&quot;,&quot;library&quot;:&quot;&quot;}}\" data-widget_type=\"nav-menu.default\">\n\t\t\t\t<div class=\"elementor-widget-container\">\n\t\t\t\t\t\t\t\t<nav aria-label=\"Menu\" class=\"elementor-nav-menu--main elementor-nav-menu__container elementor-nav-menu--layout-vertical e--pointer-background e--animation-fade\">\n\t\t\t\t<ul id=\"menu-1-5e2890\" class=\"elementor-nav-menu sm-vertical\"><li class=\"menu-item menu-item-type-post_type menu-item-object-page menu-item-2152\"><a href=\"https:\/\/www.wiwanni.ch\/fr\/huettensektor-unterbaerg\/\" class=\"elementor-item\">1 H\u00fct\u00adten\u00adsek\u00adtor Unterb\u00e4rg<\/a><\/li>\n<li class=\"menu-item menu-item-type-post_type menu-item-object-page menu-item-2188\"><a href=\"https:\/\/www.wiwanni.ch\/fr\/unterer-klettergarten\/\" class=\"elementor-item\">2 Unte\u00adrer Klettergarten<\/a><\/li>\n<li class=\"menu-item menu-item-type-post_type menu-item-object-page menu-item-2220\"><a href=\"https:\/\/www.wiwanni.ch\/fr\/oberer-klettergarten\/\" class=\"elementor-item\">3 Obe\u00adrer Klettergarten<\/a><\/li>\n<li class=\"menu-item menu-item-type-post_type menu-item-object-page menu-item-2241\"><a href=\"https:\/\/www.wiwanni.ch\/fr\/klettergarten-wandfuss\/\" class=\"elementor-item\">4 Klet\u00adter\u00adgar\u00adten Wandfuss<\/a><\/li>\n<li class=\"menu-item menu-item-type-post_type menu-item-object-page menu-item-2267\"><a href=\"https:\/\/www.wiwanni.ch\/fr\/schepfipfiler\/\" class=\"elementor-item\">5 Sche\u00adp\u00adfip\u00adfi\u00adler<\/a><\/li>\n<li class=\"menu-item menu-item-type-post_type menu-item-object-page menu-item-2291\"><a href=\"https:\/\/www.wiwanni.ch\/fr\/klein-augstkummenhorn\/\" class=\"elementor-item\">6 Klein Augstkummenhorn<\/a><\/li>\n<li class=\"menu-item menu-item-type-post_type menu-item-object-page menu-item-2334\"><a href=\"https:\/\/www.wiwanni.ch\/fr\/gross-augstkummenhorn\/\" class=\"elementor-item\">7 Gross Augstkummenhorn<\/a><\/li>\n<li class=\"menu-item menu-item-type-post_type menu-item-object-page menu-item-2684\"><a href=\"https:\/\/www.wiwanni.ch\/fr\/wiwanni-suedwestwand\/\" class=\"elementor-item\">8 Wiwan\u00adni S\u00fcdwestwand<\/a><\/li>\n<li class=\"menu-item menu-item-type-post_type menu-item-object-page menu-item-2713\"><a href=\"https:\/\/www.wiwanni.ch\/fr\/wiwanni-suedwand\/\" class=\"elementor-item\">9 Wiwan\u00adni S\u00fcdwand<\/a><\/li>\n<li class=\"menu-item menu-item-type-post_type menu-item-object-page menu-item-2740\"><a href=\"https:\/\/www.wiwanni.ch\/fr\/wiwannihorn\/\" class=\"elementor-item\">10 Wiwan\u00adni\u00adhorn<\/a><\/li>\n<li class=\"menu-item menu-item-type-post_type menu-item-object-page menu-item-2481\"><a href=\"https:\/\/www.wiwanni.ch\/fr\/ostgrat\/\" class=\"elementor-item\">11 Ost\u00adgrat<\/a><\/li>\n<li class=\"menu-item menu-item-type-post_type menu-item-object-page menu-item-2757\"><a href=\"https:\/\/www.wiwanni.ch\/fr\/bru\/\" class=\"elementor-item\">12 Bru<\/a><\/li>\n<li class=\"menu-item menu-item-type-post_type menu-item-object-page menu-item-2387\"><a href=\"https:\/\/www.wiwanni.ch\/fr\/chruetighorn\/\" class=\"elementor-item\">13 Chr\u00fc\u00adtig\u00adhorn<\/a><\/li>\n<li class=\"menu-item menu-item-type-post_type menu-item-object-page menu-item-2635\"><a href=\"https:\/\/www.wiwanni.ch\/fr\/duebigrat\/\" class=\"elementor-item\">14 D\u00fcbi\u00adgrat<\/a><\/li>\n<li class=\"menu-item menu-item-type-post_type menu-item-object-page menu-item-2592\"><a href=\"https:\/\/www.wiwanni.ch\/fr\/sattolwaeschi\/\" class=\"elementor-item\">15 Sat\u00adtol\u00adw\u00e4\u00adschi<\/a><\/li>\n<li class=\"menu-item menu-item-type-post_type menu-item-object-page menu-item-2354\"><a href=\"https:\/\/www.wiwanni.ch\/fr\/secteur-de-bloc-eggen\/\" class=\"elementor-item\">16 Sec\u00adteur de bloc&nbsp;Eggen<\/a><\/li>\n<li class=\"menu-item menu-item-type-post_type menu-item-object-page menu-item-2568\"><a href=\"https:\/\/www.wiwanni.ch\/fr\/klettergarten-wolfblatte-ausserberg\/\" class=\"elementor-item\">17 Klet\u00adter\u00adgar\u00adten Wolf\u00adblat\u00adte Ausserberg<\/a><\/li>\n<li class=\"menu-item menu-item-type-post_type menu-item-object-page menu-item-2375\"><a href=\"https:\/\/www.wiwanni.ch\/fr\/jardin-descalade-chalchofo\/\" class=\"elementor-item\">18 Chal\u00adcho\u00adfo \u2013 P\u00e4r\u00fc\u00fclu<\/a><\/li>\n<li class=\"menu-item menu-item-type-post_type menu-item-object-page menu-item-2826\"><a href=\"https:\/\/www.wiwanni.ch\/fr\/traversee-de-larete\/\" class=\"elementor-item\">Tra\u00adver\u00ads\u00e9e de l\u2019ar\u00eate<\/a><\/li>\n<li class=\"menu-item menu-item-type-post_type menu-item-object-page menu-item-3290\"><a href=\"https:\/\/www.wiwanni.ch\/fr\/via-ferrata-du-baltschiedertal\/\" class=\"elementor-item\">Via fer\u00adra\u00adta du Baltschiedertal<\/a><\/li>\n<\/ul>\t\t\t<\/nav>\n\t\t\t\t\t\t<nav class=\"elementor-nav-menu--dropdown elementor-nav-menu__container\" aria-hidden=\"true\">\n\t\t\t\t<ul id=\"menu-2-5e2890\" class=\"elementor-nav-menu sm-vertical\"><li class=\"menu-item menu-item-type-post_type menu-item-object-page menu-item-2152\"><a href=\"https:\/\/www.wiwanni.ch\/fr\/huettensektor-unterbaerg\/\" class=\"elementor-item\" tabindex=\"-1\">1 H\u00fct\u00adten\u00adsek\u00adtor Unterb\u00e4rg<\/a><\/li>\n<li class=\"menu-item menu-item-type-post_type menu-item-object-page menu-item-2188\"><a href=\"https:\/\/www.wiwanni.ch\/fr\/unterer-klettergarten\/\" class=\"elementor-item\" tabindex=\"-1\">2 Unte\u00adrer Klettergarten<\/a><\/li>\n<li class=\"menu-item menu-item-type-post_type menu-item-object-page menu-item-2220\"><a href=\"https:\/\/www.wiwanni.ch\/fr\/oberer-klettergarten\/\" class=\"elementor-item\" tabindex=\"-1\">3 Obe\u00adrer Klettergarten<\/a><\/li>\n<li class=\"menu-item menu-item-type-post_type menu-item-object-page menu-item-2241\"><a href=\"https:\/\/www.wiwanni.ch\/fr\/klettergarten-wandfuss\/\" class=\"elementor-item\" tabindex=\"-1\">4 Klet\u00adter\u00adgar\u00adten Wandfuss<\/a><\/li>\n<li class=\"menu-item menu-item-type-post_type menu-item-object-page menu-item-2267\"><a href=\"https:\/\/www.wiwanni.ch\/fr\/schepfipfiler\/\" class=\"elementor-item\" tabindex=\"-1\">5 Sche\u00adp\u00adfip\u00adfi\u00adler<\/a><\/li>\n<li class=\"menu-item menu-item-type-post_type menu-item-object-page menu-item-2291\"><a href=\"https:\/\/www.wiwanni.ch\/fr\/klein-augstkummenhorn\/\" class=\"elementor-item\" tabindex=\"-1\">6 Klein Augstkummenhorn<\/a><\/li>\n<li class=\"menu-item menu-item-type-post_type menu-item-object-page menu-item-2334\"><a href=\"https:\/\/www.wiwanni.ch\/fr\/gross-augstkummenhorn\/\" class=\"elementor-item\" tabindex=\"-1\">7 Gross Augstkummenhorn<\/a><\/li>\n<li class=\"menu-item menu-item-type-post_type menu-item-object-page menu-item-2684\"><a href=\"https:\/\/www.wiwanni.ch\/fr\/wiwanni-suedwestwand\/\" class=\"elementor-item\" tabindex=\"-1\">8 Wiwan\u00adni S\u00fcdwestwand<\/a><\/li>\n<li class=\"menu-item menu-item-type-post_type menu-item-object-page menu-item-2713\"><a href=\"https:\/\/www.wiwanni.ch\/fr\/wiwanni-suedwand\/\" class=\"elementor-item\" tabindex=\"-1\">9 Wiwan\u00adni S\u00fcdwand<\/a><\/li>\n<li class=\"menu-item menu-item-type-post_type menu-item-object-page menu-item-2740\"><a href=\"https:\/\/www.wiwanni.ch\/fr\/wiwannihorn\/\" class=\"elementor-item\" tabindex=\"-1\">10 Wiwan\u00adni\u00adhorn<\/a><\/li>\n<li class=\"menu-item menu-item-type-post_type menu-item-object-page menu-item-2481\"><a href=\"https:\/\/www.wiwanni.ch\/fr\/ostgrat\/\" class=\"elementor-item\" tabindex=\"-1\">11 Ost\u00adgrat<\/a><\/li>\n<li class=\"menu-item menu-item-type-post_type menu-item-object-page menu-item-2757\"><a href=\"https:\/\/www.wiwanni.ch\/fr\/bru\/\" class=\"elementor-item\" tabindex=\"-1\">12 Bru<\/a><\/li>\n<li class=\"menu-item menu-item-type-post_type menu-item-object-page menu-item-2387\"><a href=\"https:\/\/www.wiwanni.ch\/fr\/chruetighorn\/\" class=\"elementor-item\" tabindex=\"-1\">13 Chr\u00fc\u00adtig\u00adhorn<\/a><\/li>\n<li class=\"menu-item menu-item-type-post_type menu-item-object-page menu-item-2635\"><a href=\"https:\/\/www.wiwanni.ch\/fr\/duebigrat\/\" class=\"elementor-item\" tabindex=\"-1\">14 D\u00fcbi\u00adgrat<\/a><\/li>\n<li class=\"menu-item menu-item-type-post_type menu-item-object-page menu-item-2592\"><a href=\"https:\/\/www.wiwanni.ch\/fr\/sattolwaeschi\/\" class=\"elementor-item\" tabindex=\"-1\">15 Sat\u00adtol\u00adw\u00e4\u00adschi<\/a><\/li>\n<li class=\"menu-item menu-item-type-post_type menu-item-object-page menu-item-2354\"><a href=\"https:\/\/www.wiwanni.ch\/fr\/secteur-de-bloc-eggen\/\" class=\"elementor-item\" tabindex=\"-1\">16 Sec\u00adteur de bloc&nbsp;Eggen<\/a><\/li>\n<li class=\"menu-item menu-item-type-post_type menu-item-object-page menu-item-2568\"><a href=\"https:\/\/www.wiwanni.ch\/fr\/klettergarten-wolfblatte-ausserberg\/\" class=\"elementor-item\" tabindex=\"-1\">17 Klet\u00adter\u00adgar\u00adten Wolf\u00adblat\u00adte Ausserberg<\/a><\/li>\n<li class=\"menu-item menu-item-type-post_type menu-item-object-page menu-item-2375\"><a href=\"https:\/\/www.wiwanni.ch\/fr\/jardin-descalade-chalchofo\/\" class=\"elementor-item\" tabindex=\"-1\">18 Chal\u00adcho\u00adfo \u2013 P\u00e4r\u00fc\u00fclu<\/a><\/li>\n<li class=\"menu-item menu-item-type-post_type menu-item-object-page menu-item-2826\"><a href=\"https:\/\/www.wiwanni.ch\/fr\/traversee-de-larete\/\" class=\"elementor-item\" tabindex=\"-1\">Tra\u00adver\u00ads\u00e9e de l\u2019ar\u00eate<\/a><\/li>\n<li class=\"menu-item menu-item-type-post_type menu-item-object-page menu-item-3290\"><a href=\"https:\/\/www.wiwanni.ch\/fr\/via-ferrata-du-baltschiedertal\/\" class=\"elementor-item\" tabindex=\"-1\">Via fer\u00adra\u00adta du Baltschiedertal<\/a><\/li>\n<\/ul>\t\t\t<\/nav>\n\t\t\t\t\t\t<\/div>\n\t\t\t\t<\/div>\n\t\t\t\t\t<\/div>\n\t\t<\/div>\n\t\t\t\t\t<\/div>\n\t\t<\/section>\n\t\t\t\t<\/div>\n\t\t","protected":false},"excerpt":{"rendered":"<p>Unte\u00adrer Klet\u00adter\u00adgar\u00adten This post is also available in: Eng\u00adlish Fran\u00ad\u00e7ais Ita\u00adlia\u00adno Ce sec\u00adteur s\u00e8che tr\u00e8s rapi\u00adde\u00adment apr\u00e8s la plu\u00adie. Les voies sont bel\u00adles et l\u2019escalade vari\u00e9e dans un rocher de tr\u00e8s bon\u00adne qua\u00adli\u00adt\u00e9. Le temps d\u2019acc\u00e8s est de 10 min. Le pied des voies est agr\u00e9a\u00adble et adap\u00adt\u00e9 pour y aller avec des enfants. Ce sec\u00adteur est \u00e9ga\u00adle\u00adment d\u00e9ga\u00adg\u00e9 de la nei\u00adge rapi\u00adde\u00adment au d\u00e9but de l\u2019\u00e9t\u00e9. Atten\u00adti\u00adon : au d\u00e9but de l\u2019\u00e9t\u00e9, lors\u00adque l\u2019acc\u00e8s nor\u00admal est enco\u00adre recou\u00advert par un n\u00e9v\u00e9 rai\u00adde, il faut mon\u00adter envi\u00adron 50 m de d\u00e9ni\u00advel\u00e9 plus haut et con\u00adtour\u00adner ce&nbsp;n\u00e9v\u00e9. Les voies ont&nbsp;\u00e9t\u00e9&nbsp;[\u2026]<\/p>\n","protected":false},"author":4,"featured_media":0,"parent":0,"menu_order":0,"comment_status":"closed","ping_status":"closed","template":"","meta":{"wp_typography_post_enhancements_disabled":false,"footnotes":""},"class_list":["post-2175","page","type-page","status-publish","hentry","wpbf-post"],"_links":{"self":[{"href":"https:\/\/www.wiwanni.ch\/fr\/wp-json\/wp\/v2\/pages\/2175","targetHints":{"allow":["GET"]}}],"collection":[{"href":"https:\/\/www.wiwanni.ch\/fr\/wp-json\/wp\/v2\/pages"}],"about":[{"href":"https:\/\/www.wiwanni.ch\/fr\/wp-json\/wp\/v2\/types\/page"}],"author":[{"embeddable":true,"href":"https:\/\/www.wiwanni.ch\/fr\/wp-json\/wp\/v2\/users\/4"}],"replies":[{"embeddable":true,"href":"https:\/\/www.wiwanni.ch\/fr\/wp-json\/wp\/v2\/comments?post=2175"}],"version-history":[{"count":8,"href":"https:\/\/www.wiwanni.ch\/fr\/wp-json\/wp\/v2\/pages\/2175\/revisions"}],"predecessor-version":[{"id":4797,"href":"https:\/\/www.wiwanni.ch\/fr\/wp-json\/wp\/v2\/pages\/2175\/revisions\/4797"}],"wp:attachment":[{"href":"https:\/\/www.wiwanni.ch\/fr\/wp-json\/wp\/v2\/media?parent=2175"}],"curies":[{"name":"wp","href":"https:\/\/api.w.org\/{rel}","templated":true}]}}