{"id":1388,"date":"2020-05-26T02:38:44","date_gmt":"2020-05-26T02:38:44","guid":{"rendered":"http:\/\/wl1www392.webland.ch\/wordpress\/wiwanni\/topos\/"},"modified":"2025-04-08T01:27:16","modified_gmt":"2025-04-07T23:27:16","slug":"zones-d-escalade","status":"publish","type":"page","link":"https:\/\/www.wiwanni.ch\/fr\/zones-d-escalade\/","title":{"rendered":"Zones d\u2019es\u00adcala\u00adde"},"content":{"rendered":"\t\t<div data-elementor-type=\"wp-page\" data-elementor-id=\"1388\" class=\"elementor elementor-1388 elementor-75\" data-elementor-post-type=\"page\">\n\t\t\t\t\t\t<section class=\"elementor-section elementor-top-section elementor-element elementor-element-2f11e07b elementor-reverse-mobile elementor-section-boxed elementor-section-height-default elementor-section-height-default\" data-id=\"2f11e07b\" data-element_type=\"section\" data-settings=\"{&quot;background_background&quot;:&quot;classic&quot;}\">\n\t\t\t\t\t\t<div class=\"elementor-container elementor-column-gap-no\">\n\t\t\t\t\t<div class=\"elementor-column elementor-col-50 elementor-top-column elementor-element elementor-element-5a04604b\" data-id=\"5a04604b\" data-element_type=\"column\" data-settings=\"{&quot;background_background&quot;:&quot;classic&quot;}\">\n\t\t\t<div class=\"elementor-widget-wrap elementor-element-populated\">\n\t\t\t\t\t\t<div class=\"elementor-element elementor-element-4dac5b7 elementor-widget elementor-widget-text-editor\" data-id=\"4dac5b7\" data-element_type=\"widget\" data-widget_type=\"text-editor.default\">\n\t\t\t\t<div class=\"elementor-widget-container\">\n\t\t\t\t\t\t\t\t\t<div id=\"image-map-pro-2591\"><\/div>\n\t\t\t\t\t\t\t\t<\/div>\n\t\t\t\t<\/div>\n\t\t\t\t<div class=\"elementor-element elementor-element-621c47bd elementor-widget elementor-widget-text-editor\" data-id=\"621c47bd\" data-element_type=\"widget\" data-widget_type=\"text-editor.default\">\n\t\t\t\t<div class=\"elementor-widget-container\">\n\t\t\t\t\t\t\t\t\t<p><em>Car\u00adte g\u00e9n\u00e9\u00adra\u00adle tir\u00e9e du gui\u00adde d\u2019es\u00adcala\u00adde Wiwan\u00adni&nbsp;2022<\/em><\/p>\n\t\t\t\t\t\t\t\t<\/div>\n\t\t\t\t<\/div>\n\t\t\t\t\t<\/div>\n\t\t<\/div>\n\t\t\t\t<div class=\"elementor-column elementor-col-50 elementor-top-column elementor-element elementor-element-375445a2\" data-id=\"375445a2\" data-element_type=\"column\" data-settings=\"{&quot;background_background&quot;:&quot;classic&quot;}\">\n\t\t\t<div class=\"elementor-widget-wrap elementor-element-populated\">\n\t\t\t\t\t\t<div class=\"elementor-element elementor-element-58419d4 elementor-widget elementor-widget-heading\" data-id=\"58419d4\" data-element_type=\"widget\" data-widget_type=\"heading.default\">\n\t\t\t\t<div class=\"elementor-widget-container\">\n\t\t\t\t\t<h4 class=\"elementor-heading-title elementor-size-default\">Sec\u00adteurs<\/h4>\t\t\t\t<\/div>\n\t\t\t\t<\/div>\n\t\t\t\t<div class=\"elementor-element elementor-element-11ebee0 elementor-nav-menu__align-start elementor-nav-menu--dropdown-none elementor-widget elementor-widget-nav-menu\" data-id=\"11ebee0\" data-element_type=\"widget\" data-settings=\"{&quot;layout&quot;:&quot;vertical&quot;,&quot;submenu_icon&quot;:{&quot;value&quot;:&quot;<i class=\\&quot;\\&quot;><\\\/i>&quot;,&quot;library&quot;:&quot;&quot;}}\" data-widget_type=\"nav-menu.default\">\n\t\t\t\t<div class=\"elementor-widget-container\">\n\t\t\t\t\t\t\t\t<nav aria-label=\"Menu\" class=\"elementor-nav-menu--main elementor-nav-menu__container elementor-nav-menu--layout-vertical e--pointer-background e--animation-fade\">\n\t\t\t\t<ul id=\"menu-1-11ebee0\" class=\"elementor-nav-menu sm-vertical\"><li class=\"menu-item menu-item-type-post_type menu-item-object-page menu-item-2155\"><a href=\"https:\/\/www.wiwanni.ch\/fr\/huettensektor-unterbaerg\/\" class=\"elementor-item\">1 H\u00fct\u00adten\u00adsek\u00adtor Unterb\u00e4rg<\/a><\/li>\n<li class=\"menu-item menu-item-type-post_type menu-item-object-page menu-item-2191\"><a href=\"https:\/\/www.wiwanni.ch\/fr\/unterer-klettergarten\/\" class=\"elementor-item\">2 Unte\u00adrer Klettergarten<\/a><\/li>\n<li class=\"menu-item menu-item-type-post_type menu-item-object-page menu-item-2215\"><a href=\"https:\/\/www.wiwanni.ch\/fr\/oberer-klettergarten\/\" class=\"elementor-item\">3 Obe\u00adrer Klettergarten<\/a><\/li>\n<li class=\"menu-item menu-item-type-post_type menu-item-object-page menu-item-2245\"><a href=\"https:\/\/www.wiwanni.ch\/fr\/klettergarten-wandfuss\/\" class=\"elementor-item\">4 Klet\u00adter\u00adgar\u00adten Wandfuss<\/a><\/li>\n<li class=\"menu-item menu-item-type-post_type menu-item-object-page menu-item-2268\"><a href=\"https:\/\/www.wiwanni.ch\/fr\/schepfipfiler\/\" class=\"elementor-item\">5 Sche\u00adp\u00adfip\u00adfi\u00adler<\/a><\/li>\n<li class=\"menu-item menu-item-type-post_type menu-item-object-page menu-item-2292\"><a href=\"https:\/\/www.wiwanni.ch\/fr\/klein-augstkummenhorn\/\" class=\"elementor-item\">6 Klein Augstkummenhorn<\/a><\/li>\n<li class=\"menu-item menu-item-type-post_type menu-item-object-page menu-item-2335\"><a href=\"https:\/\/www.wiwanni.ch\/fr\/gross-augstkummenhorn\/\" class=\"elementor-item\">7 Gross Augstkummenhorn<\/a><\/li>\n<li class=\"menu-item menu-item-type-post_type menu-item-object-page menu-item-2688\"><a href=\"https:\/\/www.wiwanni.ch\/fr\/wiwanni-suedwestwand\/\" class=\"elementor-item\">8 Wiwan\u00adni S\u00fcdwestwand<\/a><\/li>\n<li class=\"menu-item menu-item-type-post_type menu-item-object-page menu-item-2717\"><a href=\"https:\/\/www.wiwanni.ch\/fr\/wiwanni-suedwand\/\" class=\"elementor-item\">9 Wiwan\u00adni S\u00fcdwand<\/a><\/li>\n<li class=\"menu-item menu-item-type-post_type menu-item-object-page menu-item-2743\"><a href=\"https:\/\/www.wiwanni.ch\/fr\/wiwannihorn\/\" class=\"elementor-item\">10 Wiwan\u00adni\u00adhorn<\/a><\/li>\n<li class=\"menu-item menu-item-type-post_type menu-item-object-page menu-item-2689\"><a href=\"https:\/\/www.wiwanni.ch\/fr\/ostgrat\/\" class=\"elementor-item\">11 Ost\u00adgrat<\/a><\/li>\n<li class=\"menu-item menu-item-type-post_type menu-item-object-page menu-item-2760\"><a href=\"https:\/\/www.wiwanni.ch\/fr\/bru\/\" class=\"elementor-item\">12 Bru<\/a><\/li>\n<li class=\"menu-item menu-item-type-post_type menu-item-object-page menu-item-2391\"><a href=\"https:\/\/www.wiwanni.ch\/fr\/chruetighorn\/\" class=\"elementor-item\">13 Chr\u00fc\u00adtig\u00adhorn<\/a><\/li>\n<li class=\"menu-item menu-item-type-post_type menu-item-object-page menu-item-2638\"><a href=\"https:\/\/www.wiwanni.ch\/fr\/duebigrat\/\" class=\"elementor-item\">14 D\u00fcbi\u00adgrat<\/a><\/li>\n<li class=\"menu-item menu-item-type-post_type menu-item-object-page menu-item-2595\"><a href=\"https:\/\/www.wiwanni.ch\/fr\/sattolwaeschi\/\" class=\"elementor-item\">15 Sat\u00adtol\u00adw\u00e4\u00adschi<\/a><\/li>\n<li class=\"menu-item menu-item-type-post_type menu-item-object-page menu-item-2357\"><a href=\"https:\/\/www.wiwanni.ch\/fr\/secteur-de-bloc-eggen\/\" class=\"elementor-item\">16 Sec\u00adteur de bloc&nbsp;Eggen<\/a><\/li>\n<li class=\"menu-item menu-item-type-post_type menu-item-object-page menu-item-2603\"><a href=\"https:\/\/www.wiwanni.ch\/fr\/klettergarten-wolfblatte-ausserberg\/\" class=\"elementor-item\">17 Klet\u00adter\u00adgar\u00adten Wolf\u00adblat\u00adte Ausserberg<\/a><\/li>\n<li class=\"menu-item menu-item-type-post_type menu-item-object-page menu-item-2378\"><a href=\"https:\/\/www.wiwanni.ch\/fr\/jardin-descalade-chalchofo\/\" class=\"elementor-item\">18 Chal\u00adcho\u00adfo \u2013 P\u00e4r\u00fc\u00fclu<\/a><\/li>\n<li class=\"menu-item menu-item-type-post_type menu-item-object-page menu-item-2830\"><a href=\"https:\/\/www.wiwanni.ch\/fr\/traversee-de-larete\/\" class=\"elementor-item\">Tra\u00adver\u00ads\u00e9e de l\u2019ar\u00eate<\/a><\/li>\n<li class=\"menu-item menu-item-type-post_type menu-item-object-page menu-item-3291\"><a href=\"https:\/\/www.wiwanni.ch\/fr\/via-ferrata-du-baltschiedertal\/\" class=\"elementor-item\">Via fer\u00adra\u00adta du Baltschiedertal<\/a><\/li>\n<\/ul>\t\t\t<\/nav>\n\t\t\t\t\t\t<nav class=\"elementor-nav-menu--dropdown elementor-nav-menu__container\" aria-hidden=\"true\">\n\t\t\t\t<ul id=\"menu-2-11ebee0\" class=\"elementor-nav-menu sm-vertical\"><li class=\"menu-item menu-item-type-post_type menu-item-object-page menu-item-2155\"><a href=\"https:\/\/www.wiwanni.ch\/fr\/huettensektor-unterbaerg\/\" class=\"elementor-item\" tabindex=\"-1\">1 H\u00fct\u00adten\u00adsek\u00adtor Unterb\u00e4rg<\/a><\/li>\n<li class=\"menu-item menu-item-type-post_type menu-item-object-page menu-item-2191\"><a href=\"https:\/\/www.wiwanni.ch\/fr\/unterer-klettergarten\/\" class=\"elementor-item\" tabindex=\"-1\">2 Unte\u00adrer Klettergarten<\/a><\/li>\n<li class=\"menu-item menu-item-type-post_type menu-item-object-page menu-item-2215\"><a href=\"https:\/\/www.wiwanni.ch\/fr\/oberer-klettergarten\/\" class=\"elementor-item\" tabindex=\"-1\">3 Obe\u00adrer Klettergarten<\/a><\/li>\n<li class=\"menu-item menu-item-type-post_type menu-item-object-page menu-item-2245\"><a href=\"https:\/\/www.wiwanni.ch\/fr\/klettergarten-wandfuss\/\" class=\"elementor-item\" tabindex=\"-1\">4 Klet\u00adter\u00adgar\u00adten Wandfuss<\/a><\/li>\n<li class=\"menu-item menu-item-type-post_type menu-item-object-page menu-item-2268\"><a href=\"https:\/\/www.wiwanni.ch\/fr\/schepfipfiler\/\" class=\"elementor-item\" tabindex=\"-1\">5 Sche\u00adp\u00adfip\u00adfi\u00adler<\/a><\/li>\n<li class=\"menu-item menu-item-type-post_type menu-item-object-page menu-item-2292\"><a href=\"https:\/\/www.wiwanni.ch\/fr\/klein-augstkummenhorn\/\" class=\"elementor-item\" tabindex=\"-1\">6 Klein Augstkummenhorn<\/a><\/li>\n<li class=\"menu-item menu-item-type-post_type menu-item-object-page menu-item-2335\"><a href=\"https:\/\/www.wiwanni.ch\/fr\/gross-augstkummenhorn\/\" class=\"elementor-item\" tabindex=\"-1\">7 Gross Augstkummenhorn<\/a><\/li>\n<li class=\"menu-item menu-item-type-post_type menu-item-object-page menu-item-2688\"><a href=\"https:\/\/www.wiwanni.ch\/fr\/wiwanni-suedwestwand\/\" class=\"elementor-item\" tabindex=\"-1\">8 Wiwan\u00adni S\u00fcdwestwand<\/a><\/li>\n<li class=\"menu-item menu-item-type-post_type menu-item-object-page menu-item-2717\"><a href=\"https:\/\/www.wiwanni.ch\/fr\/wiwanni-suedwand\/\" class=\"elementor-item\" tabindex=\"-1\">9 Wiwan\u00adni S\u00fcdwand<\/a><\/li>\n<li class=\"menu-item menu-item-type-post_type menu-item-object-page menu-item-2743\"><a href=\"https:\/\/www.wiwanni.ch\/fr\/wiwannihorn\/\" class=\"elementor-item\" tabindex=\"-1\">10 Wiwan\u00adni\u00adhorn<\/a><\/li>\n<li class=\"menu-item menu-item-type-post_type menu-item-object-page menu-item-2689\"><a href=\"https:\/\/www.wiwanni.ch\/fr\/ostgrat\/\" class=\"elementor-item\" tabindex=\"-1\">11 Ost\u00adgrat<\/a><\/li>\n<li class=\"menu-item menu-item-type-post_type menu-item-object-page menu-item-2760\"><a href=\"https:\/\/www.wiwanni.ch\/fr\/bru\/\" class=\"elementor-item\" tabindex=\"-1\">12 Bru<\/a><\/li>\n<li class=\"menu-item menu-item-type-post_type menu-item-object-page menu-item-2391\"><a href=\"https:\/\/www.wiwanni.ch\/fr\/chruetighorn\/\" class=\"elementor-item\" tabindex=\"-1\">13 Chr\u00fc\u00adtig\u00adhorn<\/a><\/li>\n<li class=\"menu-item menu-item-type-post_type menu-item-object-page menu-item-2638\"><a href=\"https:\/\/www.wiwanni.ch\/fr\/duebigrat\/\" class=\"elementor-item\" tabindex=\"-1\">14 D\u00fcbi\u00adgrat<\/a><\/li>\n<li class=\"menu-item menu-item-type-post_type menu-item-object-page menu-item-2595\"><a href=\"https:\/\/www.wiwanni.ch\/fr\/sattolwaeschi\/\" class=\"elementor-item\" tabindex=\"-1\">15 Sat\u00adtol\u00adw\u00e4\u00adschi<\/a><\/li>\n<li class=\"menu-item menu-item-type-post_type menu-item-object-page menu-item-2357\"><a href=\"https:\/\/www.wiwanni.ch\/fr\/secteur-de-bloc-eggen\/\" class=\"elementor-item\" tabindex=\"-1\">16 Sec\u00adteur de bloc&nbsp;Eggen<\/a><\/li>\n<li class=\"menu-item menu-item-type-post_type menu-item-object-page menu-item-2603\"><a href=\"https:\/\/www.wiwanni.ch\/fr\/klettergarten-wolfblatte-ausserberg\/\" class=\"elementor-item\" tabindex=\"-1\">17 Klet\u00adter\u00adgar\u00adten Wolf\u00adblat\u00adte Ausserberg<\/a><\/li>\n<li class=\"menu-item menu-item-type-post_type menu-item-object-page menu-item-2378\"><a href=\"https:\/\/www.wiwanni.ch\/fr\/jardin-descalade-chalchofo\/\" class=\"elementor-item\" tabindex=\"-1\">18 Chal\u00adcho\u00adfo \u2013 P\u00e4r\u00fc\u00fclu<\/a><\/li>\n<li class=\"menu-item menu-item-type-post_type menu-item-object-page menu-item-2830\"><a href=\"https:\/\/www.wiwanni.ch\/fr\/traversee-de-larete\/\" class=\"elementor-item\" tabindex=\"-1\">Tra\u00adver\u00ads\u00e9e de l\u2019ar\u00eate<\/a><\/li>\n<li class=\"menu-item menu-item-type-post_type menu-item-object-page menu-item-3291\"><a href=\"https:\/\/www.wiwanni.ch\/fr\/via-ferrata-du-baltschiedertal\/\" class=\"elementor-item\" tabindex=\"-1\">Via fer\u00adra\u00adta du Baltschiedertal<\/a><\/li>\n<\/ul>\t\t\t<\/nav>\n\t\t\t\t\t\t<\/div>\n\t\t\t\t<\/div>\n\t\t\t\t\t<\/div>\n\t\t<\/div>\n\t\t\t\t\t<\/div>\n\t\t<\/section>\n\t\t\t\t<\/div>\n\t\t","protected":false},"excerpt":{"rendered":"<p>Car\u00adte g\u00e9n\u00e9\u00adra\u00adle tir\u00e9e du gui\u00adde d\u2019es\u00adcala\u00adde Wiwan\u00adni&nbsp;2022 Secteurs<\/p>\n","protected":false},"author":4,"featured_media":0,"parent":0,"menu_order":0,"comment_status":"closed","ping_status":"closed","template":"","meta":{"wp_typography_post_enhancements_disabled":false,"footnotes":""},"class_list":["post-1388","page","type-page","status-publish","hentry","wpbf-post"],"_links":{"self":[{"href":"https:\/\/www.wiwanni.ch\/fr\/wp-json\/wp\/v2\/pages\/1388","targetHints":{"allow":["GET"]}}],"collection":[{"href":"https:\/\/www.wiwanni.ch\/fr\/wp-json\/wp\/v2\/pages"}],"about":[{"href":"https:\/\/www.wiwanni.ch\/fr\/wp-json\/wp\/v2\/types\/page"}],"author":[{"embeddable":true,"href":"https:\/\/www.wiwanni.ch\/fr\/wp-json\/wp\/v2\/users\/4"}],"replies":[{"embeddable":true,"href":"https:\/\/www.wiwanni.ch\/fr\/wp-json\/wp\/v2\/comments?post=1388"}],"version-history":[{"count":8,"href":"https:\/\/www.wiwanni.ch\/fr\/wp-json\/wp\/v2\/pages\/1388\/revisions"}],"predecessor-version":[{"id":5062,"href":"https:\/\/www.wiwanni.ch\/fr\/wp-json\/wp\/v2\/pages\/1388\/revisions\/5062"}],"wp:attachment":[{"href":"https:\/\/www.wiwanni.ch\/fr\/wp-json\/wp\/v2\/media?parent=1388"}],"curies":[{"name":"wp","href":"https:\/\/api.w.org\/{rel}","templated":true}]}}