{"id":1322,"date":"2020-05-26T00:51:57","date_gmt":"2020-05-26T00:51:57","guid":{"rendered":"http:\/\/wl1www392.webland.ch\/wordpress\/wiwanni\/jardin-descalade-chalchofo\/"},"modified":"2024-03-16T02:50:50","modified_gmt":"2024-03-16T00:50:50","slug":"jardin-descalade-chalchofo","status":"publish","type":"page","link":"https:\/\/www.wiwanni.ch\/fr\/jardin-descalade-chalchofo\/","title":{"rendered":"Chal\u00adcho\u00adfo \u2014 P\u00e4r\u00fc\u00fclu"},"content":{"rendered":"\t\t<div data-elementor-type=\"wp-page\" data-elementor-id=\"1322\" class=\"elementor elementor-1322 elementor-579\" data-elementor-post-type=\"page\">\n\t\t\t\t\t\t<section class=\"elementor-section elementor-top-section elementor-element elementor-element-4f451966 elementor-section-boxed elementor-section-height-default elementor-section-height-default\" data-id=\"4f451966\" data-element_type=\"section\" data-settings=\"{&quot;background_background&quot;:&quot;classic&quot;}\">\n\t\t\t\t\t\t<div class=\"elementor-container elementor-column-gap-no\">\n\t\t\t\t\t<div class=\"elementor-column elementor-col-50 elementor-top-column elementor-element elementor-element-ca12301\" data-id=\"ca12301\" data-element_type=\"column\" data-settings=\"{&quot;background_background&quot;:&quot;classic&quot;}\">\n\t\t\t<div class=\"elementor-widget-wrap elementor-element-populated\">\n\t\t\t\t\t\t<div class=\"elementor-element elementor-element-6295d113 elementor-widget elementor-widget-image\" data-id=\"6295d113\" data-element_type=\"widget\" data-widget_type=\"image.default\">\n\t\t\t\t<div class=\"elementor-widget-container\">\n\t\t\t\t\t\t\t\t\t\t\t\t\t\t\t\t<a href=\"https:\/\/www.wiwanni.ch\/wp-content\/uploads\/2020\/05\/18-stgerman-klettergarten-topo-1000px.jpg\" data-elementor-open-lightbox=\"yes\" data-elementor-lightbox-title=\"Jardin d\u2019escalade Chalchofo St. German\" data-e-action-hash=\"#elementor-action%3Aaction%3Dlightbox%26settings%3DeyJpZCI6MTMyNCwidXJsIjoiaHR0cHM6XC9cL3d3dy53aXdhbm5pLmNoXC93cC1jb250ZW50XC91cGxvYWRzXC8yMDIwXC8wNVwvMTgtc3RnZXJtYW4ta2xldHRlcmdhcnRlbi10b3BvLTEwMDBweC5qcGcifQ%3D%3D\">\n\t\t\t\t\t\t\t<img fetchpriority=\"high\" decoding=\"async\" width=\"1000\" height=\"705\" src=\"https:\/\/www.wiwanni.ch\/wp-content\/uploads\/2020\/05\/18-stgerman-klettergarten-topo-1000px.jpg\" class=\"attachment-large size-large wp-image-1324\" alt=\"Jardin d\u2019escalade Chalchofo St. German\" srcset=\"https:\/\/www.wiwanni.ch\/wp-content\/uploads\/2020\/05\/18-stgerman-klettergarten-topo-1000px.jpg 1000w, https:\/\/www.wiwanni.ch\/wp-content\/uploads\/2020\/05\/18-stgerman-klettergarten-topo-1000px-300x212.jpg 300w, https:\/\/www.wiwanni.ch\/wp-content\/uploads\/2020\/05\/18-stgerman-klettergarten-topo-1000px-800x564.jpg 800w, https:\/\/www.wiwanni.ch\/wp-content\/uploads\/2020\/05\/18-stgerman-klettergarten-topo-1000px-768x541.jpg 768w\" sizes=\"(max-width: 1000px) 100vw, 1000px\">\t\t\t\t\t\t\t\t<\/a>\n\t\t\t\t\t\t\t\t\t\t\t\t\t\t\t<\/div>\n\t\t\t\t<\/div>\n\t\t\t\t<div class=\"elementor-element elementor-element-75b129cb elementor-widget elementor-widget-heading\" data-id=\"75b129cb\" data-element_type=\"widget\" data-widget_type=\"heading.default\">\n\t\t\t\t<div class=\"elementor-widget-container\">\n\t\t\t\t\t<h4 class=\"elementor-heading-title elementor-size-default\">Jar\u00addin d\u2019escalade Chal\u00adcho\u00adfo \/ P\u00e4r\u00fc\u00fc\u00adlu, St. German<\/h4>\t\t\t\t<\/div>\n\t\t\t\t<\/div>\n\t\t\t\t<div class=\"elementor-element elementor-element-06eb775 elementor-widget elementor-widget-wpml-language-switcher\" data-id=\"06eb775\" data-element_type=\"widget\" data-widget_type=\"wpml-language-switcher.default\">\n\t\t\t\t<div class=\"elementor-widget-container\">\n\t\t\t\t\t<div class=\"wpml-elementor-ls\"><p class=\"wpml-ls-statics-post_translations wpml-ls\">This post is also available in: \n    <span class=\"wpml-ls-slot-post_translations wpml-ls-item wpml-ls-item-de wpml-ls-first-item wpml-ls-item-legacy-post-translations\"><a href=\"https:\/\/www.wiwanni.ch\/\" class=\"wpml-ls-link\"><span class=\"wpml-ls-native\" lang=\"de\">Deutsch<\/span><\/a><\/span>    <span class=\"wpml-ls-slot-post_translations wpml-ls-item wpml-ls-item-en wpml-ls-item-legacy-post-translations\"><a href=\"https:\/\/www.wiwanni.ch\/en\/\" class=\"wpml-ls-link\"><span class=\"wpml-ls-native\" lang=\"en\">Eng\u00adlish<\/span><\/a><\/span>    <span class=\"wpml-ls-slot-post_translations wpml-ls-item wpml-ls-item-it wpml-ls-last-item wpml-ls-item-legacy-post-translations\"><a href=\"https:\/\/www.wiwanni.ch\/it\/\" class=\"wpml-ls-link\"><span class=\"wpml-ls-native\" lang=\"it\">Ita\u00adlia\u00adno<\/span><\/a><\/span><\/p><\/div>\t\t\t\t<\/div>\n\t\t\t\t<\/div>\n\t\t\t\t<div class=\"elementor-element elementor-element-616d3fb elementor-widget elementor-widget-text-editor\" data-id=\"616d3fb\" data-element_type=\"widget\" data-widget_type=\"text-editor.default\">\n\t\t\t\t<div class=\"elementor-widget-container\">\n\t\t\t\t\t\t\t\t\t<p>Le jar\u00addin d\u2019escalade a \u00e9t\u00e9 \u00e9qui\u00adp\u00e9 par le bureau de gui\u00adde Alpi\u00adne\u00adschu\u00adle Biets\u00adch\u00adhorn Aus\u00adser\u00adberg en&nbsp;2013.<br>\nIl est com\u00adpo\u00ads\u00e9 de 19 voies qui font ent\u00adre 6 et 16 m\u00e8tres de haut, tou\u00adtes tr\u00e8s bien \u00e9quip\u00e9es.<br>\nL\u2019exposition Sud-Est et le cli\u00admat sec de l\u2019endroit per\u00admet\u00adtent d\u2019y grim\u00adper tout au long de l\u2019ann\u00e9e. L\u2019apr\u00e8s-midi en \u00e9t\u00e9 il fait par cont\u00adre trop chaud pour y grimper.<br>\nIl s\u2019agit d\u2019une falai\u00adse ver\u00adti\u00adcale \u00e0 d\u00e9versante.<\/p>\n<p>Le sec\u00adteur d\u2019escalade se situe sur un ter\u00adrain pri\u00adv\u00e9 et les grim\u00adpeurs y sont tol\u00e9\u00adr\u00e9s. S\u2019il-vous-pla\u00eet, respec\u00adtez les chem\u00adins d\u00e9crits et com\u00adpor\u00adtez-vous de fa\u00e7on ad\u00e9quate.<br>\nAcc\u00e8s depuis St-Ger\u00adman (12&nbsp;min)&nbsp;:<br>\n1) Depuis la gran\u00adde place de parc \u00e0 St-Ger\u00adman\/Ar\u00adr\u00eat de bus, sui\u00adv\u00adre le sen\u00adtier en direc\u00adtion d\u2019Ausserberg. Apr\u00e8s la Gor\u00adge (apr\u00e8s env. 5 min de mar\u00adche), dans le pre\u00admier vira\u00adge \u00e0 gau\u00adche, une sen\u00adte d\u00e9mar\u00adre sur la droite.<br>\n2) Sui\u00adv\u00adre cet\u00adte sen\u00adte sur 40 m jusqu\u2019\u00e0 arri\u00adver au bis\u00adse. Prend\u00adre \u00e0 gau\u00adche et sui\u00adv\u00adre le bis\u00adse pen\u00addant envi\u00adron 5 min. Sur vot\u00adre gau\u00adche, les falai\u00adses sont visi\u00adbles dans la prai\u00adrie. Con\u00adtin\u00aduer tou\u00adte\u00adfois le long du bis\u00adse (jusqu\u2019\u00e0 la hauteur o\u00f9 la paroi est le plus pro\u00adche du bis\u00adse) et enjam\u00adber le grill\u00ada\u00adge avec pr\u00e9\u00adcau\u00adti\u00adon l\u00e0 o\u00f9 le bis\u00adse est recou\u00advert par une gran\u00adde plaque de rocher.<br>\nAcc\u00e8s depuis Aus\u00adser\u00adberg (22&nbsp;min)&nbsp;:<br>\n1) De la gare d\u2019Ausserberg (TP) ou du par\u00adking en contre\u00adbas du pas\u00adsa\u00adge sous-voie de la rou\u00adte (com\u00adme pour aller au sec\u00adteur Wolfs\u00adblat\u00adte), sui\u00adv\u00adre le sen\u00adtier p\u00e9dest\u00adre direc\u00adtion St-Ger\u00adman. Apr\u00e8s 15 minu\u00adtes se trouve une cha\u00adpel\u00adle, et 50 m plus loin une vieil\u00adle mai\u00adson. Apr\u00e8s la gran\u00adge, le che\u00admin bifur\u00adque \u00e0 droi\u00adte dans une gor\u00adge. Dans ce vira\u00adge \u00e0 droi\u00adte, une sen\u00adte d\u00e9mar\u00adre sur la gau\u00adche. Sui\u00adv\u00adre cet\u00adte sen\u00adte sur 40 m jusqu\u2019\u00e0 arri\u00adver au bis\u00adse. Prend\u00adre \u00e0 gau\u00adche et sui\u00adv\u00adre le bis\u00adse pen\u00addant envi\u00adron 5 min. Sur vot\u00adre gau\u00adche, les falai\u00adses sont visi\u00adbles dans la prai\u00adrie. Con\u00adtin\u00aduer tou\u00adte\u00adfois le long du bis\u00adse (jusqu\u2019\u00e0 la hauteur o\u00f9 la paroi est le plus pro\u00adche du bis\u00adse) et enjam\u00adber le grill\u00ada\u00adge avec pr\u00e9\u00adcau\u00adti\u00adon l\u00e0 o\u00f9 le bis\u00adse est recou\u00advert par une gran\u00adde plaque de rocher.<\/p>\n\t\t\t\t\t\t\t\t<\/div>\n\t\t\t\t<\/div>\n\t\t\t\t<div class=\"elementor-element elementor-element-ff1bce5 elementor-widget elementor-widget-image\" data-id=\"ff1bce5\" data-element_type=\"widget\" data-widget_type=\"image.default\">\n\t\t\t\t<div class=\"elementor-widget-container\">\n\t\t\t\t\t\t\t\t\t\t\t\t\t\t\t\t<a href=\"https:\/\/www.wiwanni.ch\/wp-content\/uploads\/2020\/06\/18-zustiegskarte-chalchofo-klettergarten.jpg\" data-elementor-open-lightbox=\"yes\" data-elementor-lightbox-title=\"Croquis d'acc\u00e8s Chalchofo\" data-e-action-hash=\"#elementor-action%3Aaction%3Dlightbox%26settings%3DeyJpZCI6MzExNCwidXJsIjoiaHR0cHM6XC9cL3d3dy53aXdhbm5pLmNoXC93cC1jb250ZW50XC91cGxvYWRzXC8yMDIwXC8wNlwvMTgtenVzdGllZ3NrYXJ0ZS1jaGFsY2hvZm8ta2xldHRlcmdhcnRlbi5qcGcifQ%3D%3D\">\n\t\t\t\t\t\t\t<img decoding=\"async\" width=\"1000\" height=\"496\" src=\"https:\/\/www.wiwanni.ch\/wp-content\/uploads\/2020\/06\/18-zustiegskarte-chalchofo-klettergarten.jpg\" class=\"attachment-full size-full wp-image-3114\" alt=\"Croquis d'acc\u00e8s Chalchofo\" srcset=\"https:\/\/www.wiwanni.ch\/wp-content\/uploads\/2020\/06\/18-zustiegskarte-chalchofo-klettergarten.jpg 1000w, https:\/\/www.wiwanni.ch\/wp-content\/uploads\/2020\/06\/18-zustiegskarte-chalchofo-klettergarten-300x149.jpg 300w, https:\/\/www.wiwanni.ch\/wp-content\/uploads\/2020\/06\/18-zustiegskarte-chalchofo-klettergarten-800x397.jpg 800w, https:\/\/www.wiwanni.ch\/wp-content\/uploads\/2020\/06\/18-zustiegskarte-chalchofo-klettergarten-768x381.jpg 768w\" sizes=\"(max-width: 1000px) 100vw, 1000px\">\t\t\t\t\t\t\t\t<\/a>\n\t\t\t\t\t\t\t\t\t\t\t\t\t\t\t<\/div>\n\t\t\t\t<\/div>\n\t\t\t\t<div class=\"elementor-element elementor-element-2c85308e elementor-widget elementor-widget-text-editor\" data-id=\"2c85308e\" data-element_type=\"widget\" data-widget_type=\"text-editor.default\">\n\t\t\t\t<div class=\"elementor-widget-container\">\n\t\t\t\t\t\t\t\t\t<div><em>Topo du gui\u00adde d\u2019escalade Wiwan\u00adni&nbsp;2022<\/em><\/div>\n\t\t\t\t\t\t\t\t<\/div>\n\t\t\t\t<\/div>\n\t\t\t\t\t<\/div>\n\t\t<\/div>\n\t\t\t\t<div class=\"elementor-column elementor-col-50 elementor-top-column elementor-element elementor-element-4f3d536a\" data-id=\"4f3d536a\" data-element_type=\"column\" data-settings=\"{&quot;background_background&quot;:&quot;classic&quot;}\">\n\t\t\t<div class=\"elementor-widget-wrap elementor-element-populated\">\n\t\t\t\t\t\t<div class=\"elementor-element elementor-element-2eb5b1e4 elementor-align-left elementor-widget elementor-widget-button\" data-id=\"2eb5b1e4\" data-element_type=\"widget\" data-widget_type=\"button.default\">\n\t\t\t\t<div class=\"elementor-widget-container\">\n\t\t\t\t\t\t\t\t\t<div class=\"elementor-button-wrapper\">\n\t\t\t\t\t<a class=\"elementor-button elementor-button-link elementor-size-sm\" href=\"https:\/\/www.wiwanni.ch\/fr\/zones-d-escalade\/\">\n\t\t\t\t\t\t<span class=\"elementor-button-content-wrapper\">\n\t\t\t\t\t\t<span class=\"elementor-button-icon\">\n\t\t\t\t<i aria-hidden=\"true\" class=\"fas fa-arrow-left\"><\/i>\t\t\t<\/span>\n\t\t\t\t\t\t\t\t\t<span class=\"elementor-button-text\">vue d\u2019en\u00adsem\u00adble<\/span>\n\t\t\t\t\t<\/span>\n\t\t\t\t\t<\/a>\n\t\t\t\t<\/div>\n\t\t\t\t\t\t\t\t<\/div>\n\t\t\t\t<\/div>\n\t\t\t\t<div class=\"elementor-element elementor-element-5c532ce9 elementor-widget elementor-widget-heading\" data-id=\"5c532ce9\" data-element_type=\"widget\" data-widget_type=\"heading.default\">\n\t\t\t\t<div class=\"elementor-widget-container\">\n\t\t\t\t\t<h4 class=\"elementor-heading-title elementor-size-default\">Sec\u00adteurs<\/h4>\t\t\t\t<\/div>\n\t\t\t\t<\/div>\n\t\t\t\t<div class=\"elementor-element elementor-element-5fe51d70 elementor-nav-menu__align-start elementor-nav-menu--dropdown-none elementor-widget elementor-widget-nav-menu\" data-id=\"5fe51d70\" data-element_type=\"widget\" data-settings=\"{&quot;layout&quot;:&quot;vertical&quot;,&quot;submenu_icon&quot;:{&quot;value&quot;:&quot;<i class=\\&quot;\\&quot;><\\\/i>&quot;,&quot;library&quot;:&quot;&quot;}}\" data-widget_type=\"nav-menu.default\">\n\t\t\t\t<div class=\"elementor-widget-container\">\n\t\t\t\t\t\t\t\t<nav aria-label=\"Menu\" class=\"elementor-nav-menu--main elementor-nav-menu__container elementor-nav-menu--layout-vertical e--pointer-background e--animation-fade\">\n\t\t\t\t<ul id=\"menu-1-5fe51d70\" class=\"elementor-nav-menu sm-vertical\"><li class=\"menu-item menu-item-type-post_type menu-item-object-page menu-item-2152\"><a href=\"https:\/\/www.wiwanni.ch\/fr\/huettensektor-unterbaerg\/\" class=\"elementor-item\">1 H\u00fct\u00adten\u00adsek\u00adtor Unterb\u00e4rg<\/a><\/li>\n<li class=\"menu-item menu-item-type-post_type menu-item-object-page menu-item-2188\"><a href=\"https:\/\/www.wiwanni.ch\/fr\/unterer-klettergarten\/\" class=\"elementor-item\">2 Unte\u00adrer Klettergarten<\/a><\/li>\n<li class=\"menu-item menu-item-type-post_type menu-item-object-page menu-item-2220\"><a href=\"https:\/\/www.wiwanni.ch\/fr\/oberer-klettergarten\/\" class=\"elementor-item\">3 Obe\u00adrer Klettergarten<\/a><\/li>\n<li class=\"menu-item menu-item-type-post_type menu-item-object-page menu-item-2241\"><a href=\"https:\/\/www.wiwanni.ch\/fr\/klettergarten-wandfuss\/\" class=\"elementor-item\">4 Klet\u00adter\u00adgar\u00adten Wandfuss<\/a><\/li>\n<li class=\"menu-item menu-item-type-post_type menu-item-object-page menu-item-2267\"><a href=\"https:\/\/www.wiwanni.ch\/fr\/schepfipfiler\/\" class=\"elementor-item\">5 Sche\u00adp\u00adfip\u00adfi\u00adler<\/a><\/li>\n<li class=\"menu-item menu-item-type-post_type menu-item-object-page menu-item-2291\"><a href=\"https:\/\/www.wiwanni.ch\/fr\/klein-augstkummenhorn\/\" class=\"elementor-item\">6 Klein Augstkummenhorn<\/a><\/li>\n<li class=\"menu-item menu-item-type-post_type menu-item-object-page menu-item-2334\"><a href=\"https:\/\/www.wiwanni.ch\/fr\/gross-augstkummenhorn\/\" class=\"elementor-item\">7 Gross Augstkummenhorn<\/a><\/li>\n<li class=\"menu-item menu-item-type-post_type menu-item-object-page menu-item-2684\"><a href=\"https:\/\/www.wiwanni.ch\/fr\/wiwanni-suedwestwand\/\" class=\"elementor-item\">8 Wiwan\u00adni S\u00fcdwestwand<\/a><\/li>\n<li class=\"menu-item menu-item-type-post_type menu-item-object-page menu-item-2713\"><a href=\"https:\/\/www.wiwanni.ch\/fr\/wiwanni-suedwand\/\" class=\"elementor-item\">9 Wiwan\u00adni S\u00fcdwand<\/a><\/li>\n<li class=\"menu-item menu-item-type-post_type menu-item-object-page menu-item-2740\"><a href=\"https:\/\/www.wiwanni.ch\/fr\/wiwannihorn\/\" class=\"elementor-item\">10 Wiwan\u00adni\u00adhorn<\/a><\/li>\n<li class=\"menu-item menu-item-type-post_type menu-item-object-page menu-item-2481\"><a href=\"https:\/\/www.wiwanni.ch\/fr\/ostgrat\/\" class=\"elementor-item\">11 Ost\u00adgrat<\/a><\/li>\n<li class=\"menu-item menu-item-type-post_type menu-item-object-page menu-item-2757\"><a href=\"https:\/\/www.wiwanni.ch\/fr\/bru\/\" class=\"elementor-item\">12 Bru<\/a><\/li>\n<li class=\"menu-item menu-item-type-post_type menu-item-object-page menu-item-2387\"><a href=\"https:\/\/www.wiwanni.ch\/fr\/chruetighorn\/\" class=\"elementor-item\">13 Chr\u00fc\u00adtig\u00adhorn<\/a><\/li>\n<li class=\"menu-item menu-item-type-post_type menu-item-object-page menu-item-2635\"><a href=\"https:\/\/www.wiwanni.ch\/fr\/duebigrat\/\" class=\"elementor-item\">14 D\u00fcbi\u00adgrat<\/a><\/li>\n<li class=\"menu-item menu-item-type-post_type menu-item-object-page menu-item-2592\"><a href=\"https:\/\/www.wiwanni.ch\/fr\/sattolwaeschi\/\" class=\"elementor-item\">15 Sat\u00adtol\u00adw\u00e4\u00adschi<\/a><\/li>\n<li class=\"menu-item menu-item-type-post_type menu-item-object-page menu-item-2354\"><a href=\"https:\/\/www.wiwanni.ch\/fr\/secteur-de-bloc-eggen\/\" class=\"elementor-item\">16 Sec\u00adteur de bloc&nbsp;Eggen<\/a><\/li>\n<li class=\"menu-item menu-item-type-post_type menu-item-object-page menu-item-2568\"><a href=\"https:\/\/www.wiwanni.ch\/fr\/klettergarten-wolfblatte-ausserberg\/\" class=\"elementor-item\">17 Klet\u00adter\u00adgar\u00adten Wolf\u00adblat\u00adte Ausserberg<\/a><\/li>\n<li class=\"menu-item menu-item-type-post_type menu-item-object-page menu-item-2375\"><a href=\"https:\/\/www.wiwanni.ch\/fr\/jardin-descalade-chalchofo\/\" class=\"elementor-item\">18 Chal\u00adcho\u00adfo \u2013 P\u00e4r\u00fc\u00fclu<\/a><\/li>\n<li class=\"menu-item menu-item-type-post_type menu-item-object-page menu-item-2826\"><a href=\"https:\/\/www.wiwanni.ch\/fr\/traversee-de-larete\/\" class=\"elementor-item\">Tra\u00adver\u00ads\u00e9e de l\u2019ar\u00eate<\/a><\/li>\n<li class=\"menu-item menu-item-type-post_type menu-item-object-page menu-item-3290\"><a href=\"https:\/\/www.wiwanni.ch\/fr\/via-ferrata-du-baltschiedertal\/\" class=\"elementor-item\">Via fer\u00adra\u00adta du Baltschiedertal<\/a><\/li>\n<\/ul>\t\t\t<\/nav>\n\t\t\t\t\t\t<nav class=\"elementor-nav-menu--dropdown elementor-nav-menu__container\" aria-hidden=\"true\">\n\t\t\t\t<ul id=\"menu-2-5fe51d70\" class=\"elementor-nav-menu sm-vertical\"><li class=\"menu-item menu-item-type-post_type menu-item-object-page menu-item-2152\"><a href=\"https:\/\/www.wiwanni.ch\/fr\/huettensektor-unterbaerg\/\" class=\"elementor-item\" tabindex=\"-1\">1 H\u00fct\u00adten\u00adsek\u00adtor Unterb\u00e4rg<\/a><\/li>\n<li class=\"menu-item menu-item-type-post_type menu-item-object-page menu-item-2188\"><a href=\"https:\/\/www.wiwanni.ch\/fr\/unterer-klettergarten\/\" class=\"elementor-item\" tabindex=\"-1\">2 Unte\u00adrer Klettergarten<\/a><\/li>\n<li class=\"menu-item menu-item-type-post_type menu-item-object-page menu-item-2220\"><a href=\"https:\/\/www.wiwanni.ch\/fr\/oberer-klettergarten\/\" class=\"elementor-item\" tabindex=\"-1\">3 Obe\u00adrer Klettergarten<\/a><\/li>\n<li class=\"menu-item menu-item-type-post_type menu-item-object-page menu-item-2241\"><a href=\"https:\/\/www.wiwanni.ch\/fr\/klettergarten-wandfuss\/\" class=\"elementor-item\" tabindex=\"-1\">4 Klet\u00adter\u00adgar\u00adten Wandfuss<\/a><\/li>\n<li class=\"menu-item menu-item-type-post_type menu-item-object-page menu-item-2267\"><a href=\"https:\/\/www.wiwanni.ch\/fr\/schepfipfiler\/\" class=\"elementor-item\" tabindex=\"-1\">5 Sche\u00adp\u00adfip\u00adfi\u00adler<\/a><\/li>\n<li class=\"menu-item menu-item-type-post_type menu-item-object-page menu-item-2291\"><a href=\"https:\/\/www.wiwanni.ch\/fr\/klein-augstkummenhorn\/\" class=\"elementor-item\" tabindex=\"-1\">6 Klein Augstkummenhorn<\/a><\/li>\n<li class=\"menu-item menu-item-type-post_type menu-item-object-page menu-item-2334\"><a href=\"https:\/\/www.wiwanni.ch\/fr\/gross-augstkummenhorn\/\" class=\"elementor-item\" tabindex=\"-1\">7 Gross Augstkummenhorn<\/a><\/li>\n<li class=\"menu-item menu-item-type-post_type menu-item-object-page menu-item-2684\"><a href=\"https:\/\/www.wiwanni.ch\/fr\/wiwanni-suedwestwand\/\" class=\"elementor-item\" tabindex=\"-1\">8 Wiwan\u00adni S\u00fcdwestwand<\/a><\/li>\n<li class=\"menu-item menu-item-type-post_type menu-item-object-page menu-item-2713\"><a href=\"https:\/\/www.wiwanni.ch\/fr\/wiwanni-suedwand\/\" class=\"elementor-item\" tabindex=\"-1\">9 Wiwan\u00adni S\u00fcdwand<\/a><\/li>\n<li class=\"menu-item menu-item-type-post_type menu-item-object-page menu-item-2740\"><a href=\"https:\/\/www.wiwanni.ch\/fr\/wiwannihorn\/\" class=\"elementor-item\" tabindex=\"-1\">10 Wiwan\u00adni\u00adhorn<\/a><\/li>\n<li class=\"menu-item menu-item-type-post_type menu-item-object-page menu-item-2481\"><a href=\"https:\/\/www.wiwanni.ch\/fr\/ostgrat\/\" class=\"elementor-item\" tabindex=\"-1\">11 Ost\u00adgrat<\/a><\/li>\n<li class=\"menu-item menu-item-type-post_type menu-item-object-page menu-item-2757\"><a href=\"https:\/\/www.wiwanni.ch\/fr\/bru\/\" class=\"elementor-item\" tabindex=\"-1\">12 Bru<\/a><\/li>\n<li class=\"menu-item menu-item-type-post_type menu-item-object-page menu-item-2387\"><a href=\"https:\/\/www.wiwanni.ch\/fr\/chruetighorn\/\" class=\"elementor-item\" tabindex=\"-1\">13 Chr\u00fc\u00adtig\u00adhorn<\/a><\/li>\n<li class=\"menu-item menu-item-type-post_type menu-item-object-page menu-item-2635\"><a href=\"https:\/\/www.wiwanni.ch\/fr\/duebigrat\/\" class=\"elementor-item\" tabindex=\"-1\">14 D\u00fcbi\u00adgrat<\/a><\/li>\n<li class=\"menu-item menu-item-type-post_type menu-item-object-page menu-item-2592\"><a href=\"https:\/\/www.wiwanni.ch\/fr\/sattolwaeschi\/\" class=\"elementor-item\" tabindex=\"-1\">15 Sat\u00adtol\u00adw\u00e4\u00adschi<\/a><\/li>\n<li class=\"menu-item menu-item-type-post_type menu-item-object-page menu-item-2354\"><a href=\"https:\/\/www.wiwanni.ch\/fr\/secteur-de-bloc-eggen\/\" class=\"elementor-item\" tabindex=\"-1\">16 Sec\u00adteur de bloc&nbsp;Eggen<\/a><\/li>\n<li class=\"menu-item menu-item-type-post_type menu-item-object-page menu-item-2568\"><a href=\"https:\/\/www.wiwanni.ch\/fr\/klettergarten-wolfblatte-ausserberg\/\" class=\"elementor-item\" tabindex=\"-1\">17 Klet\u00adter\u00adgar\u00adten Wolf\u00adblat\u00adte Ausserberg<\/a><\/li>\n<li class=\"menu-item menu-item-type-post_type menu-item-object-page menu-item-2375\"><a href=\"https:\/\/www.wiwanni.ch\/fr\/jardin-descalade-chalchofo\/\" class=\"elementor-item\" tabindex=\"-1\">18 Chal\u00adcho\u00adfo \u2013 P\u00e4r\u00fc\u00fclu<\/a><\/li>\n<li class=\"menu-item menu-item-type-post_type menu-item-object-page menu-item-2826\"><a href=\"https:\/\/www.wiwanni.ch\/fr\/traversee-de-larete\/\" class=\"elementor-item\" tabindex=\"-1\">Tra\u00adver\u00ads\u00e9e de l\u2019ar\u00eate<\/a><\/li>\n<li class=\"menu-item menu-item-type-post_type menu-item-object-page menu-item-3290\"><a href=\"https:\/\/www.wiwanni.ch\/fr\/via-ferrata-du-baltschiedertal\/\" class=\"elementor-item\" tabindex=\"-1\">Via fer\u00adra\u00adta du Baltschiedertal<\/a><\/li>\n<\/ul>\t\t\t<\/nav>\n\t\t\t\t\t\t<\/div>\n\t\t\t\t<\/div>\n\t\t\t\t\t<\/div>\n\t\t<\/div>\n\t\t\t\t\t<\/div>\n\t\t<\/section>\n\t\t\t\t<\/div>\n\t\t","protected":false},"excerpt":{"rendered":"<p>Jar\u00addin d\u2019escalade Chal\u00adcho\u00adfo \/ P\u00e4r\u00fc\u00fc\u00adlu, St. Ger\u00adman This post is also available in: Eng\u00adlish Fran\u00ad\u00e7ais Ita\u00adlia\u00adno Le jar\u00addin d\u2019escalade a \u00e9t\u00e9 \u00e9qui\u00adp\u00e9 par le bureau de gui\u00adde Alpi\u00adne\u00adschu\u00adle Biets\u00adch\u00adhorn Aus\u00adser\u00adberg en&nbsp;2013. Il est com\u00adpo\u00ads\u00e9 de 19 voies qui font ent\u00adre 6 et 16 m\u00e8tres de haut, tou\u00adtes tr\u00e8s bien \u00e9qui\u00adp\u00e9es. L\u2019exposition Sud-Est et le cli\u00admat sec de l\u2019endroit per\u00admet\u00adtent d\u2019y grim\u00adper tout au long de l\u2019ann\u00e9e. L\u2019apr\u00e8s-midi en \u00e9t\u00e9 il fait par cont\u00adre trop chaud pour y grim\u00adper. Il s\u2019agit d\u2019une falai\u00adse ver\u00adti\u00adcale \u00e0 d\u00e9vers\u00adan\u00adte. Le sec\u00adteur d\u2019escalade se situe sur un ter\u00adrain pri\u00adv\u00e9 et les grim\u00adpeurs y sont tol\u00e9r\u00e9s.&nbsp;[\u2026]<\/p>\n","protected":false},"author":4,"featured_media":0,"parent":0,"menu_order":0,"comment_status":"closed","ping_status":"closed","template":"","meta":{"wp_typography_post_enhancements_disabled":false,"footnotes":""},"class_list":["post-1322","page","type-page","status-publish","hentry","wpbf-post"],"_links":{"self":[{"href":"https:\/\/www.wiwanni.ch\/fr\/wp-json\/wp\/v2\/pages\/1322","targetHints":{"allow":["GET"]}}],"collection":[{"href":"https:\/\/www.wiwanni.ch\/fr\/wp-json\/wp\/v2\/pages"}],"about":[{"href":"https:\/\/www.wiwanni.ch\/fr\/wp-json\/wp\/v2\/types\/page"}],"author":[{"embeddable":true,"href":"https:\/\/www.wiwanni.ch\/fr\/wp-json\/wp\/v2\/users\/4"}],"replies":[{"embeddable":true,"href":"https:\/\/www.wiwanni.ch\/fr\/wp-json\/wp\/v2\/comments?post=1322"}],"version-history":[{"count":13,"href":"https:\/\/www.wiwanni.ch\/fr\/wp-json\/wp\/v2\/pages\/1322\/revisions"}],"predecessor-version":[{"id":4780,"href":"https:\/\/www.wiwanni.ch\/fr\/wp-json\/wp\/v2\/pages\/1322\/revisions\/4780"}],"wp:attachment":[{"href":"https:\/\/www.wiwanni.ch\/fr\/wp-json\/wp\/v2\/media?parent=1322"}],"curies":[{"name":"wp","href":"https:\/\/api.w.org\/{rel}","templated":true}]}}