{"id":1294,"date":"2020-05-26T00:44:28","date_gmt":"2020-05-26T00:44:28","guid":{"rendered":"http:\/\/wl1www392.webland.ch\/wordpress\/wiwanni\/bru\/"},"modified":"2024-03-16T20:02:43","modified_gmt":"2024-03-16T18:02:43","slug":"bru","status":"publish","type":"page","link":"https:\/\/www.wiwanni.ch\/fr\/bru\/","title":{"rendered":"Bru"},"content":{"rendered":"\t\t<div data-elementor-type=\"wp-page\" data-elementor-id=\"1294\" class=\"elementor elementor-1294 elementor-565\" data-elementor-post-type=\"page\">\n\t\t\t\t\t\t<section class=\"elementor-section elementor-top-section elementor-element elementor-element-7d1749e6 elementor-section-boxed elementor-section-height-default elementor-section-height-default\" data-id=\"7d1749e6\" data-element_type=\"section\" data-settings=\"{&quot;background_background&quot;:&quot;classic&quot;}\">\n\t\t\t\t\t\t<div class=\"elementor-container elementor-column-gap-no\">\n\t\t\t\t\t<div class=\"elementor-column elementor-col-50 elementor-top-column elementor-element elementor-element-17748966\" data-id=\"17748966\" data-element_type=\"column\" data-settings=\"{&quot;background_background&quot;:&quot;classic&quot;}\">\n\t\t\t<div class=\"elementor-widget-wrap elementor-element-populated\">\n\t\t\t\t\t\t<div class=\"elementor-element elementor-element-ca4fdb9 elementor-widget elementor-widget-image\" data-id=\"ca4fdb9\" data-element_type=\"widget\" data-widget_type=\"image.default\">\n\t\t\t\t<div class=\"elementor-widget-container\">\n\t\t\t\t\t\t\t\t\t\t\t\t\t\t\t\t<a href=\"https:\/\/www.wiwanni.ch\/wp-content\/uploads\/2020\/05\/12-wiwannihorn-bru-topo.jpg\" data-elementor-open-lightbox=\"yes\" data-elementor-lightbox-title=\"Drei Sagen Tour\" data-e-action-hash=\"#elementor-action%3Aaction%3Dlightbox%26settings%3DeyJpZCI6MTI5NiwidXJsIjoiaHR0cHM6XC9cL3d3dy53aXdhbm5pLmNoXC93cC1jb250ZW50XC91cGxvYWRzXC8yMDIwXC8wNVwvMTItd2l3YW5uaWhvcm4tYnJ1LXRvcG8uanBnIn0%3D\">\n\t\t\t\t\t\t\t<img fetchpriority=\"high\" decoding=\"async\" width=\"705\" height=\"1000\" src=\"https:\/\/www.wiwanni.ch\/wp-content\/uploads\/2020\/05\/12-wiwannihorn-bru-topo.jpg\" class=\"attachment-large size-large wp-image-1296\" alt=\"Drei Sagen Tour\" srcset=\"https:\/\/www.wiwanni.ch\/wp-content\/uploads\/2020\/05\/12-wiwannihorn-bru-topo.jpg 705w, https:\/\/www.wiwanni.ch\/wp-content\/uploads\/2020\/05\/12-wiwannihorn-bru-topo-300x426.jpg 300w, https:\/\/www.wiwanni.ch\/wp-content\/uploads\/2020\/05\/12-wiwannihorn-bru-topo-212x300.jpg 212w\" sizes=\"(max-width: 705px) 100vw, 705px\">\t\t\t\t\t\t\t\t<\/a>\n\t\t\t\t\t\t\t\t\t\t\t\t\t\t\t<\/div>\n\t\t\t\t<\/div>\n\t\t\t\t<div class=\"elementor-element elementor-element-80835e6 elementor-widget elementor-widget-wpml-language-switcher\" data-id=\"80835e6\" data-element_type=\"widget\" data-widget_type=\"wpml-language-switcher.default\">\n\t\t\t\t<div class=\"elementor-widget-container\">\n\t\t\t\t\t<div class=\"wpml-elementor-ls\"><p class=\"wpml-ls-statics-post_translations wpml-ls\">This post is also available in: \n    <span class=\"wpml-ls-slot-post_translations wpml-ls-item wpml-ls-item-de wpml-ls-first-item wpml-ls-item-legacy-post-translations\"><a href=\"https:\/\/www.wiwanni.ch\/\" class=\"wpml-ls-link\"><span class=\"wpml-ls-native\" lang=\"de\">Deutsch<\/span><\/a><\/span>    <span class=\"wpml-ls-slot-post_translations wpml-ls-item wpml-ls-item-en wpml-ls-item-legacy-post-translations\"><a href=\"https:\/\/www.wiwanni.ch\/en\/\" class=\"wpml-ls-link\"><span class=\"wpml-ls-native\" lang=\"en\">Eng\u00adlish<\/span><\/a><\/span>    <span class=\"wpml-ls-slot-post_translations wpml-ls-item wpml-ls-item-it wpml-ls-last-item wpml-ls-item-legacy-post-translations\"><a href=\"https:\/\/www.wiwanni.ch\/it\/\" class=\"wpml-ls-link\"><span class=\"wpml-ls-native\" lang=\"it\">Ita\u00adlia\u00adno<\/span><\/a><\/span><\/p><\/div>\t\t\t\t<\/div>\n\t\t\t\t<\/div>\n\t\t\t\t<div class=\"elementor-element elementor-element-162f7da1 elementor-widget elementor-widget-heading\" data-id=\"162f7da1\" data-element_type=\"widget\" data-widget_type=\"heading.default\">\n\t\t\t\t<div class=\"elementor-widget-container\">\n\t\t\t\t\t<h4 class=\"elementor-heading-title elementor-size-default\">Bru<\/h4>\t\t\t\t<\/div>\n\t\t\t\t<\/div>\n\t\t\t\t<div class=\"elementor-element elementor-element-e018d28 elementor-widget elementor-widget-text-editor\" data-id=\"e018d28\" data-element_type=\"widget\" data-widget_type=\"text-editor.default\">\n\t\t\t\t<div class=\"elementor-widget-container\">\n\t\t\t\t\t\t\t\t\t<p>Beau\u00adcoup de grim\u00adpeur ont remar\u00adqu\u00e9 cet\u00adte immense face de gra\u00adnit qui domi\u00adne le Balt\u00adschie\u00adder\u00adtal. Roland Ker\u00adnen, qui a d\u00e9j\u00e0 \u00e9qui\u00adp\u00e9 dif\u00adf\u00e9\u00adren\u00adtes voies \u00e0 l\u2019entr\u00e9e du Balt\u00adschie\u00adder\u00adtal, a trou\u00adv\u00e9 avec San\u00addro Per\u00adren une ligne id\u00e9a\u00adle qui mon\u00adte dans cet\u00adte paroi impres\u00adsi\u00adon\u00adnan\u00adte, die Nebel von&nbsp;Bru.<br>\nUne deu\u00adxi\u00e8\u00adme ligne id\u00e9a\u00adle un peu moins dif\u00adfi\u00adci\u00adle. Sick Bozo, a \u00e9t\u00e9 ouver\u00adte \u00e9ga\u00adle\u00adment par Roland Ker\u00adnen et sa femme Rena\u00adte en&nbsp;2015.<br>\nSPECIAL : dans le d\u00e9cor sau\u00adva\u00adge de Bru, anci\u00aden alpa\u00adge \u00e0 mou\u00adtons des habi\u00adtants d\u2019Ausserberg, on trouve de gros bou\u00adquets d\u2019Edelweiss, ce qui est tr\u00e8s inha\u00adbi\u00adtuel pour cet envi\u00adron\u00adne\u00adment rocheux et cristallin.<\/p>\n\t\t\t\t\t\t\t\t<\/div>\n\t\t\t\t<\/div>\n\t\t\t\t<div class=\"elementor-element elementor-element-48d89e5 elementor-widget elementor-widget-heading\" data-id=\"48d89e5\" data-element_type=\"widget\" data-widget_type=\"heading.default\">\n\t\t\t\t<div class=\"elementor-widget-container\">\n\t\t\t\t\t<h4 class=\"elementor-heading-title elementor-size-default\">Drei Sagen&nbsp;Tour<\/h4>\t\t\t\t<\/div>\n\t\t\t\t<\/div>\n\t\t\t\t<div class=\"elementor-element elementor-element-40eaf10 elementor-widget elementor-widget-text-editor\" data-id=\"40eaf10\" data-element_type=\"widget\" data-widget_type=\"text-editor.default\">\n\t\t\t\t<div class=\"elementor-widget-container\">\n\t\t\t\t\t\t\t\t\t<p><em>Rena\u00adte et Roland Ker\u00adnen, ain\u00adsi que Feli\u00adci\u00adtas et Egon Feller.<\/em><br>\nCet itin\u00ad\u00e9\u00adrai\u00adre, avec ses 32 longueurs pour envi\u00adron 1500 m d\u2019escalade plus l\u2019ar\u00eate fina\u00adle, est une des plus longues voies que le Valais peut pro\u00adpo\u00adser. Du Balt\u00adschie\u00adder\u00adtal jusqu\u2019au som\u00admet du Wiwan\u00adni\u00adhorn, il y a 1800 m de d\u00e9ni\u00advel\u00e9 que vous par\u00adcour\u00adrez dans un d\u00e9cor \u00e0 cou\u00adper le souf\u00adfle. Cet\u00adte voie doit \u00eatre par\u00adcou\u00adrue uni\u00adquement par une m\u00e9t\u00e9o sta\u00adble. Un chan\u00adge\u00adment de m\u00e9t\u00e9o ou une exp\u00e9\u00adri\u00adence insuf\u00adfi\u00adsan\u00adte peu\u00advent mener \u00e0 une situa\u00adti\u00adon p\u00e9ril\u00adleu\u00adse, car les des\u00adcen\u00adtes du pied de la paroi dans le Balt\u00adschie\u00adder\u00adtal ou jusqu\u2019\u00e0 la via fer\u00adra\u00adta \u00e0 2100 m ne sont pas \u00e9vi\u00adden\u00adtes \u00e0 trou\u00adver. T\u00f4t dans la sai\u00adson ou en cas d\u2019orage des chu\u00adtes de pier\u00adres sont possibles.<br>\nId\u00e9a\u00adle\u00adment cet itin\u00ad\u00e9\u00adrai\u00adre est par\u00adcou\u00adru en deux jours, avec une nuit \u00e0 la caba\u00adne Wiwan\u00adni. Il s\u2019agit de la com\u00adbi\u00adnai\u00adson de 3 voies dont les noms sont tir\u00e9s des com\u00adtes et l\u00e9gen\u00addes du Balt\u00adschie\u00adder\u00adtal : Hibsch Meiss\u00adji, Sik\u00adbo\u00adzo et Ver\u00adbo\u00adge\u00adne&nbsp;T\u00e4nze.<br>\nAcc\u00e8s : par le bis\u00adse his\u00adto\u00adri\u00adque Nir\u00adw\u00e4rch dans le Balt\u00adschie\u00adder\u00adtal, puis pour\u00adsuiv\u00adre jusqu\u2019au d\u00e9part de la via fer\u00adra\u00adta. Envi\u00adron 100 m plus \u00e0 droi\u00adte se trouve le d\u00e9part de la voie. Envi\u00adron&nbsp;2h.<br>\nDif\u00adfi\u00adcul\u00adt\u00e9 : 6b (6a obl.) 32 longueurs + pas\u00adsa\u00adges d\u2019ar\u00eates<br>\nMat\u00e9\u00adri\u00adel : 16 d\u00e9gai\u00adnes. Cor\u00adde \u00e0 dou\u00adble de 50&nbsp;m.<br>\n\u00c9qui\u00adpe\u00adment : tr\u00e8s&nbsp;bon<\/p>\n\t\t\t\t\t\t\t\t<\/div>\n\t\t\t\t<\/div>\n\t\t\t\t<div class=\"elementor-element elementor-element-dc6379f elementor-widget elementor-widget-text-editor\" data-id=\"dc6379f\" data-element_type=\"widget\" data-widget_type=\"text-editor.default\">\n\t\t\t\t<div class=\"elementor-widget-container\">\n\t\t\t\t\t\t\t\t\t<p><strong>O \/ Ds hibsch Meiss\u00adji 6a (5c&nbsp;obl.)<\/strong><em><br>\nPre\u00admi\u00e8\u00adre par Rena\u00adte et Roland Ker\u00adnen en&nbsp;2016.<br>\n<\/em>Cet\u00adte voie de 9 longueurs off\u00adre un bel acc\u00e8s \u00e0 Bru, afin de par\u00adcour\u00adir ensuite la voie Sick\u00adbo\u00adzo. L\u2019escalade varie ent\u00adre des dal\u00adles et des sec\u00adtions verticales.<br>\nLe nom fait r\u00e9f\u00e9\u00adrence au tr\u00e8s joli rocher sculp\u00adt\u00e9 et struc\u00adtu\u00adr\u00e9 tel que d\u00e9crit dans la l\u00e9gen\u00adde du bis\u00adse du Balt\u00adschie\u00adder\u00adtal. Apr\u00e8s le 4\u00e8me relais, des\u00adcend\u00adre quel\u00adques mar\u00adches dans le gou\u00adlet mar\u00adquant puis le tra\u00adver\u00adser sur des blocs rocheux jusqu\u2019au relais sui\u00advant. Apr\u00e8s la sixi\u00e8\u00adme longueur, mon\u00adter envi\u00adron 70 m dans du ter\u00adrain facile.<br>\nAcc\u00e8s : par le bis\u00adse his\u00adto\u00adri\u00adque Nir\u00adw\u00e4rch dans le Balt\u00adschie\u00adder\u00adtal, puis pour\u00adsuiv\u00adre jusqu\u2019au d\u00e9part de la via fer\u00adra\u00adta. Envi\u00adron 100 m plus \u00e0 droi\u00adte se trouve le d\u00e9part de la voie. Envi\u00adron&nbsp;2h.<br>\nDif\u00adfi\u00adcul\u00adt\u00e9 : 6a (5c obl.) 8 longueurs + quel\u00adques pas\u00adsa\u00adges faci\u00adles \u00e0 la cor\u00adde courte<br>\nMat\u00e9\u00adri\u00adel : 16 d\u00e9gai\u00adnes, cor\u00adde de 50&nbsp;m<br>\n\u00c9qui\u00adpe\u00adment : tr\u00e8s&nbsp;bon<\/p>\n\t\t\t\t\t\t\t\t<\/div>\n\t\t\t\t<\/div>\n\t\t\t\t<div class=\"elementor-element elementor-element-362f2dd elementor-widget elementor-widget-image\" data-id=\"362f2dd\" data-element_type=\"widget\" data-widget_type=\"image.default\">\n\t\t\t\t<div class=\"elementor-widget-container\">\n\t\t\t\t\t\t\t\t\t\t\t\t\t\t\t\t<a href=\"https:\/\/www.wiwanni.ch\/wp-content\/uploads\/2020\/05\/12a-wiwannihorn-bru-hibsch-meissji-topo.jpg\" data-elementor-open-lightbox=\"yes\" data-elementor-lightbox-title=\"Bru - Ds hibsch Meisji\" data-e-action-hash=\"#elementor-action%3Aaction%3Dlightbox%26settings%3DeyJpZCI6MTMwMCwidXJsIjoiaHR0cHM6XC9cL3d3dy53aXdhbm5pLmNoXC93cC1jb250ZW50XC91cGxvYWRzXC8yMDIwXC8wNVwvMTJhLXdpd2Fubmlob3JuLWJydS1oaWJzY2gtbWVpc3NqaS10b3BvLmpwZyJ9\">\n\t\t\t\t\t\t\t<img decoding=\"async\" width=\"572\" height=\"799\" src=\"https:\/\/www.wiwanni.ch\/wp-content\/uploads\/2020\/05\/12a-wiwannihorn-bru-hibsch-meissji-topo.jpg\" class=\"attachment-large size-large wp-image-1300\" alt=\"Bru - Ds hibsch Meisji\" srcset=\"https:\/\/www.wiwanni.ch\/wp-content\/uploads\/2020\/05\/12a-wiwannihorn-bru-hibsch-meissji-topo.jpg 572w, https:\/\/www.wiwanni.ch\/wp-content\/uploads\/2020\/05\/12a-wiwannihorn-bru-hibsch-meissji-topo-300x419.jpg 300w, https:\/\/www.wiwanni.ch\/wp-content\/uploads\/2020\/05\/12a-wiwannihorn-bru-hibsch-meissji-topo-215x300.jpg 215w\" sizes=\"(max-width: 572px) 100vw, 572px\">\t\t\t\t\t\t\t\t<\/a>\n\t\t\t\t\t\t\t\t\t\t\t\t\t\t\t<\/div>\n\t\t\t\t<\/div>\n\t\t\t\t<div class=\"elementor-element elementor-element-6f8607f elementor-widget elementor-widget-text-editor\" data-id=\"6f8607f\" data-element_type=\"widget\" data-widget_type=\"text-editor.default\">\n\t\t\t\t<div class=\"elementor-widget-container\">\n\t\t\t\t\t\t\t\t\t<p><strong>Q \/ D\u00e4r Sick\u00adbo\u00adzo 5c+ (5c&nbsp;obl.)<\/strong><em><br>\nPre\u00admi\u00e8\u00adre par Rena\u00adte et Roland Ker\u00adnen en&nbsp;2015.<br>\n<\/em>Longue voie, escala\u00adde vari\u00e9e et tr\u00e8s bien \u00e9qui\u00adp\u00e9e dans une tr\u00e8s bel\u00adle ligne. Cet\u00adte voie doit \u00eatre par\u00adcou\u00adrue uni\u00adquement par une m\u00e9t\u00e9o sta\u00adble. Un chan\u00adge\u00adment de m\u00e9t\u00e9o ou une exp\u00e9\u00adri\u00adence insuf\u00adfi\u00adsan\u00adte peu\u00advent mener \u00e0 une situa\u00adti\u00adon p\u00e9ril\u00adleu\u00adse, car les des\u00adcen\u00adtes du pied de la paroi dans le Balt\u00adschie\u00adder\u00adtal ou jusqu\u2019\u00e0 la via fer\u00adra\u00adta \u00e0 2100 m ne sont pas \u00e9vi\u00adden\u00adtes \u00e0 trou\u00adver. T\u00f4t dans la sai\u00adson ou en cas d\u2019orage des chu\u00adtes de pier\u00adres sont possibles.<br>\nAcc\u00e8s : direc\u00adtion l\u2019ar\u00eate Est du Wiwan\u00adni\u00adhorn, vers la Croix qui se trouve au des\u00adsus du jar\u00addin d\u2019escalade Unte\u00adren Klet\u00adter\u00adgar\u00adten, des\u00adcend\u00adre en tra\u00advers dans la com\u00adbe jusqu\u2019\u00e0 la t\u00eate her\u00adbeu\u00adse, env. 20&nbsp;min.<br>\nDe l\u00e0, des\u00adcend\u00adre les 7 longueurs en rap\u00adpel (45\u201350 m par rap\u00adpel). Lors des rap\u00adpels se tenir \u00e0 droite.<br>\nUn aut\u00adre acc\u00e8s pos\u00adsi\u00adble est depuis le Balt\u00adschie\u00adder\u00adtal par la voie Ds hibsch Meissji.<br>\nDiff\u00adcul\u00adt\u00e9 : 6a+ (5c obl.) 400&nbsp;m<br>\nEqui\u00adpe\u00adment : Majo\u00adri\u00adtaire\u00adment tr\u00e8s bien \u00e9qui\u00adp\u00e9 sur gou\u00adjon et plaquet\u00adte inox. Il n\u2019y a pra\u00adti\u00adquement pas de pos\u00adsi\u00adbi\u00adli\u00adt\u00e9 de rajou\u00adter d\u2019autres moy\u00adens d\u2019assurages<br>\n(gen\u00adre fri\u00adends, coin\u00adce\u00adurs,&nbsp;etc.).<br>\nMat\u00e9\u00adri\u00adel : cor\u00adde \u00e0 dou\u00adble de 50 m, 16 d\u00e9gai\u00adnes, mat\u00e9\u00adri\u00adel pour les rappels<\/p>\n\t\t\t\t\t\t\t\t<\/div>\n\t\t\t\t<\/div>\n\t\t\t\t<div class=\"elementor-element elementor-element-5fcf1a6 elementor-widget elementor-widget-image\" data-id=\"5fcf1a6\" data-element_type=\"widget\" data-widget_type=\"image.default\">\n\t\t\t\t<div class=\"elementor-widget-container\">\n\t\t\t\t\t\t\t\t\t\t\t\t\t\t\t\t<a href=\"https:\/\/www.wiwanni.ch\/wp-content\/uploads\/2020\/05\/12b-wiwannihorn-bru-sickbozo-nebelvonbru-topo.jpg\" data-elementor-open-lightbox=\"yes\" data-elementor-lightbox-title=\"Bru \u2013&nbsp; Sickbozo et Die Nebel von Bru\" data-e-action-hash=\"#elementor-action%3Aaction%3Dlightbox%26settings%3DeyJpZCI6MTMwNCwidXJsIjoiaHR0cHM6XC9cL3d3dy53aXdhbm5pLmNoXC93cC1jb250ZW50XC91cGxvYWRzXC8yMDIwXC8wNVwvMTJiLXdpd2Fubmlob3JuLWJydS1zaWNrYm96by1uZWJlbHZvbmJydS10b3BvLmpwZyJ9\">\n\t\t\t\t\t\t\t<img decoding=\"async\" width=\"705\" height=\"1000\" src=\"https:\/\/www.wiwanni.ch\/wp-content\/uploads\/2020\/05\/12b-wiwannihorn-bru-sickbozo-nebelvonbru-topo.jpg\" class=\"attachment-large size-large wp-image-1304\" alt=\"Bru \u2013&nbsp; Sickbozo et Die Nebel von Bru\" srcset=\"https:\/\/www.wiwanni.ch\/wp-content\/uploads\/2020\/05\/12b-wiwannihorn-bru-sickbozo-nebelvonbru-topo.jpg 705w, https:\/\/www.wiwanni.ch\/wp-content\/uploads\/2020\/05\/12b-wiwannihorn-bru-sickbozo-nebelvonbru-topo-300x426.jpg 300w, https:\/\/www.wiwanni.ch\/wp-content\/uploads\/2020\/05\/12b-wiwannihorn-bru-sickbozo-nebelvonbru-topo-212x300.jpg 212w\" sizes=\"(max-width: 705px) 100vw, 705px\">\t\t\t\t\t\t\t\t<\/a>\n\t\t\t\t\t\t\t\t\t\t\t\t\t\t\t<\/div>\n\t\t\t\t<\/div>\n\t\t\t\t<div class=\"elementor-element elementor-element-eeb1118 elementor-widget elementor-widget-text-editor\" data-id=\"eeb1118\" data-element_type=\"widget\" data-widget_type=\"text-editor.default\">\n\t\t\t\t<div class=\"elementor-widget-container\">\n\t\t\t\t\t\t\t\t\t<p><strong>P \/ Die Nebel von Br<\/strong><strong>u 6c (6a+&nbsp;obl.)<br>\n<\/strong><em>Roland Ker\u00adnen und San\u00addro Per\u00adren 2010, von unten er\u00f6ffnet.<\/em><br>\nDie 11 Seil\u00adl\u00e4n\u00adgen meist zwi\u00adschen 6a und 6c in stei\u00adler Wand- und Plat\u00adten\u00adklet\u00adte\u00adrei sind guten und erfah\u00adre\u00adnen Klet\u00adte\u00adrern vor\u00adbe\u00adhal\u00adten, f\u00fcr die\u00adse ist die Tour jedoch sehr emp\u00adfeh\u00adlens\u00adwert. Die Rou\u00adte wur\u00adde im Vor\u00adstieg von unten erst\u00adbe\u00adgan\u00adgen und aus\u00adge\u00adr\u00fcs\u00adtet und bie\u00adtet einen gross\u00adar\u00adti\u00adgen Klet\u00adter\u00adtag in wil\u00adder Umgebung.<br>\nAbsi\u00adche\u00adrung: Mit 140 Zwi\u00adschen\u00adha\u00adken und Stand\u00adpl\u00e4t\u00adzen ist die Klet\u00adter\u00adrou\u00adte gut ein\u00adge\u00adrich\u00adtet. Zus\u00e4tz\u00adli\u00adche Siche\u00adrungs\u00adm\u00f6g\u00adlich\u00adkei\u00adten k\u00f6nn\u00adnen nicht gelegt werden.<br>\nMate\u00adri\u00adal: 50\u2009m Dop\u00adpel\u00adseil, 16 Express\u00adschlin\u00adgen, Abseilausr\u00fcstung<br>\nZustieg: 25\u2009min von der Wiwan\u00adni\u00adh\u00fct\u00adte den Weg\u00adspu\u00adren ent\u00adlang in Rich\u00adtung Ost\u00adgrat und hin\u00adun\u00adter an den ers\u00adten Abseil\u00adstand mit dem Gip\u00adfel\u00adbuch. Dann 11\u2009x \u00fcber die Rou\u00adte den Haken ent\u00adlang absei\u00adlen. Die Abseil\u00adpis\u00adte ist gut ersicht\u00adlich. Ein\u00adzig der sieb\u00adte Stand ist neben der Rou\u00adte, weil sich das Seil von dort bes\u00adser abzie\u00adhen l\u00e4sst (sie\u00adhe Topo). Beim Absei\u00adlen \u00fcber die Rou\u00adte erh\u00e4lt man bereits einen guten Ein\u00adblick in den Rou\u00adten\u00adver\u00adlauf und die Absicherung.<br>\nOder vom Balt\u00adschie\u00adder\u00adtal her \u00fcber die Rou\u00adte Ds hibsch Meissji.<\/p>\n\t\t\t\t\t\t\t\t<\/div>\n\t\t\t\t<\/div>\n\t\t\t\t<div class=\"elementor-element elementor-element-d177d1b elementor-widget elementor-widget-wpml-language-switcher\" data-id=\"d177d1b\" data-element_type=\"widget\" data-widget_type=\"wpml-language-switcher.default\">\n\t\t\t\t<div class=\"elementor-widget-container\">\n\t\t\t\t\t<div class=\"wpml-elementor-ls\"><p class=\"wpml-ls-statics-post_translations wpml-ls\">This post is also available in: \n    <span class=\"wpml-ls-slot-post_translations wpml-ls-item wpml-ls-item-de wpml-ls-first-item wpml-ls-item-legacy-post-translations\"><a href=\"https:\/\/www.wiwanni.ch\/\" class=\"wpml-ls-link\"><span class=\"wpml-ls-native\" lang=\"de\">Deutsch<\/span><\/a><\/span>    <span class=\"wpml-ls-slot-post_translations wpml-ls-item wpml-ls-item-en wpml-ls-item-legacy-post-translations\"><a href=\"https:\/\/www.wiwanni.ch\/en\/\" class=\"wpml-ls-link\"><span class=\"wpml-ls-native\" lang=\"en\">Eng\u00adlish<\/span><\/a><\/span>    <span class=\"wpml-ls-slot-post_translations wpml-ls-item wpml-ls-item-it wpml-ls-last-item wpml-ls-item-legacy-post-translations\"><a href=\"https:\/\/www.wiwanni.ch\/it\/\" class=\"wpml-ls-link\"><span class=\"wpml-ls-native\" lang=\"it\">Ita\u00adlia\u00adno<\/span><\/a><\/span><\/p><\/div>\t\t\t\t<\/div>\n\t\t\t\t<\/div>\n\t\t\t\t<div class=\"elementor-element elementor-element-32556e5 elementor-widget elementor-widget-text-editor\" data-id=\"32556e5\" data-element_type=\"widget\" data-widget_type=\"text-editor.default\">\n\t\t\t\t<div class=\"elementor-widget-container\">\n\t\t\t\t\t\t\t\t\t<p style=\"text-align: left;\"><em>Topo du gui\u00adde d\u2019escalade Wiwan\u00adni&nbsp;2022<\/em><\/p>\n\t\t\t\t\t\t\t\t<\/div>\n\t\t\t\t<\/div>\n\t\t\t\t\t<\/div>\n\t\t<\/div>\n\t\t\t\t<div class=\"elementor-column elementor-col-50 elementor-top-column elementor-element elementor-element-5c0ebe77\" data-id=\"5c0ebe77\" data-element_type=\"column\" data-settings=\"{&quot;background_background&quot;:&quot;classic&quot;}\">\n\t\t\t<div class=\"elementor-widget-wrap elementor-element-populated\">\n\t\t\t\t\t\t<div class=\"elementor-element elementor-element-5b401bca elementor-align-left elementor-widget elementor-widget-button\" data-id=\"5b401bca\" data-element_type=\"widget\" data-widget_type=\"button.default\">\n\t\t\t\t<div class=\"elementor-widget-container\">\n\t\t\t\t\t\t\t\t\t<div class=\"elementor-button-wrapper\">\n\t\t\t\t\t<a class=\"elementor-button elementor-button-link elementor-size-sm\" href=\"https:\/\/www.wiwanni.ch\/fr\/zones-d-escalade\/\">\n\t\t\t\t\t\t<span class=\"elementor-button-content-wrapper\">\n\t\t\t\t\t\t<span class=\"elementor-button-icon\">\n\t\t\t\t<i aria-hidden=\"true\" class=\"fas fa-arrow-left\"><\/i>\t\t\t<\/span>\n\t\t\t\t\t\t\t\t\t<span class=\"elementor-button-text\">vue d\u2019en\u00adsem\u00adble<\/span>\n\t\t\t\t\t<\/span>\n\t\t\t\t\t<\/a>\n\t\t\t\t<\/div>\n\t\t\t\t\t\t\t\t<\/div>\n\t\t\t\t<\/div>\n\t\t\t\t<div class=\"elementor-element elementor-element-613b3820 elementor-widget elementor-widget-heading\" data-id=\"613b3820\" data-element_type=\"widget\" data-widget_type=\"heading.default\">\n\t\t\t\t<div class=\"elementor-widget-container\">\n\t\t\t\t\t<h4 class=\"elementor-heading-title elementor-size-default\">Sec\u00adteurs<\/h4>\t\t\t\t<\/div>\n\t\t\t\t<\/div>\n\t\t\t\t<div class=\"elementor-element elementor-element-951ef2a elementor-nav-menu__align-start elementor-nav-menu--dropdown-none elementor-widget elementor-widget-nav-menu\" data-id=\"951ef2a\" data-element_type=\"widget\" data-settings=\"{&quot;layout&quot;:&quot;vertical&quot;,&quot;submenu_icon&quot;:{&quot;value&quot;:&quot;<i class=\\&quot;\\&quot;><\\\/i>&quot;,&quot;library&quot;:&quot;&quot;}}\" data-widget_type=\"nav-menu.default\">\n\t\t\t\t<div class=\"elementor-widget-container\">\n\t\t\t\t\t\t\t\t<nav aria-label=\"Menu\" class=\"elementor-nav-menu--main elementor-nav-menu__container elementor-nav-menu--layout-vertical e--pointer-background e--animation-fade\">\n\t\t\t\t<ul id=\"menu-1-951ef2a\" class=\"elementor-nav-menu sm-vertical\"><li class=\"menu-item menu-item-type-post_type menu-item-object-page menu-item-2152\"><a href=\"https:\/\/www.wiwanni.ch\/fr\/huettensektor-unterbaerg\/\" class=\"elementor-item\">1 H\u00fct\u00adten\u00adsek\u00adtor Unterb\u00e4rg<\/a><\/li>\n<li class=\"menu-item menu-item-type-post_type menu-item-object-page menu-item-2188\"><a href=\"https:\/\/www.wiwanni.ch\/fr\/unterer-klettergarten\/\" class=\"elementor-item\">2 Unte\u00adrer Klettergarten<\/a><\/li>\n<li class=\"menu-item menu-item-type-post_type menu-item-object-page menu-item-2220\"><a href=\"https:\/\/www.wiwanni.ch\/fr\/oberer-klettergarten\/\" class=\"elementor-item\">3 Obe\u00adrer Klettergarten<\/a><\/li>\n<li class=\"menu-item menu-item-type-post_type menu-item-object-page menu-item-2241\"><a href=\"https:\/\/www.wiwanni.ch\/fr\/klettergarten-wandfuss\/\" class=\"elementor-item\">4 Klet\u00adter\u00adgar\u00adten Wandfuss<\/a><\/li>\n<li class=\"menu-item menu-item-type-post_type menu-item-object-page menu-item-2267\"><a href=\"https:\/\/www.wiwanni.ch\/fr\/schepfipfiler\/\" class=\"elementor-item\">5 Sche\u00adp\u00adfip\u00adfi\u00adler<\/a><\/li>\n<li class=\"menu-item menu-item-type-post_type menu-item-object-page menu-item-2291\"><a href=\"https:\/\/www.wiwanni.ch\/fr\/klein-augstkummenhorn\/\" class=\"elementor-item\">6 Klein Augstkummenhorn<\/a><\/li>\n<li class=\"menu-item menu-item-type-post_type menu-item-object-page menu-item-2334\"><a href=\"https:\/\/www.wiwanni.ch\/fr\/gross-augstkummenhorn\/\" class=\"elementor-item\">7 Gross Augstkummenhorn<\/a><\/li>\n<li class=\"menu-item menu-item-type-post_type menu-item-object-page menu-item-2684\"><a href=\"https:\/\/www.wiwanni.ch\/fr\/wiwanni-suedwestwand\/\" class=\"elementor-item\">8 Wiwan\u00adni S\u00fcdwestwand<\/a><\/li>\n<li class=\"menu-item menu-item-type-post_type menu-item-object-page menu-item-2713\"><a href=\"https:\/\/www.wiwanni.ch\/fr\/wiwanni-suedwand\/\" class=\"elementor-item\">9 Wiwan\u00adni S\u00fcdwand<\/a><\/li>\n<li class=\"menu-item menu-item-type-post_type menu-item-object-page menu-item-2740\"><a href=\"https:\/\/www.wiwanni.ch\/fr\/wiwannihorn\/\" class=\"elementor-item\">10 Wiwan\u00adni\u00adhorn<\/a><\/li>\n<li class=\"menu-item menu-item-type-post_type menu-item-object-page menu-item-2481\"><a href=\"https:\/\/www.wiwanni.ch\/fr\/ostgrat\/\" class=\"elementor-item\">11 Ost\u00adgrat<\/a><\/li>\n<li class=\"menu-item menu-item-type-post_type menu-item-object-page menu-item-2757\"><a href=\"https:\/\/www.wiwanni.ch\/fr\/bru\/\" class=\"elementor-item\">12 Bru<\/a><\/li>\n<li class=\"menu-item menu-item-type-post_type menu-item-object-page menu-item-2387\"><a href=\"https:\/\/www.wiwanni.ch\/fr\/chruetighorn\/\" class=\"elementor-item\">13 Chr\u00fc\u00adtig\u00adhorn<\/a><\/li>\n<li class=\"menu-item menu-item-type-post_type menu-item-object-page menu-item-2635\"><a href=\"https:\/\/www.wiwanni.ch\/fr\/duebigrat\/\" class=\"elementor-item\">14 D\u00fcbi\u00adgrat<\/a><\/li>\n<li class=\"menu-item menu-item-type-post_type menu-item-object-page menu-item-2592\"><a href=\"https:\/\/www.wiwanni.ch\/fr\/sattolwaeschi\/\" class=\"elementor-item\">15 Sat\u00adtol\u00adw\u00e4\u00adschi<\/a><\/li>\n<li class=\"menu-item menu-item-type-post_type menu-item-object-page menu-item-2354\"><a href=\"https:\/\/www.wiwanni.ch\/fr\/secteur-de-bloc-eggen\/\" class=\"elementor-item\">16 Sec\u00adteur de bloc&nbsp;Eggen<\/a><\/li>\n<li class=\"menu-item menu-item-type-post_type menu-item-object-page menu-item-2568\"><a href=\"https:\/\/www.wiwanni.ch\/fr\/klettergarten-wolfblatte-ausserberg\/\" class=\"elementor-item\">17 Klet\u00adter\u00adgar\u00adten Wolf\u00adblat\u00adte Ausserberg<\/a><\/li>\n<li class=\"menu-item menu-item-type-post_type menu-item-object-page menu-item-2375\"><a href=\"https:\/\/www.wiwanni.ch\/fr\/jardin-descalade-chalchofo\/\" class=\"elementor-item\">18 Chal\u00adcho\u00adfo \u2013 P\u00e4r\u00fc\u00fclu<\/a><\/li>\n<li class=\"menu-item menu-item-type-post_type menu-item-object-page menu-item-2826\"><a href=\"https:\/\/www.wiwanni.ch\/fr\/traversee-de-larete\/\" class=\"elementor-item\">Tra\u00adver\u00ads\u00e9e de l\u2019ar\u00eate<\/a><\/li>\n<li class=\"menu-item menu-item-type-post_type menu-item-object-page menu-item-3290\"><a href=\"https:\/\/www.wiwanni.ch\/fr\/via-ferrata-du-baltschiedertal\/\" class=\"elementor-item\">Via fer\u00adra\u00adta du Baltschiedertal<\/a><\/li>\n<\/ul>\t\t\t<\/nav>\n\t\t\t\t\t\t<nav class=\"elementor-nav-menu--dropdown elementor-nav-menu__container\" aria-hidden=\"true\">\n\t\t\t\t<ul id=\"menu-2-951ef2a\" class=\"elementor-nav-menu sm-vertical\"><li class=\"menu-item menu-item-type-post_type menu-item-object-page menu-item-2152\"><a href=\"https:\/\/www.wiwanni.ch\/fr\/huettensektor-unterbaerg\/\" class=\"elementor-item\" tabindex=\"-1\">1 H\u00fct\u00adten\u00adsek\u00adtor Unterb\u00e4rg<\/a><\/li>\n<li class=\"menu-item menu-item-type-post_type menu-item-object-page menu-item-2188\"><a href=\"https:\/\/www.wiwanni.ch\/fr\/unterer-klettergarten\/\" class=\"elementor-item\" tabindex=\"-1\">2 Unte\u00adrer Klettergarten<\/a><\/li>\n<li class=\"menu-item menu-item-type-post_type menu-item-object-page menu-item-2220\"><a href=\"https:\/\/www.wiwanni.ch\/fr\/oberer-klettergarten\/\" class=\"elementor-item\" tabindex=\"-1\">3 Obe\u00adrer Klettergarten<\/a><\/li>\n<li class=\"menu-item menu-item-type-post_type menu-item-object-page menu-item-2241\"><a href=\"https:\/\/www.wiwanni.ch\/fr\/klettergarten-wandfuss\/\" class=\"elementor-item\" tabindex=\"-1\">4 Klet\u00adter\u00adgar\u00adten Wandfuss<\/a><\/li>\n<li class=\"menu-item menu-item-type-post_type menu-item-object-page menu-item-2267\"><a href=\"https:\/\/www.wiwanni.ch\/fr\/schepfipfiler\/\" class=\"elementor-item\" tabindex=\"-1\">5 Sche\u00adp\u00adfip\u00adfi\u00adler<\/a><\/li>\n<li class=\"menu-item menu-item-type-post_type menu-item-object-page menu-item-2291\"><a href=\"https:\/\/www.wiwanni.ch\/fr\/klein-augstkummenhorn\/\" class=\"elementor-item\" tabindex=\"-1\">6 Klein Augstkummenhorn<\/a><\/li>\n<li class=\"menu-item menu-item-type-post_type menu-item-object-page menu-item-2334\"><a href=\"https:\/\/www.wiwanni.ch\/fr\/gross-augstkummenhorn\/\" class=\"elementor-item\" tabindex=\"-1\">7 Gross Augstkummenhorn<\/a><\/li>\n<li class=\"menu-item menu-item-type-post_type menu-item-object-page menu-item-2684\"><a href=\"https:\/\/www.wiwanni.ch\/fr\/wiwanni-suedwestwand\/\" class=\"elementor-item\" tabindex=\"-1\">8 Wiwan\u00adni S\u00fcdwestwand<\/a><\/li>\n<li class=\"menu-item menu-item-type-post_type menu-item-object-page menu-item-2713\"><a href=\"https:\/\/www.wiwanni.ch\/fr\/wiwanni-suedwand\/\" class=\"elementor-item\" tabindex=\"-1\">9 Wiwan\u00adni S\u00fcdwand<\/a><\/li>\n<li class=\"menu-item menu-item-type-post_type menu-item-object-page menu-item-2740\"><a href=\"https:\/\/www.wiwanni.ch\/fr\/wiwannihorn\/\" class=\"elementor-item\" tabindex=\"-1\">10 Wiwan\u00adni\u00adhorn<\/a><\/li>\n<li class=\"menu-item menu-item-type-post_type menu-item-object-page menu-item-2481\"><a href=\"https:\/\/www.wiwanni.ch\/fr\/ostgrat\/\" class=\"elementor-item\" tabindex=\"-1\">11 Ost\u00adgrat<\/a><\/li>\n<li class=\"menu-item menu-item-type-post_type menu-item-object-page menu-item-2757\"><a href=\"https:\/\/www.wiwanni.ch\/fr\/bru\/\" class=\"elementor-item\" tabindex=\"-1\">12 Bru<\/a><\/li>\n<li class=\"menu-item menu-item-type-post_type menu-item-object-page menu-item-2387\"><a href=\"https:\/\/www.wiwanni.ch\/fr\/chruetighorn\/\" class=\"elementor-item\" tabindex=\"-1\">13 Chr\u00fc\u00adtig\u00adhorn<\/a><\/li>\n<li class=\"menu-item menu-item-type-post_type menu-item-object-page menu-item-2635\"><a href=\"https:\/\/www.wiwanni.ch\/fr\/duebigrat\/\" class=\"elementor-item\" tabindex=\"-1\">14 D\u00fcbi\u00adgrat<\/a><\/li>\n<li class=\"menu-item menu-item-type-post_type menu-item-object-page menu-item-2592\"><a href=\"https:\/\/www.wiwanni.ch\/fr\/sattolwaeschi\/\" class=\"elementor-item\" tabindex=\"-1\">15 Sat\u00adtol\u00adw\u00e4\u00adschi<\/a><\/li>\n<li class=\"menu-item menu-item-type-post_type menu-item-object-page menu-item-2354\"><a href=\"https:\/\/www.wiwanni.ch\/fr\/secteur-de-bloc-eggen\/\" class=\"elementor-item\" tabindex=\"-1\">16 Sec\u00adteur de bloc&nbsp;Eggen<\/a><\/li>\n<li class=\"menu-item menu-item-type-post_type menu-item-object-page menu-item-2568\"><a href=\"https:\/\/www.wiwanni.ch\/fr\/klettergarten-wolfblatte-ausserberg\/\" class=\"elementor-item\" tabindex=\"-1\">17 Klet\u00adter\u00adgar\u00adten Wolf\u00adblat\u00adte Ausserberg<\/a><\/li>\n<li class=\"menu-item menu-item-type-post_type menu-item-object-page menu-item-2375\"><a href=\"https:\/\/www.wiwanni.ch\/fr\/jardin-descalade-chalchofo\/\" class=\"elementor-item\" tabindex=\"-1\">18 Chal\u00adcho\u00adfo \u2013 P\u00e4r\u00fc\u00fclu<\/a><\/li>\n<li class=\"menu-item menu-item-type-post_type menu-item-object-page menu-item-2826\"><a href=\"https:\/\/www.wiwanni.ch\/fr\/traversee-de-larete\/\" class=\"elementor-item\" tabindex=\"-1\">Tra\u00adver\u00ads\u00e9e de l\u2019ar\u00eate<\/a><\/li>\n<li class=\"menu-item menu-item-type-post_type menu-item-object-page menu-item-3290\"><a href=\"https:\/\/www.wiwanni.ch\/fr\/via-ferrata-du-baltschiedertal\/\" class=\"elementor-item\" tabindex=\"-1\">Via fer\u00adra\u00adta du Baltschiedertal<\/a><\/li>\n<\/ul>\t\t\t<\/nav>\n\t\t\t\t\t\t<\/div>\n\t\t\t\t<\/div>\n\t\t\t\t\t<\/div>\n\t\t<\/div>\n\t\t\t\t\t<\/div>\n\t\t<\/section>\n\t\t\t\t<\/div>\n\t\t","protected":false},"excerpt":{"rendered":"<p>This post is also available in: Eng\u00adlish Fran\u00ad\u00e7ais Ita\u00adlia\u00adno Bru Beau\u00adcoup de grim\u00adpeur ont remar\u00adqu\u00e9 cet\u00adte immense face de gra\u00adnit qui domi\u00adne le Balt\u00adschie\u00adder\u00adtal. Roland Ker\u00adnen, qui a d\u00e9j\u00e0 \u00e9qui\u00adp\u00e9 dif\u00adf\u00e9\u00adren\u00adtes voies \u00e0 l\u2019entr\u00e9e du Balt\u00adschie\u00adder\u00adtal, a trou\u00adv\u00e9 avec San\u00addro Per\u00adren une ligne id\u00e9a\u00adle qui mon\u00adte dans cet\u00adte paroi impres\u00adsi\u00adon\u00adnan\u00adte, die Nebel von&nbsp;Bru. Une deu\u00adxi\u00e8\u00adme ligne id\u00e9a\u00adle un peu moins dif\u00adfi\u00adci\u00adle. Sick Bozo, a \u00e9t\u00e9 ouver\u00adte \u00e9ga\u00adle\u00adment par Roland Ker\u00adnen et sa femme Rena\u00adte en&nbsp;2015. SPECIAL : dans le d\u00e9cor sau\u00adva\u00adge de Bru, anci\u00aden alpa\u00adge \u00e0 mou\u00adtons des habi\u00adtants d\u2019Ausserberg, on trouve de gros bou\u00adquets d\u2019Edelweiss, ce qui est&nbsp;tr\u00e8s&nbsp;[\u2026]<\/p>\n","protected":false},"author":4,"featured_media":0,"parent":0,"menu_order":0,"comment_status":"closed","ping_status":"closed","template":"","meta":{"wp_typography_post_enhancements_disabled":false,"footnotes":""},"class_list":["post-1294","page","type-page","status-publish","hentry","wpbf-post"],"_links":{"self":[{"href":"https:\/\/www.wiwanni.ch\/fr\/wp-json\/wp\/v2\/pages\/1294","targetHints":{"allow":["GET"]}}],"collection":[{"href":"https:\/\/www.wiwanni.ch\/fr\/wp-json\/wp\/v2\/pages"}],"about":[{"href":"https:\/\/www.wiwanni.ch\/fr\/wp-json\/wp\/v2\/types\/page"}],"author":[{"embeddable":true,"href":"https:\/\/www.wiwanni.ch\/fr\/wp-json\/wp\/v2\/users\/4"}],"replies":[{"embeddable":true,"href":"https:\/\/www.wiwanni.ch\/fr\/wp-json\/wp\/v2\/comments?post=1294"}],"version-history":[{"count":12,"href":"https:\/\/www.wiwanni.ch\/fr\/wp-json\/wp\/v2\/pages\/1294\/revisions"}],"predecessor-version":[{"id":4861,"href":"https:\/\/www.wiwanni.ch\/fr\/wp-json\/wp\/v2\/pages\/1294\/revisions\/4861"}],"wp:attachment":[{"href":"https:\/\/www.wiwanni.ch\/fr\/wp-json\/wp\/v2\/media?parent=1294"}],"curies":[{"name":"wp","href":"https:\/\/api.w.org\/{rel}","templated":true}]}}