{"id":2617,"date":"2020-06-04T01:06:18","date_gmt":"2020-06-04T01:06:18","guid":{"rendered":"http:\/\/wl1www392.webland.ch\/wordpress\/wiwanni\/dubigrat\/"},"modified":"2024-03-16T20:18:11","modified_gmt":"2024-03-16T18:18:11","slug":"duebigrat","status":"publish","type":"page","link":"https:\/\/www.wiwanni.ch\/en\/duebigrat\/","title":{"rendered":"D\u00fcbi\u00adgrat"},"content":{"rendered":"\t\t<div data-elementor-type=\"wp-page\" data-elementor-id=\"2617\" class=\"elementor elementor-2617 elementor-571\" data-elementor-post-type=\"page\">\n\t\t\t\t\t\t<section class=\"elementor-section elementor-top-section elementor-element elementor-element-48893056 elementor-section-boxed elementor-section-height-default elementor-section-height-default\" data-id=\"48893056\" data-element_type=\"section\" data-settings=\"{&quot;background_background&quot;:&quot;classic&quot;}\">\n\t\t\t\t\t\t<div class=\"elementor-container elementor-column-gap-no\">\n\t\t\t\t\t<div class=\"elementor-column elementor-col-50 elementor-top-column elementor-element elementor-element-19f62f1a\" data-id=\"19f62f1a\" data-element_type=\"column\" data-settings=\"{&quot;background_background&quot;:&quot;classic&quot;}\">\n\t\t\t<div class=\"elementor-widget-wrap elementor-element-populated\">\n\t\t\t\t\t\t<div class=\"elementor-element elementor-element-7028a742 elementor-widget elementor-widget-image\" data-id=\"7028a742\" data-element_type=\"widget\" data-widget_type=\"image.default\">\n\t\t\t\t<div class=\"elementor-widget-container\">\n\t\t\t\t\t\t\t\t\t\t\t\t\t\t\t\t<a href=\"https:\/\/www.wiwanni.ch\/wp-content\/uploads\/2020\/05\/14-duebihorn-topo.jpg\" data-elementor-open-lightbox=\"yes\" data-elementor-lightbox-title=\"D\u00fcbigrat\" data-e-action-hash=\"#elementor-action%3Aaction%3Dlightbox%26settings%3DeyJpZCI6MjYxOSwidXJsIjoiaHR0cHM6XC9cL3d3dy53aXdhbm5pLmNoXC93cC1jb250ZW50XC91cGxvYWRzXC8yMDIwXC8wNVwvMTQtZHVlYmlob3JuLXRvcG8uanBnIn0%3D\">\n\t\t\t\t\t\t\t<img fetchpriority=\"high\" decoding=\"async\" width=\"656\" height=\"1001\" src=\"https:\/\/www.wiwanni.ch\/wp-content\/uploads\/2020\/05\/14-duebihorn-topo.jpg\" class=\"attachment-large size-large wp-image-2619\" alt=\"D\u00fcbigrat\" srcset=\"https:\/\/www.wiwanni.ch\/wp-content\/uploads\/2020\/05\/14-duebihorn-topo.jpg 656w, https:\/\/www.wiwanni.ch\/wp-content\/uploads\/2020\/05\/14-duebihorn-topo-300x458.jpg 300w, https:\/\/www.wiwanni.ch\/wp-content\/uploads\/2020\/05\/14-duebihorn-topo-197x300.jpg 197w\" sizes=\"(max-width: 656px) 100vw, 656px\">\t\t\t\t\t\t\t\t<\/a>\n\t\t\t\t\t\t\t\t\t\t\t\t\t\t\t<\/div>\n\t\t\t\t<\/div>\n\t\t\t\t<div class=\"elementor-element elementor-element-50d9ba8d elementor-widget elementor-widget-heading\" data-id=\"50d9ba8d\" data-element_type=\"widget\" data-widget_type=\"heading.default\">\n\t\t\t\t<div class=\"elementor-widget-container\">\n\t\t\t\t\t<h4 class=\"elementor-heading-title elementor-size-default\">D\u00fcbi\u00adgrat<\/h4>\t\t\t\t<\/div>\n\t\t\t\t<\/div>\n\t\t\t\t<div class=\"elementor-element elementor-element-ff8ecb2 elementor-widget elementor-widget-wpml-language-switcher\" data-id=\"ff8ecb2\" data-element_type=\"widget\" data-widget_type=\"wpml-language-switcher.default\">\n\t\t\t\t<div class=\"elementor-widget-container\">\n\t\t\t\t\t<div class=\"wpml-elementor-ls\"><p class=\"wpml-ls-statics-post_translations wpml-ls\">This post is also available in: \n    <span class=\"wpml-ls-slot-post_translations wpml-ls-item wpml-ls-item-de wpml-ls-first-item wpml-ls-item-legacy-post-translations\"><a href=\"https:\/\/www.wiwanni.ch\/\" class=\"wpml-ls-link\"><span class=\"wpml-ls-native\" lang=\"de\">Deutsch<\/span><\/a><\/span>    <span class=\"wpml-ls-slot-post_translations wpml-ls-item wpml-ls-item-fr wpml-ls-item-legacy-post-translations\"><a href=\"https:\/\/www.wiwanni.ch\/fr\/\" class=\"wpml-ls-link\"><span class=\"wpml-ls-native\" lang=\"fr\">Fran\u00ad\u00e7ais<\/span><\/a><\/span>    <span class=\"wpml-ls-slot-post_translations wpml-ls-item wpml-ls-item-it wpml-ls-last-item wpml-ls-item-legacy-post-translations\"><a href=\"https:\/\/www.wiwanni.ch\/it\/\" class=\"wpml-ls-link\"><span class=\"wpml-ls-native\" lang=\"it\">Ita\u00adlia\u00adno<\/span><\/a><\/span><\/p><\/div>\t\t\t\t<\/div>\n\t\t\t\t<\/div>\n\t\t\t\t<div class=\"elementor-element elementor-element-1ad09f2 elementor-widget elementor-widget-text-editor\" data-id=\"1ad09f2\" data-element_type=\"widget\" data-widget_type=\"text-editor.default\">\n\t\t\t\t<div class=\"elementor-widget-container\">\n\t\t\t\t\t\t\t\t\t<p><strong>A \/ Nacht\u00adzug nach Lis\u00adsa\u00adbon 6b (6a+ mandatory)<br>\n<\/strong>S\u00fcd\u00adwand D\u00fcbi\u00adgrat P. 2999, 16 SL, 800 clim\u00adbing meters<strong><br>\n<\/strong><em>First ascent Roland Ker\u00adnen and San\u00addro Per\u00adren&nbsp;2011<\/em><\/p>\n<p>\u201cIf it is, that we can only live a small part of what is in us \u2014 what hap\u00adpens to the rest?\u201d This quo\u00adte comes from the book \u201cNacht\u00adzug nach Lis\u00adsa\u00adbon\u201d which means in Eng\u00adlish \u201cNight train to Lis\u00adbon\u201d (by Pas\u00adcal Mer\u00adcier), this name was cho\u00adsen after clim\u00adbing the lon\u00adgest and one of the most spec\u00adta\u00adcu\u00adlar rou\u00adtes ser\u00adved in the Upper Valais. Roland Ker\u00adnen and San\u00addro Per\u00adren have done the first ascent of the 800 m long adven\u00adture tour on 11.\/12. August 2011. A very long and deman\u00adding clim\u00adbing tour for enthu\u00adsi\u00adasts with the appro\u00adpria\u00adte clim\u00adbing&nbsp;level.<\/p>\n<p>SPECIAL: At the Risig\u00adra\u00adben at the rift by the ent\u00adrance the\u00adre is often rock\u00adfall. If the\u00adre is still snow, an ice axe is recom\u00admen\u00added. The tour can only be done in safe wea\u00adther con\u00addi\u00adti\u00adons. The access to the rou\u00adte is very deman\u00adding and goes through expo\u00adsed terrain.<\/p>\n<p>Safe\u00adguar\u00adding: With 120 inter\u00adme\u00addia\u00adte bolts and belays the clim\u00adbing rou\u00adte is well equip\u00adped. Howe\u00adver, the\u00adre are quite lar\u00adge bolt inter\u00advals pos\u00adsi\u00adble and it\u2019s hard to place addi\u00adtio\u00adnal belay options.<\/p>\n<p>Equip\u00adment: 50 meters dou\u00adble rope and 10 quick-draws<\/p>\n<p>Accent: 2 hours from Wiwannihut<\/p>\n<p>Deman\u00adding access in most\u00adly track\u00adless and very expo\u00adsed ter\u00adrain. You lea\u00adve the access to the Wiwan\u00adni\u00adhorn east ridge at a rock ledge just befo\u00adre the ent\u00adrance and then descent<br>\nbelow the east ridge until you reach a steep ter\u00adrain, which falls to the north. Des\u00adcend west (gutter\/rift) to the second blue mark. Now you cross into the steep ter\u00adrain whe\u00adre the\u00adre are path traces and some bolts, II\u2013III. At the last bolt, you des\u00adcend (down to fur\u00adther bolts) and then fol\u00adlow the blue marks and bolts to the north. Next, you des\u00adcend tra\u00adver\u00adsing the grass field and cross into the lower third of the steep ter\u00adrain into the rift (bolts, II-III). Con\u00adti\u00adnue clim\u00adbing through the rift and cross the gras\u00adsy area and rocks to the north. Now you are on the grass field. You cross it to the north end. On the ent\u00adry for the crossing through the Wiwan\u00adni north face the\u00adre a blue dot mark. From the\u00adre you fol\u00adlow cha\u00admois traces (blue mar\u00adkings and bolts). The path\u00adfin\u00adding in this area is not easy. First, you stay up on the ledge and fol\u00adlow it, then you des\u00adcend over a small step. Now you fol\u00adlow ascen\u00adding and des\u00adcen\u00adding cha\u00admois path led\u00adges up until the Risig\u00adra\u00adben. After the deli\u00adca\u00adte tra\u00adver\u00adse of the Risig\u00adra\u00adben, you cross through the grass to the next rocky bould\u00ader below and then you rise to the north for about 50 m. The ent\u00adrance is at the height of a small gras\u00adsy rock belay. For the des\u00adcent, we recom\u00admend to rap\u00adpel or to tra\u00adver\u00adse to the Wiwan\u00adni\u00adhorn and des\u00adcent on the nor\u00admal rou\u00adte. For the enti\u00adre rou\u00adte, it takes 12\u201315 hours (6\u20138 hours for the wall)<strong>&nbsp;<\/strong><\/p>\n<p style=\"text-align: left;\"><em>Topo aus Klet\u00adter\u00adf\u00fch\u00adrer Wiwan\u00adni&nbsp;2022<\/em><\/p>\n\t\t\t\t\t\t\t\t<\/div>\n\t\t\t\t<\/div>\n\t\t\t\t\t<\/div>\n\t\t<\/div>\n\t\t\t\t<div class=\"elementor-column elementor-col-50 elementor-top-column elementor-element elementor-element-324cb923\" data-id=\"324cb923\" data-element_type=\"column\" data-settings=\"{&quot;background_background&quot;:&quot;classic&quot;}\">\n\t\t\t<div class=\"elementor-widget-wrap elementor-element-populated\">\n\t\t\t\t\t\t<div class=\"elementor-element elementor-element-1f63cb38 elementor-align-left elementor-widget elementor-widget-button\" data-id=\"1f63cb38\" data-element_type=\"widget\" data-widget_type=\"button.default\">\n\t\t\t\t<div class=\"elementor-widget-container\">\n\t\t\t\t\t\t\t\t\t<div class=\"elementor-button-wrapper\">\n\t\t\t\t\t<a class=\"elementor-button elementor-button-link elementor-size-sm\" href=\"https:\/\/www.wiwanni.ch\/en\/climbing-areas\/\">\n\t\t\t\t\t\t<span class=\"elementor-button-content-wrapper\">\n\t\t\t\t\t\t<span class=\"elementor-button-icon\">\n\t\t\t\t<i aria-hidden=\"true\" class=\"fas fa-arrow-left\"><\/i>\t\t\t<\/span>\n\t\t\t\t\t\t\t\t\t<span class=\"elementor-button-text\">over\u00adview<\/span>\n\t\t\t\t\t<\/span>\n\t\t\t\t\t<\/a>\n\t\t\t\t<\/div>\n\t\t\t\t\t\t\t\t<\/div>\n\t\t\t\t<\/div>\n\t\t\t\t<div class=\"elementor-element elementor-element-6b0027dd elementor-widget elementor-widget-heading\" data-id=\"6b0027dd\" data-element_type=\"widget\" data-widget_type=\"heading.default\">\n\t\t\t\t<div class=\"elementor-widget-container\">\n\t\t\t\t\t<h4 class=\"elementor-heading-title elementor-size-default\">Sec\u00adtors<\/h4>\t\t\t\t<\/div>\n\t\t\t\t<\/div>\n\t\t\t\t<div class=\"elementor-element elementor-element-49c9a2bc elementor-nav-menu__align-start elementor-nav-menu--dropdown-none elementor-widget elementor-widget-nav-menu\" data-id=\"49c9a2bc\" data-element_type=\"widget\" data-settings=\"{&quot;layout&quot;:&quot;vertical&quot;,&quot;submenu_icon&quot;:{&quot;value&quot;:&quot;<i class=\\&quot;\\&quot;><\\\/i>&quot;,&quot;library&quot;:&quot;&quot;}}\" data-widget_type=\"nav-menu.default\">\n\t\t\t\t<div class=\"elementor-widget-container\">\n\t\t\t\t\t\t\t\t<nav aria-label=\"Menu\" class=\"elementor-nav-menu--main elementor-nav-menu__container elementor-nav-menu--layout-vertical e--pointer-background e--animation-fade\">\n\t\t\t\t<ul id=\"menu-1-49c9a2bc\" class=\"elementor-nav-menu sm-vertical\"><li class=\"menu-item menu-item-type-post_type menu-item-object-page menu-item-2151\"><a href=\"https:\/\/www.wiwanni.ch\/en\/huettensektor-unterbaerg\/\" class=\"elementor-item\">1 H\u00fct\u00adten\u00adsek\u00adtor Unterb\u00e4rg<\/a><\/li>\n<li class=\"menu-item menu-item-type-post_type menu-item-object-page menu-item-2187\"><a href=\"https:\/\/www.wiwanni.ch\/en\/unterer-klettergarten\/\" class=\"elementor-item\">2 Unte\u00adrer Klettergarten<\/a><\/li>\n<li class=\"menu-item menu-item-type-post_type menu-item-object-page menu-item-2218\"><a href=\"https:\/\/www.wiwanni.ch\/en\/oberer-klettergarten\/\" class=\"elementor-item\">3 Obe\u00adrer Klettergarten<\/a><\/li>\n<li class=\"menu-item menu-item-type-post_type menu-item-object-page menu-item-2240\"><a href=\"https:\/\/www.wiwanni.ch\/en\/klettergarten-wandfuss\/\" class=\"elementor-item\">4 Klet\u00adter\u00adgar\u00adten Wandfuss<\/a><\/li>\n<li class=\"menu-item menu-item-type-post_type menu-item-object-page menu-item-2265\"><a href=\"https:\/\/www.wiwanni.ch\/en\/schepfipfiler\/\" class=\"elementor-item\">5 Sche\u00adp\u00adfip\u00adfi\u00adler<\/a><\/li>\n<li class=\"menu-item menu-item-type-post_type menu-item-object-page menu-item-2283\"><a href=\"https:\/\/www.wiwanni.ch\/en\/klein-augstkummenhorn\/\" class=\"elementor-item\">6 Klein Augstkummenhorn<\/a><\/li>\n<li class=\"menu-item menu-item-type-post_type menu-item-object-page menu-item-2321\"><a href=\"https:\/\/www.wiwanni.ch\/en\/gross-augstkummenhorn\/\" class=\"elementor-item\">7 Gross Augstkummenhorn<\/a><\/li>\n<li class=\"menu-item menu-item-type-post_type menu-item-object-page menu-item-2683\"><a href=\"https:\/\/www.wiwanni.ch\/en\/wiwanni-suedwestwand\/\" class=\"elementor-item\">8 Wiwan\u00adni S\u00fcdwestwand<\/a><\/li>\n<li class=\"menu-item menu-item-type-post_type menu-item-object-page menu-item-2712\"><a href=\"https:\/\/www.wiwanni.ch\/en\/wiwanni-suedwand\/\" class=\"elementor-item\">9 Wiwan\u00adni S\u00fcdwand<\/a><\/li>\n<li class=\"menu-item menu-item-type-post_type menu-item-object-page menu-item-2739\"><a href=\"https:\/\/www.wiwanni.ch\/en\/wiwannihorn\/\" class=\"elementor-item\">10 Wiwan\u00adni\u00adhorn<\/a><\/li>\n<li class=\"menu-item menu-item-type-post_type menu-item-object-page menu-item-2480\"><a href=\"https:\/\/www.wiwanni.ch\/en\/ostgrat\/\" class=\"elementor-item\">11 Ost\u00adgrat<\/a><\/li>\n<li class=\"menu-item menu-item-type-post_type menu-item-object-page menu-item-2756\"><a href=\"https:\/\/www.wiwanni.ch\/en\/bru\/\" class=\"elementor-item\">12 Bru<\/a><\/li>\n<li class=\"menu-item menu-item-type-post_type menu-item-object-page menu-item-2386\"><a href=\"https:\/\/www.wiwanni.ch\/en\/chruetighorn\/\" class=\"elementor-item\">13 Chr\u00fc\u00adtig\u00adhorn<\/a><\/li>\n<li class=\"menu-item menu-item-type-post_type menu-item-object-page menu-item-2634\"><a href=\"https:\/\/www.wiwanni.ch\/en\/duebigrat\/\" class=\"elementor-item\">14 D\u00fcbi\u00adgrat<\/a><\/li>\n<li class=\"menu-item menu-item-type-post_type menu-item-object-page menu-item-2591\"><a href=\"https:\/\/www.wiwanni.ch\/en\/sattolwaeschi\/\" class=\"elementor-item\">15 Sat\u00adtol\u00adw\u00e4\u00adschi<\/a><\/li>\n<li class=\"menu-item menu-item-type-post_type menu-item-object-page menu-item-2353\"><a href=\"https:\/\/www.wiwanni.ch\/en\/bouldering-area-eggen\/\" class=\"elementor-item\">16 Bould\u00ade\u00adring area&nbsp;Eggen<\/a><\/li>\n<li class=\"menu-item menu-item-type-post_type menu-item-object-page menu-item-2567\"><a href=\"https:\/\/www.wiwanni.ch\/en\/klettergarten-wolfblatte-ausserberg\/\" class=\"elementor-item\">17 Klet\u00adter\u00adgar\u00adten Wolf\u00adblat\u00adte Ausserberg<\/a><\/li>\n<li class=\"menu-item menu-item-type-post_type menu-item-object-page menu-item-2374\"><a href=\"https:\/\/www.wiwanni.ch\/en\/chalchofo-paerueuelu\/\" class=\"elementor-item\">18 Chal\u00adcho\u00adfo \u2013 P\u00e4r\u00fc\u00fclu<\/a><\/li>\n<li class=\"menu-item menu-item-type-post_type menu-item-object-page menu-item-2825\"><a href=\"https:\/\/www.wiwanni.ch\/en\/ridge-traverses\/\" class=\"elementor-item\">Ridge tra\u00adver\u00adses<\/a><\/li>\n<li class=\"menu-item menu-item-type-post_type menu-item-object-page menu-item-3288\"><a href=\"https:\/\/www.wiwanni.ch\/en\/via-ferrata-baltschieder-valley\/\" class=\"elementor-item\">Via Fer\u00adra\u00adta Balt\u00adschie\u00adder valley<\/a><\/li>\n<\/ul>\t\t\t<\/nav>\n\t\t\t\t\t\t<nav class=\"elementor-nav-menu--dropdown elementor-nav-menu__container\" aria-hidden=\"true\">\n\t\t\t\t<ul id=\"menu-2-49c9a2bc\" class=\"elementor-nav-menu sm-vertical\"><li class=\"menu-item menu-item-type-post_type menu-item-object-page menu-item-2151\"><a href=\"https:\/\/www.wiwanni.ch\/en\/huettensektor-unterbaerg\/\" class=\"elementor-item\" tabindex=\"-1\">1 H\u00fct\u00adten\u00adsek\u00adtor Unterb\u00e4rg<\/a><\/li>\n<li class=\"menu-item menu-item-type-post_type menu-item-object-page menu-item-2187\"><a href=\"https:\/\/www.wiwanni.ch\/en\/unterer-klettergarten\/\" class=\"elementor-item\" tabindex=\"-1\">2 Unte\u00adrer Klettergarten<\/a><\/li>\n<li class=\"menu-item menu-item-type-post_type menu-item-object-page menu-item-2218\"><a href=\"https:\/\/www.wiwanni.ch\/en\/oberer-klettergarten\/\" class=\"elementor-item\" tabindex=\"-1\">3 Obe\u00adrer Klettergarten<\/a><\/li>\n<li class=\"menu-item menu-item-type-post_type menu-item-object-page menu-item-2240\"><a href=\"https:\/\/www.wiwanni.ch\/en\/klettergarten-wandfuss\/\" class=\"elementor-item\" tabindex=\"-1\">4 Klet\u00adter\u00adgar\u00adten Wandfuss<\/a><\/li>\n<li class=\"menu-item menu-item-type-post_type menu-item-object-page menu-item-2265\"><a href=\"https:\/\/www.wiwanni.ch\/en\/schepfipfiler\/\" class=\"elementor-item\" tabindex=\"-1\">5 Sche\u00adp\u00adfip\u00adfi\u00adler<\/a><\/li>\n<li class=\"menu-item menu-item-type-post_type menu-item-object-page menu-item-2283\"><a href=\"https:\/\/www.wiwanni.ch\/en\/klein-augstkummenhorn\/\" class=\"elementor-item\" tabindex=\"-1\">6 Klein Augstkummenhorn<\/a><\/li>\n<li class=\"menu-item menu-item-type-post_type menu-item-object-page menu-item-2321\"><a href=\"https:\/\/www.wiwanni.ch\/en\/gross-augstkummenhorn\/\" class=\"elementor-item\" tabindex=\"-1\">7 Gross Augstkummenhorn<\/a><\/li>\n<li class=\"menu-item menu-item-type-post_type menu-item-object-page menu-item-2683\"><a href=\"https:\/\/www.wiwanni.ch\/en\/wiwanni-suedwestwand\/\" class=\"elementor-item\" tabindex=\"-1\">8 Wiwan\u00adni S\u00fcdwestwand<\/a><\/li>\n<li class=\"menu-item menu-item-type-post_type menu-item-object-page menu-item-2712\"><a href=\"https:\/\/www.wiwanni.ch\/en\/wiwanni-suedwand\/\" class=\"elementor-item\" tabindex=\"-1\">9 Wiwan\u00adni S\u00fcdwand<\/a><\/li>\n<li class=\"menu-item menu-item-type-post_type menu-item-object-page menu-item-2739\"><a href=\"https:\/\/www.wiwanni.ch\/en\/wiwannihorn\/\" class=\"elementor-item\" tabindex=\"-1\">10 Wiwan\u00adni\u00adhorn<\/a><\/li>\n<li class=\"menu-item menu-item-type-post_type menu-item-object-page menu-item-2480\"><a href=\"https:\/\/www.wiwanni.ch\/en\/ostgrat\/\" class=\"elementor-item\" tabindex=\"-1\">11 Ost\u00adgrat<\/a><\/li>\n<li class=\"menu-item menu-item-type-post_type menu-item-object-page menu-item-2756\"><a href=\"https:\/\/www.wiwanni.ch\/en\/bru\/\" class=\"elementor-item\" tabindex=\"-1\">12 Bru<\/a><\/li>\n<li class=\"menu-item menu-item-type-post_type menu-item-object-page menu-item-2386\"><a href=\"https:\/\/www.wiwanni.ch\/en\/chruetighorn\/\" class=\"elementor-item\" tabindex=\"-1\">13 Chr\u00fc\u00adtig\u00adhorn<\/a><\/li>\n<li class=\"menu-item menu-item-type-post_type menu-item-object-page menu-item-2634\"><a href=\"https:\/\/www.wiwanni.ch\/en\/duebigrat\/\" class=\"elementor-item\" tabindex=\"-1\">14 D\u00fcbi\u00adgrat<\/a><\/li>\n<li class=\"menu-item menu-item-type-post_type menu-item-object-page menu-item-2591\"><a href=\"https:\/\/www.wiwanni.ch\/en\/sattolwaeschi\/\" class=\"elementor-item\" tabindex=\"-1\">15 Sat\u00adtol\u00adw\u00e4\u00adschi<\/a><\/li>\n<li class=\"menu-item menu-item-type-post_type menu-item-object-page menu-item-2353\"><a href=\"https:\/\/www.wiwanni.ch\/en\/bouldering-area-eggen\/\" class=\"elementor-item\" tabindex=\"-1\">16 Bould\u00ade\u00adring area&nbsp;Eggen<\/a><\/li>\n<li class=\"menu-item menu-item-type-post_type menu-item-object-page menu-item-2567\"><a href=\"https:\/\/www.wiwanni.ch\/en\/klettergarten-wolfblatte-ausserberg\/\" class=\"elementor-item\" tabindex=\"-1\">17 Klet\u00adter\u00adgar\u00adten Wolf\u00adblat\u00adte Ausserberg<\/a><\/li>\n<li class=\"menu-item menu-item-type-post_type menu-item-object-page menu-item-2374\"><a href=\"https:\/\/www.wiwanni.ch\/en\/chalchofo-paerueuelu\/\" class=\"elementor-item\" tabindex=\"-1\">18 Chal\u00adcho\u00adfo \u2013 P\u00e4r\u00fc\u00fclu<\/a><\/li>\n<li class=\"menu-item menu-item-type-post_type menu-item-object-page menu-item-2825\"><a href=\"https:\/\/www.wiwanni.ch\/en\/ridge-traverses\/\" class=\"elementor-item\" tabindex=\"-1\">Ridge tra\u00adver\u00adses<\/a><\/li>\n<li class=\"menu-item menu-item-type-post_type menu-item-object-page menu-item-3288\"><a href=\"https:\/\/www.wiwanni.ch\/en\/via-ferrata-baltschieder-valley\/\" class=\"elementor-item\" tabindex=\"-1\">Via Fer\u00adra\u00adta Balt\u00adschie\u00adder valley<\/a><\/li>\n<\/ul>\t\t\t<\/nav>\n\t\t\t\t\t\t<\/div>\n\t\t\t\t<\/div>\n\t\t\t\t\t<\/div>\n\t\t<\/div>\n\t\t\t\t\t<\/div>\n\t\t<\/section>\n\t\t\t\t<\/div>\n\t\t","protected":false},"excerpt":{"rendered":"<p>D\u00fcbi\u00adgrat This post is also available in: Eng\u00adlish Fran\u00ad\u00e7ais Ita\u00adlia\u00adno A \/ Nacht\u00adzug nach Lis\u00adsa\u00adbon 6b (6a+ man\u00adda\u00adto\u00adry) S\u00fcd\u00adwand D\u00fcbi\u00adgrat P. 2999, 16 SL, 800 clim\u00adbing meters First ascent Roland Ker\u00adnen and San\u00addro Per\u00adren&nbsp;2011 \u201cIf it is, that we can only live a small part of what is in us \u2014 what hap\u00adpens to the rest?\u201d This quo\u00adte comes from the book \u201cNacht\u00adzug nach Lis\u00adsa\u00adbon\u201d which means in Eng\u00adlish \u201cNight train to Lis\u00adbon\u201d (by Pas\u00adcal Mer\u00adcier), this name was cho\u00adsen after clim\u00adbing the lon\u00adgest and one of the most spec\u00adta\u00adcu\u00adlar rou\u00adtes ser\u00adved in the Upper Valais. Roland Ker\u00adnen and Sandro&nbsp;[\u2026]<\/p>\n","protected":false},"author":4,"featured_media":0,"parent":0,"menu_order":0,"comment_status":"closed","ping_status":"closed","template":"","meta":{"wp_typography_post_enhancements_disabled":false,"footnotes":""},"class_list":["post-2617","page","type-page","status-publish","hentry","wpbf-post"],"_links":{"self":[{"href":"https:\/\/www.wiwanni.ch\/en\/wp-json\/wp\/v2\/pages\/2617","targetHints":{"allow":["GET"]}}],"collection":[{"href":"https:\/\/www.wiwanni.ch\/en\/wp-json\/wp\/v2\/pages"}],"about":[{"href":"https:\/\/www.wiwanni.ch\/en\/wp-json\/wp\/v2\/types\/page"}],"author":[{"embeddable":true,"href":"https:\/\/www.wiwanni.ch\/en\/wp-json\/wp\/v2\/users\/4"}],"replies":[{"embeddable":true,"href":"https:\/\/www.wiwanni.ch\/en\/wp-json\/wp\/v2\/comments?post=2617"}],"version-history":[{"count":12,"href":"https:\/\/www.wiwanni.ch\/en\/wp-json\/wp\/v2\/pages\/2617\/revisions"}],"predecessor-version":[{"id":4871,"href":"https:\/\/www.wiwanni.ch\/en\/wp-json\/wp\/v2\/pages\/2617\/revisions\/4871"}],"wp:attachment":[{"href":"https:\/\/www.wiwanni.ch\/en\/wp-json\/wp\/v2\/media?parent=2617"}],"curies":[{"name":"wp","href":"https:\/\/api.w.org\/{rel}","templated":true}]}}