{"id":2314,"date":"2020-06-01T20:44:11","date_gmt":"2020-06-01T20:44:11","guid":{"rendered":"http:\/\/wl1www392.webland.ch\/wordpress\/wiwanni\/gross-augstkummenhorn\/"},"modified":"2024-03-16T03:45:33","modified_gmt":"2024-03-16T01:45:33","slug":"gross-augstkummenhorn","status":"publish","type":"page","link":"https:\/\/www.wiwanni.ch\/en\/gross-augstkummenhorn\/","title":{"rendered":"Gross Augst\u00adkum\u00admen\u00adhorn"},"content":{"rendered":"\t\t<div data-elementor-type=\"wp-page\" data-elementor-id=\"2314\" class=\"elementor elementor-2314 elementor-557\" data-elementor-post-type=\"page\">\n\t\t\t\t\t\t<section class=\"elementor-section elementor-top-section elementor-element elementor-element-136d99b3 elementor-section-boxed elementor-section-height-default elementor-section-height-default\" data-id=\"136d99b3\" data-element_type=\"section\" data-settings=\"{&quot;background_background&quot;:&quot;classic&quot;}\">\n\t\t\t\t\t\t<div class=\"elementor-container elementor-column-gap-no\">\n\t\t\t\t\t<div class=\"elementor-column elementor-col-50 elementor-top-column elementor-element elementor-element-863694b\" data-id=\"863694b\" data-element_type=\"column\" data-settings=\"{&quot;background_background&quot;:&quot;classic&quot;}\">\n\t\t\t<div class=\"elementor-widget-wrap elementor-element-populated\">\n\t\t\t\t\t\t<div class=\"elementor-element elementor-element-48449a8 elementor-widget elementor-widget-image\" data-id=\"48449a8\" data-element_type=\"widget\" data-widget_type=\"image.default\">\n\t\t\t\t<div class=\"elementor-widget-container\">\n\t\t\t\t\t\t\t\t\t\t\t\t\t\t\t\t<a href=\"https:\/\/www.wiwanni.ch\/wp-content\/uploads\/wiwanni-2022_topo-gross-augstkummenhorn_web.jpg\" data-elementor-open-lightbox=\"yes\" data-e-action-hash=\"#elementor-action%3Aaction%3Dlightbox%26settings%3DeyJpZCI6NDcxMiwidXJsIjoiaHR0cHM6XC9cL3d3dy53aXdhbm5pLmNoXC93cC1jb250ZW50XC91cGxvYWRzXC93aXdhbm5pLTIwMjJfdG9wby1ncm9zcy1hdWdzdGt1bW1lbmhvcm5fd2ViLmpwZyJ9\">\n\t\t\t\t\t\t\t<img fetchpriority=\"high\" decoding=\"async\" width=\"1000\" height=\"700\" src=\"https:\/\/www.wiwanni.ch\/wp-content\/uploads\/wiwanni-2022_topo-gross-augstkummenhorn_web.jpg\" class=\"attachment-large size-large wp-image-4712\" alt srcset=\"https:\/\/www.wiwanni.ch\/wp-content\/uploads\/wiwanni-2022_topo-gross-augstkummenhorn_web.jpg 1000w, https:\/\/www.wiwanni.ch\/wp-content\/uploads\/wiwanni-2022_topo-gross-augstkummenhorn_web-300x210.jpg 300w, https:\/\/www.wiwanni.ch\/wp-content\/uploads\/wiwanni-2022_topo-gross-augstkummenhorn_web-768x538.jpg 768w, https:\/\/www.wiwanni.ch\/wp-content\/uploads\/wiwanni-2022_topo-gross-augstkummenhorn_web-800x560.jpg 800w\" sizes=\"(max-width: 1000px) 100vw, 1000px\">\t\t\t\t\t\t\t\t<\/a>\n\t\t\t\t\t\t\t\t\t\t\t\t\t\t\t<\/div>\n\t\t\t\t<\/div>\n\t\t\t\t<div class=\"elementor-element elementor-element-4456b96b elementor-widget elementor-widget-heading\" data-id=\"4456b96b\" data-element_type=\"widget\" data-widget_type=\"heading.default\">\n\t\t\t\t<div class=\"elementor-widget-container\">\n\t\t\t\t\t<h4 class=\"elementor-heading-title elementor-size-default\">Gross Augst\u00adkum\u00admen\u00adhorn<\/h4>\t\t\t\t<\/div>\n\t\t\t\t<\/div>\n\t\t\t\t<div class=\"elementor-element elementor-element-acdd9a9 elementor-widget elementor-widget-wpml-language-switcher\" data-id=\"acdd9a9\" data-element_type=\"widget\" data-widget_type=\"wpml-language-switcher.default\">\n\t\t\t\t<div class=\"elementor-widget-container\">\n\t\t\t\t\t<div class=\"wpml-elementor-ls\"><p class=\"wpml-ls-statics-post_translations wpml-ls\">This post is also available in: \n    <span class=\"wpml-ls-slot-post_translations wpml-ls-item wpml-ls-item-de wpml-ls-first-item wpml-ls-item-legacy-post-translations\"><a href=\"https:\/\/www.wiwanni.ch\/\" class=\"wpml-ls-link\"><span class=\"wpml-ls-native\" lang=\"de\">Deutsch<\/span><\/a><\/span>    <span class=\"wpml-ls-slot-post_translations wpml-ls-item wpml-ls-item-fr wpml-ls-item-legacy-post-translations\"><a href=\"https:\/\/www.wiwanni.ch\/fr\/\" class=\"wpml-ls-link\"><span class=\"wpml-ls-native\" lang=\"fr\">Fran\u00ad\u00e7ais<\/span><\/a><\/span>    <span class=\"wpml-ls-slot-post_translations wpml-ls-item wpml-ls-item-it wpml-ls-last-item wpml-ls-item-legacy-post-translations\"><a href=\"https:\/\/www.wiwanni.ch\/it\/\" class=\"wpml-ls-link\"><span class=\"wpml-ls-native\" lang=\"it\">Ita\u00adlia\u00adno<\/span><\/a><\/span><\/p><\/div>\t\t\t\t<\/div>\n\t\t\t\t<\/div>\n\t\t\t\t<div class=\"elementor-element elementor-element-f8519f5 elementor-widget elementor-widget-text-editor\" data-id=\"f8519f5\" data-element_type=\"widget\" data-widget_type=\"text-editor.default\">\n\t\t\t\t<div class=\"elementor-widget-container\">\n\t\t\t\t\t\t\t\t\t<p>Often visi\u00adted clim\u00adbing sum\u00admit with varied rou\u00adtes. In ear\u00adly sum\u00admer, the steep firn fields can be tri\u00adcky to get to the access. Good foot\u00adwear is high\u00adly recommended.<\/p>\n<p><strong><a href=\"http:\/\/wl1www392.webland.ch\/wordpress\/wiwanni\/gratueberschreitungen\/\">2 \/ Crossing the ridge Wiwan\u00adni \u2013 Augst\u00adkum\u00admen\u00adhorn&nbsp;3+<\/a><br>\n<\/strong>Dura\u00adti\u00adon: approx. 2&nbsp;hours<\/p>\n\t\t\t\t\t\t\t\t<\/div>\n\t\t\t\t<\/div>\n\t\t\t\t<div class=\"elementor-element elementor-element-76535a9 elementor-widget-divider--view-line elementor-widget elementor-widget-divider\" data-id=\"76535a9\" data-element_type=\"widget\" data-widget_type=\"divider.default\">\n\t\t\t\t<div class=\"elementor-widget-container\">\n\t\t\t\t\t\t\t<div class=\"elementor-divider\">\n\t\t\t<span class=\"elementor-divider-separator\">\n\t\t\t\t\t\t<\/span>\n\t\t<\/div>\n\t\t\t\t\t\t<\/div>\n\t\t\t\t<\/div>\n\t\t\t\t<div class=\"elementor-element elementor-element-fddf0bd elementor-widget elementor-widget-text-editor\" data-id=\"fddf0bd\" data-element_type=\"widget\" data-widget_type=\"text-editor.default\">\n\t\t\t\t<div class=\"elementor-widget-container\">\n\t\t\t\t\t\t\t\t\t<p><strong>A \/ M\u00e4n\u00adner\u00adtreu? 5c (5a mandatory)<\/strong><br>\n<em>Esther Rasch\u00adle, Josi Flu\u00adr\u00adin&nbsp;2001<\/em><br>\nThis 5 pitch long beau\u00adtiful slab clim\u00adbing rou\u00adte is in the best rock, well equip\u00adped and recommended.<br>\nThe rou\u00adte is often used as a rap\u00adpel\u00adling slo\u00adpe for the des\u00adcent from the Augstkummenhorn.<br>\nDes\u00adcent: rap\u00adpel\u00adling over the rou\u00adte, 5 x 25&nbsp;m<br>\nEquip\u00adment: 8 quick-draws, 50 meters rope<\/p>\n<p><strong>B \/ S\u00fcd\u00adwand Plat\u00adte 6a (5b mandatory)<\/strong><br>\n<em>Peter Spi\u00adro, Egon Fel\u00adler&nbsp;1990<\/em><br>\nVaried slab and wall clim\u00adbing. From the fourth pitch, the\u00adre are two pos\u00adsi\u00adble pitches.<br>\nDes\u00adcent: from the first ridge tower it takes about 10 minu\u00adtes to the rap\u00adpel\u00adling point of the rou\u00adte M\u00e4n\u00adner\u00adtreu? Or fur\u00adther down the\u00adre is the crossing to Augst\u00adkum\u00admen sum\u00admit and Wiwannihorn<br>\nEquip\u00adment: 8 quick-draws, 50 meters rope<\/p>\n<p><strong>C \/ Im Licht und Schat\u00adten 6b (6a mandatory)<\/strong><br>\n<em>Feli\u00adci\u00adtas and Egon Fel\u00adler&nbsp;2017<\/em><br>\nExci\u00adting climb with tri\u00adcky, expo\u00adsed, final pitch. Very well secured.<br>\nDes\u00adcent: Rap\u00adpel\u00adling on the rou\u00adte is not recom\u00admen\u00added. The rope can get caught in the rocks. The\u00adr\u00ade\u00adfo\u00adre it is recom\u00admen\u00added to rap\u00adpel over the rou\u00adte M\u00e4n\u00adner\u00adtreu? or S\u00fcdwandplatte.<br>\nEquip\u00adment: 12 quick-draws, 50 meters rope<\/p>\n<p><strong>D \/ Sil\u00adber\u00adman\u00adtel 5b + (5a mandatory)<\/strong><br>\n<em>Ani\u00adta Wespi, Egon Fel\u00adler 1997. Reno\u00adva\u00adted by Rena\u00adte and Roland Ker\u00adnen, Ste\u00adfan Irni\u00adger&nbsp;2017.<\/em><br>\nRecom\u00admen\u00added, varied slab clim\u00adbing with some crack-lines in a direct line to the sum\u00admit. In the first pitch at 2800 meters abo\u00adve sea level, you can admi\u00adre the second high-lying tree in Cen\u00adtral Euro\u00adpe (it\u2019s a small&nbsp;larch).<br>\nDes\u00adcent: rap\u00adpel\u00adling with dou\u00adble rope if pos\u00adsi\u00adble. It is bet\u00adter, howe\u00adver, to des\u00adcend over the Augst\u00adkum\u00admen ridge to the west ridge. Or over the rou\u00adte M\u00e4n\u00adner\u00adtreu? rap\u00adpel: 5 x 25&nbsp;m<br>\nEquip\u00adment: 12 quick-draws, 50 meters rope<\/p>\n<p><strong>E \/ Stein\u00adbock 6b (6a mandatory)<\/strong><br>\n<em>Ama\u00addee Schmidt, Egon Fel\u00adler&nbsp;1997<\/em><br>\nSlab and wall clim\u00adbing in the best rock. In this rou\u00adte, good foot\u00adwork is an advan\u00adta\u00adge. Well secured.<br>\nDes\u00adcent: Rappelling<br>\nEquip\u00adment: 12 quick-draws, 50 meters rope<\/p>\n<p><strong>F \/ Flie\u00adgen\u00adpilz 6b (6a mandatory)<\/strong><br>\n<em>Ama\u00addee Schmid, Rue\u00addu Kel\u00adler\u00adhals, Egon Fel\u00adler&nbsp;1997<\/em><br>\nThis rou\u00adte is a vari\u00adant within the Stein\u00adbock rou\u00adte after the third pitch it lies on the right, a steep slab. Ama\u00adzing slab and face clim\u00adbing in the best rock. Well secured.<br>\nDes\u00adcent: Rap\u00adpel\u00adling over the rou\u00adte Steinbock<br>\nEquip\u00adment: 12 quick-draws, 50 meters rope<\/p>\n<p><strong>G \/ Stein\u00adgizz 5a+ (5a mandatory)&nbsp;<\/strong><br>\n<em>Mar\u00adtin Heynen, Peter Tresch 2008<\/em><br>\nVaried slab and face clim\u00adbing on good rock. The short pit\u00adches are ide\u00adal as an intro\u00adduc\u00adtion to mul\u00adti-pitch clim\u00adbing. The rou\u00adte is well secu\u00adred. High\u00adly recom\u00admen\u00added as access to the Augst\u00adkum\u00admen ridge with a sub\u00adse\u00adquent traverse.<br>\nDes\u00adcent: Des\u00adcent via the rou\u00adte or crossing the&nbsp;ridge.<br>\nRating: a short crux point 5a. The rest is most\u00adly in the 4th level of difficulty.<br>\nEquip\u00adment: 10 quick-draws, 50 meters rope<\/p>\n<p><strong>H \/ Spi\u00adri\u00adto (di) Vino 5c+ (5b mandatory)<\/strong><br>\n<em>Mario Tra\u00adp\u00adlet\u00adti, Peter Stu\u00adcky, Egon Fel\u00adler&nbsp;2019<\/em><br>\nAfter the second pitch of the rou\u00adte Stei\u00adgizz, this rou\u00adte leads over a ledge direct\u00adly to the right into a striking inter\u00adsec\u00adtion. Fol\u00adlo\u00adwed up by beau\u00adtiful enjoya\u00adble clim\u00adbing pit\u00adches in the best rock, each 25 meters until you reach the&nbsp;ridge.<br>\nDes\u00adcent: Rap\u00adpel\u00adling on the near\u00adby rou\u00adte Kris\u00adtall or across the east&nbsp;ridge.<br>\nEquip\u00adment: 8 quick-draws, 50 meters rope<\/p>\n<p><strong>I \/ Frau\u00aden\u00adschuh 4b (Var.&nbsp;6a)<\/strong><br>\n<em>Bru\u00adno Leig\u00adge\u00adner, Karin Auf\u00adden\u00adblat\u00adten, Ama\u00addee Schmid, Egon Fel\u00adler&nbsp;1995<\/em><br>\nVery nice slab and face clim\u00adbing in the best rock. After this rou\u00adte, many peo\u00adp\u00adle extend their tour to the Augst\u00adkum\u00admen summits.<br>\nDes\u00adcent: rap\u00adpel\u00adling on the rou\u00adte is pos\u00adsi\u00adble. For ridge clim\u00adbers, howe\u00adver, it is easier to des\u00adcend over the ridge in the direc\u00adtion to the Wiwan\u00adni\u00adhorn and then climb or rap\u00adpel down to the val\u00adley bet\u00adween Wiwan\u00adni\u00adhorn and Augstkummenhorn.<br>\nRating: 4b. In the fourth pitch, the\u00adre is an alter\u00adna\u00adti\u00adve pitch on the left, that offers a steep slab with a small over\u00adhang in the dif\u00adfi\u00adcul\u00adty level of&nbsp;6a.<br>\nEquip\u00adment: 8 quick-draws, 50 meters rope.<\/p>\n<p><strong>K \/ Kris\u00adtall 5c (5a mandatory)<\/strong><br>\n<em>Rebec\u00adca Bisig, Egon Fel\u00adler&nbsp;2004<\/em><br>\nVery nice slab clim\u00adbing in the best rock. The crux point in the 2nd pitch pro\u00advi\u00addes beau\u00adtiful wall climbing.<br>\nDes\u00adcent: rap\u00adpel\u00adling on the rou\u00adte is pos\u00adsi\u00adble. For ridge clim\u00adbers, howe\u00adver, it is easier to des\u00adcend over the ridge towards Wiwan\u00adni\u00adhorn and then des\u00adcend to the val\u00adley bet\u00adween Wiwan\u00adni\u00adhorn and Augst\u00adkum\u00admen\u00adhorn or rappel.<br>\nEquip\u00adment: 8 quick-draws, 50 meters rope<\/p>\n\t\t\t\t\t\t\t\t<\/div>\n\t\t\t\t<\/div>\n\t\t\t\t<div class=\"elementor-element elementor-element-72e856c7 elementor-widget elementor-widget-text-editor\" data-id=\"72e856c7\" data-element_type=\"widget\" data-widget_type=\"text-editor.default\">\n\t\t\t\t<div class=\"elementor-widget-container\">\n\t\t\t\t\t\t\t\t\t<p><em>Topo from the clim\u00adbing gui\u00adde Wiwan\u00adni&nbsp;2022<\/em><\/p>\n\t\t\t\t\t\t\t\t<\/div>\n\t\t\t\t<\/div>\n\t\t\t\t\t<\/div>\n\t\t<\/div>\n\t\t\t\t<div class=\"elementor-column elementor-col-50 elementor-top-column elementor-element elementor-element-190385d1\" data-id=\"190385d1\" data-element_type=\"column\" data-settings=\"{&quot;background_background&quot;:&quot;classic&quot;}\">\n\t\t\t<div class=\"elementor-widget-wrap elementor-element-populated\">\n\t\t\t\t\t\t<div class=\"elementor-element elementor-element-7ad4ede5 elementor-align-left elementor-widget elementor-widget-button\" data-id=\"7ad4ede5\" data-element_type=\"widget\" data-widget_type=\"button.default\">\n\t\t\t\t<div class=\"elementor-widget-container\">\n\t\t\t\t\t\t\t\t\t<div class=\"elementor-button-wrapper\">\n\t\t\t\t\t<a class=\"elementor-button elementor-button-link elementor-size-sm\" href=\"https:\/\/www.wiwanni.ch\/en\/climbing-areas\/\">\n\t\t\t\t\t\t<span class=\"elementor-button-content-wrapper\">\n\t\t\t\t\t\t<span class=\"elementor-button-icon\">\n\t\t\t\t<i aria-hidden=\"true\" class=\"fas fa-arrow-left\"><\/i>\t\t\t<\/span>\n\t\t\t\t\t\t\t\t\t<span class=\"elementor-button-text\">over\u00adview<\/span>\n\t\t\t\t\t<\/span>\n\t\t\t\t\t<\/a>\n\t\t\t\t<\/div>\n\t\t\t\t\t\t\t\t<\/div>\n\t\t\t\t<\/div>\n\t\t\t\t<div class=\"elementor-element elementor-element-ad3ddd0 elementor-widget elementor-widget-heading\" data-id=\"ad3ddd0\" data-element_type=\"widget\" data-widget_type=\"heading.default\">\n\t\t\t\t<div class=\"elementor-widget-container\">\n\t\t\t\t\t<h4 class=\"elementor-heading-title elementor-size-default\">Sec\u00adtors<\/h4>\t\t\t\t<\/div>\n\t\t\t\t<\/div>\n\t\t\t\t<div class=\"elementor-element elementor-element-20e161ce elementor-nav-menu__align-start elementor-nav-menu--dropdown-none elementor-widget elementor-widget-nav-menu\" data-id=\"20e161ce\" data-element_type=\"widget\" data-settings=\"{&quot;layout&quot;:&quot;vertical&quot;,&quot;submenu_icon&quot;:{&quot;value&quot;:&quot;<i class=\\&quot;\\&quot;><\\\/i>&quot;,&quot;library&quot;:&quot;&quot;}}\" data-widget_type=\"nav-menu.default\">\n\t\t\t\t<div class=\"elementor-widget-container\">\n\t\t\t\t\t\t\t\t<nav aria-label=\"Menu\" class=\"elementor-nav-menu--main elementor-nav-menu__container elementor-nav-menu--layout-vertical e--pointer-background e--animation-fade\">\n\t\t\t\t<ul id=\"menu-1-20e161ce\" class=\"elementor-nav-menu sm-vertical\"><li class=\"menu-item menu-item-type-post_type menu-item-object-page menu-item-2151\"><a href=\"https:\/\/www.wiwanni.ch\/en\/huettensektor-unterbaerg\/\" class=\"elementor-item\">1 H\u00fct\u00adten\u00adsek\u00adtor Unterb\u00e4rg<\/a><\/li>\n<li class=\"menu-item menu-item-type-post_type menu-item-object-page menu-item-2187\"><a href=\"https:\/\/www.wiwanni.ch\/en\/unterer-klettergarten\/\" class=\"elementor-item\">2 Unte\u00adrer Klettergarten<\/a><\/li>\n<li class=\"menu-item menu-item-type-post_type menu-item-object-page menu-item-2218\"><a href=\"https:\/\/www.wiwanni.ch\/en\/oberer-klettergarten\/\" class=\"elementor-item\">3 Obe\u00adrer Klettergarten<\/a><\/li>\n<li class=\"menu-item menu-item-type-post_type menu-item-object-page menu-item-2240\"><a href=\"https:\/\/www.wiwanni.ch\/en\/klettergarten-wandfuss\/\" class=\"elementor-item\">4 Klet\u00adter\u00adgar\u00adten Wandfuss<\/a><\/li>\n<li class=\"menu-item menu-item-type-post_type menu-item-object-page menu-item-2265\"><a href=\"https:\/\/www.wiwanni.ch\/en\/schepfipfiler\/\" class=\"elementor-item\">5 Sche\u00adp\u00adfip\u00adfi\u00adler<\/a><\/li>\n<li class=\"menu-item menu-item-type-post_type menu-item-object-page menu-item-2283\"><a href=\"https:\/\/www.wiwanni.ch\/en\/klein-augstkummenhorn\/\" class=\"elementor-item\">6 Klein Augstkummenhorn<\/a><\/li>\n<li class=\"menu-item menu-item-type-post_type menu-item-object-page menu-item-2321\"><a href=\"https:\/\/www.wiwanni.ch\/en\/gross-augstkummenhorn\/\" class=\"elementor-item\">7 Gross Augstkummenhorn<\/a><\/li>\n<li class=\"menu-item menu-item-type-post_type menu-item-object-page menu-item-2683\"><a href=\"https:\/\/www.wiwanni.ch\/en\/wiwanni-suedwestwand\/\" class=\"elementor-item\">8 Wiwan\u00adni S\u00fcdwestwand<\/a><\/li>\n<li class=\"menu-item menu-item-type-post_type menu-item-object-page menu-item-2712\"><a href=\"https:\/\/www.wiwanni.ch\/en\/wiwanni-suedwand\/\" class=\"elementor-item\">9 Wiwan\u00adni S\u00fcdwand<\/a><\/li>\n<li class=\"menu-item menu-item-type-post_type menu-item-object-page menu-item-2739\"><a href=\"https:\/\/www.wiwanni.ch\/en\/wiwannihorn\/\" class=\"elementor-item\">10 Wiwan\u00adni\u00adhorn<\/a><\/li>\n<li class=\"menu-item menu-item-type-post_type menu-item-object-page menu-item-2480\"><a href=\"https:\/\/www.wiwanni.ch\/en\/ostgrat\/\" class=\"elementor-item\">11 Ost\u00adgrat<\/a><\/li>\n<li class=\"menu-item menu-item-type-post_type menu-item-object-page menu-item-2756\"><a href=\"https:\/\/www.wiwanni.ch\/en\/bru\/\" class=\"elementor-item\">12 Bru<\/a><\/li>\n<li class=\"menu-item menu-item-type-post_type menu-item-object-page menu-item-2386\"><a href=\"https:\/\/www.wiwanni.ch\/en\/chruetighorn\/\" class=\"elementor-item\">13 Chr\u00fc\u00adtig\u00adhorn<\/a><\/li>\n<li class=\"menu-item menu-item-type-post_type menu-item-object-page menu-item-2634\"><a href=\"https:\/\/www.wiwanni.ch\/en\/duebigrat\/\" class=\"elementor-item\">14 D\u00fcbi\u00adgrat<\/a><\/li>\n<li class=\"menu-item menu-item-type-post_type menu-item-object-page menu-item-2591\"><a href=\"https:\/\/www.wiwanni.ch\/en\/sattolwaeschi\/\" class=\"elementor-item\">15 Sat\u00adtol\u00adw\u00e4\u00adschi<\/a><\/li>\n<li class=\"menu-item menu-item-type-post_type menu-item-object-page menu-item-2353\"><a href=\"https:\/\/www.wiwanni.ch\/en\/bouldering-area-eggen\/\" class=\"elementor-item\">16 Bould\u00ade\u00adring area&nbsp;Eggen<\/a><\/li>\n<li class=\"menu-item menu-item-type-post_type menu-item-object-page menu-item-2567\"><a href=\"https:\/\/www.wiwanni.ch\/en\/klettergarten-wolfblatte-ausserberg\/\" class=\"elementor-item\">17 Klet\u00adter\u00adgar\u00adten Wolf\u00adblat\u00adte Ausserberg<\/a><\/li>\n<li class=\"menu-item menu-item-type-post_type menu-item-object-page menu-item-2374\"><a href=\"https:\/\/www.wiwanni.ch\/en\/chalchofo-paerueuelu\/\" class=\"elementor-item\">18 Chal\u00adcho\u00adfo \u2013 P\u00e4r\u00fc\u00fclu<\/a><\/li>\n<li class=\"menu-item menu-item-type-post_type menu-item-object-page menu-item-2825\"><a href=\"https:\/\/www.wiwanni.ch\/en\/ridge-traverses\/\" class=\"elementor-item\">Ridge tra\u00adver\u00adses<\/a><\/li>\n<li class=\"menu-item menu-item-type-post_type menu-item-object-page menu-item-3288\"><a href=\"https:\/\/www.wiwanni.ch\/en\/via-ferrata-baltschieder-valley\/\" class=\"elementor-item\">Via Fer\u00adra\u00adta Balt\u00adschie\u00adder valley<\/a><\/li>\n<\/ul>\t\t\t<\/nav>\n\t\t\t\t\t\t<nav class=\"elementor-nav-menu--dropdown elementor-nav-menu__container\" aria-hidden=\"true\">\n\t\t\t\t<ul id=\"menu-2-20e161ce\" class=\"elementor-nav-menu sm-vertical\"><li class=\"menu-item menu-item-type-post_type menu-item-object-page menu-item-2151\"><a href=\"https:\/\/www.wiwanni.ch\/en\/huettensektor-unterbaerg\/\" class=\"elementor-item\" tabindex=\"-1\">1 H\u00fct\u00adten\u00adsek\u00adtor Unterb\u00e4rg<\/a><\/li>\n<li class=\"menu-item menu-item-type-post_type menu-item-object-page menu-item-2187\"><a href=\"https:\/\/www.wiwanni.ch\/en\/unterer-klettergarten\/\" class=\"elementor-item\" tabindex=\"-1\">2 Unte\u00adrer Klettergarten<\/a><\/li>\n<li class=\"menu-item menu-item-type-post_type menu-item-object-page menu-item-2218\"><a href=\"https:\/\/www.wiwanni.ch\/en\/oberer-klettergarten\/\" class=\"elementor-item\" tabindex=\"-1\">3 Obe\u00adrer Klettergarten<\/a><\/li>\n<li class=\"menu-item menu-item-type-post_type menu-item-object-page menu-item-2240\"><a href=\"https:\/\/www.wiwanni.ch\/en\/klettergarten-wandfuss\/\" class=\"elementor-item\" tabindex=\"-1\">4 Klet\u00adter\u00adgar\u00adten Wandfuss<\/a><\/li>\n<li class=\"menu-item menu-item-type-post_type menu-item-object-page menu-item-2265\"><a href=\"https:\/\/www.wiwanni.ch\/en\/schepfipfiler\/\" class=\"elementor-item\" tabindex=\"-1\">5 Sche\u00adp\u00adfip\u00adfi\u00adler<\/a><\/li>\n<li class=\"menu-item menu-item-type-post_type menu-item-object-page menu-item-2283\"><a href=\"https:\/\/www.wiwanni.ch\/en\/klein-augstkummenhorn\/\" class=\"elementor-item\" tabindex=\"-1\">6 Klein Augstkummenhorn<\/a><\/li>\n<li class=\"menu-item menu-item-type-post_type menu-item-object-page menu-item-2321\"><a href=\"https:\/\/www.wiwanni.ch\/en\/gross-augstkummenhorn\/\" class=\"elementor-item\" tabindex=\"-1\">7 Gross Augstkummenhorn<\/a><\/li>\n<li class=\"menu-item menu-item-type-post_type menu-item-object-page menu-item-2683\"><a href=\"https:\/\/www.wiwanni.ch\/en\/wiwanni-suedwestwand\/\" class=\"elementor-item\" tabindex=\"-1\">8 Wiwan\u00adni S\u00fcdwestwand<\/a><\/li>\n<li class=\"menu-item menu-item-type-post_type menu-item-object-page menu-item-2712\"><a href=\"https:\/\/www.wiwanni.ch\/en\/wiwanni-suedwand\/\" class=\"elementor-item\" tabindex=\"-1\">9 Wiwan\u00adni S\u00fcdwand<\/a><\/li>\n<li class=\"menu-item menu-item-type-post_type menu-item-object-page menu-item-2739\"><a href=\"https:\/\/www.wiwanni.ch\/en\/wiwannihorn\/\" class=\"elementor-item\" tabindex=\"-1\">10 Wiwan\u00adni\u00adhorn<\/a><\/li>\n<li class=\"menu-item menu-item-type-post_type menu-item-object-page menu-item-2480\"><a href=\"https:\/\/www.wiwanni.ch\/en\/ostgrat\/\" class=\"elementor-item\" tabindex=\"-1\">11 Ost\u00adgrat<\/a><\/li>\n<li class=\"menu-item menu-item-type-post_type menu-item-object-page menu-item-2756\"><a href=\"https:\/\/www.wiwanni.ch\/en\/bru\/\" class=\"elementor-item\" tabindex=\"-1\">12 Bru<\/a><\/li>\n<li class=\"menu-item menu-item-type-post_type menu-item-object-page menu-item-2386\"><a href=\"https:\/\/www.wiwanni.ch\/en\/chruetighorn\/\" class=\"elementor-item\" tabindex=\"-1\">13 Chr\u00fc\u00adtig\u00adhorn<\/a><\/li>\n<li class=\"menu-item menu-item-type-post_type menu-item-object-page menu-item-2634\"><a href=\"https:\/\/www.wiwanni.ch\/en\/duebigrat\/\" class=\"elementor-item\" tabindex=\"-1\">14 D\u00fcbi\u00adgrat<\/a><\/li>\n<li class=\"menu-item menu-item-type-post_type menu-item-object-page menu-item-2591\"><a href=\"https:\/\/www.wiwanni.ch\/en\/sattolwaeschi\/\" class=\"elementor-item\" tabindex=\"-1\">15 Sat\u00adtol\u00adw\u00e4\u00adschi<\/a><\/li>\n<li class=\"menu-item menu-item-type-post_type menu-item-object-page menu-item-2353\"><a href=\"https:\/\/www.wiwanni.ch\/en\/bouldering-area-eggen\/\" class=\"elementor-item\" tabindex=\"-1\">16 Bould\u00ade\u00adring area&nbsp;Eggen<\/a><\/li>\n<li class=\"menu-item menu-item-type-post_type menu-item-object-page menu-item-2567\"><a href=\"https:\/\/www.wiwanni.ch\/en\/klettergarten-wolfblatte-ausserberg\/\" class=\"elementor-item\" tabindex=\"-1\">17 Klet\u00adter\u00adgar\u00adten Wolf\u00adblat\u00adte Ausserberg<\/a><\/li>\n<li class=\"menu-item menu-item-type-post_type menu-item-object-page menu-item-2374\"><a href=\"https:\/\/www.wiwanni.ch\/en\/chalchofo-paerueuelu\/\" class=\"elementor-item\" tabindex=\"-1\">18 Chal\u00adcho\u00adfo \u2013 P\u00e4r\u00fc\u00fclu<\/a><\/li>\n<li class=\"menu-item menu-item-type-post_type menu-item-object-page menu-item-2825\"><a href=\"https:\/\/www.wiwanni.ch\/en\/ridge-traverses\/\" class=\"elementor-item\" tabindex=\"-1\">Ridge tra\u00adver\u00adses<\/a><\/li>\n<li class=\"menu-item menu-item-type-post_type menu-item-object-page menu-item-3288\"><a href=\"https:\/\/www.wiwanni.ch\/en\/via-ferrata-baltschieder-valley\/\" class=\"elementor-item\" tabindex=\"-1\">Via Fer\u00adra\u00adta Balt\u00adschie\u00adder valley<\/a><\/li>\n<\/ul>\t\t\t<\/nav>\n\t\t\t\t\t\t<\/div>\n\t\t\t\t<\/div>\n\t\t\t\t\t<\/div>\n\t\t<\/div>\n\t\t\t\t\t<\/div>\n\t\t<\/section>\n\t\t\t\t<\/div>\n\t\t","protected":false},"excerpt":{"rendered":"<p>Gross Augst\u00adkum\u00admen\u00adhorn This post is also available in: Eng\u00adlish Fran\u00ad\u00e7ais Ita\u00adlia\u00adno Often visi\u00adted clim\u00adbing sum\u00admit with varied rou\u00adtes. In ear\u00adly sum\u00admer, the steep firn fields can be tri\u00adcky to get to the access. Good foot\u00adwear is high\u00adly recom\u00admen\u00added. 2 \/ Crossing the ridge Wiwan\u00adni \u2013 Augst\u00adkum\u00admen\u00adhorn&nbsp;3+ Dura\u00adti\u00adon: approx. 2&nbsp;hours A \/ M\u00e4n\u00adner\u00adtreu? 5c (5a man\u00adda\u00adto\u00adry) Esther Rasch\u00adle, Josi Flu\u00adr\u00adin&nbsp;2001 This 5 pitch long beau\u00adtiful slab clim\u00adbing rou\u00adte is in the best rock, well equip\u00adped and recom\u00admen\u00added. The rou\u00adte is often used as a rap\u00adpel\u00adling slo\u00adpe for the des\u00adcent from the Augst\u00adkum\u00admen\u00adhorn. Des\u00adcent: rap\u00adpel\u00adling over the rou\u00adte, 5 x 25&nbsp;m Equipment:&nbsp;[\u2026]<\/p>\n","protected":false},"author":4,"featured_media":0,"parent":0,"menu_order":0,"comment_status":"closed","ping_status":"closed","template":"","meta":{"wp_typography_post_enhancements_disabled":false,"footnotes":""},"class_list":["post-2314","page","type-page","status-publish","hentry","wpbf-post"],"_links":{"self":[{"href":"https:\/\/www.wiwanni.ch\/en\/wp-json\/wp\/v2\/pages\/2314","targetHints":{"allow":["GET"]}}],"collection":[{"href":"https:\/\/www.wiwanni.ch\/en\/wp-json\/wp\/v2\/pages"}],"about":[{"href":"https:\/\/www.wiwanni.ch\/en\/wp-json\/wp\/v2\/types\/page"}],"author":[{"embeddable":true,"href":"https:\/\/www.wiwanni.ch\/en\/wp-json\/wp\/v2\/users\/4"}],"replies":[{"embeddable":true,"href":"https:\/\/www.wiwanni.ch\/en\/wp-json\/wp\/v2\/comments?post=2314"}],"version-history":[{"count":10,"href":"https:\/\/www.wiwanni.ch\/en\/wp-json\/wp\/v2\/pages\/2314\/revisions"}],"predecessor-version":[{"id":4825,"href":"https:\/\/www.wiwanni.ch\/en\/wp-json\/wp\/v2\/pages\/2314\/revisions\/4825"}],"wp:attachment":[{"href":"https:\/\/www.wiwanni.ch\/en\/wp-json\/wp\/v2\/media?parent=2314"}],"curies":[{"name":"wp","href":"https:\/\/api.w.org\/{rel}","templated":true}]}}